{"id":194,"date":"2015-11-26T10:46:34","date_gmt":"2015-11-26T09:46:34","guid":{"rendered":"http:\/\/anneemery.fr\/?page_id=194"},"modified":"2025-03-26T12:14:30","modified_gmt":"2025-03-26T11:14:30","slug":"peintures","status":"publish","type":"page","link":"https:\/\/www.anneemery.fr\/","title":{"rendered":"Works"},"content":{"rendered":"<div id='gallery-1' class='gallery galleryid-194 gallery-columns-9 gallery-size-thumbnail'><figure class='gallery-item'>\n\t\t\t<div class='gallery-icon landscape'>\n\t\t\t\t<a href='https:\/\/www.anneemery.fr\/wp-content\/uploads\/2025\/03\/09450_emery_chantiertotal-scaled.jpg'><img width=\"50\" height=\"50\" src=\"https:\/\/www.anneemery.fr\/wp-content\/uploads\/2025\/03\/09450_emery_chantiertotal-50x50.jpg\" class=\"attachment-thumbnail size-thumbnail\" alt=\"Le Chantier des Perspectives acrylique sur toile 61 x 50 cm (x105) 2023\/2025\" decoding=\"async\" loading=\"lazy\" \/><\/a>\n\t\t\t<\/div><\/figure><figure class='gallery-item'>\n\t\t\t<div class='gallery-icon portrait'>\n\t\t\t\t<a href='https:\/\/www.anneemery.fr\/wp-content\/uploads\/2025\/03\/08400_emery_chantier1-scaled.jpg'><img width=\"50\" height=\"50\" src=\"https:\/\/www.anneemery.fr\/wp-content\/uploads\/2025\/03\/08400_emery_chantier1-50x50.jpg\" class=\"attachment-thumbnail size-thumbnail\" alt=\"Le Chantier des Perspectives 1 - acrylique sur toile - 61 x 50 cm - 2023\/2025\" decoding=\"async\" loading=\"lazy\" \/><\/a>\n\t\t\t<\/div><\/figure><figure class='gallery-item'>\n\t\t\t<div class='gallery-icon portrait'>\n\t\t\t\t<a href='https:\/\/www.anneemery.fr\/wp-content\/uploads\/2025\/03\/08410_emery_chantier2-scaled.jpg'><img width=\"50\" height=\"50\" src=\"https:\/\/www.anneemery.fr\/wp-content\/uploads\/2025\/03\/08410_emery_chantier2-50x50.jpg\" class=\"attachment-thumbnail size-thumbnail\" alt=\"Le Chantier des Perspectives 2 - acrylique sur toile - 61 x 50 cm - 2023\/2025\" decoding=\"async\" loading=\"lazy\" \/><\/a>\n\t\t\t<\/div><\/figure><figure class='gallery-item'>\n\t\t\t<div class='gallery-icon portrait'>\n\t\t\t\t<a href='https:\/\/www.anneemery.fr\/wp-content\/uploads\/2025\/03\/08420_emery_chantier3-scaled.jpg'><img width=\"50\" height=\"50\" src=\"https:\/\/www.anneemery.fr\/wp-content\/uploads\/2025\/03\/08420_emery_chantier3-50x50.jpg\" class=\"attachment-thumbnail size-thumbnail\" alt=\"Le Chantier des Perspectives 3 - acrylique sur toile - 61 x 50 cm - 2023\/2025\" decoding=\"async\" loading=\"lazy\" \/><\/a>\n\t\t\t<\/div><\/figure><figure class='gallery-item'>\n\t\t\t<div class='gallery-icon portrait'>\n\t\t\t\t<a href='https:\/\/www.anneemery.fr\/wp-content\/uploads\/2025\/03\/08430_emery_chantier4-scaled.jpg'><img width=\"50\" height=\"50\" src=\"https:\/\/www.anneemery.fr\/wp-content\/uploads\/2025\/03\/08430_emery_chantier4-50x50.jpg\" class=\"attachment-thumbnail size-thumbnail\" alt=\"Le Chantier des Perspectives 4 - acrylique sur toile - 61 x 50 cm - 2023\/2025\" decoding=\"async\" loading=\"lazy\" \/><\/a>\n\t\t\t<\/div><\/figure><figure class='gallery-item'>\n\t\t\t<div class='gallery-icon portrait'>\n\t\t\t\t<a href='https:\/\/www.anneemery.fr\/wp-content\/uploads\/2025\/03\/08440_emery_chantier5-scaled.jpg'><img width=\"50\" height=\"50\" src=\"https:\/\/www.anneemery.fr\/wp-content\/uploads\/2025\/03\/08440_emery_chantier5-50x50.jpg\" class=\"attachment-thumbnail size-thumbnail\" alt=\"Le Chantier des Perspectives 5 - acrylique sur toile - 61 x 50 cm - 2023\/2025\" decoding=\"async\" loading=\"lazy\" \/><\/a>\n\t\t\t<\/div><\/figure><figure class='gallery-item'>\n\t\t\t<div class='gallery-icon portrait'>\n\t\t\t\t<a href='https:\/\/www.anneemery.fr\/wp-content\/uploads\/2025\/03\/08450_emery_chantier6-scaled.jpg'><img width=\"50\" height=\"50\" src=\"https:\/\/www.anneemery.fr\/wp-content\/uploads\/2025\/03\/08450_emery_chantier6-50x50.jpg\" class=\"attachment-thumbnail size-thumbnail\" alt=\"Le Chantier des Perspectives 6 - acrylique sur toile - 61 x 50 cm - 2023\/2025\" decoding=\"async\" loading=\"lazy\" \/><\/a>\n\t\t\t<\/div><\/figure><figure class='gallery-item'>\n\t\t\t<div class='gallery-icon portrait'>\n\t\t\t\t<a href='https:\/\/www.anneemery.fr\/wp-content\/uploads\/2025\/03\/08460_emery_chantier7-scaled.jpg'><img width=\"50\" height=\"50\" src=\"https:\/\/www.anneemery.fr\/wp-content\/uploads\/2025\/03\/08460_emery_chantier7-50x50.jpg\" class=\"attachment-thumbnail size-thumbnail\" alt=\"Le Chantier des Perspectives 7 - acrylique sur toile - 61 x 50 cm - 2023\/2025\" decoding=\"async\" loading=\"lazy\" \/><\/a>\n\t\t\t<\/div><\/figure><figure class='gallery-item'>\n\t\t\t<div class='gallery-icon portrait'>\n\t\t\t\t<a href='https:\/\/www.anneemery.fr\/wp-content\/uploads\/2025\/03\/08470_emery_chantier8-scaled.jpg'><img width=\"50\" height=\"50\" src=\"https:\/\/www.anneemery.fr\/wp-content\/uploads\/2025\/03\/08470_emery_chantier8-50x50.jpg\" class=\"attachment-thumbnail size-thumbnail\" alt=\"Le Chantier des Perspectives 8 - acrylique sur toile - 61 x 50 cm - 2023\/2025\" decoding=\"async\" loading=\"lazy\" \/><\/a>\n\t\t\t<\/div><\/figure><figure class='gallery-item'>\n\t\t\t<div class='gallery-icon portrait'>\n\t\t\t\t<a href='https:\/\/www.anneemery.fr\/wp-content\/uploads\/2025\/03\/08490_emery_chantier10-scaled.jpg'><img width=\"50\" height=\"50\" src=\"https:\/\/www.anneemery.fr\/wp-content\/uploads\/2025\/03\/08490_emery_chantier10-50x50.jpg\" class=\"attachment-thumbnail size-thumbnail\" alt=\"Le Chantier des Perspectives 9 - acrylique sur toile - 61 x 50 cm - 2023\/2025\" decoding=\"async\" loading=\"lazy\" \/><\/a>\n\t\t\t<\/div><\/figure><figure class='gallery-item'>\n\t\t\t<div class='gallery-icon portrait'>\n\t\t\t\t<a href='https:\/\/www.anneemery.fr\/wp-content\/uploads\/2025\/03\/08480_emery_chantier9-scaled.jpg'><img width=\"50\" height=\"50\" src=\"https:\/\/www.anneemery.fr\/wp-content\/uploads\/2025\/03\/08480_emery_chantier9-50x50.jpg\" class=\"attachment-thumbnail size-thumbnail\" alt=\"Le Chantier des Perspectives 10 - acrylique sur toile - 61 x 50 cm - 2023\/2025\" decoding=\"async\" loading=\"lazy\" \/><\/a>\n\t\t\t<\/div><\/figure><figure class='gallery-item'>\n\t\t\t<div class='gallery-icon portrait'>\n\t\t\t\t<a href='https:\/\/www.anneemery.fr\/wp-content\/uploads\/2025\/03\/08500_emery_chantier11-scaled.jpg'><img width=\"50\" height=\"50\" src=\"https:\/\/www.anneemery.fr\/wp-content\/uploads\/2025\/03\/08500_emery_chantier11-50x50.jpg\" class=\"attachment-thumbnail size-thumbnail\" alt=\"Le Chantier des Perspectives 11 - acrylique sur toile - 61 x 50 cm - 2023\/2025\" decoding=\"async\" loading=\"lazy\" \/><\/a>\n\t\t\t<\/div><\/figure><figure class='gallery-item'>\n\t\t\t<div class='gallery-icon portrait'>\n\t\t\t\t<a href='https:\/\/www.anneemery.fr\/wp-content\/uploads\/2025\/03\/08510_emery_chantier12-scaled.jpg'><img width=\"50\" height=\"50\" src=\"https:\/\/www.anneemery.fr\/wp-content\/uploads\/2025\/03\/08510_emery_chantier12-50x50.jpg\" class=\"attachment-thumbnail size-thumbnail\" alt=\"Le Chantier des Perspectives 12 - acrylique sur toile - 61 x 50 cm - 2023\/2025\" decoding=\"async\" loading=\"lazy\" \/><\/a>\n\t\t\t<\/div><\/figure><figure class='gallery-item'>\n\t\t\t<div class='gallery-icon portrait'>\n\t\t\t\t<a href='https:\/\/www.anneemery.fr\/wp-content\/uploads\/2025\/03\/08520_emery_chantier13-scaled.jpg'><img width=\"50\" height=\"50\" src=\"https:\/\/www.anneemery.fr\/wp-content\/uploads\/2025\/03\/08520_emery_chantier13-50x50.jpg\" class=\"attachment-thumbnail size-thumbnail\" alt=\"Le Chantier des Perspectives 13 - acrylique sur toile - 61 x 50 cm - 2023\/2025\" decoding=\"async\" loading=\"lazy\" \/><\/a>\n\t\t\t<\/div><\/figure><figure class='gallery-item'>\n\t\t\t<div class='gallery-icon portrait'>\n\t\t\t\t<a href='https:\/\/www.anneemery.fr\/wp-content\/uploads\/2025\/03\/08530_emery_chantier14-scaled.jpg'><img width=\"50\" height=\"50\" src=\"https:\/\/www.anneemery.fr\/wp-content\/uploads\/2025\/03\/08530_emery_chantier14-50x50.jpg\" class=\"attachment-thumbnail size-thumbnail\" alt=\"Le Chantier des Perspectives 14 - acrylique sur toile - 61 x 50 cm - 2023\/2025\" decoding=\"async\" loading=\"lazy\" \/><\/a>\n\t\t\t<\/div><\/figure><figure class='gallery-item'>\n\t\t\t<div class='gallery-icon portrait'>\n\t\t\t\t<a href='https:\/\/www.anneemery.fr\/wp-content\/uploads\/2025\/03\/08540_emery_chantier15-scaled.jpg'><img width=\"50\" height=\"50\" src=\"https:\/\/www.anneemery.fr\/wp-content\/uploads\/2025\/03\/08540_emery_chantier15-50x50.jpg\" class=\"attachment-thumbnail size-thumbnail\" alt=\"Le Chantier des Perspectives 15 - acrylique sur toile - 61 x 50 cm - 2023\/2025\" decoding=\"async\" loading=\"lazy\" \/><\/a>\n\t\t\t<\/div><\/figure><figure class='gallery-item'>\n\t\t\t<div class='gallery-icon portrait'>\n\t\t\t\t<a href='https:\/\/www.anneemery.fr\/wp-content\/uploads\/2025\/03\/08550_emery_chantier16-scaled.jpg'><img width=\"50\" height=\"50\" src=\"https:\/\/www.anneemery.fr\/wp-content\/uploads\/2025\/03\/08550_emery_chantier16-50x50.jpg\" class=\"attachment-thumbnail size-thumbnail\" alt=\"Le Chantier des Perspectives 16 - acrylique sur toile - 61 x 50 cm - 2023\/2025\" decoding=\"async\" loading=\"lazy\" \/><\/a>\n\t\t\t<\/div><\/figure><figure class='gallery-item'>\n\t\t\t<div class='gallery-icon portrait'>\n\t\t\t\t<a href='https:\/\/www.anneemery.fr\/wp-content\/uploads\/2025\/03\/08560_emery_chantier17-scaled.jpg'><img width=\"50\" height=\"50\" src=\"https:\/\/www.anneemery.fr\/wp-content\/uploads\/2025\/03\/08560_emery_chantier17-50x50.jpg\" class=\"attachment-thumbnail size-thumbnail\" alt=\"Le Chantier des Perspectives 17 - acrylique sur toile - 61 x 50 cm - 2023\/2025\" decoding=\"async\" loading=\"lazy\" \/><\/a>\n\t\t\t<\/div><\/figure><figure class='gallery-item'>\n\t\t\t<div class='gallery-icon portrait'>\n\t\t\t\t<a href='https:\/\/www.anneemery.fr\/wp-content\/uploads\/2025\/03\/08570_emery_chantier18-scaled.jpg'><img width=\"50\" height=\"50\" src=\"https:\/\/www.anneemery.fr\/wp-content\/uploads\/2025\/03\/08570_emery_chantier18-50x50.jpg\" class=\"attachment-thumbnail size-thumbnail\" alt=\"Le Chantier des Perspectives 18 - acrylique sur toile - 61 x 50 cm - 2023\/2025\" decoding=\"async\" loading=\"lazy\" \/><\/a>\n\t\t\t<\/div><\/figure><figure class='gallery-item'>\n\t\t\t<div class='gallery-icon portrait'>\n\t\t\t\t<a href='https:\/\/www.anneemery.fr\/wp-content\/uploads\/2025\/03\/08580_emery_chantier19-scaled.jpg'><img width=\"50\" height=\"50\" src=\"https:\/\/www.anneemery.fr\/wp-content\/uploads\/2025\/03\/08580_emery_chantier19-50x50.jpg\" class=\"attachment-thumbnail size-thumbnail\" alt=\"Le Chantier des Perspectives 19 - acrylique sur toile - 61 x 50 cm - 2023\/2025\" decoding=\"async\" loading=\"lazy\" \/><\/a>\n\t\t\t<\/div><\/figure><figure class='gallery-item'>\n\t\t\t<div class='gallery-icon portrait'>\n\t\t\t\t<a href='https:\/\/www.anneemery.fr\/wp-content\/uploads\/2025\/03\/08590_emery_chantier20-scaled.jpg'><img width=\"50\" height=\"50\" src=\"https:\/\/www.anneemery.fr\/wp-content\/uploads\/2025\/03\/08590_emery_chantier20-50x50.jpg\" class=\"attachment-thumbnail size-thumbnail\" alt=\"Le Chantier des Perspectives 20 - acrylique sur toile - 61 x 50 cm - 2023\/2025\" decoding=\"async\" loading=\"lazy\" \/><\/a>\n\t\t\t<\/div><\/figure><figure class='gallery-item'>\n\t\t\t<div class='gallery-icon portrait'>\n\t\t\t\t<a href='https:\/\/www.anneemery.fr\/wp-content\/uploads\/2025\/03\/08600_emery_chantier21-scaled.jpg'><img width=\"50\" height=\"50\" src=\"https:\/\/www.anneemery.fr\/wp-content\/uploads\/2025\/03\/08600_emery_chantier21-50x50.jpg\" class=\"attachment-thumbnail size-thumbnail\" alt=\"Le Chantier des Perspectives 21 - acrylique sur toile - 61 x 50 cm - 2023\/2025\" decoding=\"async\" loading=\"lazy\" \/><\/a>\n\t\t\t<\/div><\/figure><figure class='gallery-item'>\n\t\t\t<div class='gallery-icon portrait'>\n\t\t\t\t<a href='https:\/\/www.anneemery.fr\/wp-content\/uploads\/2025\/03\/08610_emery_chantier22-scaled.jpg'><img width=\"50\" height=\"50\" src=\"https:\/\/www.anneemery.fr\/wp-content\/uploads\/2025\/03\/08610_emery_chantier22-50x50.jpg\" class=\"attachment-thumbnail size-thumbnail\" alt=\"Le Chantier des Perspectives 22 - acrylique sur toile - 61 x 50 cm - 2023\/2025\" decoding=\"async\" loading=\"lazy\" \/><\/a>\n\t\t\t<\/div><\/figure><figure class='gallery-item'>\n\t\t\t<div class='gallery-icon portrait'>\n\t\t\t\t<a href='https:\/\/www.anneemery.fr\/wp-content\/uploads\/2025\/03\/08620_emery_chantier23-scaled.jpg'><img width=\"50\" height=\"50\" src=\"https:\/\/www.anneemery.fr\/wp-content\/uploads\/2025\/03\/08620_emery_chantier23-50x50.jpg\" class=\"attachment-thumbnail size-thumbnail\" alt=\"Le Chantier des Perspectives 23 - acrylique sur toile - 61 x 50 cm - 2023\/2025\" decoding=\"async\" loading=\"lazy\" \/><\/a>\n\t\t\t<\/div><\/figure><figure class='gallery-item'>\n\t\t\t<div class='gallery-icon portrait'>\n\t\t\t\t<a href='https:\/\/www.anneemery.fr\/wp-content\/uploads\/2025\/03\/08630_emery_chantier24-scaled.jpg'><img width=\"50\" height=\"50\" src=\"https:\/\/www.anneemery.fr\/wp-content\/uploads\/2025\/03\/08630_emery_chantier24-50x50.jpg\" class=\"attachment-thumbnail size-thumbnail\" alt=\"Le Chantier des Perspectives 24 - acrylique sur toile - 61 x 50 cm - 2023\/2025\" decoding=\"async\" loading=\"lazy\" \/><\/a>\n\t\t\t<\/div><\/figure><figure class='gallery-item'>\n\t\t\t<div class='gallery-icon portrait'>\n\t\t\t\t<a href='https:\/\/www.anneemery.fr\/wp-content\/uploads\/2025\/03\/08640_emery_chantier25-scaled.jpg'><img width=\"50\" height=\"50\" src=\"https:\/\/www.anneemery.fr\/wp-content\/uploads\/2025\/03\/08640_emery_chantier25-50x50.jpg\" class=\"attachment-thumbnail size-thumbnail\" alt=\"Le Chantier des Perspectives 25 - acrylique sur toile - 61 x 50 cm - 2023\/2025\" decoding=\"async\" loading=\"lazy\" \/><\/a>\n\t\t\t<\/div><\/figure><figure class='gallery-item'>\n\t\t\t<div class='gallery-icon portrait'>\n\t\t\t\t<a href='https:\/\/www.anneemery.fr\/wp-content\/uploads\/2025\/03\/08650_emery_chantier26-scaled.jpg'><img width=\"50\" height=\"50\" src=\"https:\/\/www.anneemery.fr\/wp-content\/uploads\/2025\/03\/08650_emery_chantier26-50x50.jpg\" class=\"attachment-thumbnail size-thumbnail\" alt=\"Le Chantier des Perspectives 26 - acrylique sur toile - 61 x 50 cm - 2023\/2025\" decoding=\"async\" loading=\"lazy\" \/><\/a>\n\t\t\t<\/div><\/figure><figure class='gallery-item'>\n\t\t\t<div class='gallery-icon portrait'>\n\t\t\t\t<a href='https:\/\/www.anneemery.fr\/wp-content\/uploads\/2025\/03\/08660_emery_chantier27-scaled.jpg'><img width=\"50\" height=\"50\" src=\"https:\/\/www.anneemery.fr\/wp-content\/uploads\/2025\/03\/08660_emery_chantier27-50x50.jpg\" class=\"attachment-thumbnail size-thumbnail\" alt=\"Le Chantier des Perspectives 27 - acrylique sur toile - 61 x 50 cm - 2023\/2025\" decoding=\"async\" loading=\"lazy\" \/><\/a>\n\t\t\t<\/div><\/figure><figure class='gallery-item'>\n\t\t\t<div class='gallery-icon portrait'>\n\t\t\t\t<a href='https:\/\/www.anneemery.fr\/wp-content\/uploads\/2025\/03\/08670_emery_chantier28-scaled.jpg'><img width=\"50\" height=\"50\" src=\"https:\/\/www.anneemery.fr\/wp-content\/uploads\/2025\/03\/08670_emery_chantier28-50x50.jpg\" class=\"attachment-thumbnail size-thumbnail\" alt=\"Le Chantier des Perspectives 28 - acrylique sur toile - 61 x 50 cm - 2023\/2025\" decoding=\"async\" loading=\"lazy\" \/><\/a>\n\t\t\t<\/div><\/figure><figure class='gallery-item'>\n\t\t\t<div class='gallery-icon portrait'>\n\t\t\t\t<a href='https:\/\/www.anneemery.fr\/wp-content\/uploads\/2025\/03\/08680_emery_chantier29-1-scaled.jpg'><img width=\"50\" height=\"50\" src=\"https:\/\/www.anneemery.fr\/wp-content\/uploads\/2025\/03\/08680_emery_chantier29-1-50x50.jpg\" class=\"attachment-thumbnail size-thumbnail\" alt=\"Le Chantier des Perspectives 29 - acrylique sur toile - 61 x 50 cm - 2023\/2025\" decoding=\"async\" loading=\"lazy\" \/><\/a>\n\t\t\t<\/div><\/figure><figure class='gallery-item'>\n\t\t\t<div class='gallery-icon portrait'>\n\t\t\t\t<a href='https:\/\/www.anneemery.fr\/wp-content\/uploads\/2025\/03\/08690_emery_chantier30-scaled.jpg'><img width=\"50\" height=\"50\" src=\"https:\/\/www.anneemery.fr\/wp-content\/uploads\/2025\/03\/08690_emery_chantier30-50x50.jpg\" class=\"attachment-thumbnail size-thumbnail\" alt=\"Le Chantier des Perspectives 30 - acrylique sur toile - 61 x 50 cm - 2023\/2025\" decoding=\"async\" loading=\"lazy\" \/><\/a>\n\t\t\t<\/div><\/figure><figure class='gallery-item'>\n\t\t\t<div class='gallery-icon portrait'>\n\t\t\t\t<a href='https:\/\/www.anneemery.fr\/wp-content\/uploads\/2025\/03\/08700_emery_chantier31-scaled.jpg'><img width=\"50\" height=\"50\" src=\"https:\/\/www.anneemery.fr\/wp-content\/uploads\/2025\/03\/08700_emery_chantier31-50x50.jpg\" class=\"attachment-thumbnail size-thumbnail\" alt=\"Le Chantier des Perspectives 31 - acrylique sur toile - 61 x 50 cm - 2023\/2025\" decoding=\"async\" loading=\"lazy\" \/><\/a>\n\t\t\t<\/div><\/figure><figure class='gallery-item'>\n\t\t\t<div class='gallery-icon portrait'>\n\t\t\t\t<a href='https:\/\/www.anneemery.fr\/wp-content\/uploads\/2025\/03\/08710_emery_chantier32-scaled.jpg'><img width=\"50\" height=\"50\" src=\"https:\/\/www.anneemery.fr\/wp-content\/uploads\/2025\/03\/08710_emery_chantier32-50x50.jpg\" class=\"attachment-thumbnail size-thumbnail\" alt=\"Le Chantier des Perspectives 32 - acrylique sur toile - 61 x 50 cm - 2023\/2025\" decoding=\"async\" loading=\"lazy\" \/><\/a>\n\t\t\t<\/div><\/figure><figure class='gallery-item'>\n\t\t\t<div class='gallery-icon portrait'>\n\t\t\t\t<a href='https:\/\/www.anneemery.fr\/wp-content\/uploads\/2025\/03\/08720_emery_chantier33-scaled.jpg'><img width=\"50\" height=\"50\" src=\"https:\/\/www.anneemery.fr\/wp-content\/uploads\/2025\/03\/08720_emery_chantier33-50x50.jpg\" class=\"attachment-thumbnail size-thumbnail\" alt=\"Le Chantier des Perspectives 33 - acrylique sur toile - 61 x 50 cm - 2023\/2025\" decoding=\"async\" loading=\"lazy\" \/><\/a>\n\t\t\t<\/div><\/figure><figure class='gallery-item'>\n\t\t\t<div class='gallery-icon portrait'>\n\t\t\t\t<a href='https:\/\/www.anneemery.fr\/wp-content\/uploads\/2025\/03\/08730_emery_chantier34-scaled.jpg'><img width=\"50\" height=\"50\" src=\"https:\/\/www.anneemery.fr\/wp-content\/uploads\/2025\/03\/08730_emery_chantier34-50x50.jpg\" class=\"attachment-thumbnail size-thumbnail\" alt=\"Le Chantier des Perspectives 34 - acrylique sur toile - 61 x 50 cm - 2023\/2025\" decoding=\"async\" loading=\"lazy\" \/><\/a>\n\t\t\t<\/div><\/figure><figure class='gallery-item'>\n\t\t\t<div class='gallery-icon portrait'>\n\t\t\t\t<a href='https:\/\/www.anneemery.fr\/wp-content\/uploads\/2025\/03\/08740_emery_chantier35-scaled.jpg'><img width=\"50\" height=\"50\" src=\"https:\/\/www.anneemery.fr\/wp-content\/uploads\/2025\/03\/08740_emery_chantier35-50x50.jpg\" class=\"attachment-thumbnail size-thumbnail\" alt=\"Le Chantier des Perspectives 35 - acrylique sur toile - 61 x 50 cm - 2023\/2025\" decoding=\"async\" loading=\"lazy\" \/><\/a>\n\t\t\t<\/div><\/figure><figure class='gallery-item'>\n\t\t\t<div class='gallery-icon portrait'>\n\t\t\t\t<a href='https:\/\/www.anneemery.fr\/wp-content\/uploads\/2025\/03\/08750_emery_chantier36-scaled.jpg'><img width=\"50\" height=\"50\" src=\"https:\/\/www.anneemery.fr\/wp-content\/uploads\/2025\/03\/08750_emery_chantier36-50x50.jpg\" class=\"attachment-thumbnail size-thumbnail\" alt=\"Le Chantier des Perspectives 36 - acrylique sur toile - 61 x 50 cm - 2023\/2025\" decoding=\"async\" loading=\"lazy\" \/><\/a>\n\t\t\t<\/div><\/figure><figure class='gallery-item'>\n\t\t\t<div class='gallery-icon portrait'>\n\t\t\t\t<a href='https:\/\/www.anneemery.fr\/wp-content\/uploads\/2025\/03\/08760_emery_chantier37-scaled.jpg'><img width=\"50\" height=\"50\" src=\"https:\/\/www.anneemery.fr\/wp-content\/uploads\/2025\/03\/08760_emery_chantier37-50x50.jpg\" class=\"attachment-thumbnail size-thumbnail\" alt=\"Le Chantier des Perspectives 37 - acrylique sur toile - 61 x 50 cm - 2023\/2025\" decoding=\"async\" loading=\"lazy\" \/><\/a>\n\t\t\t<\/div><\/figure><figure class='gallery-item'>\n\t\t\t<div class='gallery-icon portrait'>\n\t\t\t\t<a href='https:\/\/www.anneemery.fr\/wp-content\/uploads\/2025\/03\/08770_emery_chantier38-scaled.jpg'><img width=\"50\" height=\"50\" src=\"https:\/\/www.anneemery.fr\/wp-content\/uploads\/2025\/03\/08770_emery_chantier38-50x50.jpg\" class=\"attachment-thumbnail size-thumbnail\" alt=\"Le Chantier des Perspectives 38 - acrylique sur toile - 61 x 50 cm - 2023\/2025\" decoding=\"async\" loading=\"lazy\" \/><\/a>\n\t\t\t<\/div><\/figure><figure class='gallery-item'>\n\t\t\t<div class='gallery-icon portrait'>\n\t\t\t\t<a href='https:\/\/www.anneemery.fr\/wp-content\/uploads\/2025\/03\/08780_emery_chantier39-scaled.jpg'><img width=\"50\" height=\"50\" src=\"https:\/\/www.anneemery.fr\/wp-content\/uploads\/2025\/03\/08780_emery_chantier39-50x50.jpg\" class=\"attachment-thumbnail size-thumbnail\" alt=\"Le Chantier des Perspectives 39 - acrylique sur toile - 61 x 50 cm - 2023\/2025\" decoding=\"async\" loading=\"lazy\" \/><\/a>\n\t\t\t<\/div><\/figure><figure class='gallery-item'>\n\t\t\t<div class='gallery-icon portrait'>\n\t\t\t\t<a href='https:\/\/www.anneemery.fr\/wp-content\/uploads\/2025\/03\/08790_emery_chantier40-scaled.jpg'><img width=\"50\" height=\"50\" src=\"https:\/\/www.anneemery.fr\/wp-content\/uploads\/2025\/03\/08790_emery_chantier40-50x50.jpg\" class=\"attachment-thumbnail size-thumbnail\" alt=\"Le Chantier des Perspectives 40 - acrylique sur toile - 61 x 50 cm - 2023\/2025\" decoding=\"async\" loading=\"lazy\" \/><\/a>\n\t\t\t<\/div><\/figure><figure class='gallery-item'>\n\t\t\t<div class='gallery-icon portrait'>\n\t\t\t\t<a href='https:\/\/www.anneemery.fr\/wp-content\/uploads\/2025\/03\/08800_emery_chantier41-scaled.jpg'><img width=\"50\" height=\"50\" src=\"https:\/\/www.anneemery.fr\/wp-content\/uploads\/2025\/03\/08800_emery_chantier41-50x50.jpg\" class=\"attachment-thumbnail size-thumbnail\" alt=\"Le Chantier des Perspectives 41 - acrylique sur toile - 61 x 50 cm - 2023\/2025\" decoding=\"async\" loading=\"lazy\" \/><\/a>\n\t\t\t<\/div><\/figure><figure class='gallery-item'>\n\t\t\t<div class='gallery-icon portrait'>\n\t\t\t\t<a href='https:\/\/www.anneemery.fr\/wp-content\/uploads\/2025\/03\/08810_emery_chantier42-scaled.jpg'><img width=\"50\" height=\"50\" src=\"https:\/\/www.anneemery.fr\/wp-content\/uploads\/2025\/03\/08810_emery_chantier42-50x50.jpg\" class=\"attachment-thumbnail size-thumbnail\" alt=\"Le Chantier des Perspectives 42 - acrylique sur toile - 61 x 50 cm - 2023\/2025\" decoding=\"async\" loading=\"lazy\" \/><\/a>\n\t\t\t<\/div><\/figure><figure class='gallery-item'>\n\t\t\t<div class='gallery-icon portrait'>\n\t\t\t\t<a href='https:\/\/www.anneemery.fr\/wp-content\/uploads\/2025\/03\/08820_emery_chantier43-scaled.jpg'><img width=\"50\" height=\"50\" src=\"https:\/\/www.anneemery.fr\/wp-content\/uploads\/2025\/03\/08820_emery_chantier43-50x50.jpg\" class=\"attachment-thumbnail size-thumbnail\" alt=\"Le Chantier des Perspectives 43 - acrylique sur toile - 61 x 50 cm - 2023\/2025\" decoding=\"async\" loading=\"lazy\" \/><\/a>\n\t\t\t<\/div><\/figure><figure class='gallery-item'>\n\t\t\t<div class='gallery-icon portrait'>\n\t\t\t\t<a href='https:\/\/www.anneemery.fr\/wp-content\/uploads\/2025\/03\/08830_emery_chantier44-scaled.jpg'><img width=\"50\" height=\"50\" src=\"https:\/\/www.anneemery.fr\/wp-content\/uploads\/2025\/03\/08830_emery_chantier44-50x50.jpg\" class=\"attachment-thumbnail size-thumbnail\" alt=\"Le Chantier des Perspectives 44 - acrylique sur toile - 61 x 50 cm - 2023\/2025\" decoding=\"async\" loading=\"lazy\" \/><\/a>\n\t\t\t<\/div><\/figure><figure class='gallery-item'>\n\t\t\t<div class='gallery-icon portrait'>\n\t\t\t\t<a href='https:\/\/www.anneemery.fr\/wp-content\/uploads\/2025\/03\/08840_emery_chantier45-scaled.jpg'><img width=\"50\" height=\"50\" src=\"https:\/\/www.anneemery.fr\/wp-content\/uploads\/2025\/03\/08840_emery_chantier45-50x50.jpg\" class=\"attachment-thumbnail size-thumbnail\" alt=\"Le Chantier des Perspectives 45 - acrylique sur toile - 61 x 50 cm - 2023\/2025\" decoding=\"async\" loading=\"lazy\" \/><\/a>\n\t\t\t<\/div><\/figure><figure class='gallery-item'>\n\t\t\t<div class='gallery-icon portrait'>\n\t\t\t\t<a href='https:\/\/www.anneemery.fr\/wp-content\/uploads\/2025\/03\/08850_emery_chantier46-scaled.jpg'><img width=\"50\" height=\"50\" src=\"https:\/\/www.anneemery.fr\/wp-content\/uploads\/2025\/03\/08850_emery_chantier46-50x50.jpg\" class=\"attachment-thumbnail size-thumbnail\" alt=\"Le Chantier des Perspectives 46 - acrylique sur toile - 61 x 50 cm - 2023\/2025\" decoding=\"async\" loading=\"lazy\" \/><\/a>\n\t\t\t<\/div><\/figure><figure class='gallery-item'>\n\t\t\t<div class='gallery-icon portrait'>\n\t\t\t\t<a href='https:\/\/www.anneemery.fr\/wp-content\/uploads\/2025\/03\/08860_emery_chantier47-scaled.jpg'><img width=\"50\" height=\"50\" src=\"https:\/\/www.anneemery.fr\/wp-content\/uploads\/2025\/03\/08860_emery_chantier47-50x50.jpg\" class=\"attachment-thumbnail size-thumbnail\" alt=\"Le Chantier des Perspectives 47 - acrylique sur toile - 61 x 50 cm - 2023\/2025\" decoding=\"async\" loading=\"lazy\" \/><\/a>\n\t\t\t<\/div><\/figure><figure class='gallery-item'>\n\t\t\t<div class='gallery-icon portrait'>\n\t\t\t\t<a href='https:\/\/www.anneemery.fr\/wp-content\/uploads\/2025\/03\/08870_emery_chantier48-scaled.jpg'><img width=\"50\" height=\"50\" src=\"https:\/\/www.anneemery.fr\/wp-content\/uploads\/2025\/03\/08870_emery_chantier48-50x50.jpg\" class=\"attachment-thumbnail size-thumbnail\" alt=\"Le Chantier des Perspectives 48 - acrylique sur toile - 61 x 50 cm - 2023\/2025\" decoding=\"async\" loading=\"lazy\" \/><\/a>\n\t\t\t<\/div><\/figure><figure class='gallery-item'>\n\t\t\t<div class='gallery-icon portrait'>\n\t\t\t\t<a href='https:\/\/www.anneemery.fr\/wp-content\/uploads\/2025\/03\/08880_emery_chantier49-scaled.jpg'><img width=\"50\" height=\"50\" src=\"https:\/\/www.anneemery.fr\/wp-content\/uploads\/2025\/03\/08880_emery_chantier49-50x50.jpg\" class=\"attachment-thumbnail size-thumbnail\" alt=\"Le Chantier des Perspectives 49 - acrylique sur toile - 61 x 50 cm - 2023\/2025\" decoding=\"async\" loading=\"lazy\" \/><\/a>\n\t\t\t<\/div><\/figure><figure class='gallery-item'>\n\t\t\t<div class='gallery-icon portrait'>\n\t\t\t\t<a href='https:\/\/www.anneemery.fr\/wp-content\/uploads\/2025\/03\/08890_emery_chantier50-scaled.jpg'><img width=\"50\" height=\"50\" src=\"https:\/\/www.anneemery.fr\/wp-content\/uploads\/2025\/03\/08890_emery_chantier50-50x50.jpg\" class=\"attachment-thumbnail size-thumbnail\" alt=\"Le Chantier des Perspectives 50 - acrylique sur toile - 61 x 50 cm - 2023\/2025\" decoding=\"async\" loading=\"lazy\" \/><\/a>\n\t\t\t<\/div><\/figure><figure class='gallery-item'>\n\t\t\t<div class='gallery-icon portrait'>\n\t\t\t\t<a href='https:\/\/www.anneemery.fr\/wp-content\/uploads\/2025\/03\/08900_emery_chantier51-scaled.jpg'><img width=\"50\" height=\"50\" src=\"https:\/\/www.anneemery.fr\/wp-content\/uploads\/2025\/03\/08900_emery_chantier51-50x50.jpg\" class=\"attachment-thumbnail size-thumbnail\" alt=\"Le Chantier des Perspectives 51 - acrylique sur toile - 61 x 50 cm - 2023\/2025\" decoding=\"async\" loading=\"lazy\" \/><\/a>\n\t\t\t<\/div><\/figure><figure class='gallery-item'>\n\t\t\t<div class='gallery-icon portrait'>\n\t\t\t\t<a href='https:\/\/www.anneemery.fr\/wp-content\/uploads\/2025\/03\/08910_emery_chantier52-scaled.jpg'><img width=\"50\" height=\"50\" src=\"https:\/\/www.anneemery.fr\/wp-content\/uploads\/2025\/03\/08910_emery_chantier52-50x50.jpg\" class=\"attachment-thumbnail size-thumbnail\" alt=\"Le Chantier des Perspectives 52 - acrylique sur toile - 61 x 50 cm - 2023\/2025\" decoding=\"async\" loading=\"lazy\" \/><\/a>\n\t\t\t<\/div><\/figure><figure class='gallery-item'>\n\t\t\t<div class='gallery-icon portrait'>\n\t\t\t\t<a href='https:\/\/www.anneemery.fr\/wp-content\/uploads\/2025\/03\/08920_emery_chantier53-scaled.jpg'><img width=\"50\" height=\"50\" src=\"https:\/\/www.anneemery.fr\/wp-content\/uploads\/2025\/03\/08920_emery_chantier53-50x50.jpg\" class=\"attachment-thumbnail size-thumbnail\" alt=\"Le Chantier des Perspectives 53 - acrylique sur toile - 61 x 50 cm - 2023\/2025\" decoding=\"async\" loading=\"lazy\" \/><\/a>\n\t\t\t<\/div><\/figure><figure class='gallery-item'>\n\t\t\t<div class='gallery-icon portrait'>\n\t\t\t\t<a href='https:\/\/www.anneemery.fr\/wp-content\/uploads\/2025\/03\/08930_emery_chantier54-scaled.jpg'><img width=\"50\" height=\"50\" src=\"https:\/\/www.anneemery.fr\/wp-content\/uploads\/2025\/03\/08930_emery_chantier54-50x50.jpg\" class=\"attachment-thumbnail size-thumbnail\" alt=\"Le Chantier des Perspectives 54 - acrylique sur toile - 61 x 50 cm - 2023\/2025\" decoding=\"async\" loading=\"lazy\" \/><\/a>\n\t\t\t<\/div><\/figure><figure class='gallery-item'>\n\t\t\t<div class='gallery-icon portrait'>\n\t\t\t\t<a href='https:\/\/www.anneemery.fr\/wp-content\/uploads\/2025\/03\/08940_emery_chantier55-scaled.jpg'><img width=\"50\" height=\"50\" src=\"https:\/\/www.anneemery.fr\/wp-content\/uploads\/2025\/03\/08940_emery_chantier55-50x50.jpg\" class=\"attachment-thumbnail size-thumbnail\" alt=\"Le Chantier des Perspectives 55 - acrylique sur toile - 61 x 50 cm - 2023\/2025\" decoding=\"async\" loading=\"lazy\" \/><\/a>\n\t\t\t<\/div><\/figure><figure class='gallery-item'>\n\t\t\t<div class='gallery-icon portrait'>\n\t\t\t\t<a href='https:\/\/www.anneemery.fr\/wp-content\/uploads\/2025\/03\/08950_emery_chantier56-scaled.jpg'><img width=\"50\" height=\"50\" src=\"https:\/\/www.anneemery.fr\/wp-content\/uploads\/2025\/03\/08950_emery_chantier56-50x50.jpg\" class=\"attachment-thumbnail size-thumbnail\" alt=\"Le Chantier des Perspectives 56 - acrylique sur toile - 61 x 50 cm - 2023\/2025\" decoding=\"async\" loading=\"lazy\" \/><\/a>\n\t\t\t<\/div><\/figure><figure class='gallery-item'>\n\t\t\t<div class='gallery-icon portrait'>\n\t\t\t\t<a href='https:\/\/www.anneemery.fr\/wp-content\/uploads\/2025\/03\/08960_emery_chantier57-scaled.jpg'><img width=\"50\" height=\"50\" src=\"https:\/\/www.anneemery.fr\/wp-content\/uploads\/2025\/03\/08960_emery_chantier57-50x50.jpg\" class=\"attachment-thumbnail size-thumbnail\" alt=\"Le Chantier des Perspectives 57 - acrylique sur toile - 61 x 50 cm - 2023\/2025\" decoding=\"async\" loading=\"lazy\" \/><\/a>\n\t\t\t<\/div><\/figure><figure class='gallery-item'>\n\t\t\t<div class='gallery-icon portrait'>\n\t\t\t\t<a href='https:\/\/www.anneemery.fr\/wp-content\/uploads\/2025\/03\/08970_emery_chantier58-scaled.jpg'><img width=\"50\" height=\"50\" src=\"https:\/\/www.anneemery.fr\/wp-content\/uploads\/2025\/03\/08970_emery_chantier58-50x50.jpg\" class=\"attachment-thumbnail size-thumbnail\" alt=\"Le Chantier des Perspectives 58 - acrylique sur toile - 61 x 50 cm - 2023\/2025\" decoding=\"async\" loading=\"lazy\" \/><\/a>\n\t\t\t<\/div><\/figure><figure class='gallery-item'>\n\t\t\t<div class='gallery-icon portrait'>\n\t\t\t\t<a href='https:\/\/www.anneemery.fr\/wp-content\/uploads\/2025\/03\/08980_emery_chantier59-scaled.jpg'><img width=\"50\" height=\"50\" src=\"https:\/\/www.anneemery.fr\/wp-content\/uploads\/2025\/03\/08980_emery_chantier59-50x50.jpg\" class=\"attachment-thumbnail size-thumbnail\" alt=\"Le Chantier des Perspectives 59 - acrylique sur toile - 61 x 50 cm - 2023\/2025\" decoding=\"async\" loading=\"lazy\" \/><\/a>\n\t\t\t<\/div><\/figure><figure class='gallery-item'>\n\t\t\t<div class='gallery-icon portrait'>\n\t\t\t\t<a href='https:\/\/www.anneemery.fr\/wp-content\/uploads\/2025\/03\/08990_emery_chantier60-scaled.jpg'><img width=\"50\" height=\"50\" src=\"https:\/\/www.anneemery.fr\/wp-content\/uploads\/2025\/03\/08990_emery_chantier60-50x50.jpg\" class=\"attachment-thumbnail size-thumbnail\" alt=\"Le Chantier des Perspectives 60 - acrylique sur toile - 61 x 50 cm - 2023\/2025\" decoding=\"async\" loading=\"lazy\" \/><\/a>\n\t\t\t<\/div><\/figure><figure class='gallery-item'>\n\t\t\t<div class='gallery-icon portrait'>\n\t\t\t\t<a href='https:\/\/www.anneemery.fr\/wp-content\/uploads\/2025\/03\/09000_emery_chantier61-scaled.jpg'><img width=\"50\" height=\"50\" src=\"https:\/\/www.anneemery.fr\/wp-content\/uploads\/2025\/03\/09000_emery_chantier61-50x50.jpg\" class=\"attachment-thumbnail size-thumbnail\" alt=\"Le Chantier des Perspectives 61 - acrylique sur toile - 61 x 50 cm - 2023\/2025\" decoding=\"async\" loading=\"lazy\" \/><\/a>\n\t\t\t<\/div><\/figure><figure class='gallery-item'>\n\t\t\t<div class='gallery-icon portrait'>\n\t\t\t\t<a href='https:\/\/www.anneemery.fr\/wp-content\/uploads\/2025\/03\/09010_emery_chantier62-scaled.jpg'><img width=\"50\" height=\"50\" src=\"https:\/\/www.anneemery.fr\/wp-content\/uploads\/2025\/03\/09010_emery_chantier62-50x50.jpg\" class=\"attachment-thumbnail size-thumbnail\" alt=\"Le Chantier des Perspectives 62 - acrylique sur toile - 61 x 50 cm - 2023\/2025\" decoding=\"async\" loading=\"lazy\" \/><\/a>\n\t\t\t<\/div><\/figure><figure class='gallery-item'>\n\t\t\t<div class='gallery-icon portrait'>\n\t\t\t\t<a href='https:\/\/www.anneemery.fr\/wp-content\/uploads\/2025\/03\/09020_emery_chantier63-scaled.jpg'><img width=\"50\" height=\"50\" src=\"https:\/\/www.anneemery.fr\/wp-content\/uploads\/2025\/03\/09020_emery_chantier63-50x50.jpg\" class=\"attachment-thumbnail size-thumbnail\" alt=\"Le Chantier des Perspectives 63 - acrylique sur toile - 61 x 50 cm - 2023\/2025\" decoding=\"async\" loading=\"lazy\" \/><\/a>\n\t\t\t<\/div><\/figure><figure class='gallery-item'>\n\t\t\t<div class='gallery-icon portrait'>\n\t\t\t\t<a href='https:\/\/www.anneemery.fr\/wp-content\/uploads\/2025\/03\/09030_emery_chantier64-scaled.jpg'><img width=\"50\" height=\"50\" src=\"https:\/\/www.anneemery.fr\/wp-content\/uploads\/2025\/03\/09030_emery_chantier64-50x50.jpg\" class=\"attachment-thumbnail size-thumbnail\" alt=\"Le Chantier des Perspectives 64 - acrylique sur toile - 61 x 50 cm - 2023\/2025\" decoding=\"async\" loading=\"lazy\" \/><\/a>\n\t\t\t<\/div><\/figure><figure class='gallery-item'>\n\t\t\t<div class='gallery-icon portrait'>\n\t\t\t\t<a href='https:\/\/www.anneemery.fr\/wp-content\/uploads\/2025\/03\/09040_emery_chantier65-scaled.jpg'><img width=\"50\" height=\"50\" src=\"https:\/\/www.anneemery.fr\/wp-content\/uploads\/2025\/03\/09040_emery_chantier65-50x50.jpg\" class=\"attachment-thumbnail size-thumbnail\" alt=\"Le Chantier des Perspectives 65 - acrylique sur toile - 61 x 50 cm - 2023\/2025\" decoding=\"async\" loading=\"lazy\" \/><\/a>\n\t\t\t<\/div><\/figure><figure class='gallery-item'>\n\t\t\t<div class='gallery-icon portrait'>\n\t\t\t\t<a href='https:\/\/www.anneemery.fr\/wp-content\/uploads\/2025\/03\/09050_emery_chantier66-scaled.jpg'><img width=\"50\" height=\"50\" src=\"https:\/\/www.anneemery.fr\/wp-content\/uploads\/2025\/03\/09050_emery_chantier66-50x50.jpg\" class=\"attachment-thumbnail size-thumbnail\" alt=\"Le Chantier des Perspectives 66 - acrylique sur toile - 61 x 50 cm - 2023\/2025\" decoding=\"async\" loading=\"lazy\" \/><\/a>\n\t\t\t<\/div><\/figure><figure class='gallery-item'>\n\t\t\t<div class='gallery-icon portrait'>\n\t\t\t\t<a href='https:\/\/www.anneemery.fr\/wp-content\/uploads\/2025\/03\/09060_emery_chantier67-scaled.jpg'><img width=\"50\" height=\"50\" src=\"https:\/\/www.anneemery.fr\/wp-content\/uploads\/2025\/03\/09060_emery_chantier67-50x50.jpg\" class=\"attachment-thumbnail size-thumbnail\" alt=\"Le Chantier des Perspectives 67 - acrylique sur toile - 61 x 50 cm - 2023\/2025\" decoding=\"async\" loading=\"lazy\" \/><\/a>\n\t\t\t<\/div><\/figure><figure class='gallery-item'>\n\t\t\t<div class='gallery-icon portrait'>\n\t\t\t\t<a href='https:\/\/www.anneemery.fr\/wp-content\/uploads\/2025\/03\/09070_emery_chantier68-scaled.jpg'><img width=\"50\" height=\"50\" src=\"https:\/\/www.anneemery.fr\/wp-content\/uploads\/2025\/03\/09070_emery_chantier68-50x50.jpg\" class=\"attachment-thumbnail size-thumbnail\" alt=\"Le Chantier des Perspectives 68 - acrylique sur toile - 61 x 50 cm - 2023\/2025\" decoding=\"async\" loading=\"lazy\" \/><\/a>\n\t\t\t<\/div><\/figure><figure class='gallery-item'>\n\t\t\t<div class='gallery-icon portrait'>\n\t\t\t\t<a href='https:\/\/www.anneemery.fr\/wp-content\/uploads\/2025\/03\/09080_emery_chantier69-scaled.jpg'><img width=\"50\" height=\"50\" src=\"https:\/\/www.anneemery.fr\/wp-content\/uploads\/2025\/03\/09080_emery_chantier69-50x50.jpg\" class=\"attachment-thumbnail size-thumbnail\" alt=\"Le Chantier des Perspectives 69 - acrylique sur toile - 61 x 50 cm - 2023\/2025\" decoding=\"async\" loading=\"lazy\" \/><\/a>\n\t\t\t<\/div><\/figure><figure class='gallery-item'>\n\t\t\t<div class='gallery-icon portrait'>\n\t\t\t\t<a href='https:\/\/www.anneemery.fr\/wp-content\/uploads\/2025\/03\/09090_emery_chantier70-scaled.jpg'><img width=\"50\" height=\"50\" src=\"https:\/\/www.anneemery.fr\/wp-content\/uploads\/2025\/03\/09090_emery_chantier70-50x50.jpg\" class=\"attachment-thumbnail size-thumbnail\" alt=\"Le Chantier des Perspectives 70 - acrylique sur toile - 61 x 50 cm - 2023\/2025\" decoding=\"async\" loading=\"lazy\" \/><\/a>\n\t\t\t<\/div><\/figure><figure class='gallery-item'>\n\t\t\t<div class='gallery-icon portrait'>\n\t\t\t\t<a href='https:\/\/www.anneemery.fr\/wp-content\/uploads\/2025\/03\/09100_emery_chantier71-scaled.jpg'><img width=\"50\" height=\"50\" src=\"https:\/\/www.anneemery.fr\/wp-content\/uploads\/2025\/03\/09100_emery_chantier71-50x50.jpg\" class=\"attachment-thumbnail size-thumbnail\" alt=\"Le Chantier des Perspectives 71 - acrylique sur toile - 61 x 50 cm - 2023\/2025\" decoding=\"async\" loading=\"lazy\" \/><\/a>\n\t\t\t<\/div><\/figure><figure class='gallery-item'>\n\t\t\t<div class='gallery-icon portrait'>\n\t\t\t\t<a href='https:\/\/www.anneemery.fr\/wp-content\/uploads\/2025\/03\/09110_emery_chantier72-scaled.jpg'><img width=\"50\" height=\"50\" src=\"https:\/\/www.anneemery.fr\/wp-content\/uploads\/2025\/03\/09110_emery_chantier72-50x50.jpg\" class=\"attachment-thumbnail size-thumbnail\" alt=\"Le Chantier des Perspectives 72 - acrylique sur toile - 61 x 50 cm - 2023\/2025\" decoding=\"async\" loading=\"lazy\" \/><\/a>\n\t\t\t<\/div><\/figure><figure class='gallery-item'>\n\t\t\t<div class='gallery-icon portrait'>\n\t\t\t\t<a href='https:\/\/www.anneemery.fr\/wp-content\/uploads\/2025\/03\/09120_emery_chantier73-scaled.jpg'><img width=\"50\" height=\"50\" src=\"https:\/\/www.anneemery.fr\/wp-content\/uploads\/2025\/03\/09120_emery_chantier73-50x50.jpg\" class=\"attachment-thumbnail size-thumbnail\" alt=\"Le Chantier des Perspectives 73 - acrylique sur toile - 61 x 50 cm - 2023\/2025\" decoding=\"async\" loading=\"lazy\" \/><\/a>\n\t\t\t<\/div><\/figure><figure class='gallery-item'>\n\t\t\t<div class='gallery-icon portrait'>\n\t\t\t\t<a href='https:\/\/www.anneemery.fr\/wp-content\/uploads\/2025\/03\/09130_emery_chantier74-scaled.jpg'><img width=\"50\" height=\"50\" src=\"https:\/\/www.anneemery.fr\/wp-content\/uploads\/2025\/03\/09130_emery_chantier74-50x50.jpg\" class=\"attachment-thumbnail size-thumbnail\" alt=\"Le Chantier des Perspectives 74 - acrylique sur toile - 61 x 50 cm - 2023\/2025\" decoding=\"async\" loading=\"lazy\" \/><\/a>\n\t\t\t<\/div><\/figure><figure class='gallery-item'>\n\t\t\t<div class='gallery-icon portrait'>\n\t\t\t\t<a href='https:\/\/www.anneemery.fr\/wp-content\/uploads\/2025\/03\/09140_emery_chantier75-scaled.jpg'><img width=\"50\" height=\"50\" src=\"https:\/\/www.anneemery.fr\/wp-content\/uploads\/2025\/03\/09140_emery_chantier75-50x50.jpg\" class=\"attachment-thumbnail size-thumbnail\" alt=\"Le Chantier des Perspectives 75 - acrylique sur toile - 61 x 50 cm - 2023\/2025\" decoding=\"async\" loading=\"lazy\" \/><\/a>\n\t\t\t<\/div><\/figure><figure class='gallery-item'>\n\t\t\t<div class='gallery-icon portrait'>\n\t\t\t\t<a href='https:\/\/www.anneemery.fr\/wp-content\/uploads\/2025\/03\/09150_emery_chantier76-scaled.jpg'><img width=\"50\" height=\"50\" src=\"https:\/\/www.anneemery.fr\/wp-content\/uploads\/2025\/03\/09150_emery_chantier76-50x50.jpg\" class=\"attachment-thumbnail size-thumbnail\" alt=\"Le Chantier des Perspectives 76 - acrylique sur toile - 61 x 50 cm - 2023\/2025\" decoding=\"async\" loading=\"lazy\" \/><\/a>\n\t\t\t<\/div><\/figure><figure class='gallery-item'>\n\t\t\t<div class='gallery-icon portrait'>\n\t\t\t\t<a href='https:\/\/www.anneemery.fr\/wp-content\/uploads\/2025\/03\/09160_emery_chantier77-scaled.jpg'><img width=\"50\" height=\"50\" src=\"https:\/\/www.anneemery.fr\/wp-content\/uploads\/2025\/03\/09160_emery_chantier77-50x50.jpg\" class=\"attachment-thumbnail size-thumbnail\" alt=\"Le Chantier des Perspectives 77 - acrylique sur toile - 61 x 50 cm - 2023\/2025\" decoding=\"async\" loading=\"lazy\" \/><\/a>\n\t\t\t<\/div><\/figure><figure class='gallery-item'>\n\t\t\t<div class='gallery-icon portrait'>\n\t\t\t\t<a href='https:\/\/www.anneemery.fr\/wp-content\/uploads\/2025\/03\/09170_emery_chantier78-scaled.jpg'><img width=\"50\" height=\"50\" src=\"https:\/\/www.anneemery.fr\/wp-content\/uploads\/2025\/03\/09170_emery_chantier78-50x50.jpg\" class=\"attachment-thumbnail size-thumbnail\" alt=\"Le Chantier des Perspectives 78 - acrylique sur toile - 61 x 50 cm - 2023\/2025\" decoding=\"async\" loading=\"lazy\" \/><\/a>\n\t\t\t<\/div><\/figure><figure class='gallery-item'>\n\t\t\t<div class='gallery-icon portrait'>\n\t\t\t\t<a href='https:\/\/www.anneemery.fr\/wp-content\/uploads\/2025\/03\/09180_emery_chantier79-scaled.jpg'><img width=\"50\" height=\"50\" src=\"https:\/\/www.anneemery.fr\/wp-content\/uploads\/2025\/03\/09180_emery_chantier79-50x50.jpg\" class=\"attachment-thumbnail size-thumbnail\" alt=\"Le Chantier des Perspectives 79 - acrylique sur toile - 61 x 50 cm - 2023\/2025\" decoding=\"async\" loading=\"lazy\" \/><\/a>\n\t\t\t<\/div><\/figure><figure class='gallery-item'>\n\t\t\t<div class='gallery-icon portrait'>\n\t\t\t\t<a href='https:\/\/www.anneemery.fr\/wp-content\/uploads\/2025\/03\/09190_emery_chantier80-scaled.jpg'><img width=\"50\" height=\"50\" src=\"https:\/\/www.anneemery.fr\/wp-content\/uploads\/2025\/03\/09190_emery_chantier80-50x50.jpg\" class=\"attachment-thumbnail size-thumbnail\" alt=\"Le Chantier des Perspectives 80 - acrylique sur toile - 61 x 50 cm - 2023\/2025\" decoding=\"async\" loading=\"lazy\" \/><\/a>\n\t\t\t<\/div><\/figure><figure class='gallery-item'>\n\t\t\t<div class='gallery-icon portrait'>\n\t\t\t\t<a href='https:\/\/www.anneemery.fr\/wp-content\/uploads\/2025\/03\/09200_emery_chantier81-scaled.jpg'><img width=\"50\" height=\"50\" src=\"https:\/\/www.anneemery.fr\/wp-content\/uploads\/2025\/03\/09200_emery_chantier81-50x50.jpg\" class=\"attachment-thumbnail size-thumbnail\" alt=\"Le Chantier des Perspectives 81 - acrylique sur toile - 61 x 50 cm - 2023\/2025\" decoding=\"async\" loading=\"lazy\" \/><\/a>\n\t\t\t<\/div><\/figure><figure class='gallery-item'>\n\t\t\t<div class='gallery-icon portrait'>\n\t\t\t\t<a href='https:\/\/www.anneemery.fr\/wp-content\/uploads\/2025\/03\/09210_emery_chantier82-scaled.jpg'><img width=\"50\" height=\"50\" src=\"https:\/\/www.anneemery.fr\/wp-content\/uploads\/2025\/03\/09210_emery_chantier82-50x50.jpg\" class=\"attachment-thumbnail size-thumbnail\" alt=\"Le Chantier des Perspectives 82 - acrylique sur toile - 61 x 50 cm - 2023\/2025\" decoding=\"async\" loading=\"lazy\" \/><\/a>\n\t\t\t<\/div><\/figure><figure class='gallery-item'>\n\t\t\t<div class='gallery-icon portrait'>\n\t\t\t\t<a href='https:\/\/www.anneemery.fr\/wp-content\/uploads\/2025\/03\/09220_emery_chantier83-scaled.jpg'><img width=\"50\" height=\"50\" src=\"https:\/\/www.anneemery.fr\/wp-content\/uploads\/2025\/03\/09220_emery_chantier83-50x50.jpg\" class=\"attachment-thumbnail size-thumbnail\" alt=\"Le Chantier des Perspectives 83 - acrylique sur toile - 61 x 50 cm - 2023\/2025\" decoding=\"async\" loading=\"lazy\" \/><\/a>\n\t\t\t<\/div><\/figure><figure class='gallery-item'>\n\t\t\t<div class='gallery-icon portrait'>\n\t\t\t\t<a href='https:\/\/www.anneemery.fr\/wp-content\/uploads\/2025\/03\/09230_emery_chantier84-scaled.jpg'><img width=\"50\" height=\"50\" src=\"https:\/\/www.anneemery.fr\/wp-content\/uploads\/2025\/03\/09230_emery_chantier84-50x50.jpg\" class=\"attachment-thumbnail size-thumbnail\" alt=\"Le Chantier des Perspectives 84 - acrylique sur toile - 61 x 50 cm - 2023\/2025\" decoding=\"async\" loading=\"lazy\" \/><\/a>\n\t\t\t<\/div><\/figure><figure class='gallery-item'>\n\t\t\t<div class='gallery-icon portrait'>\n\t\t\t\t<a href='https:\/\/www.anneemery.fr\/wp-content\/uploads\/2025\/03\/09240_emery_chantier85-scaled.jpg'><img width=\"50\" height=\"50\" src=\"https:\/\/www.anneemery.fr\/wp-content\/uploads\/2025\/03\/09240_emery_chantier85-50x50.jpg\" class=\"attachment-thumbnail size-thumbnail\" alt=\"Le Chantier des Perspectives 85 - acrylique sur toile - 61 x 50 cm - 2023\/2025\" decoding=\"async\" loading=\"lazy\" \/><\/a>\n\t\t\t<\/div><\/figure><figure class='gallery-item'>\n\t\t\t<div class='gallery-icon portrait'>\n\t\t\t\t<a href='https:\/\/www.anneemery.fr\/wp-content\/uploads\/2025\/03\/09250_emery_chantier86-scaled.jpg'><img width=\"50\" height=\"50\" src=\"https:\/\/www.anneemery.fr\/wp-content\/uploads\/2025\/03\/09250_emery_chantier86-50x50.jpg\" class=\"attachment-thumbnail size-thumbnail\" alt=\"Le Chantier des Perspectives 86 - acrylique sur toile - 61 x 50 cm - 2023\/2025\" decoding=\"async\" loading=\"lazy\" \/><\/a>\n\t\t\t<\/div><\/figure><figure class='gallery-item'>\n\t\t\t<div class='gallery-icon portrait'>\n\t\t\t\t<a href='https:\/\/www.anneemery.fr\/wp-content\/uploads\/2025\/03\/09260_emery_chantier87-scaled.jpg'><img width=\"50\" height=\"50\" src=\"https:\/\/www.anneemery.fr\/wp-content\/uploads\/2025\/03\/09260_emery_chantier87-50x50.jpg\" class=\"attachment-thumbnail size-thumbnail\" alt=\"Le Chantier des Perspectives 87 - acrylique sur toile - 61 x 50 cm - 2023\/2025\" decoding=\"async\" loading=\"lazy\" \/><\/a>\n\t\t\t<\/div><\/figure><figure class='gallery-item'>\n\t\t\t<div class='gallery-icon portrait'>\n\t\t\t\t<a href='https:\/\/www.anneemery.fr\/wp-content\/uploads\/2025\/03\/09270_emery_chantier88-scaled.jpg'><img width=\"50\" height=\"50\" src=\"https:\/\/www.anneemery.fr\/wp-content\/uploads\/2025\/03\/09270_emery_chantier88-50x50.jpg\" class=\"attachment-thumbnail size-thumbnail\" alt=\"Le Chantier des Perspectives 88 - acrylique sur toile - 61 x 50 cm - 2023\/2025\" decoding=\"async\" loading=\"lazy\" \/><\/a>\n\t\t\t<\/div><\/figure><figure class='gallery-item'>\n\t\t\t<div class='gallery-icon portrait'>\n\t\t\t\t<a href='https:\/\/www.anneemery.fr\/wp-content\/uploads\/2025\/03\/09280_emery_chantier89-scaled.jpg'><img width=\"50\" height=\"50\" src=\"https:\/\/www.anneemery.fr\/wp-content\/uploads\/2025\/03\/09280_emery_chantier89-50x50.jpg\" class=\"attachment-thumbnail size-thumbnail\" alt=\"Le Chantier des Perspectives 89 - acrylique sur toile - 61 x 50 cm - 2023\/2025\" decoding=\"async\" loading=\"lazy\" \/><\/a>\n\t\t\t<\/div><\/figure><figure class='gallery-item'>\n\t\t\t<div class='gallery-icon portrait'>\n\t\t\t\t<a href='https:\/\/www.anneemery.fr\/wp-content\/uploads\/2025\/03\/09290_emery_chantier90-scaled.jpg'><img width=\"50\" height=\"50\" src=\"https:\/\/www.anneemery.fr\/wp-content\/uploads\/2025\/03\/09290_emery_chantier90-50x50.jpg\" class=\"attachment-thumbnail size-thumbnail\" alt=\"Le Chantier des Perspectives 90 - acrylique sur toile - 61 x 50 cm - 2023\/2025\" decoding=\"async\" loading=\"lazy\" \/><\/a>\n\t\t\t<\/div><\/figure><figure class='gallery-item'>\n\t\t\t<div class='gallery-icon portrait'>\n\t\t\t\t<a href='https:\/\/www.anneemery.fr\/wp-content\/uploads\/2025\/03\/09300_emery_chantier91-scaled.jpg'><img width=\"50\" height=\"50\" src=\"https:\/\/www.anneemery.fr\/wp-content\/uploads\/2025\/03\/09300_emery_chantier91-50x50.jpg\" class=\"attachment-thumbnail size-thumbnail\" alt=\"Le Chantier des Perspectives 91 - acrylique sur toile - 61 x 50 cm - 2023\/2025\" decoding=\"async\" loading=\"lazy\" \/><\/a>\n\t\t\t<\/div><\/figure><figure class='gallery-item'>\n\t\t\t<div class='gallery-icon portrait'>\n\t\t\t\t<a href='https:\/\/www.anneemery.fr\/wp-content\/uploads\/2025\/03\/09310_emery_chantier92-scaled.jpg'><img width=\"50\" height=\"50\" src=\"https:\/\/www.anneemery.fr\/wp-content\/uploads\/2025\/03\/09310_emery_chantier92-50x50.jpg\" class=\"attachment-thumbnail size-thumbnail\" alt=\"Le Chantier des Perspectives 92 - acrylique sur toile - 61 x 50 cm - 2023\/2025\" decoding=\"async\" loading=\"lazy\" \/><\/a>\n\t\t\t<\/div><\/figure><figure class='gallery-item'>\n\t\t\t<div class='gallery-icon portrait'>\n\t\t\t\t<a href='https:\/\/www.anneemery.fr\/wp-content\/uploads\/2025\/03\/09320_emery_chantier93-scaled.jpg'><img width=\"50\" height=\"50\" src=\"https:\/\/www.anneemery.fr\/wp-content\/uploads\/2025\/03\/09320_emery_chantier93-50x50.jpg\" class=\"attachment-thumbnail size-thumbnail\" alt=\"Le Chantier des Perspectives 93 - acrylique sur toile - 61 x 50 cm - 2023\/2025\" decoding=\"async\" loading=\"lazy\" \/><\/a>\n\t\t\t<\/div><\/figure><figure class='gallery-item'>\n\t\t\t<div class='gallery-icon portrait'>\n\t\t\t\t<a href='https:\/\/www.anneemery.fr\/wp-content\/uploads\/2025\/03\/09330_emery_chantier94-scaled.jpg'><img width=\"50\" height=\"50\" src=\"https:\/\/www.anneemery.fr\/wp-content\/uploads\/2025\/03\/09330_emery_chantier94-50x50.jpg\" class=\"attachment-thumbnail size-thumbnail\" alt=\"Le Chantier des Perspectives 94 - acrylique sur toile - 61 x 50 cm - 2023\/2025\" decoding=\"async\" loading=\"lazy\" \/><\/a>\n\t\t\t<\/div><\/figure><figure class='gallery-item'>\n\t\t\t<div class='gallery-icon portrait'>\n\t\t\t\t<a href='https:\/\/www.anneemery.fr\/wp-content\/uploads\/2025\/03\/09340_emery_chantier95-scaled.jpg'><img width=\"50\" height=\"50\" src=\"https:\/\/www.anneemery.fr\/wp-content\/uploads\/2025\/03\/09340_emery_chantier95-50x50.jpg\" class=\"attachment-thumbnail size-thumbnail\" alt=\"Le Chantier des Perspectives 95 - acrylique sur toile - 61 x 50 cm - 2023\/2025\" decoding=\"async\" loading=\"lazy\" \/><\/a>\n\t\t\t<\/div><\/figure><figure class='gallery-item'>\n\t\t\t<div class='gallery-icon portrait'>\n\t\t\t\t<a href='https:\/\/www.anneemery.fr\/wp-content\/uploads\/2025\/03\/09350_emery_chantier96-scaled.jpg'><img width=\"50\" height=\"50\" src=\"https:\/\/www.anneemery.fr\/wp-content\/uploads\/2025\/03\/09350_emery_chantier96-50x50.jpg\" class=\"attachment-thumbnail size-thumbnail\" alt=\"Le Chantier des Perspectives 96 - acrylique sur toile - 61 x 50 cm - 2023\/2025\" decoding=\"async\" loading=\"lazy\" \/><\/a>\n\t\t\t<\/div><\/figure><figure class='gallery-item'>\n\t\t\t<div class='gallery-icon portrait'>\n\t\t\t\t<a href='https:\/\/www.anneemery.fr\/wp-content\/uploads\/2025\/03\/09360_emery_chantier97-scaled.jpg'><img width=\"50\" height=\"50\" src=\"https:\/\/www.anneemery.fr\/wp-content\/uploads\/2025\/03\/09360_emery_chantier97-50x50.jpg\" class=\"attachment-thumbnail size-thumbnail\" alt=\"Le Chantier des Perspectives 97 - acrylique sur toile 61 x 50 cm - 2023\/2025\" decoding=\"async\" loading=\"lazy\" \/><\/a>\n\t\t\t<\/div><\/figure><figure class='gallery-item'>\n\t\t\t<div class='gallery-icon portrait'>\n\t\t\t\t<a href='https:\/\/www.anneemery.fr\/wp-content\/uploads\/2025\/03\/09370_emery_chantier98-scaled.jpg'><img width=\"50\" height=\"50\" src=\"https:\/\/www.anneemery.fr\/wp-content\/uploads\/2025\/03\/09370_emery_chantier98-50x50.jpg\" class=\"attachment-thumbnail size-thumbnail\" alt=\"Le Chantier des Perspectives 98 - acrylique sur toile 61 x 50 cm - 2023\/2025\" decoding=\"async\" loading=\"lazy\" \/><\/a>\n\t\t\t<\/div><\/figure><figure class='gallery-item'>\n\t\t\t<div class='gallery-icon portrait'>\n\t\t\t\t<a href='https:\/\/www.anneemery.fr\/wp-content\/uploads\/2025\/03\/09380_emery_chantier99-scaled.jpg'><img width=\"50\" height=\"50\" src=\"https:\/\/www.anneemery.fr\/wp-content\/uploads\/2025\/03\/09380_emery_chantier99-50x50.jpg\" class=\"attachment-thumbnail size-thumbnail\" alt=\"Le Chantier des Perspectives 99 - acrylique sur toile 61 x 50 cm - 2023\/2025\" decoding=\"async\" loading=\"lazy\" \/><\/a>\n\t\t\t<\/div><\/figure><figure class='gallery-item'>\n\t\t\t<div class='gallery-icon portrait'>\n\t\t\t\t<a href='https:\/\/www.anneemery.fr\/wp-content\/uploads\/2025\/03\/09390_emery_chantier100-scaled.jpg'><img width=\"50\" height=\"50\" src=\"https:\/\/www.anneemery.fr\/wp-content\/uploads\/2025\/03\/09390_emery_chantier100-50x50.jpg\" class=\"attachment-thumbnail size-thumbnail\" alt=\"Le Chantier des Perspectives 100 - acrylique sur toile 61 x 50 cm - 2023\/2025\" decoding=\"async\" loading=\"lazy\" \/><\/a>\n\t\t\t<\/div><\/figure><figure class='gallery-item'>\n\t\t\t<div class='gallery-icon portrait'>\n\t\t\t\t<a href='https:\/\/www.anneemery.fr\/wp-content\/uploads\/2025\/03\/09400_emery_chantier101-scaled.jpg'><img width=\"50\" height=\"50\" src=\"https:\/\/www.anneemery.fr\/wp-content\/uploads\/2025\/03\/09400_emery_chantier101-50x50.jpg\" class=\"attachment-thumbnail size-thumbnail\" alt=\"Le Chantier des Perspectives 101 - acrylique sur toile 61 x 50 cm - 2023\/2025\" decoding=\"async\" loading=\"lazy\" \/><\/a>\n\t\t\t<\/div><\/figure><figure class='gallery-item'>\n\t\t\t<div class='gallery-icon portrait'>\n\t\t\t\t<a href='https:\/\/www.anneemery.fr\/wp-content\/uploads\/2025\/03\/09410_emery_chantier102-scaled.jpg'><img width=\"50\" height=\"50\" src=\"https:\/\/www.anneemery.fr\/wp-content\/uploads\/2025\/03\/09410_emery_chantier102-50x50.jpg\" class=\"attachment-thumbnail size-thumbnail\" alt=\"Le Chantier des Perspectives 102 - acrylique sur toile 61 x 50 cm - 2023\/2025\" decoding=\"async\" loading=\"lazy\" \/><\/a>\n\t\t\t<\/div><\/figure><figure class='gallery-item'>\n\t\t\t<div class='gallery-icon landscape'>\n\t\t\t\t<a href='https:\/\/www.anneemery.fr\/wp-content\/uploads\/2024\/10\/diptyque_lumineux1b-1-scaled.jpg'><img width=\"50\" height=\"50\" src=\"https:\/\/www.anneemery.fr\/wp-content\/uploads\/2024\/10\/diptyque_lumineux1b-1-50x50.jpg\" class=\"attachment-thumbnail size-thumbnail\" alt=\"Diptyque lumineux 1, acrylique sur toile, 100 x 73 cm et 100 x 81 cm - 2024\" decoding=\"async\" loading=\"lazy\" \/><\/a>\n\t\t\t<\/div><\/figure><figure class='gallery-item'>\n\t\t\t<div class='gallery-icon portrait'>\n\t\t\t\t<a href='https:\/\/www.anneemery.fr\/wp-content\/uploads\/2025\/03\/09420_emery_chantier103-scaled.jpg'><img width=\"50\" height=\"50\" src=\"https:\/\/www.anneemery.fr\/wp-content\/uploads\/2025\/03\/09420_emery_chantier103-50x50.jpg\" class=\"attachment-thumbnail size-thumbnail\" alt=\"Le Chantier des Perspectives 103 - acrylique sur toile 61 x 50 cm - 2023\/2025\" decoding=\"async\" loading=\"lazy\" \/><\/a>\n\t\t\t<\/div><\/figure><figure class='gallery-item'>\n\t\t\t<div class='gallery-icon portrait'>\n\t\t\t\t<a href='https:\/\/www.anneemery.fr\/wp-content\/uploads\/2025\/03\/09430_emery_chantier104-scaled.jpg'><img width=\"50\" height=\"50\" src=\"https:\/\/www.anneemery.fr\/wp-content\/uploads\/2025\/03\/09430_emery_chantier104-50x50.jpg\" class=\"attachment-thumbnail size-thumbnail\" alt=\"Le Chantier des Perspectives 104 - acrylique sur toile 61 x 50 cm - 2023\/2025\" decoding=\"async\" loading=\"lazy\" \/><\/a>\n\t\t\t<\/div><\/figure><figure class='gallery-item'>\n\t\t\t<div class='gallery-icon portrait'>\n\t\t\t\t<a href='https:\/\/www.anneemery.fr\/wp-content\/uploads\/2025\/03\/09440_emery_chantier105-scaled.jpg'><img width=\"50\" height=\"50\" src=\"https:\/\/www.anneemery.fr\/wp-content\/uploads\/2025\/03\/09440_emery_chantier105-50x50.jpg\" class=\"attachment-thumbnail size-thumbnail\" alt=\"Perspectives 105 - acrylique sur toile 61 x 50 cm - 2023\/2025\" decoding=\"async\" loading=\"lazy\" \/><\/a>\n\t\t\t<\/div><\/figure><figure class='gallery-item'>\n\t\t\t<div class='gallery-icon landscape'>\n\t\t\t\t<a href='https:\/\/www.anneemery.fr\/wp-content\/uploads\/2024\/10\/diptyque_lumineux2b-scaled.jpg'><img width=\"50\" height=\"50\" src=\"https:\/\/www.anneemery.fr\/wp-content\/uploads\/2024\/10\/diptyque_lumineux2b-50x50.jpg\" class=\"attachment-thumbnail size-thumbnail\" alt=\"Diptyque lumineux 2, acrylique sur toile, 100 x 73 cm et 100 x 81 cm - 2024\" decoding=\"async\" loading=\"lazy\" \/><\/a>\n\t\t\t<\/div><\/figure><figure class='gallery-item'>\n\t\t\t<div class='gallery-icon portrait'>\n\t\t\t\t<a href='https:\/\/www.anneemery.fr\/wp-content\/uploads\/2023\/05\/08280_emery_retable_couleur_blanc-scaled.jpg'><img width=\"50\" height=\"50\" src=\"https:\/\/www.anneemery.fr\/wp-content\/uploads\/2023\/05\/08280_emery_retable_couleur_blanc-50x50.jpg\" class=\"attachment-thumbnail size-thumbnail\" alt=\"Le retable de la couleur (le blanc) acrylique sur toile - 116 x 89 cm - 2023\" decoding=\"async\" loading=\"lazy\" \/><\/a>\n\t\t\t<\/div><\/figure><figure class='gallery-item'>\n\t\t\t<div class='gallery-icon landscape'>\n\t\t\t\t<a href='https:\/\/www.anneemery.fr\/wp-content\/uploads\/2015\/11\/03530_emery_lecielalenvers-1.jpg'><img width=\"50\" height=\"50\" src=\"https:\/\/www.anneemery.fr\/wp-content\/uploads\/2015\/11\/03530_emery_lecielalenvers-1-50x50.jpg\" class=\"attachment-thumbnail size-thumbnail\" alt=\"Le ciel \u00e0 l&#039;envers - acrylique et huile sur toile 97 x 162 cm \u2013 2018\" decoding=\"async\" loading=\"lazy\" \/><\/a>\n\t\t\t<\/div><\/figure><figure class='gallery-item'>\n\t\t\t<div class='gallery-icon landscape'>\n\t\t\t\t<a href='https:\/\/www.anneemery.fr\/wp-content\/uploads\/2023\/01\/07860_emery_vestiges_broderies15-scaled.jpg'><img width=\"50\" height=\"50\" src=\"https:\/\/www.anneemery.fr\/wp-content\/uploads\/2023\/01\/07860_emery_vestiges_broderies15-50x50.jpg\" class=\"attachment-thumbnail size-thumbnail\" alt=\"Vestiges et broderies 15 - acrylique huile et feuille d&#039;or sur toile -22 x 27 cm - 2010\/2023\" decoding=\"async\" loading=\"lazy\" \/><\/a>\n\t\t\t<\/div><\/figure><figure class='gallery-item'>\n\t\t\t<div class='gallery-icon landscape'>\n\t\t\t\t<a href='https:\/\/www.anneemery.fr\/wp-content\/uploads\/2023\/01\/07740_emery_vestiges_broderies3-scaled.jpg'><img width=\"50\" height=\"50\" src=\"https:\/\/www.anneemery.fr\/wp-content\/uploads\/2023\/01\/07740_emery_vestiges_broderies3-50x50.jpg\" class=\"attachment-thumbnail size-thumbnail\" alt=\"Vestiges et broderies 3 - acrylique et huile sur toile - 22 x 27 cm - 2010\/2023\" decoding=\"async\" loading=\"lazy\" \/><\/a>\n\t\t\t<\/div><\/figure><figure class='gallery-item'>\n\t\t\t<div class='gallery-icon portrait'>\n\t\t\t\t<a href='https:\/\/www.anneemery.fr\/wp-content\/uploads\/2015\/11\/171_emery_parterreciel22.jpg'><img width=\"50\" height=\"50\" src=\"https:\/\/www.anneemery.fr\/wp-content\/uploads\/2015\/11\/171_emery_parterreciel22-50x50.jpg\" class=\"attachment-thumbnail size-thumbnail\" alt=\"Le parterre et le ciel 2- acrylique et huile sur toile 116 x 89 cm - 2013\" decoding=\"async\" loading=\"lazy\" \/><\/a>\n\t\t\t<\/div><\/figure><figure class='gallery-item'>\n\t\t\t<div class='gallery-icon portrait'>\n\t\t\t\t<a href='https:\/\/www.anneemery.fr\/wp-content\/uploads\/2022\/01\/4_anne_emery_pink_punk_ponk_3-scaled.jpg'><img width=\"50\" height=\"50\" src=\"https:\/\/www.anneemery.fr\/wp-content\/uploads\/2022\/01\/4_anne_emery_pink_punk_ponk_3-50x50.jpg\" class=\"attachment-thumbnail size-thumbnail\" alt=\"Pink Punk Ponk 3 - acrylique sur toile - 65 x 50 cm - 2020\" decoding=\"async\" loading=\"lazy\" \/><\/a>\n\t\t\t<\/div><\/figure><figure class='gallery-item'>\n\t\t\t<div class='gallery-icon landscape'>\n\t\t\t\t<a href='https:\/\/www.anneemery.fr\/wp-content\/uploads\/2023\/01\/07230_emery_chambre_couleur_jaune-scaled.jpg'><img width=\"50\" height=\"50\" src=\"https:\/\/www.anneemery.fr\/wp-content\/uploads\/2023\/01\/07230_emery_chambre_couleur_jaune-50x50.jpg\" class=\"attachment-thumbnail size-thumbnail\" alt=\"Chambre de la couleur. Jaune - acrylique sur bois - 2 fois 24 x 35 cm - 2021\" decoding=\"async\" loading=\"lazy\" \/><\/a>\n\t\t\t<\/div><\/figure><figure class='gallery-item'>\n\t\t\t<div class='gallery-icon landscape'>\n\t\t\t\t<a href='https:\/\/www.anneemery.fr\/wp-content\/uploads\/2019\/08\/5720_emery_unmondeabstraitcomplexe_8.jpg'><img width=\"50\" height=\"50\" src=\"https:\/\/www.anneemery.fr\/wp-content\/uploads\/2019\/08\/5720_emery_unmondeabstraitcomplexe_8-50x50.jpg\" class=\"attachment-thumbnail size-thumbnail\" alt=\"Un monde abstrait et peut-\u00eatre complexe 8 \u2013 acrylique et huile sur toile 61 x 50 cm \u2013 2019\" decoding=\"async\" loading=\"lazy\" \/><\/a>\n\t\t\t<\/div><\/figure><figure class='gallery-item'>\n\t\t\t<div class='gallery-icon landscape'>\n\t\t\t\t<a href='https:\/\/www.anneemery.fr\/wp-content\/uploads\/2023\/01\/07180_emery_chambre_couleur_noir-scaled.jpg'><img width=\"50\" height=\"50\" src=\"https:\/\/www.anneemery.fr\/wp-content\/uploads\/2023\/01\/07180_emery_chambre_couleur_noir-50x50.jpg\" class=\"attachment-thumbnail size-thumbnail\" alt=\"Chambre de la couleur. Noir - acrylique sur bois - 2 fois 24 x 35 cm - 2021\" decoding=\"async\" loading=\"lazy\" \/><\/a>\n\t\t\t<\/div><\/figure><figure class='gallery-item'>\n\t\t\t<div class='gallery-icon landscape'>\n\t\t\t\t<a href='https:\/\/www.anneemery.fr\/wp-content\/uploads\/2015\/11\/87_emery_trouge1.jpg'><img width=\"50\" height=\"50\" src=\"https:\/\/www.anneemery.fr\/wp-content\/uploads\/2015\/11\/87_emery_trouge1-50x50.jpg\" class=\"attachment-thumbnail size-thumbnail\" alt=\"Trait rouge - acrylique et huile sur toile 89 x 116 cm - 2009\" decoding=\"async\" loading=\"lazy\" \/><\/a>\n\t\t\t<\/div><\/figure><figure class='gallery-item'>\n\t\t\t<div class='gallery-icon landscape'>\n\t\t\t\t<a href='https:\/\/www.anneemery.fr\/wp-content\/uploads\/2023\/05\/08270_emery_retable_couleur_rose-scaled.jpg'><img width=\"50\" height=\"50\" src=\"https:\/\/www.anneemery.fr\/wp-content\/uploads\/2023\/05\/08270_emery_retable_couleur_rose-50x50.jpg\" class=\"attachment-thumbnail size-thumbnail\" alt=\"Le retable de la couleur (le rose) acrylique sur toile - 2 fois 92 x 73 cm - 2023\" decoding=\"async\" loading=\"lazy\" \/><\/a>\n\t\t\t<\/div><\/figure><figure class='gallery-item'>\n\t\t\t<div class='gallery-icon landscape'>\n\t\t\t\t<a href='https:\/\/www.anneemery.fr\/wp-content\/uploads\/2020\/03\/05790_emery_light_air.jpg'><img width=\"50\" height=\"50\" src=\"https:\/\/www.anneemery.fr\/wp-content\/uploads\/2020\/03\/05790_emery_light_air-50x50.jpg\" class=\"attachment-thumbnail size-thumbnail\" alt=\"Light &amp; Air and Air &amp; Light- acrylique et huile sur toile - 2 fois 100 x 73 cm - 2019\" decoding=\"async\" loading=\"lazy\" \/><\/a>\n\t\t\t<\/div><\/figure><figure class='gallery-item'>\n\t\t\t<div class='gallery-icon landscape'>\n\t\t\t\t<a href='https:\/\/www.anneemery.fr\/wp-content\/uploads\/2023\/01\/07160_chambre_couleur_bleu-scaled.jpg'><img width=\"50\" height=\"50\" src=\"https:\/\/www.anneemery.fr\/wp-content\/uploads\/2023\/01\/07160_chambre_couleur_bleu-50x50.jpg\" class=\"attachment-thumbnail size-thumbnail\" alt=\"Chambre de la couleur. Bleu - acrylique sur bois - 2 fois 24 x 35 cm - 2021\" decoding=\"async\" loading=\"lazy\" \/><\/a>\n\t\t\t<\/div><\/figure><figure class='gallery-item'>\n\t\t\t<div class='gallery-icon portrait'>\n\t\t\t\t<a href='https:\/\/www.anneemery.fr\/wp-content\/uploads\/2019\/08\/05750_emery_blancnarratif3.jpg'><img width=\"50\" height=\"50\" src=\"https:\/\/www.anneemery.fr\/wp-content\/uploads\/2019\/08\/05750_emery_blancnarratif3-50x50.jpg\" class=\"attachment-thumbnail size-thumbnail\" alt=\"Blanc narratif 3\u2013 acrylique et huile sur toile 61 x 50 cm \u2013 2019\" decoding=\"async\" loading=\"lazy\" \/><\/a>\n\t\t\t<\/div><\/figure><figure class='gallery-item'>\n\t\t\t<div class='gallery-icon landscape'>\n\t\t\t\t<a href='https:\/\/www.anneemery.fr\/wp-content\/uploads\/2023\/01\/07190_emery_chambre_couleur_rose-scaled.jpg'><img width=\"50\" height=\"50\" src=\"https:\/\/www.anneemery.fr\/wp-content\/uploads\/2023\/01\/07190_emery_chambre_couleur_rose-50x50.jpg\" class=\"attachment-thumbnail size-thumbnail\" alt=\"Chambre de la couleur. Rose - acrylique sur bois - 2 fois 24 x 35 cm - 2021\" decoding=\"async\" loading=\"lazy\" \/><\/a>\n\t\t\t<\/div><\/figure><figure class='gallery-item'>\n\t\t\t<div class='gallery-icon landscape'>\n\t\t\t\t<a href='https:\/\/www.anneemery.fr\/wp-content\/uploads\/2019\/08\/5730_emery_unmondeabstraitcomplexe_9.jpg'><img width=\"50\" height=\"50\" src=\"https:\/\/www.anneemery.fr\/wp-content\/uploads\/2019\/08\/5730_emery_unmondeabstraitcomplexe_9-50x50.jpg\" class=\"attachment-thumbnail size-thumbnail\" alt=\"Un monde abstrait et peut-\u00eatre complexe 9 \u2013 acrylique et huile sur toile 61 x 50 cm \u2013 2019\" decoding=\"async\" loading=\"lazy\" \/><\/a>\n\t\t\t<\/div><\/figure><figure class='gallery-item'>\n\t\t\t<div class='gallery-icon portrait'>\n\t\t\t\t<a href='https:\/\/www.anneemery.fr\/wp-content\/uploads\/2021\/11\/05860_emery_eclosion3.jpg'><img width=\"50\" height=\"50\" src=\"https:\/\/www.anneemery.fr\/wp-content\/uploads\/2021\/11\/05860_emery_eclosion3-50x50.jpg\" class=\"attachment-thumbnail size-thumbnail\" alt=\"Tendres \u00e9closions 3 - acrylique sur toile, 27 x 22 cm - 2021\" decoding=\"async\" loading=\"lazy\" \/><\/a>\n\t\t\t<\/div><\/figure><figure class='gallery-item'>\n\t\t\t<div class='gallery-icon landscape'>\n\t\t\t\t<a href='https:\/\/www.anneemery.fr\/wp-content\/uploads\/2015\/11\/02640_emery_formesouples.jpg'><img width=\"50\" height=\"50\" src=\"https:\/\/www.anneemery.fr\/wp-content\/uploads\/2015\/11\/02640_emery_formesouples-50x50.jpg\" class=\"attachment-thumbnail size-thumbnail\" alt=\"Formes souples - acrylique et huile sur toile 2 fois 61 x 50 cm \u2013 2016\" decoding=\"async\" loading=\"lazy\" \/><\/a>\n\t\t\t<\/div><\/figure><figure class='gallery-item'>\n\t\t\t<div class='gallery-icon landscape'>\n\t\t\t\t<a href='https:\/\/www.anneemery.fr\/wp-content\/uploads\/2015\/11\/137_emery_duopaysage11.jpg'><img width=\"50\" height=\"50\" src=\"https:\/\/www.anneemery.fr\/wp-content\/uploads\/2015\/11\/137_emery_duopaysage11-50x50.jpg\" class=\"attachment-thumbnail size-thumbnail\" alt=\"Paysage avec intrigants \u2013 2 fois 61 x 50 cm - 2016\" decoding=\"async\" loading=\"lazy\" \/><\/a>\n\t\t\t<\/div><\/figure><figure class='gallery-item'>\n\t\t\t<div class='gallery-icon landscape'>\n\t\t\t\t<a href='https:\/\/www.anneemery.fr\/wp-content\/uploads\/2023\/01\/07140_chambre_couleur_rouge-scaled.jpg'><img width=\"50\" height=\"50\" src=\"https:\/\/www.anneemery.fr\/wp-content\/uploads\/2023\/01\/07140_chambre_couleur_rouge-50x50.jpg\" class=\"attachment-thumbnail size-thumbnail\" alt=\"Chambre de la couleur. Rouge - acrylique sur bois - 2 fois 24 x 35 cm - 2021\" decoding=\"async\" loading=\"lazy\" \/><\/a>\n\t\t\t<\/div><\/figure><figure class='gallery-item'>\n\t\t\t<div class='gallery-icon landscape'>\n\t\t\t\t<a href='https:\/\/www.anneemery.fr\/wp-content\/uploads\/2024\/03\/08370_emery_pink_punk_ponk4-scaled.jpg'><img width=\"50\" height=\"50\" src=\"https:\/\/www.anneemery.fr\/wp-content\/uploads\/2024\/03\/08370_emery_pink_punk_ponk4-50x50.jpg\" class=\"attachment-thumbnail size-thumbnail\" alt=\"Pink Punk Ponk 4 - acrylique sur toile - 22 x 27 cm - 2018\" decoding=\"async\" loading=\"lazy\" \/><\/a>\n\t\t\t<\/div><\/figure><figure class='gallery-item'>\n\t\t\t<div class='gallery-icon landscape'>\n\t\t\t\t<a href='https:\/\/www.anneemery.fr\/wp-content\/uploads\/2019\/08\/5740_emery_unmondeabstraitcomplexe_10.jpg'><img width=\"50\" height=\"50\" src=\"https:\/\/www.anneemery.fr\/wp-content\/uploads\/2019\/08\/5740_emery_unmondeabstraitcomplexe_10-50x50.jpg\" class=\"attachment-thumbnail size-thumbnail\" alt=\"Un monde abstrait et peut \u00eatre complexe 10 \u2013 acrylique et huile sur toile 61 x 50 cm \u2013 2019\" decoding=\"async\" loading=\"lazy\" \/><\/a>\n\t\t\t<\/div><\/figure><figure class='gallery-item'>\n\t\t\t<div class='gallery-icon landscape'>\n\t\t\t\t<a href='https:\/\/www.anneemery.fr\/wp-content\/uploads\/2023\/03\/4_anne_emery_erable_et_magnolia-scaled.jpg'><img width=\"50\" height=\"50\" src=\"https:\/\/www.anneemery.fr\/wp-content\/uploads\/2023\/03\/4_anne_emery_erable_et_magnolia-50x50.jpg\" class=\"attachment-thumbnail size-thumbnail\" alt=\"Erable et magnolia - acrylique et huile sur toile - 50 x 61 cm - 2022\" decoding=\"async\" loading=\"lazy\" \/><\/a>\n\t\t\t<\/div><\/figure><figure class='gallery-item'>\n\t\t\t<div class='gallery-icon landscape'>\n\t\t\t\t<a href='https:\/\/www.anneemery.fr\/wp-content\/uploads\/2023\/01\/07920_emery_vestiges_broderies19-scaled.jpg'><img width=\"50\" height=\"50\" src=\"https:\/\/www.anneemery.fr\/wp-content\/uploads\/2023\/01\/07920_emery_vestiges_broderies19-50x50.jpg\" class=\"attachment-thumbnail size-thumbnail\" alt=\"Vestiges et broderies 19 - acrylique huile et feuille d&#039;or sur toile - 22 x 27 cm - 2010\/2023\" decoding=\"async\" loading=\"lazy\" \/><\/a>\n\t\t\t<\/div><\/figure><figure class='gallery-item'>\n\t\t\t<div class='gallery-icon landscape'>\n\t\t\t\t<a href='https:\/\/www.anneemery.fr\/wp-content\/uploads\/2024\/03\/08380_emery_fleurs-scaled.jpg'><img width=\"50\" height=\"50\" src=\"https:\/\/www.anneemery.fr\/wp-content\/uploads\/2024\/03\/08380_emery_fleurs-50x50.jpg\" class=\"attachment-thumbnail size-thumbnail\" alt=\"Fleurs - acrylique et huile sur toile - 27 x 46 cm - 2011\" decoding=\"async\" loading=\"lazy\" \/><\/a>\n\t\t\t<\/div><\/figure><figure class='gallery-item'>\n\t\t\t<div class='gallery-icon landscape'>\n\t\t\t\t<a href='https:\/\/www.anneemery.fr\/wp-content\/uploads\/2023\/01\/07890_emery_vestiges_broderies16-scaled.jpg'><img width=\"50\" height=\"50\" src=\"https:\/\/www.anneemery.fr\/wp-content\/uploads\/2023\/01\/07890_emery_vestiges_broderies16-50x50.jpg\" class=\"attachment-thumbnail size-thumbnail\" alt=\"Vestiges et broderies 16 - acrylique huile et feuille d&#039;or sur toile -22 x 27 cm - 2010\/2023\" decoding=\"async\" loading=\"lazy\" \/><\/a>\n\t\t\t<\/div><\/figure><figure class='gallery-item'>\n\t\t\t<div class='gallery-icon landscape'>\n\t\t\t\t<a href='https:\/\/www.anneemery.fr\/wp-content\/uploads\/2015\/11\/03500_emery_rosepersane-1.jpg'><img width=\"50\" height=\"50\" src=\"https:\/\/www.anneemery.fr\/wp-content\/uploads\/2015\/11\/03500_emery_rosepersane-1-50x50.jpg\" class=\"attachment-thumbnail size-thumbnail\" alt=\"Rose persane- acrylique et huile sur toile 22 x 27 cm \u2013 2018\" decoding=\"async\" loading=\"lazy\" \/><\/a>\n\t\t\t<\/div><\/figure><figure class='gallery-item'>\n\t\t\t<div class='gallery-icon landscape'>\n\t\t\t\t<a href='https:\/\/www.anneemery.fr\/wp-content\/uploads\/2015\/11\/03570_emery_roseisrose2-1.jpg'><img width=\"50\" height=\"50\" src=\"https:\/\/www.anneemery.fr\/wp-content\/uploads\/2015\/11\/03570_emery_roseisrose2-1-50x50.jpg\" class=\"attachment-thumbnail size-thumbnail\" alt=\"Rose is rose 2 - acrylique et huile sur toile 22 x 27 cm \u2013 2018\" decoding=\"async\" loading=\"lazy\" \/><\/a>\n\t\t\t<\/div><\/figure><figure class='gallery-item'>\n\t\t\t<div class='gallery-icon portrait'>\n\t\t\t\t<a href='https:\/\/www.anneemery.fr\/wp-content\/uploads\/2015\/11\/40_emery_div771.jpg'><img width=\"50\" height=\"50\" src=\"https:\/\/www.anneemery.fr\/wp-content\/uploads\/2015\/11\/40_emery_div771-50x50.jpg\" class=\"attachment-thumbnail size-thumbnail\" alt=\"S\u00e9rie divers 3 - Engadine acrylique et huile sur toile 27 x 22 cm - 2007\" decoding=\"async\" loading=\"lazy\" \/><\/a>\n\t\t\t<\/div><\/figure><figure class='gallery-item'>\n\t\t\t<div class='gallery-icon portrait'>\n\t\t\t\t<a href='https:\/\/www.anneemery.fr\/wp-content\/uploads\/2021\/11\/05850_emery_eclosion2.jpg'><img width=\"50\" height=\"50\" src=\"https:\/\/www.anneemery.fr\/wp-content\/uploads\/2021\/11\/05850_emery_eclosion2-50x50.jpg\" class=\"attachment-thumbnail size-thumbnail\" alt=\"Tendres \u00e9closions 2 - acrylique sur toile, 27 x 22 cm - 2021\" decoding=\"async\" loading=\"lazy\" \/><\/a>\n\t\t\t<\/div><\/figure><figure class='gallery-item'>\n\t\t\t<div class='gallery-icon portrait'>\n\t\t\t\t<a href='https:\/\/www.anneemery.fr\/wp-content\/uploads\/2024\/03\/08320_emery_tendres_eclosions_4-scaled.jpg'><img width=\"50\" height=\"50\" src=\"https:\/\/www.anneemery.fr\/wp-content\/uploads\/2024\/03\/08320_emery_tendres_eclosions_4-50x50.jpg\" class=\"attachment-thumbnail size-thumbnail\" alt=\"Tendres \u00e9closions 4 - acrylique sur toile - 27 x 22 cm - 2021\" decoding=\"async\" loading=\"lazy\" \/><\/a>\n\t\t\t<\/div><\/figure><figure class='gallery-item'>\n\t\t\t<div class='gallery-icon portrait'>\n\t\t\t\t<a href='https:\/\/www.anneemery.fr\/wp-content\/uploads\/2021\/11\/05870_emery_eclosions4.jpg'><img width=\"50\" height=\"50\" src=\"https:\/\/www.anneemery.fr\/wp-content\/uploads\/2021\/11\/05870_emery_eclosions4-50x50.jpg\" class=\"attachment-thumbnail size-thumbnail\" alt=\"Tendres \u00e9closions 1 - acrylique sur toile, 27 x 22 cm - 2021\" decoding=\"async\" loading=\"lazy\" \/><\/a>\n\t\t\t<\/div><\/figure><figure class='gallery-item'>\n\t\t\t<div class='gallery-icon portrait'>\n\t\t\t\t<a href='https:\/\/www.anneemery.fr\/wp-content\/uploads\/2024\/03\/08330_emery_tendres_eclosions5-scaled.jpg'><img width=\"50\" height=\"50\" src=\"https:\/\/www.anneemery.fr\/wp-content\/uploads\/2024\/03\/08330_emery_tendres_eclosions5-50x50.jpg\" class=\"attachment-thumbnail size-thumbnail\" alt=\"Tendres \u00e9closions 5 - acrylique sur toile - 27 x 22 cm - 2021\" decoding=\"async\" loading=\"lazy\" \/><\/a>\n\t\t\t<\/div><\/figure><figure class='gallery-item'>\n\t\t\t<div class='gallery-icon portrait'>\n\t\t\t\t<a href='https:\/\/www.anneemery.fr\/wp-content\/uploads\/2022\/01\/3_anne_emerypink_punk_ponk_2-scaled.jpg'><img width=\"50\" height=\"50\" src=\"https:\/\/www.anneemery.fr\/wp-content\/uploads\/2022\/01\/3_anne_emerypink_punk_ponk_2-50x50.jpg\" class=\"attachment-thumbnail size-thumbnail\" alt=\"Pink - Punk - Ponk 2 - acrylique sur toile - 2020\" decoding=\"async\" loading=\"lazy\" \/><\/a>\n\t\t\t<\/div><\/figure><figure class='gallery-item'>\n\t\t\t<div class='gallery-icon portrait'>\n\t\t\t\t<a href='https:\/\/www.anneemery.fr\/wp-content\/uploads\/2024\/03\/08350_emery_fleur_rubans-scaled.jpg'><img width=\"50\" height=\"50\" src=\"https:\/\/www.anneemery.fr\/wp-content\/uploads\/2024\/03\/08350_emery_fleur_rubans-50x50.jpg\" class=\"attachment-thumbnail size-thumbnail\" alt=\"Fleurs et rubans (Manet) - acrylique sur toile - 27 x 22 cm - 2018\" decoding=\"async\" loading=\"lazy\" \/><\/a>\n\t\t\t<\/div><\/figure><figure class='gallery-item'>\n\t\t\t<div class='gallery-icon portrait'>\n\t\t\t\t<a href='https:\/\/www.anneemery.fr\/wp-content\/uploads\/2015\/11\/3430_emery_jeunfifleurrub-1.jpg'><img width=\"50\" height=\"50\" src=\"https:\/\/www.anneemery.fr\/wp-content\/uploads\/2015\/11\/3430_emery_jeunfifleurrub-1-50x50.jpg\" class=\"attachment-thumbnail size-thumbnail\" alt=\"La jeune fille \u00e0 l&#039;intrigant fleurs et rubans (Manet)- acrylique et huile sur toile 27 x 22 cm \u2013 2018\" decoding=\"async\" loading=\"lazy\" \/><\/a>\n\t\t\t<\/div><\/figure><figure class='gallery-item'>\n\t\t\t<div class='gallery-icon landscape'>\n\t\t\t\t<a href='https:\/\/www.anneemery.fr\/wp-content\/uploads\/2019\/04\/05100_emery_floconroseparfait48.jpg'><img width=\"50\" height=\"50\" src=\"https:\/\/www.anneemery.fr\/wp-content\/uploads\/2019\/04\/05100_emery_floconroseparfait48-50x50.jpg\" class=\"attachment-thumbnail size-thumbnail\" alt=\"L(e)s 100 Flocons Parfaits - Flocon rose 48 \u2013 acrylique et huile sur toile 22 x 27 cm \u2013 2018\" decoding=\"async\" loading=\"lazy\" \/><\/a>\n\t\t\t<\/div><\/figure><figure class='gallery-item'>\n\t\t\t<div class='gallery-icon landscape'>\n\t\t\t\t<a href='https:\/\/www.anneemery.fr\/wp-content\/uploads\/2019\/04\/03980_emery_floconroseparfait25.jpg'><img width=\"50\" height=\"50\" src=\"https:\/\/www.anneemery.fr\/wp-content\/uploads\/2019\/04\/03980_emery_floconroseparfait25-50x50.jpg\" class=\"attachment-thumbnail size-thumbnail\" alt=\"L(e)s 100 Flocons Parfaits -Flocon rose 25 \u2013 acrylique et huile sur toile 22 x 27 cm \u2013 2018\" decoding=\"async\" loading=\"lazy\" \/><\/a>\n\t\t\t<\/div><\/figure><figure class='gallery-item'>\n\t\t\t<div class='gallery-icon landscape'>\n\t\t\t\t<a href='https:\/\/www.anneemery.fr\/wp-content\/uploads\/2019\/04\/04050_emery_flocon32.jpg'><img width=\"50\" height=\"50\" src=\"https:\/\/www.anneemery.fr\/wp-content\/uploads\/2019\/04\/04050_emery_flocon32-50x50.jpg\" class=\"attachment-thumbnail size-thumbnail\" alt=\"L(e)s 100 Flocons Parfaits - Flocon rose 32 \u2013 acrylique et huile sur toile 22 x 27 cm \u2013 2018\" decoding=\"async\" loading=\"lazy\" \/><\/a>\n\t\t\t<\/div><\/figure><figure class='gallery-item'>\n\t\t\t<div class='gallery-icon landscape'>\n\t\t\t\t<a href='https:\/\/www.anneemery.fr\/wp-content\/uploads\/2015\/11\/03730_emery_floconrose12.jpg'><img width=\"50\" height=\"50\" src=\"https:\/\/www.anneemery.fr\/wp-content\/uploads\/2015\/11\/03730_emery_floconrose12-50x50.jpg\" class=\"attachment-thumbnail size-thumbnail\" alt=\"Flocon rose 12 \u2013 acrylique et huile sur toile 22 x 27 cm \u2013 2018\" decoding=\"async\" loading=\"lazy\" \/><\/a>\n\t\t\t<\/div><\/figure><figure class='gallery-item'>\n\t\t\t<div class='gallery-icon landscape'>\n\t\t\t\t<a href='https:\/\/www.anneemery.fr\/wp-content\/uploads\/2024\/03\/08340_emeryflocon57.jpg'><img width=\"50\" height=\"50\" src=\"https:\/\/www.anneemery.fr\/wp-content\/uploads\/2024\/03\/08340_emeryflocon57-50x50.jpg\" class=\"attachment-thumbnail size-thumbnail\" alt=\"Flocon rose 57 - acrylique et huile sur toile - 2018\" decoding=\"async\" loading=\"lazy\" \/><\/a>\n\t\t\t<\/div><\/figure><figure class='gallery-item'>\n\t\t\t<div class='gallery-icon landscape'>\n\t\t\t\t<a href='https:\/\/www.anneemery.fr\/wp-content\/uploads\/2024\/03\/08390_emery_fleurs2-scaled.jpg'><img width=\"50\" height=\"50\" src=\"https:\/\/www.anneemery.fr\/wp-content\/uploads\/2024\/03\/08390_emery_fleurs2-50x50.jpg\" class=\"attachment-thumbnail size-thumbnail\" alt=\"Fleurs 2 - acrylique et huile sur toile - 27 x 46 cm - 2011\" decoding=\"async\" loading=\"lazy\" \/><\/a>\n\t\t\t<\/div><\/figure><figure class='gallery-item'>\n\t\t\t<div class='gallery-icon landscape'>\n\t\t\t\t<a href='https:\/\/www.anneemery.fr\/wp-content\/uploads\/2019\/04\/05030_emery_flocon41.jpg'><img width=\"50\" height=\"50\" src=\"https:\/\/www.anneemery.fr\/wp-content\/uploads\/2019\/04\/05030_emery_flocon41-50x50.jpg\" class=\"attachment-thumbnail size-thumbnail\" alt=\"L(e)s 100 Flocons Parfaits - Flocon rose 41 \u2013 acrylique et huile sur toile 22 x 27 cm \u2013 2018\" decoding=\"async\" loading=\"lazy\" \/><\/a>\n\t\t\t<\/div><\/figure><figure class='gallery-item'>\n\t\t\t<div class='gallery-icon landscape'>\n\t\t\t\t<a href='https:\/\/www.anneemery.fr\/wp-content\/uploads\/2015\/11\/03700_emery_floconrose9.jpg'><img width=\"50\" height=\"50\" src=\"https:\/\/www.anneemery.fr\/wp-content\/uploads\/2015\/11\/03700_emery_floconrose9-50x50.jpg\" class=\"attachment-thumbnail size-thumbnail\" alt=\"Flocon rose 9 \u2013 acrylique et huile sur toile 22 x 27 cm \u2013 2018\" decoding=\"async\" loading=\"lazy\" \/><\/a>\n\t\t\t<\/div><\/figure><figure class='gallery-item'>\n\t\t\t<div class='gallery-icon portrait'>\n\t\t\t\t<a href='https:\/\/www.anneemery.fr\/wp-content\/uploads\/2023\/10\/1_trityque_present-scaled.jpg'><img width=\"50\" height=\"50\" src=\"https:\/\/www.anneemery.fr\/wp-content\/uploads\/2023\/10\/1_trityque_present-50x50.jpg\" class=\"attachment-thumbnail size-thumbnail\" alt=\"Le triptyque des temps - Le pr\u00e9sent du pr\u00e9sent acrylique sur toile - 65 x 50 cm - 2023\" decoding=\"async\" loading=\"lazy\" \/><\/a>\n\t\t\t<\/div><\/figure><figure class='gallery-item'>\n\t\t\t<div class='gallery-icon portrait'>\n\t\t\t\t<a href='https:\/\/www.anneemery.fr\/wp-content\/uploads\/2023\/10\/2_triptyque_futur-scaled.jpg'><img width=\"50\" height=\"50\" src=\"https:\/\/www.anneemery.fr\/wp-content\/uploads\/2023\/10\/2_triptyque_futur-50x50.jpg\" class=\"attachment-thumbnail size-thumbnail\" alt=\"Le triptyque des temps - Le pr\u00e9sent du futur acrylique sur toile - 65 x 50 cm - 2023\" decoding=\"async\" loading=\"lazy\" \/><\/a>\n\t\t\t<\/div><\/figure><figure class='gallery-item'>\n\t\t\t<div class='gallery-icon portrait'>\n\t\t\t\t<a href='https:\/\/www.anneemery.fr\/wp-content\/uploads\/2023\/10\/3_trityque_passe-scaled.jpg'><img width=\"50\" height=\"50\" src=\"https:\/\/www.anneemery.fr\/wp-content\/uploads\/2023\/10\/3_trityque_passe-50x50.jpg\" class=\"attachment-thumbnail size-thumbnail\" alt=\"Le triptyque des temps - Le pr\u00e9sent du pass\u00e9 acrylique sur toile - 65 x 50 cm - 2023\" decoding=\"async\" loading=\"lazy\" \/><\/a>\n\t\t\t<\/div><\/figure><figure class='gallery-item'>\n\t\t\t<div class='gallery-icon landscape'>\n\t\t\t\t<a href='https:\/\/www.anneemery.fr\/wp-content\/uploads\/2023\/01\/07110_ghirlandaio_paris-scaled.jpg'><img width=\"50\" height=\"50\" src=\"https:\/\/www.anneemery.fr\/wp-content\/uploads\/2023\/01\/07110_ghirlandaio_paris-50x50.jpg\" class=\"attachment-thumbnail size-thumbnail\" alt=\"Le pr\u00e9sent du pass\u00e9 - Ghirlandaio - 1494 - Paris 2022 - acrylique et huile sur toile - 73 x 92 cm - 89 x 116 cm - 2012\/2023\" decoding=\"async\" loading=\"lazy\" \/><\/a>\n\t\t\t<\/div><\/figure><figure class='gallery-item'>\n\t\t\t<div class='gallery-icon landscape'>\n\t\t\t\t<a href='https:\/\/www.anneemery.fr\/wp-content\/uploads\/2020\/03\/05770_emery_3instantrose.jpg'><img width=\"50\" height=\"50\" src=\"https:\/\/www.anneemery.fr\/wp-content\/uploads\/2020\/03\/05770_emery_3instantrose-50x50.jpg\" class=\"attachment-thumbnail size-thumbnail\" alt=\"Trois instants de rose - acrylique sur toile - 100 x 73 cm - 100 x 81 cm - 100 x 73 cm - 2020\" decoding=\"async\" loading=\"lazy\" \/><\/a>\n\t\t\t<\/div><\/figure><figure class='gallery-item'>\n\t\t\t<div class='gallery-icon landscape'>\n\t\t\t\t<a href='https:\/\/www.anneemery.fr\/wp-content\/uploads\/2023\/01\/07870_emery_polyptique3.jpg'><img width=\"50\" height=\"50\" src=\"https:\/\/www.anneemery.fr\/wp-content\/uploads\/2023\/01\/07870_emery_polyptique3-50x50.jpg\" class=\"attachment-thumbnail size-thumbnail\" alt=\"Polyptique - L&#039;\u00e9corce du premier arbre 3 - acrylique et huile sur toile -73 x 92 cm - 73 x 116 cm - 2012\/2023\" decoding=\"async\" loading=\"lazy\" \/><\/a>\n\t\t\t<\/div><\/figure><figure class='gallery-item'>\n\t\t\t<div class='gallery-icon landscape'>\n\t\t\t\t<a href='https:\/\/www.anneemery.fr\/wp-content\/uploads\/2023\/01\/07880_emery_polyptique1.jpg'><img width=\"50\" height=\"50\" src=\"https:\/\/www.anneemery.fr\/wp-content\/uploads\/2023\/01\/07880_emery_polyptique1-50x50.jpg\" class=\"attachment-thumbnail size-thumbnail\" alt=\"Polyptique - L&#039;\u00e9corce du premier arbre 1 - acrylique et huile sur toile -73 x 50 cm - 65 x 54 cm - 92 x 73 cm - 2012\/2023\" decoding=\"async\" loading=\"lazy\" \/><\/a>\n\t\t\t<\/div><\/figure><figure class='gallery-item'>\n\t\t\t<div class='gallery-icon landscape'>\n\t\t\t\t<a href='https:\/\/www.anneemery.fr\/wp-content\/uploads\/2023\/01\/07100_emery_monalisa.-1-scaled.jpg'><img width=\"50\" height=\"50\" src=\"https:\/\/www.anneemery.fr\/wp-content\/uploads\/2023\/01\/07100_emery_monalisa.-1-50x50.jpg\" class=\"attachment-thumbnail size-thumbnail\" alt=\"Le pr\u00e9sent du pass\u00e9 - Mona Lisa - 1520 - Station Op\u00e9ra 2022 -acrylique et huile sur toile - 2 fois 61 x 50 cm - 2023\" decoding=\"async\" loading=\"lazy\" \/><\/a>\n\t\t\t<\/div><\/figure><figure class='gallery-item'>\n\t\t\t<div class='gallery-icon landscape'>\n\t\t\t\t<a href='https:\/\/www.anneemery.fr\/wp-content\/uploads\/2023\/01\/07090_emery_simonetta_botticelli-scaled.jpg'><img width=\"50\" height=\"50\" src=\"https:\/\/www.anneemery.fr\/wp-content\/uploads\/2023\/01\/07090_emery_simonetta_botticelli-50x50.jpg\" class=\"attachment-thumbnail size-thumbnail\" alt=\"Le pr\u00e9sent du pass\u00e9 - La Simonetta de Botticelli -1480 - Tatiana rer Joinville le pont - 2022- acrylique et huile sur toile 81 x 60 cm et 65 x 50 cm - 2023\" decoding=\"async\" loading=\"lazy\" \/><\/a>\n\t\t\t<\/div><\/figure><figure class='gallery-item'>\n\t\t\t<div class='gallery-icon landscape'>\n\t\t\t\t<a href='https:\/\/www.anneemery.fr\/wp-content\/uploads\/2023\/01\/07430_emery_polyptique2.jpg'><img width=\"50\" height=\"50\" src=\"https:\/\/www.anneemery.fr\/wp-content\/uploads\/2023\/01\/07430_emery_polyptique2-50x50.jpg\" class=\"attachment-thumbnail size-thumbnail\" alt=\"Polyptique - L&#039;\u00e9corce du premier arbre 2 - acrylique et huile sur toile -73 x 92 cm - 73 x 116 cm - 2012\/2022\" decoding=\"async\" loading=\"lazy\" \/><\/a>\n\t\t\t<\/div><\/figure><figure class='gallery-item'>\n\t\t\t<div class='gallery-icon landscape'>\n\t\t\t\t<a href='https:\/\/www.anneemery.fr\/wp-content\/uploads\/2020\/05\/05830_jemery_fintrigantpaysage.jpg'><img width=\"50\" height=\"50\" src=\"https:\/\/www.anneemery.fr\/wp-content\/uploads\/2020\/05\/05830_jemery_fintrigantpaysage-50x50.jpg\" class=\"attachment-thumbnail size-thumbnail\" alt=\"La jeune fille \u00e0 l&#039;intrigant (et) SON PAYSAGE - acrylique sur toile -2 fois 100 x 73 cm - 2020\" decoding=\"async\" loading=\"lazy\" \/><\/a>\n\t\t\t<\/div><\/figure><figure class='gallery-item'>\n\t\t\t<div class='gallery-icon landscape'>\n\t\t\t\t<a href='https:\/\/www.anneemery.fr\/wp-content\/uploads\/2015\/11\/91_emery_vestiges1.jpg'><img width=\"50\" height=\"50\" src=\"https:\/\/www.anneemery.fr\/wp-content\/uploads\/2015\/11\/91_emery_vestiges1-50x50.jpg\" class=\"attachment-thumbnail size-thumbnail\" alt=\"Vestiges - acrylique et huile sur toile 89 x 116 cm - 2009\" decoding=\"async\" loading=\"lazy\" \/><\/a>\n\t\t\t<\/div><\/figure><figure class='gallery-item'>\n\t\t\t<div class='gallery-icon landscape'>\n\t\t\t\t<a href='https:\/\/www.anneemery.fr\/wp-content\/uploads\/2023\/01\/0720_emery_vestiges_broderies1-scaled.jpg'><img width=\"50\" height=\"50\" src=\"https:\/\/www.anneemery.fr\/wp-content\/uploads\/2023\/01\/0720_emery_vestiges_broderies1-50x50.jpg\" class=\"attachment-thumbnail size-thumbnail\" alt=\"Vestiges et broderies 1 - acrylique et huile sur toile -22 x 27 cm - 2010\/2023\" decoding=\"async\" loading=\"lazy\" \/><\/a>\n\t\t\t<\/div><\/figure><figure class='gallery-item'>\n\t\t\t<div class='gallery-icon landscape'>\n\t\t\t\t<a href='https:\/\/www.anneemery.fr\/wp-content\/uploads\/2023\/01\/07730_emery_vestiges_broderies2-scaled.jpg'><img width=\"50\" height=\"50\" src=\"https:\/\/www.anneemery.fr\/wp-content\/uploads\/2023\/01\/07730_emery_vestiges_broderies2-50x50.jpg\" class=\"attachment-thumbnail size-thumbnail\" alt=\"Vestiges et broderies 2 - acrylique et huile sur toile - 22 x 27 cm - 2010\/2023\" decoding=\"async\" loading=\"lazy\" \/><\/a>\n\t\t\t<\/div><\/figure><figure class='gallery-item'>\n\t\t\t<div class='gallery-icon landscape'>\n\t\t\t\t<a href='https:\/\/www.anneemery.fr\/wp-content\/uploads\/2023\/01\/07750_emery_vestiges_broderies4-scaled.jpg'><img width=\"50\" height=\"50\" src=\"https:\/\/www.anneemery.fr\/wp-content\/uploads\/2023\/01\/07750_emery_vestiges_broderies4-50x50.jpg\" class=\"attachment-thumbnail size-thumbnail\" alt=\"Vestiges et broderies 4 - acrylique et huile sur toile - 22 x 27 cm - 2010\/2023\" decoding=\"async\" loading=\"lazy\" \/><\/a>\n\t\t\t<\/div><\/figure><figure class='gallery-item'>\n\t\t\t<div class='gallery-icon landscape'>\n\t\t\t\t<a href='https:\/\/www.anneemery.fr\/wp-content\/uploads\/2023\/01\/07750_emery_vestiges_broderies5-scaled.jpg'><img width=\"50\" height=\"50\" src=\"https:\/\/www.anneemery.fr\/wp-content\/uploads\/2023\/01\/07750_emery_vestiges_broderies5-50x50.jpg\" class=\"attachment-thumbnail size-thumbnail\" alt=\"Vestiges et broderies5 - acrylique et huile sur toile - 22 x 27 cm - 2010\/2023\" decoding=\"async\" loading=\"lazy\" \/><\/a>\n\t\t\t<\/div><\/figure><figure class='gallery-item'>\n\t\t\t<div class='gallery-icon landscape'>\n\t\t\t\t<a href='https:\/\/www.anneemery.fr\/wp-content\/uploads\/2023\/01\/07770_emery_vestiges_broderies6-scaled.jpg'><img width=\"50\" height=\"50\" src=\"https:\/\/www.anneemery.fr\/wp-content\/uploads\/2023\/01\/07770_emery_vestiges_broderies6-50x50.jpg\" class=\"attachment-thumbnail size-thumbnail\" alt=\"Vestiges et broderies 5 - acrylique et huile sur toile -22 x 27 cm - 2010\/2023\" decoding=\"async\" loading=\"lazy\" \/><\/a>\n\t\t\t<\/div><\/figure><figure class='gallery-item'>\n\t\t\t<div class='gallery-icon landscape'>\n\t\t\t\t<a href='https:\/\/www.anneemery.fr\/wp-content\/uploads\/2023\/01\/07780_emery_vestiges_broderies7-scaled.jpg'><img width=\"50\" height=\"50\" src=\"https:\/\/www.anneemery.fr\/wp-content\/uploads\/2023\/01\/07780_emery_vestiges_broderies7-50x50.jpg\" class=\"attachment-thumbnail size-thumbnail\" alt=\"Vestiges et broderies 7 - acrylique et huile sur toile -22 x 27 cm - 2010\/2023\" decoding=\"async\" loading=\"lazy\" \/><\/a>\n\t\t\t<\/div><\/figure><figure class='gallery-item'>\n\t\t\t<div class='gallery-icon landscape'>\n\t\t\t\t<a href='https:\/\/www.anneemery.fr\/wp-content\/uploads\/2023\/01\/07790_emery_vesiges_broderies8-scaled.jpg'><img width=\"50\" height=\"50\" src=\"https:\/\/www.anneemery.fr\/wp-content\/uploads\/2023\/01\/07790_emery_vesiges_broderies8-50x50.jpg\" class=\"attachment-thumbnail size-thumbnail\" alt=\"Vestiges et broderies 8 - acrylique et huile sur toile -22 x 27 cm - 2010\/2023\" decoding=\"async\" loading=\"lazy\" \/><\/a>\n\t\t\t<\/div><\/figure><figure class='gallery-item'>\n\t\t\t<div class='gallery-icon landscape'>\n\t\t\t\t<a href='https:\/\/www.anneemery.fr\/wp-content\/uploads\/2023\/01\/07800_emery_vestiges_broderies9-scaled.jpg'><img width=\"50\" height=\"50\" src=\"https:\/\/www.anneemery.fr\/wp-content\/uploads\/2023\/01\/07800_emery_vestiges_broderies9-50x50.jpg\" class=\"attachment-thumbnail size-thumbnail\" alt=\"Vestiges et broderies 9 - acrylique et huile sur toile -22 x 27 cm - 2010\/2023\" decoding=\"async\" loading=\"lazy\" \/><\/a>\n\t\t\t<\/div><\/figure><figure class='gallery-item'>\n\t\t\t<div class='gallery-icon landscape'>\n\t\t\t\t<a href='https:\/\/www.anneemery.fr\/wp-content\/uploads\/2023\/01\/07810_emery_vestiges_broderies10-scaled.jpg'><img width=\"50\" height=\"50\" src=\"https:\/\/www.anneemery.fr\/wp-content\/uploads\/2023\/01\/07810_emery_vestiges_broderies10-50x50.jpg\" class=\"attachment-thumbnail size-thumbnail\" alt=\"Vestiges et broderies 10 - acrylique et huile sur toile -22 x 27 cm - 2010\/2023\" decoding=\"async\" loading=\"lazy\" \/><\/a>\n\t\t\t<\/div><\/figure><figure class='gallery-item'>\n\t\t\t<div class='gallery-icon landscape'>\n\t\t\t\t<a href='https:\/\/www.anneemery.fr\/wp-content\/uploads\/2023\/01\/07820_emery_vestiges_broderies11-scaled.jpg'><img width=\"50\" height=\"50\" src=\"https:\/\/www.anneemery.fr\/wp-content\/uploads\/2023\/01\/07820_emery_vestiges_broderies11-50x50.jpg\" class=\"attachment-thumbnail size-thumbnail\" alt=\"Vestiges et broderies 11 - acrylique et huile sur toile -22 x 27 cm - 2010\/2023\" decoding=\"async\" loading=\"lazy\" \/><\/a>\n\t\t\t<\/div><\/figure><figure class='gallery-item'>\n\t\t\t<div class='gallery-icon landscape'>\n\t\t\t\t<a href='https:\/\/www.anneemery.fr\/wp-content\/uploads\/2023\/01\/07830_emery_vestiges_broderies12-1-scaled.jpg'><img width=\"50\" height=\"50\" src=\"https:\/\/www.anneemery.fr\/wp-content\/uploads\/2023\/01\/07830_emery_vestiges_broderies12-1-50x50.jpg\" class=\"attachment-thumbnail size-thumbnail\" alt=\"Vestiges et broderies 12 - acrylique et huile sur toile - 22 x 27 cm - 2010\/2023\" decoding=\"async\" loading=\"lazy\" \/><\/a>\n\t\t\t<\/div><\/figure><figure class='gallery-item'>\n\t\t\t<div class='gallery-icon landscape'>\n\t\t\t\t<a href='https:\/\/www.anneemery.fr\/wp-content\/uploads\/2023\/01\/07840_emery_vestiges_broderies13-scaled.jpg'><img width=\"50\" height=\"50\" src=\"https:\/\/www.anneemery.fr\/wp-content\/uploads\/2023\/01\/07840_emery_vestiges_broderies13-50x50.jpg\" class=\"attachment-thumbnail size-thumbnail\" alt=\"Vestiges et broderies 13 - acrylique et huile sur toile -22 x 27 cm - 2010\/2023\" decoding=\"async\" loading=\"lazy\" \/><\/a>\n\t\t\t<\/div><\/figure><figure class='gallery-item'>\n\t\t\t<div class='gallery-icon landscape'>\n\t\t\t\t<a href='https:\/\/www.anneemery.fr\/wp-content\/uploads\/2023\/01\/07850_emery_vestiges_broderies14-scaled.jpg'><img width=\"50\" height=\"50\" src=\"https:\/\/www.anneemery.fr\/wp-content\/uploads\/2023\/01\/07850_emery_vestiges_broderies14-50x50.jpg\" class=\"attachment-thumbnail size-thumbnail\" alt=\"Vestiges et broderies 14 - acrylique et huile sur toile -22 x 27 cm - 2010\/2023\" decoding=\"async\" loading=\"lazy\" \/><\/a>\n\t\t\t<\/div><\/figure><figure class='gallery-item'>\n\t\t\t<div class='gallery-icon landscape'>\n\t\t\t\t<a href='https:\/\/www.anneemery.fr\/wp-content\/uploads\/2023\/01\/07900_emery_vestiges_broderies17-scaled.jpg'><img width=\"50\" height=\"50\" src=\"https:\/\/www.anneemery.fr\/wp-content\/uploads\/2023\/01\/07900_emery_vestiges_broderies17-50x50.jpg\" class=\"attachment-thumbnail size-thumbnail\" alt=\"Vestiges et broderies 17- acrylique et huile sur toile - 22 x 27 cm - 2010\/2023\" decoding=\"async\" loading=\"lazy\" \/><\/a>\n\t\t\t<\/div><\/figure><figure class='gallery-item'>\n\t\t\t<div class='gallery-icon landscape'>\n\t\t\t\t<a href='https:\/\/www.anneemery.fr\/wp-content\/uploads\/2023\/01\/07910_emery_vestiges_broderies18-scaled.jpg'><img width=\"50\" height=\"50\" src=\"https:\/\/www.anneemery.fr\/wp-content\/uploads\/2023\/01\/07910_emery_vestiges_broderies18-50x50.jpg\" class=\"attachment-thumbnail size-thumbnail\" alt=\"Vestiges et broderies 18 - acrylique huile et feuille d&#039;or sur toile -22 x 27 cm - 2010\/2023\" decoding=\"async\" loading=\"lazy\" \/><\/a>\n\t\t\t<\/div><\/figure><figure class='gallery-item'>\n\t\t\t<div class='gallery-icon landscape'>\n\t\t\t\t<a href='https:\/\/www.anneemery.fr\/wp-content\/uploads\/2023\/01\/07930_emery_vestiges_broderies20-scaled.jpg'><img width=\"50\" height=\"50\" src=\"https:\/\/www.anneemery.fr\/wp-content\/uploads\/2023\/01\/07930_emery_vestiges_broderies20-50x50.jpg\" class=\"attachment-thumbnail size-thumbnail\" alt=\"Vestiges et broderies 20 - acrylique huile et feuille d&#039;or sur toile -22 x 27 cm - 2010\/2023\" decoding=\"async\" loading=\"lazy\" \/><\/a>\n\t\t\t<\/div><\/figure><figure class='gallery-item'>\n\t\t\t<div class='gallery-icon landscape'>\n\t\t\t\t<a href='https:\/\/www.anneemery.fr\/wp-content\/uploads\/2023\/01\/07940_emery_vestiges_broderies21-scaled.jpg'><img width=\"50\" height=\"50\" src=\"https:\/\/www.anneemery.fr\/wp-content\/uploads\/2023\/01\/07940_emery_vestiges_broderies21-50x50.jpg\" class=\"attachment-thumbnail size-thumbnail\" alt=\"Vestiges et broderies 21- acrylique huile et feuille d&#039;or sur toile -22 x 27 cm - 2010\/2023\" decoding=\"async\" loading=\"lazy\" \/><\/a>\n\t\t\t<\/div><\/figure><figure class='gallery-item'>\n\t\t\t<div class='gallery-icon landscape'>\n\t\t\t\t<a href='https:\/\/www.anneemery.fr\/wp-content\/uploads\/2023\/01\/07950_emery_vestiges_broderies22-scaled.jpg'><img width=\"50\" height=\"50\" src=\"https:\/\/www.anneemery.fr\/wp-content\/uploads\/2023\/01\/07950_emery_vestiges_broderies22-50x50.jpg\" class=\"attachment-thumbnail size-thumbnail\" alt=\"Vestiges et broderies 22 - acrylique huile et feuille d&#039;or sur toile -22 x 27 cm - 2010\/2023\" decoding=\"async\" loading=\"lazy\" \/><\/a>\n\t\t\t<\/div><\/figure><figure class='gallery-item'>\n\t\t\t<div class='gallery-icon landscape'>\n\t\t\t\t<a href='https:\/\/www.anneemery.fr\/wp-content\/uploads\/2023\/01\/07960_emery_vestiges_broderie23-scaled.jpg'><img width=\"50\" height=\"50\" src=\"https:\/\/www.anneemery.fr\/wp-content\/uploads\/2023\/01\/07960_emery_vestiges_broderie23-50x50.jpg\" class=\"attachment-thumbnail size-thumbnail\" alt=\"Vestiges et broderies 23 - acrylique huile sur toile -22 x 27 cm - 2010\/2023\" decoding=\"async\" loading=\"lazy\" \/><\/a>\n\t\t\t<\/div><\/figure><figure class='gallery-item'>\n\t\t\t<div class='gallery-icon landscape'>\n\t\t\t\t<a href='https:\/\/www.anneemery.fr\/wp-content\/uploads\/2023\/01\/07970_emery_vestiges_broderies24-scaled.jpg'><img width=\"50\" height=\"50\" src=\"https:\/\/www.anneemery.fr\/wp-content\/uploads\/2023\/01\/07970_emery_vestiges_broderies24-50x50.jpg\" class=\"attachment-thumbnail size-thumbnail\" alt=\"Vestiges et broderies 24 - acrylique huileet feuille d&#039;or sur toile -22 x 27 cm - 2010\/2023\" decoding=\"async\" loading=\"lazy\" \/><\/a>\n\t\t\t<\/div><\/figure><figure class='gallery-item'>\n\t\t\t<div class='gallery-icon landscape'>\n\t\t\t\t<a href='https:\/\/www.anneemery.fr\/wp-content\/uploads\/2023\/01\/07980_emery_vestiges_broderies25-scaled.jpg'><img width=\"50\" height=\"50\" src=\"https:\/\/www.anneemery.fr\/wp-content\/uploads\/2023\/01\/07980_emery_vestiges_broderies25-50x50.jpg\" class=\"attachment-thumbnail size-thumbnail\" alt=\"Vestiges et broderies 25 - acrylique huile et feuille d&#039;or sur toile -22 x 27 cm - 2010\/2023\" decoding=\"async\" loading=\"lazy\" \/><\/a>\n\t\t\t<\/div><\/figure><figure class='gallery-item'>\n\t\t\t<div class='gallery-icon landscape'>\n\t\t\t\t<a href='https:\/\/www.anneemery.fr\/wp-content\/uploads\/2015\/11\/157_emery_nuage2.jpg'><img width=\"50\" height=\"50\" src=\"https:\/\/www.anneemery.fr\/wp-content\/uploads\/2015\/11\/157_emery_nuage2-50x50.jpg\" class=\"attachment-thumbnail size-thumbnail\" alt=\"C&#039;est narratif un nuage - acrylique et huile sur toile - 40 x 40 cm - 2013\" decoding=\"async\" loading=\"lazy\" srcset=\"https:\/\/www.anneemery.fr\/wp-content\/uploads\/2015\/11\/157_emery_nuage2-50x50.jpg 50w, https:\/\/www.anneemery.fr\/wp-content\/uploads\/2015\/11\/157_emery_nuage2-300x291.jpg 300w, https:\/\/www.anneemery.fr\/wp-content\/uploads\/2015\/11\/157_emery_nuage2.jpg 400w\" sizes=\"(max-width: 50px) 100vw, 50px\" \/><\/a>\n\t\t\t<\/div><\/figure><figure class='gallery-item'>\n\t\t\t<div class='gallery-icon landscape'>\n\t\t\t\t<a href='https:\/\/www.anneemery.fr\/wp-content\/uploads\/2022\/12\/6700_emery_anne_scotchorange.jpg'><img width=\"50\" height=\"50\" src=\"https:\/\/www.anneemery.fr\/wp-content\/uploads\/2022\/12\/6700_emery_anne_scotchorange-50x50.jpg\" class=\"attachment-thumbnail size-thumbnail\" alt=\"Scotch orange - 22 x 27 cm - acrylique et huile sur toile 2017\" decoding=\"async\" loading=\"lazy\" \/><\/a>\n\t\t\t<\/div><\/figure><figure class='gallery-item'>\n\t\t\t<div class='gallery-icon landscape'>\n\t\t\t\t<a href='https:\/\/www.anneemery.fr\/wp-content\/uploads\/2022\/12\/06720_emery_anne_herbier_nuance2.jpg'><img width=\"50\" height=\"50\" src=\"https:\/\/www.anneemery.fr\/wp-content\/uploads\/2022\/12\/06720_emery_anne_herbier_nuance2-50x50.jpg\" class=\"attachment-thumbnail size-thumbnail\" alt=\"Herbier nuance 2 - 22 x 27 cm - acrylique et huile sur toile 2022\" decoding=\"async\" loading=\"lazy\" \/><\/a>\n\t\t\t<\/div><\/figure><figure class='gallery-item'>\n\t\t\t<div class='gallery-icon landscape'>\n\t\t\t\t<a href='https:\/\/www.anneemery.fr\/wp-content\/uploads\/2022\/12\/06730_emery_anne_herbier_nuance3-scaled.jpg'><img width=\"50\" height=\"50\" src=\"https:\/\/www.anneemery.fr\/wp-content\/uploads\/2022\/12\/06730_emery_anne_herbier_nuance3-50x50.jpg\" class=\"attachment-thumbnail size-thumbnail\" alt=\"Herbier nuance 3 - 22 x 27 cm - acrylique et huile sur toile 2022\" decoding=\"async\" loading=\"lazy\" \/><\/a>\n\t\t\t<\/div><\/figure><figure class='gallery-item'>\n\t\t\t<div class='gallery-icon landscape'>\n\t\t\t\t<a href='https:\/\/www.anneemery.fr\/wp-content\/uploads\/2022\/12\/06710_emery_anne_herbier_nuance1.jpg'><img width=\"50\" height=\"50\" src=\"https:\/\/www.anneemery.fr\/wp-content\/uploads\/2022\/12\/06710_emery_anne_herbier_nuance1-50x50.jpg\" class=\"attachment-thumbnail size-thumbnail\" alt=\"Herbier nuance 1 - 22 x 27 cm - acrylique et huile sur toile 2022\" decoding=\"async\" loading=\"lazy\" \/><\/a>\n\t\t\t<\/div><\/figure><figure class='gallery-item'>\n\t\t\t<div class='gallery-icon landscape'>\n\t\t\t\t<a href='https:\/\/www.anneemery.fr\/wp-content\/uploads\/2022\/12\/06750_emery_anne_herbier_nuance5.jpg'><img width=\"50\" height=\"50\" src=\"https:\/\/www.anneemery.fr\/wp-content\/uploads\/2022\/12\/06750_emery_anne_herbier_nuance5-50x50.jpg\" class=\"attachment-thumbnail size-thumbnail\" alt=\"Herbier nuance 5 - 22 x 27 cm - acrylique et huile sur toile 2022\" decoding=\"async\" loading=\"lazy\" \/><\/a>\n\t\t\t<\/div><\/figure><figure class='gallery-item'>\n\t\t\t<div class='gallery-icon landscape'>\n\t\t\t\t<a href='https:\/\/www.anneemery.fr\/wp-content\/uploads\/2022\/12\/06740_emery_anne_herbier_nuance4.jpg'><img width=\"50\" height=\"50\" src=\"https:\/\/www.anneemery.fr\/wp-content\/uploads\/2022\/12\/06740_emery_anne_herbier_nuance4-50x50.jpg\" class=\"attachment-thumbnail size-thumbnail\" alt=\"Herbier nuance 4 - 22 x 27 cm - acrylique et huile sur toile 2022\" decoding=\"async\" loading=\"lazy\" \/><\/a>\n\t\t\t<\/div><\/figure><figure class='gallery-item'>\n\t\t\t<div class='gallery-icon landscape'>\n\t\t\t\t<a href='https:\/\/www.anneemery.fr\/wp-content\/uploads\/2022\/12\/06760_emery_anne_herbier_nuance6.jpg'><img width=\"50\" height=\"50\" src=\"https:\/\/www.anneemery.fr\/wp-content\/uploads\/2022\/12\/06760_emery_anne_herbier_nuance6-50x50.jpg\" class=\"attachment-thumbnail size-thumbnail\" alt=\"Herbier nuance 6 - 22 x 27 cm - acrylique et huile sur toile 2022\" decoding=\"async\" loading=\"lazy\" \/><\/a>\n\t\t\t<\/div><\/figure><figure class='gallery-item'>\n\t\t\t<div class='gallery-icon landscape'>\n\t\t\t\t<a href='https:\/\/www.anneemery.fr\/wp-content\/uploads\/2023\/05\/08250_emery_retable_couleur_rouge-scaled.jpg'><img width=\"50\" height=\"50\" src=\"https:\/\/www.anneemery.fr\/wp-content\/uploads\/2023\/05\/08250_emery_retable_couleur_rouge-50x50.jpg\" class=\"attachment-thumbnail size-thumbnail\" alt=\"Le retable de la couleur (le rouge) acrylique sur toile - 2 fois 61 x 50 cm - 2023\" decoding=\"async\" loading=\"lazy\" \/><\/a>\n\t\t\t<\/div><\/figure><figure class='gallery-item'>\n\t\t\t<div class='gallery-icon landscape'>\n\t\t\t\t<a href='https:\/\/www.anneemery.fr\/wp-content\/uploads\/2023\/05\/08260_emery_retable_couleur_or-scaled.jpg'><img width=\"50\" height=\"50\" src=\"https:\/\/www.anneemery.fr\/wp-content\/uploads\/2023\/05\/08260_emery_retable_couleur_or-50x50.jpg\" class=\"attachment-thumbnail size-thumbnail\" alt=\"Le retable de la couleur (l&#039;or) acrylique sur toile - 2 fois 61 x 50 cm - 2023\" decoding=\"async\" loading=\"lazy\" \/><\/a>\n\t\t\t<\/div><\/figure><figure class='gallery-item'>\n\t\t\t<div class='gallery-icon landscape'>\n\t\t\t\t<a href='https:\/\/www.anneemery.fr\/wp-content\/uploads\/2022\/12\/06770_emery_anne_scotch_orange_sombre.jpg.jpg'><img width=\"50\" height=\"50\" src=\"https:\/\/www.anneemery.fr\/wp-content\/uploads\/2022\/12\/06770_emery_anne_scotch_orange_sombre.jpg-50x50.jpg\" class=\"attachment-thumbnail size-thumbnail\" alt=\"Scotch orange sombre - 22 x 27 cm - acrylique et huile sur toile 2022\" decoding=\"async\" loading=\"lazy\" \/><\/a>\n\t\t\t<\/div><\/figure><figure class='gallery-item'>\n\t\t\t<div class='gallery-icon portrait'>\n\t\t\t\t<a href='https:\/\/www.anneemery.fr\/wp-content\/uploads\/2023\/03\/1_anne_emery_paysage-scaled.jpg'><img width=\"50\" height=\"50\" src=\"https:\/\/www.anneemery.fr\/wp-content\/uploads\/2023\/03\/1_anne_emery_paysage-50x50.jpg\" class=\"attachment-thumbnail size-thumbnail\" alt=\"PAYSAGE - 2017 acrylique et huile sur toile - 65 x 54 cm-\" decoding=\"async\" loading=\"lazy\" \/><\/a>\n\t\t\t<\/div><\/figure><figure class='gallery-item'>\n\t\t\t<div class='gallery-icon landscape'>\n\t\t\t\t<a href='https:\/\/www.anneemery.fr\/wp-content\/uploads\/2023\/03\/2_anne_emery_arbres-scaled.jpg'><img width=\"50\" height=\"50\" src=\"https:\/\/www.anneemery.fr\/wp-content\/uploads\/2023\/03\/2_anne_emery_arbres-50x50.jpg\" class=\"attachment-thumbnail size-thumbnail\" alt=\"ARBRES - 2002 acrylique et huile sur toile - 22 x 27 cm\" decoding=\"async\" loading=\"lazy\" \/><\/a>\n\t\t\t<\/div><\/figure><figure class='gallery-item'>\n\t\t\t<div class='gallery-icon landscape'>\n\t\t\t\t<a href='https:\/\/www.anneemery.fr\/wp-content\/uploads\/2023\/03\/3_anne_emery_alcove-scaled.jpg'><img width=\"50\" height=\"50\" src=\"https:\/\/www.anneemery.fr\/wp-content\/uploads\/2023\/03\/3_anne_emery_alcove-50x50.jpg\" class=\"attachment-thumbnail size-thumbnail\" alt=\"ALCOVE - 2004 acrylique et huile sur toile - 22 x 27 cm\" decoding=\"async\" loading=\"lazy\" \/><\/a>\n\t\t\t<\/div><\/figure><figure class='gallery-item'>\n\t\t\t<div class='gallery-icon landscape'>\n\t\t\t\t<a href='https:\/\/www.anneemery.fr\/wp-content\/uploads\/2020\/03\/05800_emery_marquetsdbains1.jpg'><img width=\"50\" height=\"50\" src=\"https:\/\/www.anneemery.fr\/wp-content\/uploads\/2020\/03\/05800_emery_marquetsdbains1-50x50.jpg\" class=\"attachment-thumbnail size-thumbnail\" alt=\"Il y a un Albert Marquet dans la salle de bains 1- acrylique sur toile - 130 x 161 cm - 2019\" decoding=\"async\" loading=\"lazy\" \/><\/a>\n\t\t\t<\/div><\/figure><figure class='gallery-item'>\n\t\t\t<div class='gallery-icon landscape'>\n\t\t\t\t<a href='https:\/\/www.anneemery.fr\/wp-content\/uploads\/2020\/03\/05810_emery_marquetsdbains2.jpg'><img width=\"50\" height=\"50\" src=\"https:\/\/www.anneemery.fr\/wp-content\/uploads\/2020\/03\/05810_emery_marquetsdbains2-50x50.jpg\" class=\"attachment-thumbnail size-thumbnail\" alt=\"Il y a un Albert Marquet dans la salle de bains 2 - acrylique sur toile - 130 x 161 cm - 2019\" decoding=\"async\" loading=\"lazy\" \/><\/a>\n\t\t\t<\/div><\/figure><figure class='gallery-item'>\n\t\t\t<div class='gallery-icon landscape'>\n\t\t\t\t<a href='https:\/\/www.anneemery.fr\/wp-content\/uploads\/2020\/03\/05820_emery_marquersdbains3.jpg'><img width=\"50\" height=\"50\" src=\"https:\/\/www.anneemery.fr\/wp-content\/uploads\/2020\/03\/05820_emery_marquersdbains3-50x50.jpg\" class=\"attachment-thumbnail size-thumbnail\" alt=\"Il y a un Albert Marquet dans la salle de bains 3 - acrylique sur toile - 130 x 161 cm - 2019\" decoding=\"async\" loading=\"lazy\" \/><\/a>\n\t\t\t<\/div><\/figure><figure class='gallery-item'>\n\t\t\t<div class='gallery-icon landscape'>\n\t\t\t\t<a href='https:\/\/www.anneemery.fr\/wp-content\/uploads\/2015\/11\/19_rougeolivebassdef.jpg'><img width=\"50\" height=\"50\" src=\"https:\/\/www.anneemery.fr\/wp-content\/uploads\/2015\/11\/19_rougeolivebassdef-50x50.jpg\" class=\"attachment-thumbnail size-thumbnail\" alt=\"Rouge olive-acrylique et huile sur toile 22 x 27 cm \u2013 2015\" decoding=\"async\" loading=\"lazy\" \/><\/a>\n\t\t\t<\/div><\/figure><figure class='gallery-item'>\n\t\t\t<div class='gallery-icon landscape'>\n\t\t\t\t<a href='https:\/\/www.anneemery.fr\/wp-content\/uploads\/2015\/11\/177_emery_bleucarmin2.jpg'><img width=\"50\" height=\"50\" src=\"https:\/\/www.anneemery.fr\/wp-content\/uploads\/2015\/11\/177_emery_bleucarmin2-50x50.jpg\" class=\"attachment-thumbnail size-thumbnail\" alt=\"Bleu Carmin - acrylique sur toile - 22 x 27 cm - 2015\" decoding=\"async\" loading=\"lazy\" \/><\/a>\n\t\t\t<\/div><\/figure><figure class='gallery-item'>\n\t\t\t<div class='gallery-icon landscape'>\n\t\t\t\t<a href='https:\/\/www.anneemery.fr\/wp-content\/uploads\/2023\/01\/07150_emery_chambre_couleur_vert-scaled.jpg'><img width=\"50\" height=\"50\" src=\"https:\/\/www.anneemery.fr\/wp-content\/uploads\/2023\/01\/07150_emery_chambre_couleur_vert-50x50.jpg\" class=\"attachment-thumbnail size-thumbnail\" alt=\"Chambre de la couleur. Vert - acrylique sur bois - 2 fois 24 x 35 cm - 2021\" decoding=\"async\" loading=\"lazy\" \/><\/a>\n\t\t\t<\/div><\/figure><figure class='gallery-item'>\n\t\t\t<div class='gallery-icon landscape'>\n\t\t\t\t<a href='https:\/\/www.anneemery.fr\/wp-content\/uploads\/2023\/01\/07170_emery_chambre_couleur_blanc-scaled.jpg'><img width=\"50\" height=\"50\" src=\"https:\/\/www.anneemery.fr\/wp-content\/uploads\/2023\/01\/07170_emery_chambre_couleur_blanc-50x50.jpg\" class=\"attachment-thumbnail size-thumbnail\" alt=\"Chambre de la couleur. Blanc - acrylique sur bois - 2 fois 24 x 35 cm - 2021\" decoding=\"async\" loading=\"lazy\" \/><\/a>\n\t\t\t<\/div><\/figure><figure class='gallery-item'>\n\t\t\t<div class='gallery-icon landscape'>\n\t\t\t\t<a href='https:\/\/www.anneemery.fr\/wp-content\/uploads\/2023\/01\/07200_emery_chambre_couleur_gris-scaled.jpg'><img width=\"50\" height=\"50\" src=\"https:\/\/www.anneemery.fr\/wp-content\/uploads\/2023\/01\/07200_emery_chambre_couleur_gris-50x50.jpg\" class=\"attachment-thumbnail size-thumbnail\" alt=\"Chambre de la couleur. Gris - acrylique sur bois - 2 fois 24 x 35 cm - 2021\" decoding=\"async\" loading=\"lazy\" \/><\/a>\n\t\t\t<\/div><\/figure><figure class='gallery-item'>\n\t\t\t<div class='gallery-icon landscape'>\n\t\t\t\t<a href='https:\/\/www.anneemery.fr\/wp-content\/uploads\/2023\/01\/07210_emery_chambre_couleur_violet-scaled.jpg'><img width=\"50\" height=\"50\" src=\"https:\/\/www.anneemery.fr\/wp-content\/uploads\/2023\/01\/07210_emery_chambre_couleur_violet-50x50.jpg\" class=\"attachment-thumbnail size-thumbnail\" alt=\"Chambre de la couleur. Violet - acrylique sur bois - 2 fois 24 x 35 cm - 2021\" decoding=\"async\" loading=\"lazy\" \/><\/a>\n\t\t\t<\/div><\/figure><figure class='gallery-item'>\n\t\t\t<div class='gallery-icon landscape'>\n\t\t\t\t<a href='https:\/\/www.anneemery.fr\/wp-content\/uploads\/2023\/01\/07220_emery_chambre_couleur_brun-scaled.jpg'><img width=\"50\" height=\"50\" src=\"https:\/\/www.anneemery.fr\/wp-content\/uploads\/2023\/01\/07220_emery_chambre_couleur_brun-50x50.jpg\" class=\"attachment-thumbnail size-thumbnail\" alt=\"Chambre de la couleur. Brun - acrylique sur bois - 2 fois 24 x 35 cm - 2022\" decoding=\"async\" loading=\"lazy\" \/><\/a>\n\t\t\t<\/div><\/figure><figure class='gallery-item'>\n\t\t\t<div class='gallery-icon landscape'>\n\t\t\t\t<a href='https:\/\/www.anneemery.fr\/wp-content\/uploads\/2023\/01\/07240_emery_chambre_couleur_or-scaled.jpg'><img width=\"50\" height=\"50\" src=\"https:\/\/www.anneemery.fr\/wp-content\/uploads\/2023\/01\/07240_emery_chambre_couleur_or-50x50.jpg\" class=\"attachment-thumbnail size-thumbnail\" alt=\"Chambre de la couleur. Or - acrylique sur bois - 2 fois 24 x 35 cm - 2021\" decoding=\"async\" loading=\"lazy\" \/><\/a>\n\t\t\t<\/div><\/figure><figure class='gallery-item'>\n\t\t\t<div class='gallery-icon landscape'>\n\t\t\t\t<a href='https:\/\/www.anneemery.fr\/wp-content\/uploads\/2019\/08\/5650_emery_unmondeabstraitcomplexe_1.jpg'><img width=\"50\" height=\"50\" src=\"https:\/\/www.anneemery.fr\/wp-content\/uploads\/2019\/08\/5650_emery_unmondeabstraitcomplexe_1-50x50.jpg\" class=\"attachment-thumbnail size-thumbnail\" alt=\"Un monde abstrait et peut \u00eatre complexe 1 \u2013 acrylique et huile sur toile 61 x 50 cm \u2013 2019\" decoding=\"async\" loading=\"lazy\" \/><\/a>\n\t\t\t<\/div><\/figure><figure class='gallery-item'>\n\t\t\t<div class='gallery-icon landscape'>\n\t\t\t\t<a href='https:\/\/www.anneemery.fr\/wp-content\/uploads\/2019\/08\/5660_emery_unmondeabstraitcomplexe_2.jpg'><img width=\"50\" height=\"50\" src=\"https:\/\/www.anneemery.fr\/wp-content\/uploads\/2019\/08\/5660_emery_unmondeabstraitcomplexe_2-50x50.jpg\" class=\"attachment-thumbnail size-thumbnail\" alt=\"Un monde abstrait et peut \u00eatre complexe 2 \u2013 acrylique et huile sur toile 61 x 50 cm \u2013 2019\" decoding=\"async\" loading=\"lazy\" \/><\/a>\n\t\t\t<\/div><\/figure><figure class='gallery-item'>\n\t\t\t<div class='gallery-icon landscape'>\n\t\t\t\t<a href='https:\/\/www.anneemery.fr\/wp-content\/uploads\/2019\/08\/5680_emery_unmondeabstraitcomplexe_4.jpg'><img width=\"50\" height=\"50\" src=\"https:\/\/www.anneemery.fr\/wp-content\/uploads\/2019\/08\/5680_emery_unmondeabstraitcomplexe_4-50x50.jpg\" class=\"attachment-thumbnail size-thumbnail\" alt=\"Un monde abstrait et peut \u00eatre complexe 4 \u2013 acrylique et huile sur toile 61 x 50 cm \u2013 2019\" decoding=\"async\" loading=\"lazy\" \/><\/a>\n\t\t\t<\/div><\/figure><figure class='gallery-item'>\n\t\t\t<div class='gallery-icon landscape'>\n\t\t\t\t<a href='https:\/\/www.anneemery.fr\/wp-content\/uploads\/2019\/08\/5670_emery_unmondeabstraitcomplexe_3.jpg'><img width=\"50\" height=\"50\" src=\"https:\/\/www.anneemery.fr\/wp-content\/uploads\/2019\/08\/5670_emery_unmondeabstraitcomplexe_3-50x50.jpg\" class=\"attachment-thumbnail size-thumbnail\" alt=\"Un monde abstrait et peut \u00eatre complexe 3 \u2013 acrylique et huile sur toile 61 x 50 cm \u2013 2019\" decoding=\"async\" loading=\"lazy\" \/><\/a>\n\t\t\t<\/div><\/figure><figure class='gallery-item'>\n\t\t\t<div class='gallery-icon landscape'>\n\t\t\t\t<a href='https:\/\/www.anneemery.fr\/wp-content\/uploads\/2019\/08\/5690_emery_unmondeabstraitcomplexe_5.jpg'><img width=\"50\" height=\"50\" src=\"https:\/\/www.anneemery.fr\/wp-content\/uploads\/2019\/08\/5690_emery_unmondeabstraitcomplexe_5-50x50.jpg\" class=\"attachment-thumbnail size-thumbnail\" alt=\"Un monde abstrait et peut \u00eatre complexe 5 \u2013 acrylique et huile sur toile 61 x 50 cm \u2013 2019\" decoding=\"async\" loading=\"lazy\" \/><\/a>\n\t\t\t<\/div><\/figure><figure class='gallery-item'>\n\t\t\t<div class='gallery-icon landscape'>\n\t\t\t\t<a href='https:\/\/www.anneemery.fr\/wp-content\/uploads\/2019\/08\/5700_emery_unmondeabstraitcomplexe_6.jpg'><img width=\"50\" height=\"50\" src=\"https:\/\/www.anneemery.fr\/wp-content\/uploads\/2019\/08\/5700_emery_unmondeabstraitcomplexe_6-50x50.jpg\" class=\"attachment-thumbnail size-thumbnail\" alt=\"Un monde abstrait et peut \u00eatre complexe 6\u2013 acrylique et huile sur toile 61 x 50 cm \u2013 20199\" decoding=\"async\" loading=\"lazy\" \/><\/a>\n\t\t\t<\/div><\/figure><figure class='gallery-item'>\n\t\t\t<div class='gallery-icon landscape'>\n\t\t\t\t<a href='https:\/\/www.anneemery.fr\/wp-content\/uploads\/2019\/08\/5710_emery_unmondeabstraitcomplexe_7.jpg'><img width=\"50\" height=\"50\" src=\"https:\/\/www.anneemery.fr\/wp-content\/uploads\/2019\/08\/5710_emery_unmondeabstraitcomplexe_7-50x50.jpg\" class=\"attachment-thumbnail size-thumbnail\" alt=\"Un monde abstrait et peut \u00eatre complexe 7 \u2013 acrylique et huile sur toile 61 x 50 cm \u2013 2019\" decoding=\"async\" loading=\"lazy\" \/><\/a>\n\t\t\t<\/div><\/figure><figure class='gallery-item'>\n\t\t\t<div class='gallery-icon landscape'>\n\t\t\t\t<a href='https:\/\/www.anneemery.fr\/wp-content\/uploads\/2020\/05\/mondecomplexe11.jpg'><img width=\"50\" height=\"50\" src=\"https:\/\/www.anneemery.fr\/wp-content\/uploads\/2020\/05\/mondecomplexe11-50x50.jpg\" class=\"attachment-thumbnail size-thumbnail\" alt=\"Un monde abstrait et peut \u00eatre complexe 11 \u2013 acrylique et huile sur toile 61 x 50 cm \u2013 2020\" decoding=\"async\" loading=\"lazy\" \/><\/a>\n\t\t\t<\/div><\/figure><figure class='gallery-item'>\n\t\t\t<div class='gallery-icon landscape'>\n\t\t\t\t<a href='https:\/\/www.anneemery.fr\/wp-content\/uploads\/2015\/11\/18rosecitronbassdef.jpg'><img width=\"50\" height=\"50\" src=\"https:\/\/www.anneemery.fr\/wp-content\/uploads\/2015\/11\/18rosecitronbassdef-50x50.jpg\" class=\"attachment-thumbnail size-thumbnail\" alt=\"Rose citron \u2013 acrylique et huile sur toile 22 x 27 cm \u2013 2015\" decoding=\"async\" loading=\"lazy\" \/><\/a>\n\t\t\t<\/div><\/figure><figure class='gallery-item'>\n\t\t\t<div class='gallery-icon landscape'>\n\t\t\t\t<a href='https:\/\/www.anneemery.fr\/wp-content\/uploads\/2015\/11\/bleuecrubassdef.jpg'><img width=\"50\" height=\"50\" src=\"https:\/\/www.anneemery.fr\/wp-content\/uploads\/2015\/11\/bleuecrubassdef-50x50.jpg\" class=\"attachment-thumbnail size-thumbnail\" alt=\"Bleu \u00e9cru \u2013 acrylique et huile sur toile 22 x 27 cm \u2013 2015\" decoding=\"async\" loading=\"lazy\" \/><\/a>\n\t\t\t<\/div><\/figure><figure class='gallery-item'>\n\t\t\t<div class='gallery-icon portrait'>\n\t\t\t\t<a href='https:\/\/www.anneemery.fr\/wp-content\/uploads\/2015\/11\/02120_emery_cibleflocons1.jpg'><img width=\"50\" height=\"50\" src=\"https:\/\/www.anneemery.fr\/wp-content\/uploads\/2015\/11\/02120_emery_cibleflocons1-50x50.jpg\" class=\"attachment-thumbnail size-thumbnail\" alt=\"Cibles et flocons 1 - acrylique et huile sur toile 180 x 151 cm \u2013 2017\" decoding=\"async\" loading=\"lazy\" \/><\/a>\n\t\t\t<\/div><\/figure><figure class='gallery-item'>\n\t\t\t<div class='gallery-icon landscape'>\n\t\t\t\t<a href='https:\/\/www.anneemery.fr\/wp-content\/uploads\/2015\/11\/01020_emery_floconrose.jpg'><img width=\"50\" height=\"50\" src=\"https:\/\/www.anneemery.fr\/wp-content\/uploads\/2015\/11\/01020_emery_floconrose-50x50.jpg\" class=\"attachment-thumbnail size-thumbnail\" alt=\"Flocon rose 1 \u2013 acrylique et huile sur toile 22 x 27 cm \u2013 2011\" decoding=\"async\" loading=\"lazy\" \/><\/a>\n\t\t\t<\/div><\/figure><figure class='gallery-item'>\n\t\t\t<div class='gallery-icon landscape'>\n\t\t\t\t<a href='https:\/\/www.anneemery.fr\/wp-content\/uploads\/2015\/11\/03630_emery_floconrose2.jpg'><img width=\"50\" height=\"50\" src=\"https:\/\/www.anneemery.fr\/wp-content\/uploads\/2015\/11\/03630_emery_floconrose2-50x50.jpg\" class=\"attachment-thumbnail size-thumbnail\" alt=\"Flocon rose 2 \u2013 acrylique et huile sur toile 22 x 27 cm \u2013 2018\" decoding=\"async\" loading=\"lazy\" \/><\/a>\n\t\t\t<\/div><\/figure><figure class='gallery-item'>\n\t\t\t<div class='gallery-icon landscape'>\n\t\t\t\t<a href='https:\/\/www.anneemery.fr\/wp-content\/uploads\/2015\/11\/03650_emery_floconrose4.jpg'><img width=\"50\" height=\"50\" src=\"https:\/\/www.anneemery.fr\/wp-content\/uploads\/2015\/11\/03650_emery_floconrose4-50x50.jpg\" class=\"attachment-thumbnail size-thumbnail\" alt=\"Flocon rose 4 \u2013 acrylique et huile sur toile 22 x 27 cm \u2013 2018\" decoding=\"async\" loading=\"lazy\" \/><\/a>\n\t\t\t<\/div><\/figure><figure class='gallery-item'>\n\t\t\t<div class='gallery-icon landscape'>\n\t\t\t\t<a href='https:\/\/www.anneemery.fr\/wp-content\/uploads\/2015\/11\/03640_emery_floconrose3.jpg'><img width=\"50\" height=\"50\" src=\"https:\/\/www.anneemery.fr\/wp-content\/uploads\/2015\/11\/03640_emery_floconrose3-50x50.jpg\" class=\"attachment-thumbnail size-thumbnail\" alt=\"Flocon rose 3 \u2013 acrylique et huile sur toile 22 x 27 cm \u2013 2018\" decoding=\"async\" loading=\"lazy\" \/><\/a>\n\t\t\t<\/div><\/figure><figure class='gallery-item'>\n\t\t\t<div class='gallery-icon landscape'>\n\t\t\t\t<a href='https:\/\/www.anneemery.fr\/wp-content\/uploads\/2015\/11\/03660_emery_floconrose5.jpg'><img width=\"50\" height=\"50\" src=\"https:\/\/www.anneemery.fr\/wp-content\/uploads\/2015\/11\/03660_emery_floconrose5-50x50.jpg\" class=\"attachment-thumbnail size-thumbnail\" alt=\"Flocon rose 5 \u2013 acrylique et huile sur toile 22 x 27 cm \u2013 2018\" decoding=\"async\" loading=\"lazy\" \/><\/a>\n\t\t\t<\/div><\/figure><figure class='gallery-item'>\n\t\t\t<div class='gallery-icon landscape'>\n\t\t\t\t<a href='https:\/\/www.anneemery.fr\/wp-content\/uploads\/2015\/11\/03690_emery_floconrose8.jpg'><img width=\"50\" height=\"50\" src=\"https:\/\/www.anneemery.fr\/wp-content\/uploads\/2015\/11\/03690_emery_floconrose8-50x50.jpg\" class=\"attachment-thumbnail size-thumbnail\" alt=\"Flocon rose 8 \u2013 acrylique et huile sur toile 22 x 27 cm \u2013 2018\" decoding=\"async\" loading=\"lazy\" \/><\/a>\n\t\t\t<\/div><\/figure><figure class='gallery-item'>\n\t\t\t<div class='gallery-icon landscape'>\n\t\t\t\t<a href='https:\/\/www.anneemery.fr\/wp-content\/uploads\/2019\/04\/05530_emery_floconroseparfait91.jpg'><img width=\"50\" height=\"50\" src=\"https:\/\/www.anneemery.fr\/wp-content\/uploads\/2019\/04\/05530_emery_floconroseparfait91-50x50.jpg\" class=\"attachment-thumbnail size-thumbnail\" alt=\"L(e)s 100 Flocons Parfaits - Flocon rose 91 \u2013 acrylique et huile sur toile 22 x 27 cm \u2013 2018\" decoding=\"async\" loading=\"lazy\" \/><\/a>\n\t\t\t<\/div><\/figure><figure class='gallery-item'>\n\t\t\t<div class='gallery-icon landscape'>\n\t\t\t\t<a href='https:\/\/www.anneemery.fr\/wp-content\/uploads\/2022\/01\/1_anne_emery_vu_pas_vu_le_ciel_et_la_terre-scaled.jpg'><img width=\"50\" height=\"50\" src=\"https:\/\/www.anneemery.fr\/wp-content\/uploads\/2022\/01\/1_anne_emery_vu_pas_vu_le_ciel_et_la_terre-50x50.jpg\" class=\"attachment-thumbnail size-thumbnail\" alt=\"\" decoding=\"async\" loading=\"lazy\" \/><\/a>\n\t\t\t<\/div><\/figure><figure class='gallery-item'>\n\t\t\t<div class='gallery-icon landscape'>\n\t\t\t\t<a href='https:\/\/www.anneemery.fr\/wp-content\/uploads\/2022\/01\/37_anne_emery_jeune_jungle_2007.jpg'><img width=\"50\" height=\"50\" src=\"https:\/\/www.anneemery.fr\/wp-content\/uploads\/2022\/01\/37_anne_emery_jeune_jungle_2007-50x50.jpg\" class=\"attachment-thumbnail size-thumbnail\" alt=\"Jeune jungle - acrylique et huile sur toile -22 x 27 cm - 2007\" decoding=\"async\" loading=\"lazy\" \/><\/a>\n\t\t\t<\/div><\/figure><figure class='gallery-item'>\n\t\t\t<div class='gallery-icon portrait'>\n\t\t\t\t<a href='https:\/\/www.anneemery.fr\/wp-content\/uploads\/2015\/11\/03490_emery_cheveux_roses-1.jpg'><img width=\"50\" height=\"50\" src=\"https:\/\/www.anneemery.fr\/wp-content\/uploads\/2015\/11\/03490_emery_cheveux_roses-1-50x50.jpg\" class=\"attachment-thumbnail size-thumbnail\" alt=\"Cheveux roses- acrylique et huile sur toile 100 x 73 cm \u2013 2018\" decoding=\"async\" loading=\"lazy\" \/><\/a>\n\t\t\t<\/div><\/figure><figure class='gallery-item'>\n\t\t\t<div class='gallery-icon landscape'>\n\t\t\t\t<a href='https:\/\/www.anneemery.fr\/wp-content\/uploads\/2021\/11\/05840_emery_fleurrosepunk.jpg'><img width=\"50\" height=\"50\" src=\"https:\/\/www.anneemery.fr\/wp-content\/uploads\/2021\/11\/05840_emery_fleurrosepunk-50x50.jpg\" class=\"attachment-thumbnail size-thumbnail\" alt=\"Fleur rose punk - acrylique sur toile - 50 x 61 cm - 2021\" decoding=\"async\" loading=\"lazy\" \/><\/a>\n\t\t\t<\/div><\/figure><figure class='gallery-item'>\n\t\t\t<div class='gallery-icon landscape'>\n\t\t\t\t<a href='https:\/\/www.anneemery.fr\/wp-content\/uploads\/2015\/11\/03510_emery_rosepersane2-3.jpg'><img width=\"50\" height=\"50\" src=\"https:\/\/www.anneemery.fr\/wp-content\/uploads\/2015\/11\/03510_emery_rosepersane2-3-50x50.jpg\" class=\"attachment-thumbnail size-thumbnail\" alt=\"Rose persane 2- acrylique et huile sur toile 22 x 27 cm \u2013 2018\" decoding=\"async\" loading=\"lazy\" \/><\/a>\n\t\t\t<\/div><\/figure><figure class='gallery-item'>\n\t\t\t<div class='gallery-icon landscape'>\n\t\t\t\t<a href='https:\/\/www.anneemery.fr\/wp-content\/uploads\/2015\/11\/03560_emery_roseisrose-1.jpg'><img width=\"50\" height=\"50\" src=\"https:\/\/www.anneemery.fr\/wp-content\/uploads\/2015\/11\/03560_emery_roseisrose-1-50x50.jpg\" class=\"attachment-thumbnail size-thumbnail\" alt=\"Rose is rose - acrylique et huile sur toile 22 x 27 cm \u2013 2018\" decoding=\"async\" loading=\"lazy\" \/><\/a>\n\t\t\t<\/div><\/figure><figure class='gallery-item'>\n\t\t\t<div class='gallery-icon landscape'>\n\t\t\t\t<a href='https:\/\/www.anneemery.fr\/wp-content\/uploads\/2022\/01\/17_anne_emery_fleurs_jaunes.jpg'><img width=\"50\" height=\"50\" src=\"https:\/\/www.anneemery.fr\/wp-content\/uploads\/2022\/01\/17_anne_emery_fleurs_jaunes-50x50.jpg\" class=\"attachment-thumbnail size-thumbnail\" alt=\"Fleurs jaunes - 22 x 27 cm - acrylique sur toile - 22 x 27 cm - 2017\" decoding=\"async\" loading=\"lazy\" \/><\/a>\n\t\t\t<\/div><\/figure><figure class='gallery-item'>\n\t\t\t<div class='gallery-icon portrait'>\n\t\t\t\t<a href='https:\/\/www.anneemery.fr\/wp-content\/uploads\/2019\/04\/03890_emery_fleursetflocon.jpg'><img width=\"50\" height=\"50\" src=\"https:\/\/www.anneemery.fr\/wp-content\/uploads\/2019\/04\/03890_emery_fleursetflocon-50x50.jpg\" class=\"attachment-thumbnail size-thumbnail\" alt=\"\" decoding=\"async\" loading=\"lazy\" \/><\/a>\n\t\t\t<\/div><\/figure><figure class='gallery-item'>\n\t\t\t<div class='gallery-icon landscape'>\n\t\t\t\t<a href='https:\/\/www.anneemery.fr\/wp-content\/uploads\/2015\/11\/abri3bassdef.jpg'><img width=\"50\" height=\"50\" src=\"https:\/\/www.anneemery.fr\/wp-content\/uploads\/2015\/11\/abri3bassdef-50x50.jpg\" class=\"attachment-thumbnail size-thumbnail\" alt=\"\" decoding=\"async\" loading=\"lazy\" \/><\/a>\n\t\t\t<\/div><\/figure><figure class='gallery-item'>\n\t\t\t<div class='gallery-icon portrait'>\n\t\t\t\t<a href='https:\/\/www.anneemery.fr\/wp-content\/uploads\/2015\/11\/174_emery_noirsauvage22.jpg'><img width=\"50\" height=\"50\" src=\"https:\/\/www.anneemery.fr\/wp-content\/uploads\/2015\/11\/174_emery_noirsauvage22-50x50.jpg\" class=\"attachment-thumbnail size-thumbnail\" alt=\"V\u00e9g\u00e9tal intrigant 1-acrylique et huile sur toile 22 x 27 cm - 2013\" decoding=\"async\" loading=\"lazy\" \/><\/a>\n\t\t\t<\/div><\/figure><figure class='gallery-item'>\n\t\t\t<div class='gallery-icon portrait'>\n\t\t\t\t<a href='https:\/\/www.anneemery.fr\/wp-content\/uploads\/2022\/01\/38_anne__emery_noir_sauvage-scaled.jpg'><img width=\"50\" height=\"50\" src=\"https:\/\/www.anneemery.fr\/wp-content\/uploads\/2022\/01\/38_anne__emery_noir_sauvage-50x50.jpg\" class=\"attachment-thumbnail size-thumbnail\" alt=\"Noir sauvage - acrylique et huile sur toile - 27 x 22 cm - 2013\" decoding=\"async\" loading=\"lazy\" \/><\/a>\n\t\t\t<\/div><\/figure><figure class='gallery-item'>\n\t\t\t<div class='gallery-icon portrait'>\n\t\t\t\t<a href='https:\/\/www.anneemery.fr\/wp-content\/uploads\/2015\/11\/parterre1bassdef.jpg'><img width=\"50\" height=\"50\" src=\"https:\/\/www.anneemery.fr\/wp-content\/uploads\/2015\/11\/parterre1bassdef-50x50.jpg\" class=\"attachment-thumbnail size-thumbnail\" alt=\"Tournesols - acrylique et huile sur toile - 27 x 22 cm - 2018\" decoding=\"async\" loading=\"lazy\" \/><\/a>\n\t\t\t<\/div><\/figure><figure class='gallery-item'>\n\t\t\t<div class='gallery-icon landscape'>\n\t\t\t\t<a href='https:\/\/www.anneemery.fr\/wp-content\/uploads\/2022\/01\/30_anne_emery_objet_serie_6_2007.jpg'><img width=\"50\" height=\"50\" src=\"https:\/\/www.anneemery.fr\/wp-content\/uploads\/2022\/01\/30_anne_emery_objet_serie_6_2007-50x50.jpg\" class=\"attachment-thumbnail size-thumbnail\" alt=\"0bjet s\u00e9rie 6 - acrylique et huile sur toile - 22 x 27 cm - 2007\" decoding=\"async\" loading=\"lazy\" \/><\/a>\n\t\t\t<\/div><\/figure><figure class='gallery-item'>\n\t\t\t<div class='gallery-icon landscape'>\n\t\t\t\t<a href='https:\/\/www.anneemery.fr\/wp-content\/uploads\/2015\/11\/8_emery_rom571.jpg'><img width=\"50\" height=\"50\" src=\"https:\/\/www.anneemery.fr\/wp-content\/uploads\/2015\/11\/8_emery_rom571-50x50.jpg\" class=\"attachment-thumbnail size-thumbnail\" alt=\"S\u00e9rie Rome 17 - acrylique et huile sur toile 22x27 cm - 2002\" decoding=\"async\" loading=\"lazy\" \/><\/a>\n\t\t\t<\/div><\/figure><figure class='gallery-item'>\n\t\t\t<div class='gallery-icon landscape'>\n\t\t\t\t<a href='https:\/\/www.anneemery.fr\/wp-content\/uploads\/2022\/01\/34_anne_emery_serie5_4_2007.jpg'><img width=\"50\" height=\"50\" src=\"https:\/\/www.anneemery.fr\/wp-content\/uploads\/2022\/01\/34_anne_emery_serie5_4_2007-50x50.jpg\" class=\"attachment-thumbnail size-thumbnail\" alt=\"S\u00e9rie 5 - 2 - acrylique et huile sur toile - 22 x 27 cm - 2001\" decoding=\"async\" loading=\"lazy\" \/><\/a>\n\t\t\t<\/div><\/figure><figure class='gallery-item'>\n\t\t\t<div class='gallery-icon landscape'>\n\t\t\t\t<a href='https:\/\/www.anneemery.fr\/wp-content\/uploads\/2015\/11\/54_emery_maloja721.jpg'><img width=\"50\" height=\"50\" src=\"https:\/\/www.anneemery.fr\/wp-content\/uploads\/2015\/11\/54_emery_maloja721-50x50.jpg\" class=\"attachment-thumbnail size-thumbnail\" alt=\"Maloja - acrylique et huile sur toile 27x22 cm - 2005\" decoding=\"async\" loading=\"lazy\" \/><\/a>\n\t\t\t<\/div><\/figure><figure class='gallery-item'>\n\t\t\t<div class='gallery-icon landscape'>\n\t\t\t\t<a href='https:\/\/www.anneemery.fr\/wp-content\/uploads\/2022\/01\/32_anne_emery_divers_2_3.jpg'><img width=\"50\" height=\"50\" src=\"https:\/\/www.anneemery.fr\/wp-content\/uploads\/2022\/01\/32_anne_emery_divers_2_3-50x50.jpg\" class=\"attachment-thumbnail size-thumbnail\" alt=\"Divers - 2 - 3 - acrylique et huile sur toile - 22 x 27 cm - 2015\" decoding=\"async\" loading=\"lazy\" \/><\/a>\n\t\t\t<\/div><\/figure><figure class='gallery-item'>\n\t\t\t<div class='gallery-icon landscape'>\n\t\t\t\t<a href='https:\/\/www.anneemery.fr\/wp-content\/uploads\/2022\/01\/33_anne_emery_paysage.jpg'><img width=\"50\" height=\"50\" src=\"https:\/\/www.anneemery.fr\/wp-content\/uploads\/2022\/01\/33_anne_emery_paysage-50x50.jpg\" class=\"attachment-thumbnail size-thumbnail\" alt=\"Paysage - acrylique et huile sur toile - 22 x 27 cm -2007\" decoding=\"async\" loading=\"lazy\" \/><\/a>\n\t\t\t<\/div><\/figure><figure class='gallery-item'>\n\t\t\t<div class='gallery-icon landscape'>\n\t\t\t\t<a href='https:\/\/www.anneemery.fr\/wp-content\/uploads\/2022\/01\/29_anne_emery_herbier_2007.jpg'><img width=\"50\" height=\"50\" src=\"https:\/\/www.anneemery.fr\/wp-content\/uploads\/2022\/01\/29_anne_emery_herbier_2007-50x50.jpg\" class=\"attachment-thumbnail size-thumbnail\" alt=\"Herbier - acrylique sur toile - 22 x 27 cm - 2007\" decoding=\"async\" loading=\"lazy\" \/><\/a>\n\t\t\t<\/div><\/figure><figure class='gallery-item'>\n\t\t\t<div class='gallery-icon portrait'>\n\t\t\t\t<a href='https:\/\/www.anneemery.fr\/wp-content\/uploads\/2015\/11\/02900_emery_paysage2.jpg'><img width=\"50\" height=\"50\" src=\"https:\/\/www.anneemery.fr\/wp-content\/uploads\/2015\/11\/02900_emery_paysage2-50x50.jpg\" class=\"attachment-thumbnail size-thumbnail\" alt=\"Paysage 2 \u2013 acrylique et huile sur toile 65 x 53,5 cm \u2013 2017\" decoding=\"async\" loading=\"lazy\" \/><\/a>\n\t\t\t<\/div><\/figure><figure class='gallery-item'>\n\t\t\t<div class='gallery-icon portrait'>\n\t\t\t\t<a href='https:\/\/www.anneemery.fr\/wp-content\/uploads\/2015\/11\/03520_emery_paysage3-1.jpg'><img width=\"50\" height=\"50\" src=\"https:\/\/www.anneemery.fr\/wp-content\/uploads\/2015\/11\/03520_emery_paysage3-1-50x50.jpg\" class=\"attachment-thumbnail size-thumbnail\" alt=\"Paysage 3- acrylique et huile sur toile 27 x 21 cm \u2013 2018\" decoding=\"async\" loading=\"lazy\" \/><\/a>\n\t\t\t<\/div><\/figure><figure class='gallery-item'>\n\t\t\t<div class='gallery-icon portrait'>\n\t\t\t\t<a href='https:\/\/www.anneemery.fr\/wp-content\/uploads\/2020\/03\/05780_emery_vivrebordmonde.jpg'><img width=\"50\" height=\"50\" src=\"https:\/\/www.anneemery.fr\/wp-content\/uploads\/2020\/03\/05780_emery_vivrebordmonde-50x50.jpg\" class=\"attachment-thumbnail size-thumbnail\" alt=\"Vivre au bord du monde - acrylique et huile sur toile - 180 x 150 cm - 2020\" decoding=\"async\" loading=\"lazy\" \/><\/a>\n\t\t\t<\/div><\/figure><figure class='gallery-item'>\n\t\t\t<div class='gallery-icon landscape'>\n\t\t\t\t<a href='https:\/\/www.anneemery.fr\/wp-content\/uploads\/2019\/04\/03580_emery_blancnarratif_1.jpg'><img width=\"50\" height=\"50\" src=\"https:\/\/www.anneemery.fr\/wp-content\/uploads\/2019\/04\/03580_emery_blancnarratif_1-50x50.jpg\" class=\"attachment-thumbnail size-thumbnail\" alt=\"Le blanc narratif 1- acrylique et huile sur toile 89 x 116 cm \u2013 2019\" decoding=\"async\" loading=\"lazy\" \/><\/a>\n\t\t\t<\/div><\/figure><figure class='gallery-item'>\n\t\t\t<div class='gallery-icon portrait'>\n\t\t\t\t<a href='https:\/\/www.anneemery.fr\/wp-content\/uploads\/2015\/11\/01870_emery_grandir-1.jpg'><img width=\"50\" height=\"50\" src=\"https:\/\/www.anneemery.fr\/wp-content\/uploads\/2015\/11\/01870_emery_grandir-1-50x50.jpg\" class=\"attachment-thumbnail size-thumbnail\" alt=\"Grandir \u2013 acrylique et huile sur toile 61 x 50 cm \u2013 2015\" decoding=\"async\" loading=\"lazy\" \/><\/a>\n\t\t\t<\/div><\/figure><figure class='gallery-item'>\n\t\t\t<div class='gallery-icon landscape'>\n\t\t\t\t<a href='https:\/\/www.anneemery.fr\/wp-content\/uploads\/2015\/11\/03550_emery_lecieletlaterre-4.jpg'><img width=\"50\" height=\"50\" src=\"https:\/\/www.anneemery.fr\/wp-content\/uploads\/2015\/11\/03550_emery_lecieletlaterre-4-50x50.jpg\" class=\"attachment-thumbnail size-thumbnail\" alt=\"Le ciel et la terre 1 \u2013 acrylique et huile sur toile 40 x 40 cm \u2013 2018\" decoding=\"async\" loading=\"lazy\" srcset=\"https:\/\/www.anneemery.fr\/wp-content\/uploads\/2015\/11\/03550_emery_lecieletlaterre-4-50x50.jpg 50w, https:\/\/www.anneemery.fr\/wp-content\/uploads\/2015\/11\/03550_emery_lecieletlaterre-4-300x300.jpg 300w, https:\/\/www.anneemery.fr\/wp-content\/uploads\/2015\/11\/03550_emery_lecieletlaterre-4.jpg 500w\" sizes=\"(max-width: 50px) 100vw, 50px\" \/><\/a>\n\t\t\t<\/div><\/figure><figure class='gallery-item'>\n\t\t\t<div class='gallery-icon landscape'>\n\t\t\t\t<a href='https:\/\/www.anneemery.fr\/wp-content\/uploads\/2019\/04\/03900_emery_lienscolor\u00e9s1.jpg'><img width=\"50\" height=\"50\" src=\"https:\/\/www.anneemery.fr\/wp-content\/uploads\/2019\/04\/03900_emery_lienscolor\u00e9s1-50x50.jpg\" class=\"attachment-thumbnail size-thumbnail\" alt=\"Les liens color\u00e9s 1 - acrylique et huile sur toile 2 fois 162 x 97 cm - 2019\" decoding=\"async\" loading=\"lazy\" \/><\/a>\n\t\t\t<\/div><\/figure><figure class='gallery-item'>\n\t\t\t<div class='gallery-icon landscape'>\n\t\t\t\t<a href='https:\/\/www.anneemery.fr\/wp-content\/uploads\/2015\/11\/03470_emery_portraitintrigorang-1.jpg'><img width=\"50\" height=\"50\" src=\"https:\/\/www.anneemery.fr\/wp-content\/uploads\/2015\/11\/03470_emery_portraitintrigorang-1-50x50.jpg\" class=\"attachment-thumbnail size-thumbnail\" alt=\"Portrait de la jeune fille \u00e0 l&#039;intrigant orange - acrylique et huile sur toile 2 fois 27 x 22 cm \u2013 2018\" decoding=\"async\" loading=\"lazy\" \/><\/a>\n\t\t\t<\/div><\/figure><figure class='gallery-item'>\n\t\t\t<div class='gallery-icon portrait'>\n\t\t\t\t<a href='https:\/\/www.anneemery.fr\/wp-content\/uploads\/2015\/11\/3420_emery_jeufilleintriorange-1.jpg'><img width=\"50\" height=\"50\" src=\"https:\/\/www.anneemery.fr\/wp-content\/uploads\/2015\/11\/3420_emery_jeufilleintriorange-1-50x50.jpg\" class=\"attachment-thumbnail size-thumbnail\" alt=\"La jeune fille \u00e0 l&#039; intrigant orange (Cranach)- acrylique et huile sur toile 27 x 22 cm \u2013 2018\" decoding=\"async\" loading=\"lazy\" \/><\/a>\n\t\t\t<\/div><\/figure><figure class='gallery-item'>\n\t\t\t<div class='gallery-icon landscape'>\n\t\t\t\t<a href='https:\/\/www.anneemery.fr\/wp-content\/uploads\/2015\/11\/03450_emery_portraitjeunefilleintrigant-1.jpg'><img width=\"50\" height=\"50\" src=\"https:\/\/www.anneemery.fr\/wp-content\/uploads\/2015\/11\/03450_emery_portraitjeunefilleintrigant-1-50x50.jpg\" class=\"attachment-thumbnail size-thumbnail\" alt=\"Portrait de La jeune fille \u00e0 l&#039;intrigant - acrylique et huile sur toile 2 fois 27 x 22 cm \u2013 2018\" decoding=\"async\" loading=\"lazy\" \/><\/a>\n\t\t\t<\/div><\/figure><figure class='gallery-item'>\n\t\t\t<div class='gallery-icon portrait'>\n\t\t\t\t<a href='https:\/\/www.anneemery.fr\/wp-content\/uploads\/2015\/11\/3410_emery_la-jeufilleauxintrig-1.jpg'><img width=\"50\" height=\"50\" src=\"https:\/\/www.anneemery.fr\/wp-content\/uploads\/2015\/11\/3410_emery_la-jeufilleauxintrig-1-50x50.jpg\" class=\"attachment-thumbnail size-thumbnail\" alt=\"La jeune fille aux intrigants (Klimt)- acrylique et huile sur toile 27 x 22 cm \u2013 2018\" decoding=\"async\" loading=\"lazy\" \/><\/a>\n\t\t\t<\/div><\/figure><figure class='gallery-item'>\n\t\t\t<div class='gallery-icon landscape'>\n\t\t\t\t<a href='https:\/\/www.anneemery.fr\/wp-content\/uploads\/2015\/11\/03460_emery_portraitauintrig-1.jpg'><img width=\"50\" height=\"50\" src=\"https:\/\/www.anneemery.fr\/wp-content\/uploads\/2015\/11\/03460_emery_portraitauintrig-1-50x50.jpg\" class=\"attachment-thumbnail size-thumbnail\" alt=\"Portrait de la jeune fille aux intrigants- acrylique et huile sur toile 2 fois 27 x 22 cm \u2013 2018\" decoding=\"async\" loading=\"lazy\" \/><\/a>\n\t\t\t<\/div><\/figure><figure class='gallery-item'>\n\t\t\t<div class='gallery-icon landscape'>\n\t\t\t\t<a href='https:\/\/www.anneemery.fr\/wp-content\/uploads\/2019\/04\/03910_emery_lienscolores2.jpg'><img width=\"50\" height=\"50\" src=\"https:\/\/www.anneemery.fr\/wp-content\/uploads\/2019\/04\/03910_emery_lienscolores2-50x50.jpg\" class=\"attachment-thumbnail size-thumbnail\" alt=\"Les liens color\u00e9s 2 - acrylique et huile sur toile 2 fois 162 x 97 cm - 2019\" decoding=\"async\" loading=\"lazy\" \/><\/a>\n\t\t\t<\/div><\/figure><figure class='gallery-item'>\n\t\t\t<div class='gallery-icon landscape'>\n\t\t\t\t<a href='https:\/\/www.anneemery.fr\/wp-content\/uploads\/2019\/04\/05580_emery_floconroseparfait96.jpg'><img width=\"50\" height=\"50\" src=\"https:\/\/www.anneemery.fr\/wp-content\/uploads\/2019\/04\/05580_emery_floconroseparfait96-50x50.jpg\" class=\"attachment-thumbnail size-thumbnail\" alt=\"L(e)s 100 Flocons Parfaits - Flocon rose 96 \u2013 acrylique et huile sur toile 22 x 27 cm \u2013 2018\" decoding=\"async\" loading=\"lazy\" \/><\/a>\n\t\t\t<\/div><\/figure><figure class='gallery-item'>\n\t\t\t<div class='gallery-icon portrait'>\n\t\t\t\t<a href='https:\/\/www.anneemery.fr\/wp-content\/uploads\/2023\/01\/078000_emery_escape-scaled.jpg'><img width=\"50\" height=\"50\" src=\"https:\/\/www.anneemery.fr\/wp-content\/uploads\/2023\/01\/078000_emery_escape-50x50.jpg\" class=\"attachment-thumbnail size-thumbnail\" alt=\"\" decoding=\"async\" loading=\"lazy\" \/><\/a>\n\t\t\t<\/div><\/figure><figure class='gallery-item'>\n\t\t\t<div class='gallery-icon landscape'>\n\t\t\t\t<a href='https:\/\/www.anneemery.fr\/wp-content\/uploads\/2023\/01\/07990_emery_petit_vestiges-scaled.jpg'><img width=\"50\" height=\"50\" src=\"https:\/\/www.anneemery.fr\/wp-content\/uploads\/2023\/01\/07990_emery_petit_vestiges-50x50.jpg\" class=\"attachment-thumbnail size-thumbnail\" alt=\"Petit vestiges - acrylique et huile sur toile - 22 x 27 cm - 2014\" decoding=\"async\" loading=\"lazy\" \/><\/a>\n\t\t\t<\/div><\/figure><figure class='gallery-item'>\n\t\t\t<div class='gallery-icon landscape'>\n\t\t\t\t<a href='https:\/\/www.anneemery.fr\/wp-content\/uploads\/2015\/11\/92_emery_vertiges1.jpg'><img width=\"50\" height=\"50\" src=\"https:\/\/www.anneemery.fr\/wp-content\/uploads\/2015\/11\/92_emery_vertiges1-50x50.jpg\" class=\"attachment-thumbnail size-thumbnail\" alt=\"Vertige - acrylique et huile sur toile 22 x 27 cm - 2011\" decoding=\"async\" loading=\"lazy\" \/><\/a>\n\t\t\t<\/div><\/figure><figure class='gallery-item'>\n\t\t\t<div class='gallery-icon landscape'>\n\t\t\t\t<a href='https:\/\/www.anneemery.fr\/wp-content\/uploads\/2019\/04\/05070_emery_flocon45.jpg'><img width=\"50\" height=\"50\" src=\"https:\/\/www.anneemery.fr\/wp-content\/uploads\/2019\/04\/05070_emery_flocon45-50x50.jpg\" class=\"attachment-thumbnail size-thumbnail\" alt=\"L(e)s 100 Flocons Parfaits - Flocon rose 45 \u2013 acrylique et huile sur toile 22 x 27 cm \u2013 2018\" decoding=\"async\" loading=\"lazy\" \/><\/a>\n\t\t\t<\/div><\/figure><figure class='gallery-item'>\n\t\t\t<div class='gallery-icon landscape'>\n\t\t\t\t<a href='https:\/\/www.anneemery.fr\/wp-content\/uploads\/2015\/11\/03680_emery_floconrose7.jpg'><img width=\"50\" height=\"50\" src=\"https:\/\/www.anneemery.fr\/wp-content\/uploads\/2015\/11\/03680_emery_floconrose7-50x50.jpg\" class=\"attachment-thumbnail size-thumbnail\" alt=\"Flocon rose 7 \u2013 acrylique et huile sur toile 22 x 27 cm \u2013 2018\" decoding=\"async\" loading=\"lazy\" \/><\/a>\n\t\t\t<\/div><\/figure><figure class='gallery-item'>\n\t\t\t<div class='gallery-icon landscape'>\n\t\t\t\t<a href='https:\/\/www.anneemery.fr\/wp-content\/uploads\/2019\/04\/05560_emery_floconroseparfait94.jpg'><img width=\"50\" height=\"50\" src=\"https:\/\/www.anneemery.fr\/wp-content\/uploads\/2019\/04\/05560_emery_floconroseparfait94-50x50.jpg\" class=\"attachment-thumbnail size-thumbnail\" alt=\"L(e)s 100 Flocons Parfaits - Flocon rose 94 \u2013 acrylique et huile sur toile 22 x 27 cm \u2013 2018\" decoding=\"async\" loading=\"lazy\" \/><\/a>\n\t\t\t<\/div><\/figure><figure class='gallery-item'>\n\t\t\t<div class='gallery-icon landscape'>\n\t\t\t\t<a href='https:\/\/www.anneemery.fr\/wp-content\/uploads\/2019\/04\/05060_emery_flocon44.jpg'><img width=\"50\" height=\"50\" src=\"https:\/\/www.anneemery.fr\/wp-content\/uploads\/2019\/04\/05060_emery_flocon44-50x50.jpg\" class=\"attachment-thumbnail size-thumbnail\" alt=\"L(e)s 100 Flocons Parfaits - Flocon rose 44 \u2013 acrylique et huile sur toile 22 x 27 cm \u2013 2018\" decoding=\"async\" loading=\"lazy\" \/><\/a>\n\t\t\t<\/div><\/figure><figure class='gallery-item'>\n\t\t\t<div class='gallery-icon landscape'>\n\t\t\t\t<a href='https:\/\/www.anneemery.fr\/wp-content\/uploads\/2019\/04\/05050_emery_flocon43.jpg'><img width=\"50\" height=\"50\" src=\"https:\/\/www.anneemery.fr\/wp-content\/uploads\/2019\/04\/05050_emery_flocon43-50x50.jpg\" class=\"attachment-thumbnail size-thumbnail\" alt=\"L(e)s 100 Flocons Parfaits - Flocon rose 43 \u2013 acrylique et huile sur toile 22 x 27 cm \u2013 2018\" decoding=\"async\" loading=\"lazy\" \/><\/a>\n\t\t\t<\/div><\/figure><figure class='gallery-item'>\n\t\t\t<div class='gallery-icon landscape'>\n\t\t\t\t<a href='https:\/\/www.anneemery.fr\/wp-content\/uploads\/2019\/04\/05540_emery_floconroseparfait92.jpg'><img width=\"50\" height=\"50\" src=\"https:\/\/www.anneemery.fr\/wp-content\/uploads\/2019\/04\/05540_emery_floconroseparfait92-50x50.jpg\" class=\"attachment-thumbnail size-thumbnail\" alt=\"L(e)s 100 Flocons Parfaits - Flocon rose 92 \u2013 acrylique et huile sur toile 22 x 27 cm \u2013 2018\" decoding=\"async\" loading=\"lazy\" \/><\/a>\n\t\t\t<\/div><\/figure><figure class='gallery-item'>\n\t\t\t<div class='gallery-icon landscape'>\n\t\t\t\t<a href='https:\/\/www.anneemery.fr\/wp-content\/uploads\/2019\/04\/05520_emery_floconroseparfait90.jpg'><img width=\"50\" height=\"50\" src=\"https:\/\/www.anneemery.fr\/wp-content\/uploads\/2019\/04\/05520_emery_floconroseparfait90-50x50.jpg\" class=\"attachment-thumbnail size-thumbnail\" alt=\"L(e)s 100 Flocons Parfaits - Flocon rose 90 \u2013 acrylique et huile sur toile 22 x 27 cm \u2013 2018\" decoding=\"async\" loading=\"lazy\" \/><\/a>\n\t\t\t<\/div><\/figure><figure class='gallery-item'>\n\t\t\t<div class='gallery-icon landscape'>\n\t\t\t\t<a href='https:\/\/www.anneemery.fr\/wp-content\/uploads\/2019\/04\/05550_emery_floconroseparfait93.jpg'><img width=\"50\" height=\"50\" src=\"https:\/\/www.anneemery.fr\/wp-content\/uploads\/2019\/04\/05550_emery_floconroseparfait93-50x50.jpg\" class=\"attachment-thumbnail size-thumbnail\" alt=\"L(e)s 100 Flocons Parfaits - Flocon rose 93 \u2013 acrylique et huile sur toile 22 x 27 cm \u2013 2018\" decoding=\"async\" loading=\"lazy\" \/><\/a>\n\t\t\t<\/div><\/figure><figure class='gallery-item'>\n\t\t\t<div class='gallery-icon landscape'>\n\t\t\t\t<a href='https:\/\/www.anneemery.fr\/wp-content\/uploads\/2019\/04\/05590_emery_floconroseparfait97.jpg'><img width=\"50\" height=\"50\" src=\"https:\/\/www.anneemery.fr\/wp-content\/uploads\/2019\/04\/05590_emery_floconroseparfait97-50x50.jpg\" class=\"attachment-thumbnail size-thumbnail\" alt=\"L(e)s 100 Flocons Parfaits - Flocon rose 97 \u2013 acrylique et huile sur toile 22 x 27 cm \u2013 2018\" decoding=\"async\" loading=\"lazy\" \/><\/a>\n\t\t\t<\/div><\/figure><figure class='gallery-item'>\n\t\t\t<div class='gallery-icon landscape'>\n\t\t\t\t<a href='https:\/\/www.anneemery.fr\/wp-content\/uploads\/2019\/04\/05570_emery_floconroseparfait95.jpg'><img width=\"50\" height=\"50\" src=\"https:\/\/www.anneemery.fr\/wp-content\/uploads\/2019\/04\/05570_emery_floconroseparfait95-50x50.jpg\" class=\"attachment-thumbnail size-thumbnail\" alt=\"L(e)s 100 Flocons Parfaits - Flocon rose 95 \u2013 acrylique et huile sur toile 22 x 27 cm \u2013 2018\" decoding=\"async\" loading=\"lazy\" \/><\/a>\n\t\t\t<\/div><\/figure><figure class='gallery-item'>\n\t\t\t<div class='gallery-icon landscape'>\n\t\t\t\t<a href='https:\/\/www.anneemery.fr\/wp-content\/uploads\/2019\/04\/05620_floconroseparfait100.jpg'><img width=\"50\" height=\"50\" src=\"https:\/\/www.anneemery.fr\/wp-content\/uploads\/2019\/04\/05620_floconroseparfait100-50x50.jpg\" class=\"attachment-thumbnail size-thumbnail\" alt=\"L(e)s 100 Flocons Parfaits - Flocon rose 100 \u2013 acrylique et huile sur toile 22 x 27 cm \u2013 2018\" decoding=\"async\" loading=\"lazy\" \/><\/a>\n\t\t\t<\/div><\/figure><figure class='gallery-item'>\n\t\t\t<div class='gallery-icon landscape'>\n\t\t\t\t<a href='https:\/\/www.anneemery.fr\/wp-content\/uploads\/2015\/11\/03670_emery_floconrose6.jpg'><img width=\"50\" height=\"50\" src=\"https:\/\/www.anneemery.fr\/wp-content\/uploads\/2015\/11\/03670_emery_floconrose6-50x50.jpg\" class=\"attachment-thumbnail size-thumbnail\" alt=\"Flocon rose 6 \u2013 acrylique et huile sur toile 22 x 27 cm \u2013 2018\" decoding=\"async\" loading=\"lazy\" \/><\/a>\n\t\t\t<\/div><\/figure><figure class='gallery-item'>\n\t\t\t<div class='gallery-icon landscape'>\n\t\t\t\t<a href='https:\/\/www.anneemery.fr\/wp-content\/uploads\/2019\/04\/04100_emery_flocon37-1.jpg'><img width=\"50\" height=\"50\" src=\"https:\/\/www.anneemery.fr\/wp-content\/uploads\/2019\/04\/04100_emery_flocon37-1-50x50.jpg\" class=\"attachment-thumbnail size-thumbnail\" alt=\"L(e)s 100 Flocons Parfaits - Flocon rose 37 \u2013 acrylique et huile sur toile 22 x 27 cm \u2013 2018\" decoding=\"async\" loading=\"lazy\" \/><\/a>\n\t\t\t<\/div><\/figure><figure class='gallery-item'>\n\t\t\t<div class='gallery-icon landscape'>\n\t\t\t\t<a href='https:\/\/www.anneemery.fr\/wp-content\/uploads\/2019\/04\/05000_emery_flocon38.jpg'><img width=\"50\" height=\"50\" src=\"https:\/\/www.anneemery.fr\/wp-content\/uploads\/2019\/04\/05000_emery_flocon38-50x50.jpg\" class=\"attachment-thumbnail size-thumbnail\" alt=\"L(e)s 100 Flocons Parfaits - Flocon rose 38 \u2013 acrylique et huile sur toile 22 x 27 cm \u2013 2018\" decoding=\"async\" loading=\"lazy\" \/><\/a>\n\t\t\t<\/div><\/figure><figure class='gallery-item'>\n\t\t\t<div class='gallery-icon landscape'>\n\t\t\t\t<a href='https:\/\/www.anneemery.fr\/wp-content\/uploads\/2019\/04\/05010_emery_flocon39.jpg'><img width=\"50\" height=\"50\" src=\"https:\/\/www.anneemery.fr\/wp-content\/uploads\/2019\/04\/05010_emery_flocon39-50x50.jpg\" class=\"attachment-thumbnail size-thumbnail\" alt=\"L(e)s 100 Flocons Parfaits - Flocon rose 39 \u2013 acrylique et huile sur toile 22 x 27 cm \u2013 2018\" decoding=\"async\" loading=\"lazy\" \/><\/a>\n\t\t\t<\/div><\/figure><figure class='gallery-item'>\n\t\t\t<div class='gallery-icon landscape'>\n\t\t\t\t<a href='https:\/\/www.anneemery.fr\/wp-content\/uploads\/2019\/04\/05610_emery_floconroseparfait99.jpg'><img width=\"50\" height=\"50\" src=\"https:\/\/www.anneemery.fr\/wp-content\/uploads\/2019\/04\/05610_emery_floconroseparfait99-50x50.jpg\" class=\"attachment-thumbnail size-thumbnail\" alt=\"L(e)s 100 Flocons Parfaits - Flocon rose 99 \u2013 acrylique et huile sur toile 22 x 27 cm \u2013 2018\" decoding=\"async\" loading=\"lazy\" \/><\/a>\n\t\t\t<\/div><\/figure><figure class='gallery-item'>\n\t\t\t<div class='gallery-icon landscape'>\n\t\t\t\t<a href='https:\/\/www.anneemery.fr\/wp-content\/uploads\/2019\/04\/05020_emery_flocon40.jpg'><img width=\"50\" height=\"50\" src=\"https:\/\/www.anneemery.fr\/wp-content\/uploads\/2019\/04\/05020_emery_flocon40-50x50.jpg\" class=\"attachment-thumbnail size-thumbnail\" alt=\"L(e)s 100 Flocons Parfaits - Flocon rose 40 \u2013 acrylique et huile sur toile 22 x 27 cm \u2013 2018\" decoding=\"async\" loading=\"lazy\" \/><\/a>\n\t\t\t<\/div><\/figure><figure class='gallery-item'>\n\t\t\t<div class='gallery-icon landscape'>\n\t\t\t\t<a href='https:\/\/www.anneemery.fr\/wp-content\/uploads\/2015\/11\/03720_emery_floconrose11.jpg'><img width=\"50\" height=\"50\" src=\"https:\/\/www.anneemery.fr\/wp-content\/uploads\/2015\/11\/03720_emery_floconrose11-50x50.jpg\" class=\"attachment-thumbnail size-thumbnail\" alt=\"Flocon rose 11 \u2013 acrylique et huile sur toile 22 x 27 cm \u2013 2018\" decoding=\"async\" loading=\"lazy\" \/><\/a>\n\t\t\t<\/div><\/figure><figure class='gallery-item'>\n\t\t\t<div class='gallery-icon landscape'>\n\t\t\t\t<a href='https:\/\/www.anneemery.fr\/wp-content\/uploads\/2015\/11\/03740_emery_floconrose13.jpg'><img width=\"50\" height=\"50\" src=\"https:\/\/www.anneemery.fr\/wp-content\/uploads\/2015\/11\/03740_emery_floconrose13-50x50.jpg\" class=\"attachment-thumbnail size-thumbnail\" alt=\"Flocon rose 13 \u2013 acrylique et huile sur toile 22 x 27 cm \u2013 2018\" decoding=\"async\" loading=\"lazy\" \/><\/a>\n\t\t\t<\/div><\/figure><figure class='gallery-item'>\n\t\t\t<div class='gallery-icon landscape'>\n\t\t\t\t<a href='https:\/\/www.anneemery.fr\/wp-content\/uploads\/2015\/11\/03750_emery_floconrose14.jpg'><img width=\"50\" height=\"50\" src=\"https:\/\/www.anneemery.fr\/wp-content\/uploads\/2015\/11\/03750_emery_floconrose14-50x50.jpg\" class=\"attachment-thumbnail size-thumbnail\" alt=\"Flocon rose 14 \u2013 acrylique et huile sur toile 22 x 27 cm \u2013 2018\" decoding=\"async\" loading=\"lazy\" \/><\/a>\n\t\t\t<\/div><\/figure><figure class='gallery-item'>\n\t\t\t<div class='gallery-icon landscape'>\n\t\t\t\t<a href='https:\/\/www.anneemery.fr\/wp-content\/uploads\/2015\/11\/03710_emery_floconrose10.jpg'><img width=\"50\" height=\"50\" src=\"https:\/\/www.anneemery.fr\/wp-content\/uploads\/2015\/11\/03710_emery_floconrose10-50x50.jpg\" class=\"attachment-thumbnail size-thumbnail\" alt=\"Flocon rose 10 \u2013 acrylique et huile sur toile 22 x 27 cm \u2013 2018\" decoding=\"async\" loading=\"lazy\" \/><\/a>\n\t\t\t<\/div><\/figure><figure class='gallery-item'>\n\t\t\t<div class='gallery-icon landscape'>\n\t\t\t\t<a href='https:\/\/www.anneemery.fr\/wp-content\/uploads\/2015\/11\/03760_emery_floconrose15.jpg'><img width=\"50\" height=\"50\" src=\"https:\/\/www.anneemery.fr\/wp-content\/uploads\/2015\/11\/03760_emery_floconrose15-50x50.jpg\" class=\"attachment-thumbnail size-thumbnail\" alt=\"Flocon rose 15 \u2013 acrylique et huile sur toile 22 x 27 cm \u2013 2018\" decoding=\"async\" loading=\"lazy\" \/><\/a>\n\t\t\t<\/div><\/figure><figure class='gallery-item'>\n\t\t\t<div class='gallery-icon landscape'>\n\t\t\t\t<a href='https:\/\/www.anneemery.fr\/wp-content\/uploads\/2015\/11\/03770_emery_floconrose16.jpg'><img width=\"50\" height=\"50\" src=\"https:\/\/www.anneemery.fr\/wp-content\/uploads\/2015\/11\/03770_emery_floconrose16-50x50.jpg\" class=\"attachment-thumbnail size-thumbnail\" alt=\"Flocon rose 16 \u2013 acrylique et huile sur toile 22 x 27 cm \u2013 2018\" decoding=\"async\" loading=\"lazy\" \/><\/a>\n\t\t\t<\/div><\/figure><figure class='gallery-item'>\n\t\t\t<div class='gallery-icon landscape'>\n\t\t\t\t<a href='https:\/\/www.anneemery.fr\/wp-content\/uploads\/2015\/11\/03790_emery_floconrose18.jpg'><img width=\"50\" height=\"50\" src=\"https:\/\/www.anneemery.fr\/wp-content\/uploads\/2015\/11\/03790_emery_floconrose18-50x50.jpg\" class=\"attachment-thumbnail size-thumbnail\" alt=\"Flocon rose 18 \u2013 acrylique et huile sur toile 22 x 27 cm \u2013 2018\" decoding=\"async\" loading=\"lazy\" \/><\/a>\n\t\t\t<\/div><\/figure><figure class='gallery-item'>\n\t\t\t<div class='gallery-icon landscape'>\n\t\t\t\t<a href='https:\/\/www.anneemery.fr\/wp-content\/uploads\/2015\/11\/03780_emery_floconrose17.jpg'><img width=\"50\" height=\"50\" src=\"https:\/\/www.anneemery.fr\/wp-content\/uploads\/2015\/11\/03780_emery_floconrose17-50x50.jpg\" class=\"attachment-thumbnail size-thumbnail\" alt=\"Flocon rose 17 \u2013 acrylique et huile sur toile 22 x 27 cm \u2013 2018\" decoding=\"async\" loading=\"lazy\" \/><\/a>\n\t\t\t<\/div><\/figure><figure class='gallery-item'>\n\t\t\t<div class='gallery-icon landscape'>\n\t\t\t\t<a href='https:\/\/www.anneemery.fr\/wp-content\/uploads\/2019\/04\/04010_emery_floconroseparfait28.jpg'><img width=\"50\" height=\"50\" src=\"https:\/\/www.anneemery.fr\/wp-content\/uploads\/2019\/04\/04010_emery_floconroseparfait28-50x50.jpg\" class=\"attachment-thumbnail size-thumbnail\" alt=\"L(e)s 100 Flocons Parfaits -Flocon rose 28 \u2013 acrylique et huile sur toile 22 x 27 cm \u2013 2018\" decoding=\"async\" loading=\"lazy\" \/><\/a>\n\t\t\t<\/div><\/figure><figure class='gallery-item'>\n\t\t\t<div class='gallery-icon landscape'>\n\t\t\t\t<a href='https:\/\/www.anneemery.fr\/wp-content\/uploads\/2019\/04\/03930_emery_floconroseparfait20.jpg'><img width=\"50\" height=\"50\" src=\"https:\/\/www.anneemery.fr\/wp-content\/uploads\/2019\/04\/03930_emery_floconroseparfait20-50x50.jpg\" class=\"attachment-thumbnail size-thumbnail\" alt=\"L(e)s 100 Flocons Parfaits - Flocon rose 20 \u2013 acrylique et huile sur toile 22 x 27 cm \u2013 2018\" decoding=\"async\" loading=\"lazy\" \/><\/a>\n\t\t\t<\/div><\/figure><figure class='gallery-item'>\n\t\t\t<div class='gallery-icon portrait'>\n\t\t\t\t<a href='https:\/\/www.anneemery.fr\/wp-content\/uploads\/2015\/11\/03380_emery_jeunefilleintrigant.jpg'><img width=\"50\" height=\"50\" src=\"https:\/\/www.anneemery.fr\/wp-content\/uploads\/2015\/11\/03380_emery_jeunefilleintrigant-50x50.jpg\" class=\"attachment-thumbnail size-thumbnail\" alt=\"La jeune fille \u00e0 l&#039;intrigant (Vermeer) - acrylique et huile sur toile 27 x 21 cm \u2013 2017\" decoding=\"async\" loading=\"lazy\" \/><\/a>\n\t\t\t<\/div><\/figure><figure class='gallery-item'>\n\t\t\t<div class='gallery-icon landscape'>\n\t\t\t\t<a href='https:\/\/www.anneemery.fr\/wp-content\/uploads\/2019\/04\/05390_emery_floconrosepafait77.jpg'><img width=\"50\" height=\"50\" src=\"https:\/\/www.anneemery.fr\/wp-content\/uploads\/2019\/04\/05390_emery_floconrosepafait77-50x50.jpg\" class=\"attachment-thumbnail size-thumbnail\" alt=\"L(e)s 100 Flocons Parfaits - Flocon rose 77 \u2013 acrylique et huile sur toile 22 x 27 cm \u2013 2018\" decoding=\"async\" loading=\"lazy\" \/><\/a>\n\t\t\t<\/div><\/figure><figure class='gallery-item'>\n\t\t\t<div class='gallery-icon landscape'>\n\t\t\t\t<a href='https:\/\/www.anneemery.fr\/wp-content\/uploads\/2019\/04\/03970_emery_floconroseparfait24.jpg'><img width=\"50\" height=\"50\" src=\"https:\/\/www.anneemery.fr\/wp-content\/uploads\/2019\/04\/03970_emery_floconroseparfait24-50x50.jpg\" class=\"attachment-thumbnail size-thumbnail\" alt=\"L(e)s 100 Flocons Parfaits - Flocon rose 24 \u2013 acrylique et huile sur toile 22 x 27 cm \u2013 2018\" decoding=\"async\" loading=\"lazy\" \/><\/a>\n\t\t\t<\/div><\/figure><figure class='gallery-item'>\n\t\t\t<div class='gallery-icon landscape'>\n\t\t\t\t<a href='https:\/\/www.anneemery.fr\/wp-content\/uploads\/2019\/04\/05340_emery_floconroseparfait72.jpg'><img width=\"50\" height=\"50\" src=\"https:\/\/www.anneemery.fr\/wp-content\/uploads\/2019\/04\/05340_emery_floconroseparfait72-50x50.jpg\" class=\"attachment-thumbnail size-thumbnail\" alt=\"L(e)s 100 Flocons Parfaits - Flocon rose 72 \u2013 acrylique et huile sur toile 22 x 27 cm \u2013 2018\" decoding=\"async\" loading=\"lazy\" \/><\/a>\n\t\t\t<\/div><\/figure><figure class='gallery-item'>\n\t\t\t<div class='gallery-icon landscape'>\n\t\t\t\t<a href='https:\/\/www.anneemery.fr\/wp-content\/uploads\/2019\/04\/04000_emery_floconroseparfait27.jpg'><img width=\"50\" height=\"50\" src=\"https:\/\/www.anneemery.fr\/wp-content\/uploads\/2019\/04\/04000_emery_floconroseparfait27-50x50.jpg\" class=\"attachment-thumbnail size-thumbnail\" alt=\"Le(s) 100 Flocons Parfaits -Flocon rose 27 \u2013 acrylique et huile sur toile 22 x 27 cm \u2013 2018\" decoding=\"async\" loading=\"lazy\" \/><\/a>\n\t\t\t<\/div><\/figure><figure class='gallery-item'>\n\t\t\t<div class='gallery-icon landscape'>\n\t\t\t\t<a href='https:\/\/www.anneemery.fr\/wp-content\/uploads\/2019\/04\/05350_emery_floconroseparfait73.jpg'><img width=\"50\" height=\"50\" src=\"https:\/\/www.anneemery.fr\/wp-content\/uploads\/2019\/04\/05350_emery_floconroseparfait73-50x50.jpg\" class=\"attachment-thumbnail size-thumbnail\" alt=\"L(e)s 100 Flocons Parfaits - Flocon rose 73 \u2013 acrylique et huile sur toile 22 x 27 cm \u2013 2018\" decoding=\"async\" loading=\"lazy\" \/><\/a>\n\t\t\t<\/div><\/figure><figure class='gallery-item'>\n\t\t\t<div class='gallery-icon landscape'>\n\t\t\t\t<a href='https:\/\/www.anneemery.fr\/wp-content\/uploads\/2019\/04\/05260_emery_floconroseparfait64.jpg'><img width=\"50\" height=\"50\" src=\"https:\/\/www.anneemery.fr\/wp-content\/uploads\/2019\/04\/05260_emery_floconroseparfait64-50x50.jpg\" class=\"attachment-thumbnail size-thumbnail\" alt=\"L(e)s 100 Flocons Parfaits - Flocon rose 64 \u2013 acrylique et huile sur toile 22 x 27 cm \u2013 2018\" decoding=\"async\" loading=\"lazy\" \/><\/a>\n\t\t\t<\/div><\/figure><figure class='gallery-item'>\n\t\t\t<div class='gallery-icon landscape'>\n\t\t\t\t<a href='https:\/\/www.anneemery.fr\/wp-content\/uploads\/2019\/04\/04040_emery_flocon31.jpg'><img width=\"50\" height=\"50\" src=\"https:\/\/www.anneemery.fr\/wp-content\/uploads\/2019\/04\/04040_emery_flocon31-50x50.jpg\" class=\"attachment-thumbnail size-thumbnail\" alt=\"L(e)s 100 Flocons Parfaits - Flocon rose 31 \u2013 acrylique et huile sur toile 22 x 27 cm \u2013 2018\" decoding=\"async\" loading=\"lazy\" \/><\/a>\n\t\t\t<\/div><\/figure><figure class='gallery-item'>\n\t\t\t<div class='gallery-icon landscape'>\n\t\t\t\t<a href='https:\/\/www.anneemery.fr\/wp-content\/uploads\/2019\/04\/05380_emery_floconroseparfait76.jpg'><img width=\"50\" height=\"50\" src=\"https:\/\/www.anneemery.fr\/wp-content\/uploads\/2019\/04\/05380_emery_floconroseparfait76-50x50.jpg\" class=\"attachment-thumbnail size-thumbnail\" alt=\"L(e)s 100 Flocons Parfaits - Flocon rose 76 \u2013 acrylique et huile sur toile 22 x 27 cm \u2013 2018\" decoding=\"async\" loading=\"lazy\" \/><\/a>\n\t\t\t<\/div><\/figure><figure class='gallery-item'>\n\t\t\t<div class='gallery-icon landscape'>\n\t\t\t\t<a href='https:\/\/www.anneemery.fr\/wp-content\/uploads\/2019\/04\/03940_emery_floconroseparfait21.jpg'><img width=\"50\" height=\"50\" src=\"https:\/\/www.anneemery.fr\/wp-content\/uploads\/2019\/04\/03940_emery_floconroseparfait21-50x50.jpg\" class=\"attachment-thumbnail size-thumbnail\" alt=\"L(e)s 100 Flocons Parfaits - Flocon rose 21 \u2013 acrylique et huile sur toile 22 x 27 cm \u2013 2018\" decoding=\"async\" loading=\"lazy\" \/><\/a>\n\t\t\t<\/div><\/figure><figure class='gallery-item'>\n\t\t\t<div class='gallery-icon landscape'>\n\t\t\t\t<a href='https:\/\/www.anneemery.fr\/wp-content\/uploads\/2019\/04\/04070_emery_flocon34.jpg'><img width=\"50\" height=\"50\" src=\"https:\/\/www.anneemery.fr\/wp-content\/uploads\/2019\/04\/04070_emery_flocon34-50x50.jpg\" class=\"attachment-thumbnail size-thumbnail\" alt=\"L(e)s 100 Flocons Parfaits - Flocon rose 34 \u2013 acrylique et huile sur toile 22 x 27 cm \u2013 2018\" decoding=\"async\" loading=\"lazy\" \/><\/a>\n\t\t\t<\/div><\/figure><figure class='gallery-item'>\n\t\t\t<div class='gallery-icon landscape'>\n\t\t\t\t<a href='https:\/\/www.anneemery.fr\/wp-content\/uploads\/2015\/11\/90_emery_cavmillefeui1.jpg'><img width=\"50\" height=\"50\" src=\"https:\/\/www.anneemery.fr\/wp-content\/uploads\/2015\/11\/90_emery_cavmillefeui1-50x50.jpg\" class=\"attachment-thumbnail size-thumbnail\" alt=\"Caverne et millefeuille - acrylique et huile sur toile 89 x 116 cm - 2011\" decoding=\"async\" loading=\"lazy\" \/><\/a>\n\t\t\t<\/div><\/figure><figure class='gallery-item'>\n\t\t\t<div class='gallery-icon landscape'>\n\t\t\t\t<a href='https:\/\/www.anneemery.fr\/wp-content\/uploads\/2019\/04\/04060_emery_flocon33.jpg'><img width=\"50\" height=\"50\" src=\"https:\/\/www.anneemery.fr\/wp-content\/uploads\/2019\/04\/04060_emery_flocon33-50x50.jpg\" class=\"attachment-thumbnail size-thumbnail\" alt=\"L(e)s 100 Flocons Parfaits - Flocon rose 33 \u2013 acrylique et huile sur toile 22 x 27 cm \u2013 2018\" decoding=\"async\" loading=\"lazy\" \/><\/a>\n\t\t\t<\/div><\/figure><figure class='gallery-item'>\n\t\t\t<div class='gallery-icon landscape'>\n\t\t\t\t<a href='https:\/\/www.anneemery.fr\/wp-content\/uploads\/2019\/04\/04080_emery_flocon35.jpg'><img width=\"50\" height=\"50\" src=\"https:\/\/www.anneemery.fr\/wp-content\/uploads\/2019\/04\/04080_emery_flocon35-50x50.jpg\" class=\"attachment-thumbnail size-thumbnail\" alt=\"L(e)s 100 Flocons Parfaits - Flocon rose 35 \u2013 acrylique et huile sur toile 22 x 27 cm \u2013 2018\" decoding=\"async\" loading=\"lazy\" \/><\/a>\n\t\t\t<\/div><\/figure><figure class='gallery-item'>\n\t\t\t<div class='gallery-icon landscape'>\n\t\t\t\t<a href='https:\/\/www.anneemery.fr\/wp-content\/uploads\/2019\/04\/04090_emery_flocon36.jpg'><img width=\"50\" height=\"50\" src=\"https:\/\/www.anneemery.fr\/wp-content\/uploads\/2019\/04\/04090_emery_flocon36-50x50.jpg\" class=\"attachment-thumbnail size-thumbnail\" alt=\"L(e)s 100 Flocons Parfaits - Flocon rose 36 \u2013 acrylique et huile sur toile 22 x 27 cm \u2013 2018\" decoding=\"async\" loading=\"lazy\" \/><\/a>\n\t\t\t<\/div><\/figure><figure class='gallery-item'>\n\t\t\t<div class='gallery-icon landscape'>\n\t\t\t\t<a href='https:\/\/www.anneemery.fr\/wp-content\/uploads\/2019\/04\/05220_emery_floconroseparfait60.jpg'><img width=\"50\" height=\"50\" src=\"https:\/\/www.anneemery.fr\/wp-content\/uploads\/2019\/04\/05220_emery_floconroseparfait60-50x50.jpg\" class=\"attachment-thumbnail size-thumbnail\" alt=\"L(e)s 100 Flocons Parfaits - Flocon rose 60 \u2013 acrylique et huile sur toile 22 x 27 cm \u2013 2018\" decoding=\"async\" loading=\"lazy\" \/><\/a>\n\t\t\t<\/div><\/figure><figure class='gallery-item'>\n\t\t\t<div class='gallery-icon landscape'>\n\t\t\t\t<a href='https:\/\/www.anneemery.fr\/wp-content\/uploads\/2019\/04\/05480_emery_floconroseparfait86.jpg'><img width=\"50\" height=\"50\" src=\"https:\/\/www.anneemery.fr\/wp-content\/uploads\/2019\/04\/05480_emery_floconroseparfait86-50x50.jpg\" class=\"attachment-thumbnail size-thumbnail\" alt=\"L(e)s 100 Flocons Parfaits - Flocon rose 86 \u2013 acrylique et huile sur toile 22 x 27 cm \u2013 2018\" decoding=\"async\" loading=\"lazy\" \/><\/a>\n\t\t\t<\/div><\/figure><figure class='gallery-item'>\n\t\t\t<div class='gallery-icon landscape'>\n\t\t\t\t<a href='https:\/\/www.anneemery.fr\/wp-content\/uploads\/2019\/04\/05270_emery_floconroseparfait65.jpg'><img width=\"50\" height=\"50\" src=\"https:\/\/www.anneemery.fr\/wp-content\/uploads\/2019\/04\/05270_emery_floconroseparfait65-50x50.jpg\" class=\"attachment-thumbnail size-thumbnail\" alt=\"L(e)s 100 Flocons Parfaits - Flocon rose 65 \u2013 acrylique et huile sur toile 22 x 27 cm \u2013 2018\" decoding=\"async\" loading=\"lazy\" \/><\/a>\n\t\t\t<\/div><\/figure><figure class='gallery-item'>\n\t\t\t<div class='gallery-icon landscape'>\n\t\t\t\t<a href='https:\/\/www.anneemery.fr\/wp-content\/uploads\/2019\/04\/05040_emery_flocon42.jpg'><img width=\"50\" height=\"50\" src=\"https:\/\/www.anneemery.fr\/wp-content\/uploads\/2019\/04\/05040_emery_flocon42-50x50.jpg\" class=\"attachment-thumbnail size-thumbnail\" alt=\"L(e)s 100 Flocons Parfaits - Flocon rose 42 \u2013 acrylique et huile sur toile 22 x 27 cm \u2013 2018\" decoding=\"async\" loading=\"lazy\" \/><\/a>\n\t\t\t<\/div><\/figure><figure class='gallery-item'>\n\t\t\t<div class='gallery-icon landscape'>\n\t\t\t\t<a href='https:\/\/www.anneemery.fr\/wp-content\/uploads\/2019\/04\/05410_emery_floconroseparfait79.jpg'><img width=\"50\" height=\"50\" src=\"https:\/\/www.anneemery.fr\/wp-content\/uploads\/2019\/04\/05410_emery_floconroseparfait79-50x50.jpg\" class=\"attachment-thumbnail size-thumbnail\" alt=\"L(e)s 100 Flocons Parfaits - Flocon rose 79 \u2013 acrylique et huile sur toile 22 x 27 cm \u2013 2018\" decoding=\"async\" loading=\"lazy\" \/><\/a>\n\t\t\t<\/div><\/figure><figure class='gallery-item'>\n\t\t\t<div class='gallery-icon landscape'>\n\t\t\t\t<a href='https:\/\/www.anneemery.fr\/wp-content\/uploads\/2019\/04\/05490_emery_floconroseparfait87.jpg'><img width=\"50\" height=\"50\" src=\"https:\/\/www.anneemery.fr\/wp-content\/uploads\/2019\/04\/05490_emery_floconroseparfait87-50x50.jpg\" class=\"attachment-thumbnail size-thumbnail\" alt=\"L(e)s 100 Flocons Parfaits - Flocon rose 87 \u2013 acrylique et huile sur toile 22 x 27 cm \u2013 2018\" decoding=\"async\" loading=\"lazy\" \/><\/a>\n\t\t\t<\/div><\/figure><figure class='gallery-item'>\n\t\t\t<div class='gallery-icon landscape'>\n\t\t\t\t<a href='https:\/\/www.anneemery.fr\/wp-content\/uploads\/2019\/04\/03990_emery_floconroseparfait26.jpg'><img width=\"50\" height=\"50\" src=\"https:\/\/www.anneemery.fr\/wp-content\/uploads\/2019\/04\/03990_emery_floconroseparfait26-50x50.jpg\" class=\"attachment-thumbnail size-thumbnail\" alt=\"L(e)s 100 Flocons Parfaits -Flocon rose 26 \u2013 acrylique et huile sur toile 22 x 27 cm \u2013 2018\" decoding=\"async\" loading=\"lazy\" \/><\/a>\n\t\t\t<\/div><\/figure><figure class='gallery-item'>\n\t\t\t<div class='gallery-icon portrait'>\n\t\t\t\t<a href='https:\/\/www.anneemery.fr\/wp-content\/uploads\/2015\/11\/3440_emery_jeunefilleintriblanc-1.jpg'><img width=\"50\" height=\"50\" src=\"https:\/\/www.anneemery.fr\/wp-content\/uploads\/2015\/11\/3440_emery_jeunefilleintriblanc-1-50x50.jpg\" class=\"attachment-thumbnail size-thumbnail\" alt=\"La jeune fille \u00e0 l&#039;intrigant blanc (Rapha\u00ebl) - acrylique et huile sur toile 27 x 22 cm \u2013 2017\" decoding=\"async\" loading=\"lazy\" \/><\/a>\n\t\t\t<\/div><\/figure><figure class='gallery-item'>\n\t\t\t<div class='gallery-icon landscape'>\n\t\t\t\t<a href='https:\/\/www.anneemery.fr\/wp-content\/uploads\/2019\/04\/04030_emery_flocon30.jpg'><img width=\"50\" height=\"50\" src=\"https:\/\/www.anneemery.fr\/wp-content\/uploads\/2019\/04\/04030_emery_flocon30-50x50.jpg\" class=\"attachment-thumbnail size-thumbnail\" alt=\"L(e)s 100 Flocons Parfaits - Flocon rose 30 \u2013 acrylique et huile sur toile 22 x 27 cm \u2013 2018\" decoding=\"async\" loading=\"lazy\" \/><\/a>\n\t\t\t<\/div><\/figure><figure class='gallery-item'>\n\t\t\t<div class='gallery-icon landscape'>\n\t\t\t\t<a href='https:\/\/www.anneemery.fr\/wp-content\/uploads\/2019\/04\/03960_emery_floconroseparfait23.jpg'><img width=\"50\" height=\"50\" src=\"https:\/\/www.anneemery.fr\/wp-content\/uploads\/2019\/04\/03960_emery_floconroseparfait23-50x50.jpg\" class=\"attachment-thumbnail size-thumbnail\" alt=\"L(e)s 100 Flocons Parfaits -Flocon rose 23 \u2013 acrylique et huile sur toile 22 x 27 cm \u2013 2018\" decoding=\"async\" loading=\"lazy\" \/><\/a>\n\t\t\t<\/div><\/figure><figure class='gallery-item'>\n\t\t\t<div class='gallery-icon landscape'>\n\t\t\t\t<a href='https:\/\/www.anneemery.fr\/wp-content\/uploads\/2019\/04\/05510_floconroseparfait89.jpg'><img width=\"50\" height=\"50\" src=\"https:\/\/www.anneemery.fr\/wp-content\/uploads\/2019\/04\/05510_floconroseparfait89-50x50.jpg\" class=\"attachment-thumbnail size-thumbnail\" alt=\"L(e)s 100 Flocons Parfaits - Flocon rose 89 \u2013 acrylique et huile sur toile 22 x 27 cm \u2013 2018\" decoding=\"async\" loading=\"lazy\" \/><\/a>\n\t\t\t<\/div><\/figure><figure class='gallery-item'>\n\t\t\t<div class='gallery-icon landscape'>\n\t\t\t\t<a href='https:\/\/www.anneemery.fr\/wp-content\/uploads\/2019\/04\/05130_emery_floconroseparfait51.jpg'><img width=\"50\" height=\"50\" src=\"https:\/\/www.anneemery.fr\/wp-content\/uploads\/2019\/04\/05130_emery_floconroseparfait51-50x50.jpg\" class=\"attachment-thumbnail size-thumbnail\" alt=\"L(e)s 100 Flocons Parfaits - Flocon rose 51 \u2013 acrylique et huile sur toile 22 x 27 cm \u2013 2018\" decoding=\"async\" loading=\"lazy\" \/><\/a>\n\t\t\t<\/div><\/figure><figure class='gallery-item'>\n\t\t\t<div class='gallery-icon landscape'>\n\t\t\t\t<a href='https:\/\/www.anneemery.fr\/wp-content\/uploads\/2019\/04\/05420_emery_floconroseparfait80.jpg'><img width=\"50\" height=\"50\" src=\"https:\/\/www.anneemery.fr\/wp-content\/uploads\/2019\/04\/05420_emery_floconroseparfait80-50x50.jpg\" class=\"attachment-thumbnail size-thumbnail\" alt=\"L(e)s 100 Flocons Parfaits - Flocon rose 80 \u2013 acrylique et huile sur toile 22 x 27 cm \u2013 2018\" decoding=\"async\" loading=\"lazy\" \/><\/a>\n\t\t\t<\/div><\/figure><figure class='gallery-item'>\n\t\t\t<div class='gallery-icon landscape'>\n\t\t\t\t<a href='https:\/\/www.anneemery.fr\/wp-content\/uploads\/2019\/04\/05110_emery_floconroseparfait49.jpg'><img width=\"50\" height=\"50\" src=\"https:\/\/www.anneemery.fr\/wp-content\/uploads\/2019\/04\/05110_emery_floconroseparfait49-50x50.jpg\" class=\"attachment-thumbnail size-thumbnail\" alt=\"L(e)s 100 Flocons Parfaits - Flocon rose 49 \u2013 acrylique et huile sur toile 22 x 27 cm \u2013 2018\" decoding=\"async\" loading=\"lazy\" \/><\/a>\n\t\t\t<\/div><\/figure><figure class='gallery-item'>\n\t\t\t<div class='gallery-icon landscape'>\n\t\t\t\t<a href='https:\/\/www.anneemery.fr\/wp-content\/uploads\/2019\/04\/05090_emery_floconroseparfait47.jpg'><img width=\"50\" height=\"50\" src=\"https:\/\/www.anneemery.fr\/wp-content\/uploads\/2019\/04\/05090_emery_floconroseparfait47-50x50.jpg\" class=\"attachment-thumbnail size-thumbnail\" alt=\"L(e)s 100 Flocons Parfaits - Flocon rose 47 \u2013 acrylique et huile sur toile 22 x 27 cm \u2013 2018\" decoding=\"async\" loading=\"lazy\" \/><\/a>\n\t\t\t<\/div><\/figure><figure class='gallery-item'>\n\t\t\t<div class='gallery-icon landscape'>\n\t\t\t\t<a href='https:\/\/www.anneemery.fr\/wp-content\/uploads\/2019\/04\/05230_floconroseparfait61.jpg'><img width=\"50\" height=\"50\" src=\"https:\/\/www.anneemery.fr\/wp-content\/uploads\/2019\/04\/05230_floconroseparfait61-50x50.jpg\" class=\"attachment-thumbnail size-thumbnail\" alt=\"L(e)s 100 Flocons Parfaits - Flocon rose 61 \u2013 acrylique et huile sur toile 22 x 27 cm \u2013 2018\" decoding=\"async\" loading=\"lazy\" \/><\/a>\n\t\t\t<\/div><\/figure><figure class='gallery-item'>\n\t\t\t<div class='gallery-icon landscape'>\n\t\t\t\t<a href='https:\/\/www.anneemery.fr\/wp-content\/uploads\/2019\/04\/05280_emery_floconroseparfait66.jpg'><img width=\"50\" height=\"50\" src=\"https:\/\/www.anneemery.fr\/wp-content\/uploads\/2019\/04\/05280_emery_floconroseparfait66-50x50.jpg\" class=\"attachment-thumbnail size-thumbnail\" alt=\"L(e)s 100 Flocons Parfaits - Flocon rose 66 \u2013 acrylique et huile sur toile 22 x 27 cm \u2013 2018\" decoding=\"async\" loading=\"lazy\" \/><\/a>\n\t\t\t<\/div><\/figure><figure class='gallery-item'>\n\t\t\t<div class='gallery-icon landscape'>\n\t\t\t\t<a href='https:\/\/www.anneemery.fr\/wp-content\/uploads\/2019\/04\/03950_emery_floconroseparfait22.jpg'><img width=\"50\" height=\"50\" src=\"https:\/\/www.anneemery.fr\/wp-content\/uploads\/2019\/04\/03950_emery_floconroseparfait22-50x50.jpg\" class=\"attachment-thumbnail size-thumbnail\" alt=\"L(e)s 100 Flocons Parfaits - Flocon rose 22 \u2013 acrylique et huile sur toile 22 x 27 cm \u2013 2018\" decoding=\"async\" loading=\"lazy\" \/><\/a>\n\t\t\t<\/div><\/figure><figure class='gallery-item'>\n\t\t\t<div class='gallery-icon landscape'>\n\t\t\t\t<a href='https:\/\/www.anneemery.fr\/wp-content\/uploads\/2019\/04\/05330_emery_floconroseparfait71.jpg'><img width=\"50\" height=\"50\" src=\"https:\/\/www.anneemery.fr\/wp-content\/uploads\/2019\/04\/05330_emery_floconroseparfait71-50x50.jpg\" class=\"attachment-thumbnail size-thumbnail\" alt=\"L(e)s 100 Flocons Parfaits - Flocon rose 71 \u2013 acrylique et huile sur toile 22 x 27 cm \u2013 2018\" decoding=\"async\" loading=\"lazy\" \/><\/a>\n\t\t\t<\/div><\/figure><figure class='gallery-item'>\n\t\t\t<div class='gallery-icon landscape'>\n\t\t\t\t<a href='https:\/\/www.anneemery.fr\/wp-content\/uploads\/2019\/04\/05430_emery_floconroseparfait81.jpg'><img width=\"50\" height=\"50\" src=\"https:\/\/www.anneemery.fr\/wp-content\/uploads\/2019\/04\/05430_emery_floconroseparfait81-50x50.jpg\" class=\"attachment-thumbnail size-thumbnail\" alt=\"L(e)s 100 Flocons Parfaits - Flocon rose 81 \u2013 acrylique et huile sur toile 22 x 27 cm \u2013 2018\" decoding=\"async\" loading=\"lazy\" \/><\/a>\n\t\t\t<\/div><\/figure><figure class='gallery-item'>\n\t\t\t<div class='gallery-icon landscape'>\n\t\t\t\t<a href='https:\/\/www.anneemery.fr\/wp-content\/uploads\/2019\/04\/05140_emery_floconroseparfait52.jpg'><img width=\"50\" height=\"50\" src=\"https:\/\/www.anneemery.fr\/wp-content\/uploads\/2019\/04\/05140_emery_floconroseparfait52-50x50.jpg\" class=\"attachment-thumbnail size-thumbnail\" alt=\"L(e)s 100 Flocons Parfaits - Flocon rose 52 \u2013 acrylique et huile sur toile 22 x 27 cm \u2013 2018\" decoding=\"async\" loading=\"lazy\" \/><\/a>\n\t\t\t<\/div><\/figure><figure class='gallery-item'>\n\t\t\t<div class='gallery-icon landscape'>\n\t\t\t\t<a href='https:\/\/www.anneemery.fr\/wp-content\/uploads\/2019\/04\/05470_emery_floconroseparfait85.jpg'><img width=\"50\" height=\"50\" src=\"https:\/\/www.anneemery.fr\/wp-content\/uploads\/2019\/04\/05470_emery_floconroseparfait85-50x50.jpg\" class=\"attachment-thumbnail size-thumbnail\" alt=\"L(e)s 100 Flocons Parfaits - Flocon rose 85 \u2013 acrylique et huile sur toile 22 x 27 cm \u2013 2018\" decoding=\"async\" loading=\"lazy\" \/><\/a>\n\t\t\t<\/div><\/figure><figure class='gallery-item'>\n\t\t\t<div class='gallery-icon landscape'>\n\t\t\t\t<a href='https:\/\/www.anneemery.fr\/wp-content\/uploads\/2019\/04\/04100_emery_flocon37.jpg'><img width=\"50\" height=\"50\" src=\"https:\/\/www.anneemery.fr\/wp-content\/uploads\/2019\/04\/04100_emery_flocon37-50x50.jpg\" class=\"attachment-thumbnail size-thumbnail\" alt=\"L(e)s 100 Flocons Parfaits - Flocon rose 37 \u2013 acrylique et huile sur toile 22 x 27 cm \u2013 2018\" decoding=\"async\" loading=\"lazy\" \/><\/a>\n\t\t\t<\/div><\/figure><figure class='gallery-item'>\n\t\t\t<div class='gallery-icon landscape'>\n\t\t\t\t<a href='https:\/\/www.anneemery.fr\/wp-content\/uploads\/2019\/04\/05310_emery_floconroseparfait69.jpg'><img width=\"50\" height=\"50\" src=\"https:\/\/www.anneemery.fr\/wp-content\/uploads\/2019\/04\/05310_emery_floconroseparfait69-50x50.jpg\" class=\"attachment-thumbnail size-thumbnail\" alt=\"L(e)s 100 Flocons Parfaits - Flocon rose 69 \u2013 acrylique et huile sur toile 22 x 27 cm \u2013 2018\" decoding=\"async\" loading=\"lazy\" \/><\/a>\n\t\t\t<\/div><\/figure><figure class='gallery-item'>\n\t\t\t<div class='gallery-icon landscape'>\n\t\t\t\t<a href='https:\/\/www.anneemery.fr\/wp-content\/uploads\/2019\/04\/05160_emery_floconroseparfait54.jpg'><img width=\"50\" height=\"50\" src=\"https:\/\/www.anneemery.fr\/wp-content\/uploads\/2019\/04\/05160_emery_floconroseparfait54-50x50.jpg\" class=\"attachment-thumbnail size-thumbnail\" alt=\"L(e)s 100 Flocons Parfaits - Flocon rose 54 \u2013 acrylique et huile sur toile 22 x 27 cm \u2013 2018\" decoding=\"async\" loading=\"lazy\" \/><\/a>\n\t\t\t<\/div><\/figure><figure class='gallery-item'>\n\t\t\t<div class='gallery-icon landscape'>\n\t\t\t\t<a href='https:\/\/www.anneemery.fr\/wp-content\/uploads\/2019\/04\/05120_emery_floconroseparfait50.jpg'><img width=\"50\" height=\"50\" src=\"https:\/\/www.anneemery.fr\/wp-content\/uploads\/2019\/04\/05120_emery_floconroseparfait50-50x50.jpg\" class=\"attachment-thumbnail size-thumbnail\" alt=\"L(e)s 100 Flocons Parfaits - Flocon rose 50 \u2013 acrylique et huile sur toile 22 x 27 cm \u2013 2018\" decoding=\"async\" loading=\"lazy\" \/><\/a>\n\t\t\t<\/div><\/figure><figure class='gallery-item'>\n\t\t\t<div class='gallery-icon landscape'>\n\t\t\t\t<a href='https:\/\/www.anneemery.fr\/wp-content\/uploads\/2015\/11\/119_emeryobjetabst31.jpg'><img width=\"50\" height=\"50\" src=\"https:\/\/www.anneemery.fr\/wp-content\/uploads\/2015\/11\/119_emeryobjetabst31-50x50.jpg\" class=\"attachment-thumbnail size-thumbnail\" alt=\"Vestiges de la sensation- acrylique et huile sur toile 73 x 92 cm - 2012- (La croix troisi\u00e8me s\u00e9rie de quatre)\" decoding=\"async\" loading=\"lazy\" \/><\/a>\n\t\t\t<\/div><\/figure><figure class='gallery-item'>\n\t\t\t<div class='gallery-icon landscape'>\n\t\t\t\t<a href='https:\/\/www.anneemery.fr\/wp-content\/uploads\/2019\/04\/04020_emery_flocon29.jpg'><img width=\"50\" height=\"50\" src=\"https:\/\/www.anneemery.fr\/wp-content\/uploads\/2019\/04\/04020_emery_flocon29-50x50.jpg\" class=\"attachment-thumbnail size-thumbnail\" alt=\"L(e)s 100 Flocons Parfaits -Flocon rose 29 \u2013 acrylique et huile sur toile 22 x 27 cm \u2013 2018\" decoding=\"async\" loading=\"lazy\" \/><\/a>\n\t\t\t<\/div><\/figure><figure class='gallery-item'>\n\t\t\t<div class='gallery-icon landscape'>\n\t\t\t\t<a href='https:\/\/www.anneemery.fr\/wp-content\/uploads\/2019\/04\/05200_emery_floconroseparfait58.jpg'><img width=\"50\" height=\"50\" src=\"https:\/\/www.anneemery.fr\/wp-content\/uploads\/2019\/04\/05200_emery_floconroseparfait58-50x50.jpg\" class=\"attachment-thumbnail size-thumbnail\" alt=\"L(e)s 100 Flocons Parfaits - Flocon rose 58 \u2013 acrylique et huile sur toile 22 x 27 cm \u2013 2018\" decoding=\"async\" loading=\"lazy\" \/><\/a>\n\t\t\t<\/div><\/figure><figure class='gallery-item'>\n\t\t\t<div class='gallery-icon landscape'>\n\t\t\t\t<a href='https:\/\/www.anneemery.fr\/wp-content\/uploads\/2019\/04\/05400_emery_floconroseparfait78.jpg'><img width=\"50\" height=\"50\" src=\"https:\/\/www.anneemery.fr\/wp-content\/uploads\/2019\/04\/05400_emery_floconroseparfait78-50x50.jpg\" class=\"attachment-thumbnail size-thumbnail\" alt=\"L(e)s 100 Flocons Parfaits - Flocon rose 78 \u2013 acrylique et huile sur toile 22 x 27 cm \u2013 2018\" decoding=\"async\" loading=\"lazy\" \/><\/a>\n\t\t\t<\/div><\/figure><figure class='gallery-item'>\n\t\t\t<div class='gallery-icon landscape'>\n\t\t\t\t<a href='https:\/\/www.anneemery.fr\/wp-content\/uploads\/2019\/04\/05370_emery_floconroseparfait75.jpg'><img width=\"50\" height=\"50\" src=\"https:\/\/www.anneemery.fr\/wp-content\/uploads\/2019\/04\/05370_emery_floconroseparfait75-50x50.jpg\" class=\"attachment-thumbnail size-thumbnail\" alt=\"L(e)s 100 Flocons Parfaits - Flocon rose 75 \u2013 acrylique et huile sur toile 22 x 27 cm \u2013 2018\" decoding=\"async\" loading=\"lazy\" \/><\/a>\n\t\t\t<\/div><\/figure><figure class='gallery-item'>\n\t\t\t<div class='gallery-icon landscape'>\n\t\t\t\t<a href='https:\/\/www.anneemery.fr\/wp-content\/uploads\/2019\/04\/05250_emery_floconroseparfait63.jpg'><img width=\"50\" height=\"50\" src=\"https:\/\/www.anneemery.fr\/wp-content\/uploads\/2019\/04\/05250_emery_floconroseparfait63-50x50.jpg\" class=\"attachment-thumbnail size-thumbnail\" alt=\"L(e)s 100 Flocons Parfaits - Flocon rose 63 \u2013 acrylique et huile sur toile 22 x 27 cm \u2013 2018\" decoding=\"async\" loading=\"lazy\" \/><\/a>\n\t\t\t<\/div><\/figure><figure class='gallery-item'>\n\t\t\t<div class='gallery-icon landscape'>\n\t\t\t\t<a href='https:\/\/www.anneemery.fr\/wp-content\/uploads\/2019\/04\/05150_emery_floconroseparfait53.jpg'><img width=\"50\" height=\"50\" src=\"https:\/\/www.anneemery.fr\/wp-content\/uploads\/2019\/04\/05150_emery_floconroseparfait53-50x50.jpg\" class=\"attachment-thumbnail size-thumbnail\" alt=\"L(e)s 100 Flocons Parfaits - Flocon rose 53 \u2013 acrylique et huile sur toile 22 x 27 cm \u2013 2018\" decoding=\"async\" loading=\"lazy\" \/><\/a>\n\t\t\t<\/div><\/figure><figure class='gallery-item'>\n\t\t\t<div class='gallery-icon landscape'>\n\t\t\t\t<a href='https:\/\/www.anneemery.fr\/wp-content\/uploads\/2019\/04\/05360_floconroseparfait74.jpg'><img width=\"50\" height=\"50\" src=\"https:\/\/www.anneemery.fr\/wp-content\/uploads\/2019\/04\/05360_floconroseparfait74-50x50.jpg\" class=\"attachment-thumbnail size-thumbnail\" alt=\"L(e)s 100 Flocons Parfaits - Flocon rose 74 \u2013 acrylique et huile sur toile 22 x 27 cm \u2013 2018\" decoding=\"async\" loading=\"lazy\" \/><\/a>\n\t\t\t<\/div><\/figure><figure class='gallery-item'>\n\t\t\t<div class='gallery-icon landscape'>\n\t\t\t\t<a href='https:\/\/www.anneemery.fr\/wp-content\/uploads\/2019\/04\/05460_emery_floconroseparfat84.jpg'><img width=\"50\" height=\"50\" src=\"https:\/\/www.anneemery.fr\/wp-content\/uploads\/2019\/04\/05460_emery_floconroseparfat84-50x50.jpg\" class=\"attachment-thumbnail size-thumbnail\" alt=\"L(e)s 100 Flocons Parfaits - Flocon rose 84 \u2013 acrylique et huile sur toile 22 x 27 cm \u2013 2018\" decoding=\"async\" loading=\"lazy\" \/><\/a>\n\t\t\t<\/div><\/figure><figure class='gallery-item'>\n\t\t\t<div class='gallery-icon landscape'>\n\t\t\t\t<a href='https:\/\/www.anneemery.fr\/wp-content\/uploads\/2019\/04\/05320_emery_floconroseparfait70.jpg'><img width=\"50\" height=\"50\" src=\"https:\/\/www.anneemery.fr\/wp-content\/uploads\/2019\/04\/05320_emery_floconroseparfait70-50x50.jpg\" class=\"attachment-thumbnail size-thumbnail\" alt=\"L(e)s 100 Flocons Parfaits - Flocon rose 70 \u2013 acrylique et huile sur toile 22 x 27 cm \u2013 2018\" decoding=\"async\" loading=\"lazy\" \/><\/a>\n\t\t\t<\/div><\/figure><figure class='gallery-item'>\n\t\t\t<div class='gallery-icon landscape'>\n\t\t\t\t<a href='https:\/\/www.anneemery.fr\/wp-content\/uploads\/2019\/04\/05180_emery_floconroseparfait56.jpg'><img width=\"50\" height=\"50\" src=\"https:\/\/www.anneemery.fr\/wp-content\/uploads\/2019\/04\/05180_emery_floconroseparfait56-50x50.jpg\" class=\"attachment-thumbnail size-thumbnail\" alt=\"L(e)s 100 Flocons Parfaits - Flocon rose 56 \u2013 acrylique et huile sur toile 22 x 27 cm \u2013 2018\" decoding=\"async\" loading=\"lazy\" \/><\/a>\n\t\t\t<\/div><\/figure><figure class='gallery-item'>\n\t\t\t<div class='gallery-icon landscape'>\n\t\t\t\t<a href='https:\/\/www.anneemery.fr\/wp-content\/uploads\/2019\/04\/05450_emery_floconroseparfait83.jpg'><img width=\"50\" height=\"50\" src=\"https:\/\/www.anneemery.fr\/wp-content\/uploads\/2019\/04\/05450_emery_floconroseparfait83-50x50.jpg\" class=\"attachment-thumbnail size-thumbnail\" alt=\"L(e)s 100 Flocons Parfaits - Flocon rose 83 \u2013 acrylique et huile sur toile 22 x 27 cm \u2013 2018\" decoding=\"async\" loading=\"lazy\" \/><\/a>\n\t\t\t<\/div><\/figure><figure class='gallery-item'>\n\t\t\t<div class='gallery-icon landscape'>\n\t\t\t\t<a href='https:\/\/www.anneemery.fr\/wp-content\/uploads\/2019\/04\/05170_emery_floconroseparfait55.jpg'><img width=\"50\" height=\"50\" src=\"https:\/\/www.anneemery.fr\/wp-content\/uploads\/2019\/04\/05170_emery_floconroseparfait55-50x50.jpg\" class=\"attachment-thumbnail size-thumbnail\" alt=\"L(e)s 100 Flocons Parfaits - Flocon rose 55 \u2013 acrylique et huile sur toile 22 x 27 cm \u2013 2018\" decoding=\"async\" loading=\"lazy\" \/><\/a>\n\t\t\t<\/div><\/figure><figure class='gallery-item'>\n\t\t\t<div class='gallery-icon landscape'>\n\t\t\t\t<a href='https:\/\/www.anneemery.fr\/wp-content\/uploads\/2019\/04\/05300_emery_floconroseparfait68.jpg'><img width=\"50\" height=\"50\" src=\"https:\/\/www.anneemery.fr\/wp-content\/uploads\/2019\/04\/05300_emery_floconroseparfait68-50x50.jpg\" class=\"attachment-thumbnail size-thumbnail\" alt=\"L(e)s 100 Flocons Parfaits - Flocon rose 68 \u2013 acrylique et huile sur toile 22 x 27 cm \u2013 2018\" decoding=\"async\" loading=\"lazy\" \/><\/a>\n\t\t\t<\/div><\/figure><figure class='gallery-item'>\n\t\t\t<div class='gallery-icon landscape'>\n\t\t\t\t<a href='https:\/\/www.anneemery.fr\/wp-content\/uploads\/2019\/04\/05210_emery_floconroseparfait59.jpg'><img width=\"50\" height=\"50\" src=\"https:\/\/www.anneemery.fr\/wp-content\/uploads\/2019\/04\/05210_emery_floconroseparfait59-50x50.jpg\" class=\"attachment-thumbnail size-thumbnail\" alt=\"L(e)s 100 Flocons Parfaits - Flocon rose 59 \u2013 acrylique et huile sur toile 22 x 27 cm \u2013 2018\" decoding=\"async\" loading=\"lazy\" \/><\/a>\n\t\t\t<\/div><\/figure><figure class='gallery-item'>\n\t\t\t<div class='gallery-icon landscape'>\n\t\t\t\t<a href='https:\/\/www.anneemery.fr\/wp-content\/uploads\/2019\/04\/05290_emery_floconroseparfait67.jpg'><img width=\"50\" height=\"50\" src=\"https:\/\/www.anneemery.fr\/wp-content\/uploads\/2019\/04\/05290_emery_floconroseparfait67-50x50.jpg\" class=\"attachment-thumbnail size-thumbnail\" alt=\"L(e)s 100 Flocons Parfaits - Flocon rose 67 \u2013 acrylique et huile sur toile 22 x 27 cm \u2013 2018\" decoding=\"async\" loading=\"lazy\" \/><\/a>\n\t\t\t<\/div><\/figure><figure class='gallery-item'>\n\t\t\t<div class='gallery-icon landscape'>\n\t\t\t\t<a href='https:\/\/www.anneemery.fr\/wp-content\/uploads\/2019\/04\/05240_emery_floconroseparfait62.jpg'><img width=\"50\" height=\"50\" src=\"https:\/\/www.anneemery.fr\/wp-content\/uploads\/2019\/04\/05240_emery_floconroseparfait62-50x50.jpg\" class=\"attachment-thumbnail size-thumbnail\" alt=\"L(e)s 100 Flocons Parfaits - Flocon rose 62 \u2013 acrylique et huile sur toile 22 x 27 cm \u2013 2018\" decoding=\"async\" loading=\"lazy\" \/><\/a>\n\t\t\t<\/div><\/figure><figure class='gallery-item'>\n\t\t\t<div class='gallery-icon landscape'>\n\t\t\t\t<a href='https:\/\/www.anneemery.fr\/wp-content\/uploads\/2019\/04\/03920_emery_floconroseparfait19.jpg'><img width=\"50\" height=\"50\" src=\"https:\/\/www.anneemery.fr\/wp-content\/uploads\/2019\/04\/03920_emery_floconroseparfait19-50x50.jpg\" class=\"attachment-thumbnail size-thumbnail\" alt=\"L(e)s 100 Flocons Parfaits - Flocon rose 19 \u2013 acrylique et huile sur toile 22 x 27 cm \u2013 2018\" decoding=\"async\" loading=\"lazy\" \/><\/a>\n\t\t\t<\/div><\/figure><figure class='gallery-item'>\n\t\t\t<div class='gallery-icon landscape'>\n\t\t\t\t<a href='https:\/\/www.anneemery.fr\/wp-content\/uploads\/2023\/01\/08010_emery_vestiges_broderies_26-scaled.jpg'><img width=\"50\" height=\"50\" src=\"https:\/\/www.anneemery.fr\/wp-content\/uploads\/2023\/01\/08010_emery_vestiges_broderies_26-50x50.jpg\" class=\"attachment-thumbnail size-thumbnail\" alt=\"Vestiges et broderies 26 - acrylique sur toile - 22 x 27 cm - 2023\" decoding=\"async\" loading=\"lazy\" \/><\/a>\n\t\t\t<\/div><\/figure><figure class='gallery-item'>\n\t\t\t<div class='gallery-icon landscape'>\n\t\t\t\t<a href='https:\/\/www.anneemery.fr\/wp-content\/uploads\/2023\/01\/08020_emery_vestiges_broderies-27-scaled.jpg'><img width=\"50\" height=\"50\" src=\"https:\/\/www.anneemery.fr\/wp-content\/uploads\/2023\/01\/08020_emery_vestiges_broderies-27-50x50.jpg\" class=\"attachment-thumbnail size-thumbnail\" alt=\"Vestiges et broderies 27 - acrylique sur toile - 22 x 27 cm - 2023\" decoding=\"async\" loading=\"lazy\" \/><\/a>\n\t\t\t<\/div><\/figure><figure class='gallery-item'>\n\t\t\t<div class='gallery-icon landscape'>\n\t\t\t\t<a href='https:\/\/www.anneemery.fr\/wp-content\/uploads\/2023\/01\/08030_emery_vestiges_broderies-28-scaled.jpg'><img width=\"50\" height=\"50\" src=\"https:\/\/www.anneemery.fr\/wp-content\/uploads\/2023\/01\/08030_emery_vestiges_broderies-28-50x50.jpg\" class=\"attachment-thumbnail size-thumbnail\" alt=\"Vestiges et broderies 28 - acrylique sur toile - 22 x 27 cm - 2023\" decoding=\"async\" loading=\"lazy\" \/><\/a>\n\t\t\t<\/div><\/figure><figure class='gallery-item'>\n\t\t\t<div class='gallery-icon landscape'>\n\t\t\t\t<a href='https:\/\/www.anneemery.fr\/wp-content\/uploads\/2023\/01\/08040_emery_vestiges_broderies-29.jpg'><img width=\"50\" height=\"50\" src=\"https:\/\/www.anneemery.fr\/wp-content\/uploads\/2023\/01\/08040_emery_vestiges_broderies-29-50x50.jpg\" class=\"attachment-thumbnail size-thumbnail\" alt=\"Vestiges et broderies 29 - acrylique sur toile - 22 x 27 cm - 2023\" decoding=\"async\" loading=\"lazy\" \/><\/a>\n\t\t\t<\/div><\/figure><figure class='gallery-item'>\n\t\t\t<div class='gallery-icon landscape'>\n\t\t\t\t<a href='https:\/\/www.anneemery.fr\/wp-content\/uploads\/2023\/01\/08050_emery_vestiges_broderies30-scaled.jpg'><img width=\"50\" height=\"50\" src=\"https:\/\/www.anneemery.fr\/wp-content\/uploads\/2023\/01\/08050_emery_vestiges_broderies30-50x50.jpg\" class=\"attachment-thumbnail size-thumbnail\" alt=\"Vestiges et broderies 30 - acrylique sur toile - 22 x 27 cm - 2023\" decoding=\"async\" loading=\"lazy\" \/><\/a>\n\t\t\t<\/div><\/figure><figure class='gallery-item'>\n\t\t\t<div class='gallery-icon landscape'>\n\t\t\t\t<a href='https:\/\/www.anneemery.fr\/wp-content\/uploads\/2015\/11\/01900_emery_parterreswan1.jpg'><img width=\"50\" height=\"50\" src=\"https:\/\/www.anneemery.fr\/wp-content\/uploads\/2015\/11\/01900_emery_parterreswan1-50x50.jpg\" class=\"attachment-thumbnail size-thumbnail\" alt=\"Parterre 1 \u00ab\u00a0Du c\u00f4t\u00e9 de chez Swann\u00a0\u00bb672 intrigants de couleurs. Collage acrylique sur papier -4 fois 75 x 75 cm - 2015\" decoding=\"async\" loading=\"lazy\" \/><\/a>\n\t\t\t<\/div><\/figure><figure class='gallery-item'>\n\t\t\t<div class='gallery-icon landscape'>\n\t\t\t\t<a href='https:\/\/www.anneemery.fr\/wp-content\/uploads\/2023\/01\/07480_emery_swann_fragment1-scaled.jpg'><img width=\"50\" height=\"50\" src=\"https:\/\/www.anneemery.fr\/wp-content\/uploads\/2023\/01\/07480_emery_swann_fragment1-50x50.jpg\" class=\"attachment-thumbnail size-thumbnail\" alt=\"Tome 1- Du c\u00f4t\u00e9 de chez Swann - Marcel Proust - 1927 - Parterre 1 - 672 intrigants de couleurs - Fragment 1 (x4) - 75 x 75 cm - acrylique sur papier - 2015\/2023\" decoding=\"async\" loading=\"lazy\" srcset=\"https:\/\/www.anneemery.fr\/wp-content\/uploads\/2023\/01\/07480_emery_swann_fragment1-50x50.jpg 50w, https:\/\/www.anneemery.fr\/wp-content\/uploads\/2023\/01\/07480_emery_swann_fragment1-300x295.jpg 300w, https:\/\/www.anneemery.fr\/wp-content\/uploads\/2023\/01\/07480_emery_swann_fragment1-1024x1008.jpg 1024w, https:\/\/www.anneemery.fr\/wp-content\/uploads\/2023\/01\/07480_emery_swann_fragment1-1536x1512.jpg 1536w, https:\/\/www.anneemery.fr\/wp-content\/uploads\/2023\/01\/07480_emery_swann_fragment1-2048x2016.jpg 2048w\" sizes=\"(max-width: 50px) 100vw, 50px\" \/><\/a>\n\t\t\t<\/div><\/figure><figure class='gallery-item'>\n\t\t\t<div class='gallery-icon landscape'>\n\t\t\t\t<a href='https:\/\/www.anneemery.fr\/wp-content\/uploads\/2015\/11\/03480_emery_portraitjfrubans-1.jpg'><img width=\"50\" height=\"50\" src=\"https:\/\/www.anneemery.fr\/wp-content\/uploads\/2015\/11\/03480_emery_portraitjfrubans-1-50x50.jpg\" class=\"attachment-thumbnail size-thumbnail\" alt=\"Portrait de la jeune fille \u00e0 l&#039;intrigant fleur et rubans - acrylique et huile sur toile 2 fois 27 x 22 cm \u2013 2018\" decoding=\"async\" loading=\"lazy\" \/><\/a>\n\t\t\t<\/div><\/figure><figure class='gallery-item'>\n\t\t\t<div class='gallery-icon landscape'>\n\t\t\t\t<a href='https:\/\/www.anneemery.fr\/wp-content\/uploads\/2023\/01\/07490_emery_swann_fragment2.jpg'><img width=\"50\" height=\"50\" src=\"https:\/\/www.anneemery.fr\/wp-content\/uploads\/2023\/01\/07490_emery_swann_fragment2-50x50.jpg\" class=\"attachment-thumbnail size-thumbnail\" alt=\"Tome 1- Du c\u00f4t\u00e9 de chez Swann - Marcel Proust - 1927 - Parterre 1 - 672 intrigants de couleurs - Fragment 2 (x4) - 75 x 75 cm - acrylique sur papier - 2015\/2023\" decoding=\"async\" loading=\"lazy\" srcset=\"https:\/\/www.anneemery.fr\/wp-content\/uploads\/2023\/01\/07490_emery_swann_fragment2-50x50.jpg 50w, https:\/\/www.anneemery.fr\/wp-content\/uploads\/2023\/01\/07490_emery_swann_fragment2-300x296.jpg 300w, https:\/\/www.anneemery.fr\/wp-content\/uploads\/2023\/01\/07490_emery_swann_fragment2-1024x1011.jpg 1024w, https:\/\/www.anneemery.fr\/wp-content\/uploads\/2023\/01\/07490_emery_swann_fragment2-1536x1517.jpg 1536w, https:\/\/www.anneemery.fr\/wp-content\/uploads\/2023\/01\/07490_emery_swann_fragment2-2048x2022.jpg 2048w\" sizes=\"(max-width: 50px) 100vw, 50px\" \/><\/a>\n\t\t\t<\/div><\/figure><figure class='gallery-item'>\n\t\t\t<div class='gallery-icon landscape'>\n\t\t\t\t<a href='https:\/\/www.anneemery.fr\/wp-content\/uploads\/2023\/01\/07500_emery_swann_fragment3-1.jpg'><img width=\"50\" height=\"50\" src=\"https:\/\/www.anneemery.fr\/wp-content\/uploads\/2023\/01\/07500_emery_swann_fragment3-1-50x50.jpg\" class=\"attachment-thumbnail size-thumbnail\" alt=\"Tome 1- Du c\u00f4t\u00e9 de chez Swann - Marcel Proust - 1927 - Parterre 1 - 672 intrigants de couleurs - Fragment 3 (x4) - 75 x 75 cm - acrylique sur papier - 2015\/2023\" decoding=\"async\" loading=\"lazy\" \/><\/a>\n\t\t\t<\/div><\/figure><figure class='gallery-item'>\n\t\t\t<div class='gallery-icon landscape'>\n\t\t\t\t<a href='https:\/\/www.anneemery.fr\/wp-content\/uploads\/2023\/01\/07510_emery_swann_fragment4.jpg'><img width=\"50\" height=\"50\" src=\"https:\/\/www.anneemery.fr\/wp-content\/uploads\/2023\/01\/07510_emery_swann_fragment4-50x50.jpg\" class=\"attachment-thumbnail size-thumbnail\" alt=\"Tome 1- Du c\u00f4t\u00e9 de chez Swann - Marcel Proust - 1927 - Parterre 1 - 672 intrigants de couleurs - Fragment 4 (x4) - 75 x 75 cm - acrylique sur papier - 2015\/2023\" decoding=\"async\" loading=\"lazy\" srcset=\"https:\/\/www.anneemery.fr\/wp-content\/uploads\/2023\/01\/07510_emery_swann_fragment4-50x50.jpg 50w, https:\/\/www.anneemery.fr\/wp-content\/uploads\/2023\/01\/07510_emery_swann_fragment4-300x295.jpg 300w, https:\/\/www.anneemery.fr\/wp-content\/uploads\/2023\/01\/07510_emery_swann_fragment4-1024x1008.jpg 1024w, https:\/\/www.anneemery.fr\/wp-content\/uploads\/2023\/01\/07510_emery_swann_fragment4-1536x1512.jpg 1536w, https:\/\/www.anneemery.fr\/wp-content\/uploads\/2023\/01\/07510_emery_swann_fragment4-2048x2016.jpg 2048w\" sizes=\"(max-width: 50px) 100vw, 50px\" \/><\/a>\n\t\t\t<\/div><\/figure><figure class='gallery-item'>\n\t\t\t<div class='gallery-icon landscape'>\n\t\t\t\t<a href='https:\/\/www.anneemery.fr\/wp-content\/uploads\/2015\/11\/01910_emery_parterrejeunfilles2.jpg'><img width=\"50\" height=\"50\" src=\"https:\/\/www.anneemery.fr\/wp-content\/uploads\/2015\/11\/01910_emery_parterrejeunfilles2-50x50.jpg\" class=\"attachment-thumbnail size-thumbnail\" alt=\"Parterre 2 \u00abA l&#039;ombre des jeunes filles en fleurs\u00bb710 intrigants de couleurs. Collage acrylique sur papier -4 fois 75 x 75 cm - 2015\" decoding=\"async\" loading=\"lazy\" \/><\/a>\n\t\t\t<\/div><\/figure><figure class='gallery-item'>\n\t\t\t<div class='gallery-icon landscape'>\n\t\t\t\t<a href='https:\/\/www.anneemery.fr\/wp-content\/uploads\/2023\/01\/07520_emery_jeune_filles_fragment1.jpg'><img width=\"50\" height=\"50\" src=\"https:\/\/www.anneemery.fr\/wp-content\/uploads\/2023\/01\/07520_emery_jeune_filles_fragment1-50x50.jpg\" class=\"attachment-thumbnail size-thumbnail\" alt=\"Tome 2 - A l&#039;ombre des jeunes filles en fleurs - Marcel Proust - 1919 - Parterre 2 - 754 intrigants de couleurs - Fragment 1 (x4) - 75 x 75 cm - acrylique sur papier - 2015\/2023\" decoding=\"async\" loading=\"lazy\" srcset=\"https:\/\/www.anneemery.fr\/wp-content\/uploads\/2023\/01\/07520_emery_jeune_filles_fragment1-50x50.jpg 50w, https:\/\/www.anneemery.fr\/wp-content\/uploads\/2023\/01\/07520_emery_jeune_filles_fragment1-300x300.jpg 300w, https:\/\/www.anneemery.fr\/wp-content\/uploads\/2023\/01\/07520_emery_jeune_filles_fragment1-1024x1019.jpg 1024w, https:\/\/www.anneemery.fr\/wp-content\/uploads\/2023\/01\/07520_emery_jeune_filles_fragment1-1536x1529.jpg 1536w, https:\/\/www.anneemery.fr\/wp-content\/uploads\/2023\/01\/07520_emery_jeune_filles_fragment1-2048x2039.jpg 2048w\" sizes=\"(max-width: 50px) 100vw, 50px\" \/><\/a>\n\t\t\t<\/div><\/figure><figure class='gallery-item'>\n\t\t\t<div class='gallery-icon landscape'>\n\t\t\t\t<a href='https:\/\/www.anneemery.fr\/wp-content\/uploads\/2023\/01\/07530_emery_jeune_filles_fragment2.jpg'><img width=\"50\" height=\"50\" src=\"https:\/\/www.anneemery.fr\/wp-content\/uploads\/2023\/01\/07530_emery_jeune_filles_fragment2-50x50.jpg\" class=\"attachment-thumbnail size-thumbnail\" alt=\"Tome 2 - A l&#039;ombre des jeunes filles en fleurs - Marcel Proust - 1919 - Parterre 2 - 754 intrigants de couleurs - Fragment 2 (x4) - 75 x 75 cm - acrylique sur papier - 2015\/2023\" decoding=\"async\" loading=\"lazy\" srcset=\"https:\/\/www.anneemery.fr\/wp-content\/uploads\/2023\/01\/07530_emery_jeune_filles_fragment2-50x50.jpg 50w, https:\/\/www.anneemery.fr\/wp-content\/uploads\/2023\/01\/07530_emery_jeune_filles_fragment2-300x293.jpg 300w, https:\/\/www.anneemery.fr\/wp-content\/uploads\/2023\/01\/07530_emery_jeune_filles_fragment2-1024x1000.jpg 1024w, https:\/\/www.anneemery.fr\/wp-content\/uploads\/2023\/01\/07530_emery_jeune_filles_fragment2-1536x1500.jpg 1536w, https:\/\/www.anneemery.fr\/wp-content\/uploads\/2023\/01\/07530_emery_jeune_filles_fragment2-2048x2000.jpg 2048w\" sizes=\"(max-width: 50px) 100vw, 50px\" \/><\/a>\n\t\t\t<\/div><\/figure><figure class='gallery-item'>\n\t\t\t<div class='gallery-icon landscape'>\n\t\t\t\t<a href='https:\/\/www.anneemery.fr\/wp-content\/uploads\/2023\/01\/07540_emery_jeune_filles_fragment3.jpg'><img width=\"50\" height=\"50\" src=\"https:\/\/www.anneemery.fr\/wp-content\/uploads\/2023\/01\/07540_emery_jeune_filles_fragment3-50x50.jpg\" class=\"attachment-thumbnail size-thumbnail\" alt=\"Tome 2 - A l&#039;ombre des jeunes filles en fleurs - Marcel Proust - 1919 - Parterre 2 - 754 intrigants de couleurs - Fragment 3 (x4) - 75 x 75 cm - acrylique sur papier - 2015\/2023\" decoding=\"async\" loading=\"lazy\" srcset=\"https:\/\/www.anneemery.fr\/wp-content\/uploads\/2023\/01\/07540_emery_jeune_filles_fragment3-50x50.jpg 50w, https:\/\/www.anneemery.fr\/wp-content\/uploads\/2023\/01\/07540_emery_jeune_filles_fragment3-300x300.jpg 300w, https:\/\/www.anneemery.fr\/wp-content\/uploads\/2023\/01\/07540_emery_jeune_filles_fragment3-1024x1022.jpg 1024w, https:\/\/www.anneemery.fr\/wp-content\/uploads\/2023\/01\/07540_emery_jeune_filles_fragment3-1536x1533.jpg 1536w, https:\/\/www.anneemery.fr\/wp-content\/uploads\/2023\/01\/07540_emery_jeune_filles_fragment3-2048x2043.jpg 2048w\" sizes=\"(max-width: 50px) 100vw, 50px\" \/><\/a>\n\t\t\t<\/div><\/figure><figure class='gallery-item'>\n\t\t\t<div class='gallery-icon landscape'>\n\t\t\t\t<a href='https:\/\/www.anneemery.fr\/wp-content\/uploads\/2023\/01\/07550_emery_jeune_filles_fragment4.jpg'><img width=\"50\" height=\"50\" src=\"https:\/\/www.anneemery.fr\/wp-content\/uploads\/2023\/01\/07550_emery_jeune_filles_fragment4-50x50.jpg\" class=\"attachment-thumbnail size-thumbnail\" alt=\"Tome 2 - A l&#039;ombre des jeunes filles en fleurs - Marcel Proust - 1919 - Parterre 2 - 754 intrigants de couleurs - Fragment 4 (x4) - 75 x 75 cm - acrylique sur papier - 2015\/2023\" decoding=\"async\" loading=\"lazy\" srcset=\"https:\/\/www.anneemery.fr\/wp-content\/uploads\/2023\/01\/07550_emery_jeune_filles_fragment4-50x50.jpg 50w, https:\/\/www.anneemery.fr\/wp-content\/uploads\/2023\/01\/07550_emery_jeune_filles_fragment4-300x300.jpg 300w, https:\/\/www.anneemery.fr\/wp-content\/uploads\/2023\/01\/07550_emery_jeune_filles_fragment4-1024x1020.jpg 1024w, https:\/\/www.anneemery.fr\/wp-content\/uploads\/2023\/01\/07550_emery_jeune_filles_fragment4-1536x1529.jpg 1536w, https:\/\/www.anneemery.fr\/wp-content\/uploads\/2023\/01\/07550_emery_jeune_filles_fragment4-2048x2039.jpg 2048w\" sizes=\"(max-width: 50px) 100vw, 50px\" \/><\/a>\n\t\t\t<\/div><\/figure><figure class='gallery-item'>\n\t\t\t<div class='gallery-icon landscape'>\n\t\t\t\t<a href='https:\/\/www.anneemery.fr\/wp-content\/uploads\/2015\/11\/01920_emery_parterreguer3.jpg'><img width=\"50\" height=\"50\" src=\"https:\/\/www.anneemery.fr\/wp-content\/uploads\/2015\/11\/01920_emery_parterreguer3-50x50.jpg\" class=\"attachment-thumbnail size-thumbnail\" alt=\"Parterre 3 \u00abLe c\u00f4t\u00e9 de Guermantes\u00bb754 intrigants de couleurs. Collage acrylique sur papier -4 fois 75 x 75 cm - 2015\" decoding=\"async\" loading=\"lazy\" \/><\/a>\n\t\t\t<\/div><\/figure><figure class='gallery-item'>\n\t\t\t<div class='gallery-icon landscape'>\n\t\t\t\t<a href='https:\/\/www.anneemery.fr\/wp-content\/uploads\/2023\/01\/07560_emery_guermantes_fragment1.jpg'><img width=\"50\" height=\"50\" src=\"https:\/\/www.anneemery.fr\/wp-content\/uploads\/2023\/01\/07560_emery_guermantes_fragment1-50x50.jpg\" class=\"attachment-thumbnail size-thumbnail\" alt=\"Tome 3 - Le c\u00f4t\u00e9 de Guermantes - Marcel Proust - 1927 - Parterre 3 - 710 intrigants de couleurs - Fragment 1 (x4) - 75 x 75 cm - acrylique sur papier - 2015\/2023\" decoding=\"async\" loading=\"lazy\" srcset=\"https:\/\/www.anneemery.fr\/wp-content\/uploads\/2023\/01\/07560_emery_guermantes_fragment1-50x50.jpg 50w, https:\/\/www.anneemery.fr\/wp-content\/uploads\/2023\/01\/07560_emery_guermantes_fragment1-300x295.jpg 300w, https:\/\/www.anneemery.fr\/wp-content\/uploads\/2023\/01\/07560_emery_guermantes_fragment1-1024x1008.jpg 1024w, https:\/\/www.anneemery.fr\/wp-content\/uploads\/2023\/01\/07560_emery_guermantes_fragment1-1536x1512.jpg 1536w, https:\/\/www.anneemery.fr\/wp-content\/uploads\/2023\/01\/07560_emery_guermantes_fragment1-2048x2016.jpg 2048w\" sizes=\"(max-width: 50px) 100vw, 50px\" \/><\/a>\n\t\t\t<\/div><\/figure><figure class='gallery-item'>\n\t\t\t<div class='gallery-icon landscape'>\n\t\t\t\t<a href='https:\/\/www.anneemery.fr\/wp-content\/uploads\/2023\/01\/07570_emery_guermantes_fragment2.jpg'><img width=\"50\" height=\"50\" src=\"https:\/\/www.anneemery.fr\/wp-content\/uploads\/2023\/01\/07570_emery_guermantes_fragment2-50x50.jpg\" class=\"attachment-thumbnail size-thumbnail\" alt=\"Tome 3 -Le c\u00f4t\u00e9 de Guermantes - Marcel Proust - 1927 - Parterre 3 - 710 intrigants de couleurs - Fragment 2 (x4) - 75 x 75 cm - acrylique sur papier - 2015\/2023\" decoding=\"async\" loading=\"lazy\" srcset=\"https:\/\/www.anneemery.fr\/wp-content\/uploads\/2023\/01\/07570_emery_guermantes_fragment2-50x50.jpg 50w, https:\/\/www.anneemery.fr\/wp-content\/uploads\/2023\/01\/07570_emery_guermantes_fragment2-300x297.jpg 300w, https:\/\/www.anneemery.fr\/wp-content\/uploads\/2023\/01\/07570_emery_guermantes_fragment2-1024x1014.jpg 1024w, https:\/\/www.anneemery.fr\/wp-content\/uploads\/2023\/01\/07570_emery_guermantes_fragment2-1536x1521.jpg 1536w, https:\/\/www.anneemery.fr\/wp-content\/uploads\/2023\/01\/07570_emery_guermantes_fragment2-2048x2028.jpg 2048w\" sizes=\"(max-width: 50px) 100vw, 50px\" \/><\/a>\n\t\t\t<\/div><\/figure><figure class='gallery-item'>\n\t\t\t<div class='gallery-icon landscape'>\n\t\t\t\t<a href='https:\/\/www.anneemery.fr\/wp-content\/uploads\/2023\/01\/07580_emery_guermantes_fragment3.jpg'><img width=\"50\" height=\"50\" src=\"https:\/\/www.anneemery.fr\/wp-content\/uploads\/2023\/01\/07580_emery_guermantes_fragment3-50x50.jpg\" class=\"attachment-thumbnail size-thumbnail\" alt=\"Tome 3 -Le c\u00f4t\u00e9 de Guermantes - Marcel Proust - 1927 - Parterre 3 - 710 intrigants de couleurs - Fragment 3 (x4) - 75 x 75 cm - acrylique sur papier - 2015\/2023\" decoding=\"async\" loading=\"lazy\" srcset=\"https:\/\/www.anneemery.fr\/wp-content\/uploads\/2023\/01\/07580_emery_guermantes_fragment3-50x50.jpg 50w, https:\/\/www.anneemery.fr\/wp-content\/uploads\/2023\/01\/07580_emery_guermantes_fragment3-300x296.jpg 300w, https:\/\/www.anneemery.fr\/wp-content\/uploads\/2023\/01\/07580_emery_guermantes_fragment3-1024x1011.jpg 1024w, https:\/\/www.anneemery.fr\/wp-content\/uploads\/2023\/01\/07580_emery_guermantes_fragment3-1536x1517.jpg 1536w, https:\/\/www.anneemery.fr\/wp-content\/uploads\/2023\/01\/07580_emery_guermantes_fragment3-2048x2023.jpg 2048w\" sizes=\"(max-width: 50px) 100vw, 50px\" \/><\/a>\n\t\t\t<\/div><\/figure><figure class='gallery-item'>\n\t\t\t<div class='gallery-icon landscape'>\n\t\t\t\t<a href='https:\/\/www.anneemery.fr\/wp-content\/uploads\/2023\/01\/07590_emery_guermantes_fragment4-1.jpg'><img width=\"50\" height=\"50\" src=\"https:\/\/www.anneemery.fr\/wp-content\/uploads\/2023\/01\/07590_emery_guermantes_fragment4-1-50x50.jpg\" class=\"attachment-thumbnail size-thumbnail\" alt=\"Le c\u00f4t\u00e9 de Guermantes - Marcel Proust - 1927 - Parterre 3 - 710 intrigants de couleurs - Fragment 4 (x4) - 75 x 75 cm - acrylique sur papier - 2015\/2023\" decoding=\"async\" loading=\"lazy\" srcset=\"https:\/\/www.anneemery.fr\/wp-content\/uploads\/2023\/01\/07590_emery_guermantes_fragment4-1-50x50.jpg 50w, https:\/\/www.anneemery.fr\/wp-content\/uploads\/2023\/01\/07590_emery_guermantes_fragment4-1-300x295.jpg 300w, https:\/\/www.anneemery.fr\/wp-content\/uploads\/2023\/01\/07590_emery_guermantes_fragment4-1-1024x1009.jpg 1024w, https:\/\/www.anneemery.fr\/wp-content\/uploads\/2023\/01\/07590_emery_guermantes_fragment4-1-1536x1513.jpg 1536w, https:\/\/www.anneemery.fr\/wp-content\/uploads\/2023\/01\/07590_emery_guermantes_fragment4-1-2048x2017.jpg 2048w\" sizes=\"(max-width: 50px) 100vw, 50px\" \/><\/a>\n\t\t\t<\/div><\/figure><figure class='gallery-item'>\n\t\t\t<div class='gallery-icon landscape'>\n\t\t\t\t<a href='https:\/\/www.anneemery.fr\/wp-content\/uploads\/2015\/11\/01930_emery_parterresodom4.jpg'><img width=\"50\" height=\"50\" src=\"https:\/\/www.anneemery.fr\/wp-content\/uploads\/2015\/11\/01930_emery_parterresodom4-50x50.jpg\" class=\"attachment-thumbnail size-thumbnail\" alt=\"Parterre 4 \u00abSodome et Gomorrhe\u00bb404 intrigants de couleurs. Collage acrylique sur papier -4 fois 75 x 75 cm - 2015\" decoding=\"async\" loading=\"lazy\" \/><\/a>\n\t\t\t<\/div><\/figure><figure class='gallery-item'>\n\t\t\t<div class='gallery-icon landscape'>\n\t\t\t\t<a href='https:\/\/www.anneemery.fr\/wp-content\/uploads\/2015\/11\/01940_emery_parterrepriso5.jpg'><img width=\"50\" height=\"50\" src=\"https:\/\/www.anneemery.fr\/wp-content\/uploads\/2015\/11\/01940_emery_parterrepriso5-50x50.jpg\" class=\"attachment-thumbnail size-thumbnail\" alt=\"Parterre 5 \u00abLa prisonni\u00e8re\u00bb238 intrigants de couleurs. Collage acrylique sur papier -4 fois 75 x 75 cm - 2015\" decoding=\"async\" loading=\"lazy\" \/><\/a>\n\t\t\t<\/div><\/figure><figure class='gallery-item'>\n\t\t\t<div class='gallery-icon landscape'>\n\t\t\t\t<a href='https:\/\/www.anneemery.fr\/wp-content\/uploads\/2015\/11\/01950_emery_parterralber6.jpg'><img width=\"50\" height=\"50\" src=\"https:\/\/www.anneemery.fr\/wp-content\/uploads\/2015\/11\/01950_emery_parterralber6-50x50.jpg\" class=\"attachment-thumbnail size-thumbnail\" alt=\"Parterre 6 \u00abAlbertine disparue\u00bb672 intrigants de couleurs. Collage acrylique sur papier -4 fois 75 x 75 cm - 2015\" decoding=\"async\" loading=\"lazy\" srcset=\"https:\/\/www.anneemery.fr\/wp-content\/uploads\/2015\/11\/01950_emery_parterralber6-50x50.jpg 50w, https:\/\/www.anneemery.fr\/wp-content\/uploads\/2015\/11\/01950_emery_parterralber6-300x294.jpg 300w, https:\/\/www.anneemery.fr\/wp-content\/uploads\/2015\/11\/01950_emery_parterralber6.jpg 500w\" sizes=\"(max-width: 50px) 100vw, 50px\" \/><\/a>\n\t\t\t<\/div><\/figure><figure class='gallery-item'>\n\t\t\t<div class='gallery-icon landscape'>\n\t\t\t\t<a href='https:\/\/www.anneemery.fr\/wp-content\/uploads\/2015\/11\/01960_emery_parterretemp7-1.jpg'><img width=\"50\" height=\"50\" src=\"https:\/\/www.anneemery.fr\/wp-content\/uploads\/2015\/11\/01960_emery_parterretemp7-1-50x50.jpg\" class=\"attachment-thumbnail size-thumbnail\" alt=\"Parterre 7 \u00abLe temps retrouv\u00e9\u00bb226 intrigants de couleurs. Collage acrylique sur papier -4 fois 75 x 75 cm - 2015\" decoding=\"async\" loading=\"lazy\" srcset=\"https:\/\/www.anneemery.fr\/wp-content\/uploads\/2015\/11\/01960_emery_parterretemp7-1-50x50.jpg 50w, https:\/\/www.anneemery.fr\/wp-content\/uploads\/2015\/11\/01960_emery_parterretemp7-1-300x294.jpg 300w, https:\/\/www.anneemery.fr\/wp-content\/uploads\/2015\/11\/01960_emery_parterretemp7-1.jpg 600w\" sizes=\"(max-width: 50px) 100vw, 50px\" \/><\/a>\n\t\t\t<\/div><\/figure><figure class='gallery-item'>\n\t\t\t<div class='gallery-icon landscape'>\n\t\t\t\t<a href='https:\/\/www.anneemery.fr\/wp-content\/uploads\/2023\/01\/07440_emeryletempsretrouve_fragment1.jpg'><img width=\"50\" height=\"50\" src=\"https:\/\/www.anneemery.fr\/wp-content\/uploads\/2023\/01\/07440_emeryletempsretrouve_fragment1-50x50.jpg\" class=\"attachment-thumbnail size-thumbnail\" alt=\"Le temps retrouv\u00e9 - Marcel Proust - 1927 - Parterre 7 - 226 intrigants de couleurs - Fragment 1 (x4) - 75 x 75 cm - acrylique sur papier - 2015\/2023\" decoding=\"async\" loading=\"lazy\" srcset=\"https:\/\/www.anneemery.fr\/wp-content\/uploads\/2023\/01\/07440_emeryletempsretrouve_fragment1-50x50.jpg 50w, https:\/\/www.anneemery.fr\/wp-content\/uploads\/2023\/01\/07440_emeryletempsretrouve_fragment1-300x298.jpg 300w, https:\/\/www.anneemery.fr\/wp-content\/uploads\/2023\/01\/07440_emeryletempsretrouve_fragment1-1024x1017.jpg 1024w, https:\/\/www.anneemery.fr\/wp-content\/uploads\/2023\/01\/07440_emeryletempsretrouve_fragment1-1536x1525.jpg 1536w, https:\/\/www.anneemery.fr\/wp-content\/uploads\/2023\/01\/07440_emeryletempsretrouve_fragment1-2048x2034.jpg 2048w\" sizes=\"(max-width: 50px) 100vw, 50px\" \/><\/a>\n\t\t\t<\/div><\/figure><figure class='gallery-item'>\n\t\t\t<div class='gallery-icon portrait'>\n\t\t\t\t<a href='https:\/\/www.anneemery.fr\/wp-content\/uploads\/2023\/01\/07450_emery_letempsretrouve_fragment2.jpg'><img width=\"50\" height=\"50\" src=\"https:\/\/www.anneemery.fr\/wp-content\/uploads\/2023\/01\/07450_emery_letempsretrouve_fragment2-50x50.jpg\" class=\"attachment-thumbnail size-thumbnail\" alt=\"Le temps retrouv\u00e9 - Marcel Proust - 1927 - Parterre 7 - 226 intrigants de couleurs - Fragment 2 (x4) - 75 x 75 cm - acrylique sur papier - 2015\/2023\" decoding=\"async\" loading=\"lazy\" srcset=\"https:\/\/www.anneemery.fr\/wp-content\/uploads\/2023\/01\/07450_emery_letempsretrouve_fragment2-50x50.jpg 50w, https:\/\/www.anneemery.fr\/wp-content\/uploads\/2023\/01\/07450_emery_letempsretrouve_fragment2-297x300.jpg 297w, https:\/\/www.anneemery.fr\/wp-content\/uploads\/2023\/01\/07450_emery_letempsretrouve_fragment2-1012x1024.jpg 1012w, https:\/\/www.anneemery.fr\/wp-content\/uploads\/2023\/01\/07450_emery_letempsretrouve_fragment2-1518x1536.jpg 1518w, https:\/\/www.anneemery.fr\/wp-content\/uploads\/2023\/01\/07450_emery_letempsretrouve_fragment2-2025x2048.jpg 2025w\" sizes=\"(max-width: 50px) 100vw, 50px\" \/><\/a>\n\t\t\t<\/div><\/figure><figure class='gallery-item'>\n\t\t\t<div class='gallery-icon landscape'>\n\t\t\t\t<a href='https:\/\/www.anneemery.fr\/wp-content\/uploads\/2023\/01\/07460_emery_letempsretrouve_fragment3.jpg'><img width=\"50\" height=\"50\" src=\"https:\/\/www.anneemery.fr\/wp-content\/uploads\/2023\/01\/07460_emery_letempsretrouve_fragment3-50x50.jpg\" class=\"attachment-thumbnail size-thumbnail\" alt=\"Tome 7 - Le temps retrouv\u00e9 - Marcel Proust - 1927 - Parterre 7 - 226 intrigants de couleurs - Fragment 3 (x4) - 75 x 75 cm - acrylique sur papier - 2015\/2023\" decoding=\"async\" loading=\"lazy\" srcset=\"https:\/\/www.anneemery.fr\/wp-content\/uploads\/2023\/01\/07460_emery_letempsretrouve_fragment3-50x50.jpg 50w, https:\/\/www.anneemery.fr\/wp-content\/uploads\/2023\/01\/07460_emery_letempsretrouve_fragment3-300x300.jpg 300w, https:\/\/www.anneemery.fr\/wp-content\/uploads\/2023\/01\/07460_emery_letempsretrouve_fragment3-1024x1022.jpg 1024w, https:\/\/www.anneemery.fr\/wp-content\/uploads\/2023\/01\/07460_emery_letempsretrouve_fragment3-1536x1533.jpg 1536w, https:\/\/www.anneemery.fr\/wp-content\/uploads\/2023\/01\/07460_emery_letempsretrouve_fragment3-2048x2044.jpg 2048w\" sizes=\"(max-width: 50px) 100vw, 50px\" \/><\/a>\n\t\t\t<\/div><\/figure><figure class='gallery-item'>\n\t\t\t<div class='gallery-icon landscape'>\n\t\t\t\t<a href='https:\/\/www.anneemery.fr\/wp-content\/uploads\/2023\/01\/07470_emery.letempsretrouve_fragment4-1.jpg'><img width=\"50\" height=\"50\" src=\"https:\/\/www.anneemery.fr\/wp-content\/uploads\/2023\/01\/07470_emery.letempsretrouve_fragment4-1-50x50.jpg\" class=\"attachment-thumbnail size-thumbnail\" alt=\"Tome 7 - Le temps retrouv\u00e9 - Marcel Proust - 1927 Parterre 7 - 226 intrigants de couleurs - Fragment 4 (x4) 75 x 75 cm - acrylique sur papier - 2015\/2023\" decoding=\"async\" loading=\"lazy\" srcset=\"https:\/\/www.anneemery.fr\/wp-content\/uploads\/2023\/01\/07470_emery.letempsretrouve_fragment4-1-50x50.jpg 50w, https:\/\/www.anneemery.fr\/wp-content\/uploads\/2023\/01\/07470_emery.letempsretrouve_fragment4-1-300x292.jpg 300w, https:\/\/www.anneemery.fr\/wp-content\/uploads\/2023\/01\/07470_emery.letempsretrouve_fragment4-1-1024x996.jpg 1024w, https:\/\/www.anneemery.fr\/wp-content\/uploads\/2023\/01\/07470_emery.letempsretrouve_fragment4-1-1536x1494.jpg 1536w, https:\/\/www.anneemery.fr\/wp-content\/uploads\/2023\/01\/07470_emery.letempsretrouve_fragment4-1-2048x1991.jpg 2048w\" sizes=\"(max-width: 50px) 100vw, 50px\" \/><\/a>\n\t\t\t<\/div><\/figure><figure class='gallery-item'>\n\t\t\t<div class='gallery-icon landscape'>\n\t\t\t\t<a href='https:\/\/www.anneemery.fr\/wp-content\/uploads\/2023\/01\/08060_emery_fragment1_swann.jpg'><img width=\"50\" height=\"50\" src=\"https:\/\/www.anneemery.fr\/wp-content\/uploads\/2023\/01\/08060_emery_fragment1_swann-50x50.jpg\" class=\"attachment-thumbnail size-thumbnail\" alt=\"Fragment 1 - Extraits - Swann - Marcel Proust -Technique mixte sur papier - 75 x 75 cm - 2015\" decoding=\"async\" loading=\"lazy\" srcset=\"https:\/\/www.anneemery.fr\/wp-content\/uploads\/2023\/01\/08060_emery_fragment1_swann-50x50.jpg 50w, https:\/\/www.anneemery.fr\/wp-content\/uploads\/2023\/01\/08060_emery_fragment1_swann-300x300.jpg 300w, https:\/\/www.anneemery.fr\/wp-content\/uploads\/2023\/01\/08060_emery_fragment1_swann-1024x1022.jpg 1024w, https:\/\/www.anneemery.fr\/wp-content\/uploads\/2023\/01\/08060_emery_fragment1_swann-1536x1533.jpg 1536w, https:\/\/www.anneemery.fr\/wp-content\/uploads\/2023\/01\/08060_emery_fragment1_swann-2048x2044.jpg 2048w\" sizes=\"(max-width: 50px) 100vw, 50px\" \/><\/a>\n\t\t\t<\/div><\/figure><figure class='gallery-item'>\n\t\t\t<div class='gallery-icon portrait'>\n\t\t\t\t<a href='https:\/\/www.anneemery.fr\/wp-content\/uploads\/2023\/01\/08070_emery_fragment2_swann.jpg'><img width=\"50\" height=\"50\" src=\"https:\/\/www.anneemery.fr\/wp-content\/uploads\/2023\/01\/08070_emery_fragment2_swann-50x50.jpg\" class=\"attachment-thumbnail size-thumbnail\" alt=\"Fragment 2 - Extraits - Swann - Marcel Proust -Technique mixte sur papier - 75 x 75 cm - 2015\" decoding=\"async\" loading=\"lazy\" \/><\/a>\n\t\t\t<\/div><\/figure><figure class='gallery-item'>\n\t\t\t<div class='gallery-icon portrait'>\n\t\t\t\t<a href='https:\/\/www.anneemery.fr\/wp-content\/uploads\/2023\/01\/08080_emery_fragment3_swann.jpg'><img width=\"50\" height=\"50\" src=\"https:\/\/www.anneemery.fr\/wp-content\/uploads\/2023\/01\/08080_emery_fragment3_swann-50x50.jpg\" class=\"attachment-thumbnail size-thumbnail\" alt=\"Fragment 3 - Extraits - Swann - Marcel Proust -Technique mixte sur papier - 75 x 75 cm - 2015\" decoding=\"async\" loading=\"lazy\" srcset=\"https:\/\/www.anneemery.fr\/wp-content\/uploads\/2023\/01\/08080_emery_fragment3_swann-50x50.jpg 50w, https:\/\/www.anneemery.fr\/wp-content\/uploads\/2023\/01\/08080_emery_fragment3_swann-298x300.jpg 298w, https:\/\/www.anneemery.fr\/wp-content\/uploads\/2023\/01\/08080_emery_fragment3_swann-1018x1024.jpg 1018w, https:\/\/www.anneemery.fr\/wp-content\/uploads\/2023\/01\/08080_emery_fragment3_swann-1527x1536.jpg 1527w, https:\/\/www.anneemery.fr\/wp-content\/uploads\/2023\/01\/08080_emery_fragment3_swann-2035x2048.jpg 2035w\" sizes=\"(max-width: 50px) 100vw, 50px\" \/><\/a>\n\t\t\t<\/div><\/figure><figure class='gallery-item'>\n\t\t\t<div class='gallery-icon landscape'>\n\t\t\t\t<a href='https:\/\/www.anneemery.fr\/wp-content\/uploads\/2023\/01\/08090_emery_fragment4_swann.jpg'><img width=\"50\" height=\"50\" src=\"https:\/\/www.anneemery.fr\/wp-content\/uploads\/2023\/01\/08090_emery_fragment4_swann-50x50.jpg\" class=\"attachment-thumbnail size-thumbnail\" alt=\"Fragment 4 - Extraits - Swann - Marcel Proust -Technique mixte sur papier - 75 x 75 cm - 2015\" decoding=\"async\" loading=\"lazy\" srcset=\"https:\/\/www.anneemery.fr\/wp-content\/uploads\/2023\/01\/08090_emery_fragment4_swann-50x50.jpg 50w, https:\/\/www.anneemery.fr\/wp-content\/uploads\/2023\/01\/08090_emery_fragment4_swann-300x298.jpg 300w, https:\/\/www.anneemery.fr\/wp-content\/uploads\/2023\/01\/08090_emery_fragment4_swann-1024x1017.jpg 1024w, https:\/\/www.anneemery.fr\/wp-content\/uploads\/2023\/01\/08090_emery_fragment4_swann-1536x1525.jpg 1536w, https:\/\/www.anneemery.fr\/wp-content\/uploads\/2023\/01\/08090_emery_fragment4_swann-2048x2034.jpg 2048w\" sizes=\"(max-width: 50px) 100vw, 50px\" \/><\/a>\n\t\t\t<\/div><\/figure><figure class='gallery-item'>\n\t\t\t<div class='gallery-icon landscape'>\n\t\t\t\t<a href='https:\/\/www.anneemery.fr\/wp-content\/uploads\/2015\/11\/123_emeryformesfantomes1.jpg'><img width=\"50\" height=\"50\" src=\"https:\/\/www.anneemery.fr\/wp-content\/uploads\/2015\/11\/123_emeryformesfantomes1-50x50.jpg\" class=\"attachment-thumbnail size-thumbnail\" alt=\"Formes fant\u00f4mes - acrylique et huile sur toile- 89 x 116 cm- 2012\" decoding=\"async\" loading=\"lazy\" \/><\/a>\n\t\t\t<\/div><\/figure><figure class='gallery-item'>\n\t\t\t<div class='gallery-icon landscape'>\n\t\t\t\t<a href='https:\/\/www.anneemery.fr\/wp-content\/uploads\/2015\/11\/vertsangbassdef.jpg'><img width=\"50\" height=\"50\" src=\"https:\/\/www.anneemery.fr\/wp-content\/uploads\/2015\/11\/vertsangbassdef-50x50.jpg\" class=\"attachment-thumbnail size-thumbnail\" alt=\"Vert sang \u2013 acrylique et huile sur toile 2 fois 147 x 113 \u2013 2015\" decoding=\"async\" loading=\"lazy\" \/><\/a>\n\t\t\t<\/div><\/figure><figure class='gallery-item'>\n\t\t\t<div class='gallery-icon landscape'>\n\t\t\t\t<a href='https:\/\/www.anneemery.fr\/wp-content\/uploads\/2015\/11\/proust1janeoeufbassdef.jpg'><img width=\"50\" height=\"50\" src=\"https:\/\/www.anneemery.fr\/wp-content\/uploads\/2015\/11\/proust1janeoeufbassdef-50x50.jpg\" class=\"attachment-thumbnail size-thumbnail\" alt=\"Jaune d&#039;oeuf - acrylique et huile sur toile 2 fois 130 x 97 cm \u2013 2015\" decoding=\"async\" loading=\"lazy\" \/><\/a>\n\t\t\t<\/div><\/figure><figure class='gallery-item'>\n\t\t\t<div class='gallery-icon landscape'>\n\t\t\t\t<a href='https:\/\/www.anneemery.fr\/wp-content\/uploads\/2015\/11\/01170_emerypeintecriteswan1.jpg'><img width=\"50\" height=\"50\" src=\"https:\/\/www.anneemery.fr\/wp-content\/uploads\/2015\/11\/01170_emerypeintecriteswan1-50x50.jpg\" class=\"attachment-thumbnail size-thumbnail\" alt=\"Abstraction 1 \u2013 Peinture \u00e9crite - du c\u00f4t\u00e9 de chez Swann - acrylique et huile sur toile 22 x 27 cm \u2013 2015\" decoding=\"async\" loading=\"lazy\" \/><\/a>\n\t\t\t<\/div><\/figure><figure class='gallery-item'>\n\t\t\t<div class='gallery-icon landscape'>\n\t\t\t\t<a href='https:\/\/www.anneemery.fr\/wp-content\/uploads\/2015\/11\/01780_emerypeintecriteunfille2.jpg'><img width=\"50\" height=\"50\" src=\"https:\/\/www.anneemery.fr\/wp-content\/uploads\/2015\/11\/01780_emerypeintecriteunfille2-50x50.jpg\" class=\"attachment-thumbnail size-thumbnail\" alt=\"Abstraction 2 \u2013 Peinture \u00e9crite - acrylique et huile sur toile 22 x 27 cm \u2013 2015\" decoding=\"async\" loading=\"lazy\" \/><\/a>\n\t\t\t<\/div><\/figure><figure class='gallery-item'>\n\t\t\t<div class='gallery-icon landscape'>\n\t\t\t\t<a href='https:\/\/www.anneemery.fr\/wp-content\/uploads\/2015\/11\/01790_emerypeintecriteguer3.jpg'><img width=\"50\" height=\"50\" src=\"https:\/\/www.anneemery.fr\/wp-content\/uploads\/2015\/11\/01790_emerypeintecriteguer3-50x50.jpg\" class=\"attachment-thumbnail size-thumbnail\" alt=\"Abstraction 3 \u2013 Peinture \u00e9crite - acrylique et huile sur toile 22 x 27 cm \u2013 2015\" decoding=\"async\" loading=\"lazy\" \/><\/a>\n\t\t\t<\/div><\/figure><figure class='gallery-item'>\n\t\t\t<div class='gallery-icon landscape'>\n\t\t\t\t<a href='https:\/\/www.anneemery.fr\/wp-content\/uploads\/2015\/11\/01800_emerypeintcritegom4.jpg'><img width=\"50\" height=\"50\" src=\"https:\/\/www.anneemery.fr\/wp-content\/uploads\/2015\/11\/01800_emerypeintcritegom4-50x50.jpg\" class=\"attachment-thumbnail size-thumbnail\" alt=\"Abstraction 4 \u2013 Peinture \u00e9crite - acrylique et huile sur toile 22 x 27 cm \u2013 2015\" decoding=\"async\" loading=\"lazy\" \/><\/a>\n\t\t\t<\/div><\/figure><figure class='gallery-item'>\n\t\t\t<div class='gallery-icon landscape'>\n\t\t\t\t<a href='https:\/\/www.anneemery.fr\/wp-content\/uploads\/2015\/11\/01810_emerypeintcritpriso5.jpg'><img width=\"50\" height=\"50\" src=\"https:\/\/www.anneemery.fr\/wp-content\/uploads\/2015\/11\/01810_emerypeintcritpriso5-50x50.jpg\" class=\"attachment-thumbnail size-thumbnail\" alt=\"Abstraction 5 \u2013 Peinture \u00e9crite - acrylique et huile sur toile 22 x 27 cm \u2013 2015\" decoding=\"async\" loading=\"lazy\" \/><\/a>\n\t\t\t<\/div><\/figure><figure class='gallery-item'>\n\t\t\t<div class='gallery-icon landscape'>\n\t\t\t\t<a href='https:\/\/www.anneemery.fr\/wp-content\/uploads\/2015\/11\/01830_emerypeintecrittem7.jpg'><img width=\"50\" height=\"50\" src=\"https:\/\/www.anneemery.fr\/wp-content\/uploads\/2015\/11\/01830_emerypeintecrittem7-50x50.jpg\" class=\"attachment-thumbnail size-thumbnail\" alt=\"Abstraction 7 \u2013 Peinture \u00e9crite - acrylique et huile sur toile 22 x 27 cm \u2013 2015\" decoding=\"async\" loading=\"lazy\" \/><\/a>\n\t\t\t<\/div><\/figure><figure class='gallery-item'>\n\t\t\t<div class='gallery-icon landscape'>\n\t\t\t\t<a href='https:\/\/www.anneemery.fr\/wp-content\/uploads\/2015\/11\/01820_emerypeintcritealb6.jpg'><img width=\"50\" height=\"50\" src=\"https:\/\/www.anneemery.fr\/wp-content\/uploads\/2015\/11\/01820_emerypeintcritealb6-50x50.jpg\" class=\"attachment-thumbnail size-thumbnail\" alt=\"Abstraction 6 \u2013 Peinture \u00e9crite - acrylique et huile sur toile 22 x 27 cm \u2013 2015\" decoding=\"async\" loading=\"lazy\" \/><\/a>\n\t\t\t<\/div><\/figure><figure class='gallery-item'>\n\t\t\t<div class='gallery-icon landscape'>\n\t\t\t\t<a href='https:\/\/www.anneemery.fr\/wp-content\/uploads\/2015\/11\/170_emery_leparterreetleciel2.jpg'><img width=\"50\" height=\"50\" src=\"https:\/\/www.anneemery.fr\/wp-content\/uploads\/2015\/11\/170_emery_leparterreetleciel2-50x50.jpg\" class=\"attachment-thumbnail size-thumbnail\" alt=\"Le parterre et le ciel 1- acrylique et huile sur toile 2 fois 89 x 116 cm - 2013\" decoding=\"async\" loading=\"lazy\" \/><\/a>\n\t\t\t<\/div><\/figure><figure class='gallery-item'>\n\t\t\t<div class='gallery-icon landscape'>\n\t\t\t\t<a href='https:\/\/www.anneemery.fr\/wp-content\/uploads\/2015\/11\/02930_impressionnisteetindiens2.jpg'><img width=\"50\" height=\"50\" src=\"https:\/\/www.anneemery.fr\/wp-content\/uploads\/2015\/11\/02930_impressionnisteetindiens2-50x50.jpg\" class=\"attachment-thumbnail size-thumbnail\" alt=\"Les impressionnistes et les indiens 2 - acrylique et huile sur toile 89 x 116 cm \u2013 2016\" decoding=\"async\" loading=\"lazy\" \/><\/a>\n\t\t\t<\/div><\/figure><figure class='gallery-item'>\n\t\t\t<div class='gallery-icon landscape'>\n\t\t\t\t<a href='https:\/\/www.anneemery.fr\/wp-content\/uploads\/2015\/11\/02920_emeryimpressionnisteetindiens.jpg'><img width=\"50\" height=\"50\" src=\"https:\/\/www.anneemery.fr\/wp-content\/uploads\/2015\/11\/02920_emeryimpressionnisteetindiens-50x50.jpg\" class=\"attachment-thumbnail size-thumbnail\" alt=\"Les impressionnistes et les indiens 1 - acrylique et huile sur toile 89 x 116 cm \u2013 2016\" decoding=\"async\" loading=\"lazy\" \/><\/a>\n\t\t\t<\/div><\/figure><figure class='gallery-item'>\n\t\t\t<div class='gallery-icon portrait'>\n\t\t\t\t<a href='https:\/\/www.anneemery.fr\/wp-content\/uploads\/2015\/11\/abri1bassdef.jpg'><img width=\"50\" height=\"50\" src=\"https:\/\/www.anneemery.fr\/wp-content\/uploads\/2015\/11\/abri1bassdef-50x50.jpg\" class=\"attachment-thumbnail size-thumbnail\" alt=\"\" decoding=\"async\" loading=\"lazy\" \/><\/a>\n\t\t\t<\/div><\/figure><figure class='gallery-item'>\n\t\t\t<div class='gallery-icon landscape'>\n\t\t\t\t<a href='https:\/\/www.anneemery.fr\/wp-content\/uploads\/2015\/11\/165_emery_faceties22.jpg'><img width=\"50\" height=\"50\" src=\"https:\/\/www.anneemery.fr\/wp-content\/uploads\/2015\/11\/165_emery_faceties22-50x50.jpg\" class=\"attachment-thumbnail size-thumbnail\" alt=\"Les fac\u00e9ties 2- acrylique et huile sur toile - 2 fois 89 x 116 cm - 2013\" decoding=\"async\" loading=\"lazy\" \/><\/a>\n\t\t\t<\/div><\/figure><figure class='gallery-item'>\n\t\t\t<div class='gallery-icon landscape'>\n\t\t\t\t<a href='https:\/\/www.anneemery.fr\/wp-content\/uploads\/2015\/11\/02080_emery_tramescouleurs1.jpg'><img width=\"50\" height=\"50\" src=\"https:\/\/www.anneemery.fr\/wp-content\/uploads\/2015\/11\/02080_emery_tramescouleurs1-50x50.jpg\" class=\"attachment-thumbnail size-thumbnail\" alt=\"Trames de couleurs - acrylique et huile sur toile 73 x 100 cm \u2013 2017\" decoding=\"async\" loading=\"lazy\" \/><\/a>\n\t\t\t<\/div><\/figure><figure class='gallery-item'>\n\t\t\t<div class='gallery-icon landscape'>\n\t\t\t\t<a href='https:\/\/www.anneemery.fr\/wp-content\/uploads\/2015\/11\/02090_emery_petitsobjets1.jpg'><img width=\"50\" height=\"50\" src=\"https:\/\/www.anneemery.fr\/wp-content\/uploads\/2015\/11\/02090_emery_petitsobjets1-50x50.jpg\" class=\"attachment-thumbnail size-thumbnail\" alt=\"Petits objets 1 -acrylique et huile sur toile 33 x 41 cm \u2013 2017\" decoding=\"async\" loading=\"lazy\" \/><\/a>\n\t\t\t<\/div><\/figure><figure class='gallery-item'>\n\t\t\t<div class='gallery-icon landscape'>\n\t\t\t\t<a href='https:\/\/www.anneemery.fr\/wp-content\/uploads\/2015\/11\/02100_emery_petitsobjets2.jpg'><img width=\"50\" height=\"50\" src=\"https:\/\/www.anneemery.fr\/wp-content\/uploads\/2015\/11\/02100_emery_petitsobjets2-50x50.jpg\" class=\"attachment-thumbnail size-thumbnail\" alt=\"Petits objets 2 -acrylique et huile sur toile 33 x 41 cm \u2013 2017\" decoding=\"async\" loading=\"lazy\" \/><\/a>\n\t\t\t<\/div><\/figure><figure class='gallery-item'>\n\t\t\t<div class='gallery-icon landscape'>\n\t\t\t\t<a href='https:\/\/www.anneemery.fr\/wp-content\/uploads\/2015\/11\/172_emery_horizon_jaune2.jpg'><img width=\"50\" height=\"50\" src=\"https:\/\/www.anneemery.fr\/wp-content\/uploads\/2015\/11\/172_emery_horizon_jaune2-50x50.jpg\" class=\"attachment-thumbnail size-thumbnail\" alt=\"horizon jaune- acrylique et huile sur toile 92 x 73 cm - 2013\" decoding=\"async\" loading=\"lazy\" \/><\/a>\n\t\t\t<\/div><\/figure><figure class='gallery-item'>\n\t\t\t<div class='gallery-icon landscape'>\n\t\t\t\t<a href='https:\/\/www.anneemery.fr\/wp-content\/uploads\/2015\/11\/173_emery_horizon_jaune22.jpg'><img width=\"50\" height=\"50\" src=\"https:\/\/www.anneemery.fr\/wp-content\/uploads\/2015\/11\/173_emery_horizon_jaune22-50x50.jpg\" class=\"attachment-thumbnail size-thumbnail\" alt=\"horizon jaune 2- acrylique et huile sur toile 22 x 27 cm - 2013\" decoding=\"async\" loading=\"lazy\" \/><\/a>\n\t\t\t<\/div><\/figure><figure class='gallery-item'>\n\t\t\t<div class='gallery-icon landscape'>\n\t\t\t\t<a href='https:\/\/www.anneemery.fr\/wp-content\/uploads\/2015\/11\/02940_emery_duo2.jpg'><img width=\"50\" height=\"50\" src=\"https:\/\/www.anneemery.fr\/wp-content\/uploads\/2015\/11\/02940_emery_duo2-50x50.jpg\" class=\"attachment-thumbnail size-thumbnail\" alt=\"Duo 2 - acrylique et huile sur toile 116 x 89 cm \u2013 2011\" decoding=\"async\" loading=\"lazy\" \/><\/a>\n\t\t\t<\/div><\/figure><figure class='gallery-item'>\n\t\t\t<div class='gallery-icon landscape'>\n\t\t\t\t<a href='https:\/\/www.anneemery.fr\/wp-content\/uploads\/2015\/11\/75_emery_oefdur911.jpg'><img width=\"50\" height=\"50\" src=\"https:\/\/www.anneemery.fr\/wp-content\/uploads\/2015\/11\/75_emery_oefdur911-50x50.jpg\" class=\"attachment-thumbnail size-thumbnail\" alt=\"Oeufs durs - acrylique et huile sur toile 40 x 40 cm - 2009\" decoding=\"async\" loading=\"lazy\" srcset=\"https:\/\/www.anneemery.fr\/wp-content\/uploads\/2015\/11\/75_emery_oefdur911-50x50.jpg 50w, https:\/\/www.anneemery.fr\/wp-content\/uploads\/2015\/11\/75_emery_oefdur911-300x295.jpg 300w, https:\/\/www.anneemery.fr\/wp-content\/uploads\/2015\/11\/75_emery_oefdur911.jpg 500w\" sizes=\"(max-width: 50px) 100vw, 50px\" \/><\/a>\n\t\t\t<\/div><\/figure><figure class='gallery-item'>\n\t\t\t<div class='gallery-icon landscape'>\n\t\t\t\t<a href='https:\/\/www.anneemery.fr\/wp-content\/uploads\/2015\/11\/01860_emeryfigurations.jpg'><img width=\"50\" height=\"50\" src=\"https:\/\/www.anneemery.fr\/wp-content\/uploads\/2015\/11\/01860_emeryfigurations-50x50.jpg\" class=\"attachment-thumbnail size-thumbnail\" alt=\"\" decoding=\"async\" loading=\"lazy\" \/><\/a>\n\t\t\t<\/div><\/figure><figure class='gallery-item'>\n\t\t\t<div class='gallery-icon landscape'>\n\t\t\t\t<a href='https:\/\/www.anneemery.fr\/wp-content\/uploads\/2015\/11\/03880_emery_lacoulsoleil.jpg'><img width=\"50\" height=\"50\" src=\"https:\/\/www.anneemery.fr\/wp-content\/uploads\/2015\/11\/03880_emery_lacoulsoleil-50x50.jpg\" class=\"attachment-thumbnail size-thumbnail\" alt=\"La couleur du soleil \u2013 acrylique et huile sur toile 2 fois 73 x 92 cm \u2013 2016\" decoding=\"async\" loading=\"lazy\" \/><\/a>\n\t\t\t<\/div><\/figure><figure class='gallery-item'>\n\t\t\t<div class='gallery-icon portrait'>\n\t\t\t\t<a href='https:\/\/www.anneemery.fr\/wp-content\/uploads\/2015\/11\/166_emery_volumes12.jpg'><img width=\"50\" height=\"50\" src=\"https:\/\/www.anneemery.fr\/wp-content\/uploads\/2015\/11\/166_emery_volumes12-50x50.jpg\" class=\"attachment-thumbnail size-thumbnail\" alt=\"Volumes 1- acrylique et huile sur toile 92 x 73 cm - 2013\" decoding=\"async\" loading=\"lazy\" \/><\/a>\n\t\t\t<\/div><\/figure><figure class='gallery-item'>\n\t\t\t<div class='gallery-icon landscape'>\n\t\t\t\t<a href='https:\/\/www.anneemery.fr\/wp-content\/uploads\/2015\/11\/abri2bassdef.jpg'><img width=\"50\" height=\"50\" src=\"https:\/\/www.anneemery.fr\/wp-content\/uploads\/2015\/11\/abri2bassdef-50x50.jpg\" class=\"attachment-thumbnail size-thumbnail\" alt=\"\" decoding=\"async\" loading=\"lazy\" \/><\/a>\n\t\t\t<\/div><\/figure><figure class='gallery-item'>\n\t\t\t<div class='gallery-icon landscape'>\n\t\t\t\t<a href='https:\/\/www.anneemery.fr\/wp-content\/uploads\/2015\/11\/128_emeryobjetabstraits1.jpg'><img width=\"50\" height=\"50\" src=\"https:\/\/www.anneemery.fr\/wp-content\/uploads\/2015\/11\/128_emeryobjetabstraits1-50x50.jpg\" class=\"attachment-thumbnail size-thumbnail\" alt=\"Objets abstraits - acrylique et huile sur toile - 22 x 27 cm- 2012\" decoding=\"async\" loading=\"lazy\" \/><\/a>\n\t\t\t<\/div><\/figure><figure class='gallery-item'>\n\t\t\t<div class='gallery-icon portrait'>\n\t\t\t\t<a href='https:\/\/www.anneemery.fr\/wp-content\/uploads\/2015\/11\/105_emerypaire92.jpg'><img width=\"50\" height=\"50\" src=\"https:\/\/www.anneemery.fr\/wp-content\/uploads\/2015\/11\/105_emerypaire92-50x50.jpg\" class=\"attachment-thumbnail size-thumbnail\" alt=\"Objets abstraits, la tache rose - acrylique et huile sur toile 116 x 89 cm - 2012\" decoding=\"async\" loading=\"lazy\" \/><\/a>\n\t\t\t<\/div><\/figure><figure class='gallery-item'>\n\t\t\t<div class='gallery-icon landscape'>\n\t\t\t\t<a href='https:\/\/www.anneemery.fr\/wp-content\/uploads\/2019\/04\/00500_emery_lignes.jpg'><img width=\"50\" height=\"50\" src=\"https:\/\/www.anneemery.fr\/wp-content\/uploads\/2019\/04\/00500_emery_lignes-50x50.jpg\" class=\"attachment-thumbnail size-thumbnail\" alt=\"Lignes - acrylique et huile sur toile 50 x 35 cm - 2008\" decoding=\"async\" loading=\"lazy\" \/><\/a>\n\t\t\t<\/div><\/figure><figure class='gallery-item'>\n\t\t\t<div class='gallery-icon landscape'>\n\t\t\t\t<a href='https:\/\/www.anneemery.fr\/wp-content\/uploads\/2015\/11\/118_emeryecorce31.jpg'><img width=\"50\" height=\"50\" src=\"https:\/\/www.anneemery.fr\/wp-content\/uploads\/2015\/11\/118_emeryecorce31-50x50.jpg\" class=\"attachment-thumbnail size-thumbnail\" alt=\"\" decoding=\"async\" loading=\"lazy\" \/><\/a>\n\t\t\t<\/div><\/figure><figure class='gallery-item'>\n\t\t\t<div class='gallery-icon landscape'>\n\t\t\t\t<a href='https:\/\/www.anneemery.fr\/wp-content\/uploads\/2015\/11\/159_emery_hasardsheureux2.jpg'><img width=\"50\" height=\"50\" src=\"https:\/\/www.anneemery.fr\/wp-content\/uploads\/2015\/11\/159_emery_hasardsheureux2-50x50.jpg\" class=\"attachment-thumbnail size-thumbnail\" alt=\"Les intrigants (piste 3) - acrylique et huile sur toile - d&#039;apr\u00e8s les hasards heureux de l&#039;escarpolette de Fragonard. 5 fois 61 x 50 cm - 2014\" decoding=\"async\" loading=\"lazy\" \/><\/a>\n\t\t\t<\/div><\/figure><figure class='gallery-item'>\n\t\t\t<div class='gallery-icon landscape'>\n\t\t\t\t<a href='https:\/\/www.anneemery.fr\/wp-content\/uploads\/2015\/11\/153_emery_intrigantpiste2titien2.jpg'><img width=\"50\" height=\"50\" src=\"https:\/\/www.anneemery.fr\/wp-content\/uploads\/2015\/11\/153_emery_intrigantpiste2titien2-50x50.jpg\" class=\"attachment-thumbnail size-thumbnail\" alt=\"Les intrigants (piste 2) d&#039;apr\u00e8s la V\u00e9nus d&#039;Urbin de Titien - acrylique et huile sur toile- 4 fois 61 x 50 cm - 2014\" decoding=\"async\" loading=\"lazy\" \/><\/a>\n\t\t\t<\/div><\/figure><figure class='gallery-item'>\n\t\t\t<div class='gallery-icon landscape'>\n\t\t\t\t<a href='https:\/\/www.anneemery.fr\/wp-content\/uploads\/2015\/11\/149_emery_manet1.jpg'><img width=\"50\" height=\"50\" src=\"https:\/\/www.anneemery.fr\/wp-content\/uploads\/2015\/11\/149_emery_manet1-50x50.jpg\" class=\"attachment-thumbnail size-thumbnail\" alt=\"Les intrigants (piste 1) d&#039;apr\u00e8s l&#039;Olympia de Manet) - acrylique et huile sur toile- 3 fois 61 x 50 cm et une fois 50 x 61 cm- 2014\" decoding=\"async\" loading=\"lazy\" \/><\/a>\n\t\t\t<\/div><\/figure><figure class='gallery-item'>\n\t\t\t<div class='gallery-icon landscape'>\n\t\t\t\t<a href='https:\/\/www.anneemery.fr\/wp-content\/uploads\/2015\/11\/76_emery_ch1111.jpg'><img width=\"50\" height=\"50\" src=\"https:\/\/www.anneemery.fr\/wp-content\/uploads\/2015\/11\/76_emery_ch1111-50x50.jpg\" class=\"attachment-thumbnail size-thumbnail\" alt=\"Angle et bord - acrylique et huile sur toile 22 x 27 cm - 2011\" decoding=\"async\" loading=\"lazy\" \/><\/a>\n\t\t\t<\/div><\/figure><figure class='gallery-item'>\n\t\t\t<div class='gallery-icon landscape'>\n\t\t\t\t<a href='https:\/\/www.anneemery.fr\/wp-content\/uploads\/2015\/11\/88_emery_ch121de1.jpg'><img width=\"50\" height=\"50\" src=\"https:\/\/www.anneemery.fr\/wp-content\/uploads\/2015\/11\/88_emery_ch121de1-50x50.jpg\" class=\"attachment-thumbnail size-thumbnail\" alt=\"Double \u00e9clairage - acrylique et huile sur toile 89 x 116 cm - 2011\" decoding=\"async\" loading=\"lazy\" \/><\/a>\n\t\t\t<\/div><\/figure><figure class='gallery-item'>\n\t\t\t<div class='gallery-icon landscape'>\n\t\t\t\t<a href='https:\/\/www.anneemery.fr\/wp-content\/uploads\/2015\/11\/167_emery_volumes22.jpg'><img width=\"50\" height=\"50\" src=\"https:\/\/www.anneemery.fr\/wp-content\/uploads\/2015\/11\/167_emery_volumes22-50x50.jpg\" class=\"attachment-thumbnail size-thumbnail\" alt=\"Volumes 2- acrylique et huile sur toile 92 x 73 cm - 2013\" decoding=\"async\" loading=\"lazy\" \/><\/a>\n\t\t\t<\/div><\/figure><figure class='gallery-item'>\n\t\t\t<div class='gallery-icon landscape'>\n\t\t\t\t<a href='https:\/\/www.anneemery.fr\/wp-content\/uploads\/2015\/11\/79_emery_ch1131.jpg'><img width=\"50\" height=\"50\" src=\"https:\/\/www.anneemery.fr\/wp-content\/uploads\/2015\/11\/79_emery_ch1131-50x50.jpg\" class=\"attachment-thumbnail size-thumbnail\" alt=\"Flocon vert - acrylique et huile sur toile 22 x 27 cm - 2011\" decoding=\"async\" loading=\"lazy\" \/><\/a>\n\t\t\t<\/div><\/figure><figure class='gallery-item'>\n\t\t\t<div class='gallery-icon landscape'>\n\t\t\t\t<a href='https:\/\/www.anneemery.fr\/wp-content\/uploads\/2015\/11\/80_emery_ch1141.jpg'><img width=\"50\" height=\"50\" src=\"https:\/\/www.anneemery.fr\/wp-content\/uploads\/2015\/11\/80_emery_ch1141-50x50.jpg\" class=\"attachment-thumbnail size-thumbnail\" alt=\"G\u00e9om\u00e9trie douce - acrylique et huile sur toile 22 x 27 cm - 2011\" decoding=\"async\" loading=\"lazy\" \/><\/a>\n\t\t\t<\/div><\/figure><figure class='gallery-item'>\n\t\t\t<div class='gallery-icon landscape'>\n\t\t\t\t<a href='https:\/\/www.anneemery.fr\/wp-content\/uploads\/2015\/11\/77_emery_ch1101.jpg'><img width=\"50\" height=\"50\" src=\"https:\/\/www.anneemery.fr\/wp-content\/uploads\/2015\/11\/77_emery_ch1101-50x50.jpg\" class=\"attachment-thumbnail size-thumbnail\" alt=\"Angle l\u00e9ger - acrylique et huile sur toile 22 x 27 cm - 2011\" decoding=\"async\" loading=\"lazy\" \/><\/a>\n\t\t\t<\/div><\/figure><figure class='gallery-item'>\n\t\t\t<div class='gallery-icon landscape'>\n\t\t\t\t<a href='https:\/\/www.anneemery.fr\/wp-content\/uploads\/2015\/11\/103_emeryabstraire1.jpg'><img width=\"50\" height=\"50\" src=\"https:\/\/www.anneemery.fr\/wp-content\/uploads\/2015\/11\/103_emeryabstraire1-50x50.jpg\" class=\"attachment-thumbnail size-thumbnail\" alt=\"S&#039;abstraire- acrylique et huile sur toile 22 x 27 cm - 2012\" decoding=\"async\" loading=\"lazy\" \/><\/a>\n\t\t\t<\/div><\/figure><figure class='gallery-item'>\n\t\t\t<div class='gallery-icon landscape'>\n\t\t\t\t<a href='https:\/\/www.anneemery.fr\/wp-content\/uploads\/2015\/11\/108_emeryvalsedev11.jpg'><img width=\"50\" height=\"50\" src=\"https:\/\/www.anneemery.fr\/wp-content\/uploads\/2015\/11\/108_emeryvalsedev11-50x50.jpg\" class=\"attachment-thumbnail size-thumbnail\" alt=\"La valse d\u00e9part 1- acrylique et huile sur toile 92x73 cm - 2012- ( Eve premi\u00e8re s\u00e9rie de quatre)\" decoding=\"async\" loading=\"lazy\" \/><\/a>\n\t\t\t<\/div><\/figure><figure class='gallery-item'>\n\t\t\t<div class='gallery-icon portrait'>\n\t\t\t\t<a href='https:\/\/www.anneemery.fr\/wp-content\/uploads\/2015\/11\/52_emery_grpor951.jpg'><img width=\"50\" height=\"50\" src=\"https:\/\/www.anneemery.fr\/wp-content\/uploads\/2015\/11\/52_emery_grpor951-50x50.jpg\" class=\"attachment-thumbnail size-thumbnail\" alt=\"Portrait avec objet (couleur bleue) - acrylique et huile sur toile 195x130 cm - 2007\" decoding=\"async\" loading=\"lazy\" \/><\/a>\n\t\t\t<\/div><\/figure><figure class='gallery-item'>\n\t\t\t<div class='gallery-icon portrait'>\n\t\t\t\t<a href='https:\/\/www.anneemery.fr\/wp-content\/uploads\/2015\/11\/53_emery_grport931.jpg'><img width=\"50\" height=\"50\" src=\"https:\/\/www.anneemery.fr\/wp-content\/uploads\/2015\/11\/53_emery_grport931-50x50.jpg\" class=\"attachment-thumbnail size-thumbnail\" alt=\"\" decoding=\"async\" loading=\"lazy\" \/><\/a>\n\t\t\t<\/div><\/figure><figure class='gallery-item'>\n\t\t\t<div class='gallery-icon portrait'>\n\t\t\t\t<a href='https:\/\/www.anneemery.fr\/wp-content\/uploads\/2015\/11\/51_emery_grpor941.jpg'><img width=\"50\" height=\"50\" src=\"https:\/\/www.anneemery.fr\/wp-content\/uploads\/2015\/11\/51_emery_grpor941-50x50.jpg\" class=\"attachment-thumbnail size-thumbnail\" alt=\"Portrait avec objet (couleur verte) - acrylique et huile sur toile 195x130 cm - 2007\" decoding=\"async\" loading=\"lazy\" \/><\/a>\n\t\t\t<\/div><\/figure><figure class='gallery-item'>\n\t\t\t<div class='gallery-icon portrait'>\n\t\t\t\t<a href='https:\/\/www.anneemery.fr\/wp-content\/uploads\/2015\/11\/110_emeryvalsedep11.jpg'><img width=\"50\" height=\"50\" src=\"https:\/\/www.anneemery.fr\/wp-content\/uploads\/2015\/11\/110_emeryvalsedep11-50x50.jpg\" class=\"attachment-thumbnail size-thumbnail\" alt=\"La valse d\u00e9part 1- acrylique et huile sur toile 92x73 cm - 2012- ( Eve premi\u00e8re s\u00e9rie de quatre)\" decoding=\"async\" loading=\"lazy\" \/><\/a>\n\t\t\t<\/div><\/figure><figure class='gallery-item'>\n\t\t\t<div class='gallery-icon portrait'>\n\t\t\t\t<a href='https:\/\/www.anneemery.fr\/wp-content\/uploads\/2015\/11\/117_emeryvalsedep31.jpg'><img width=\"50\" height=\"50\" src=\"https:\/\/www.anneemery.fr\/wp-content\/uploads\/2015\/11\/117_emeryvalsedep31-50x50.jpg\" class=\"attachment-thumbnail size-thumbnail\" alt=\"\" decoding=\"async\" loading=\"lazy\" \/><\/a>\n\t\t\t<\/div><\/figure><figure class='gallery-item'>\n\t\t\t<div class='gallery-icon portrait'>\n\t\t\t\t<a href='https:\/\/www.anneemery.fr\/wp-content\/uploads\/2015\/11\/120_emeryvalsdevant31.jpg'><img width=\"50\" height=\"50\" src=\"https:\/\/www.anneemery.fr\/wp-content\/uploads\/2015\/11\/120_emeryvalsdevant31-50x50.jpg\" class=\"attachment-thumbnail size-thumbnail\" alt=\"La valse devant 3 - acrylique et huile sur toile 92 x 73 cm - 2012- (La croix troisi\u00e8me s\u00e9rie de quatre)\" decoding=\"async\" loading=\"lazy\" \/><\/a>\n\t\t\t<\/div><\/figure><figure class='gallery-item'>\n\t\t\t<div class='gallery-icon portrait'>\n\t\t\t\t<a href='https:\/\/www.anneemery.fr\/wp-content\/uploads\/2015\/11\/64_emery_bois-sec1.jpg'><img width=\"50\" height=\"50\" src=\"https:\/\/www.anneemery.fr\/wp-content\/uploads\/2015\/11\/64_emery_bois-sec1-50x50.jpg\" class=\"attachment-thumbnail size-thumbnail\" alt=\"Bois sec - acrylique et huile sur toile 195 x 130 cm - 2009\" decoding=\"async\" loading=\"lazy\" \/><\/a>\n\t\t\t<\/div><\/figure><figure class='gallery-item'>\n\t\t\t<div class='gallery-icon landscape'>\n\t\t\t\t<a href='https:\/\/www.anneemery.fr\/wp-content\/uploads\/2015\/11\/136_emery_duochaperroug1.jpg'><img width=\"50\" height=\"50\" src=\"https:\/\/www.anneemery.fr\/wp-content\/uploads\/2015\/11\/136_emery_duochaperroug1-50x50.jpg\" class=\"attachment-thumbnail size-thumbnail\" alt=\"Duo chaperon rouge \u00ab sauvage \u00bb 2 fois 92 x 73 cm- 2012\" decoding=\"async\" loading=\"lazy\" \/><\/a>\n\t\t\t<\/div><\/figure><figure class='gallery-item'>\n\t\t\t<div class='gallery-icon landscape'>\n\t\t\t\t<a href='https:\/\/www.anneemery.fr\/wp-content\/uploads\/2015\/11\/124_emeryportrait1cote1.jpg'><img width=\"50\" height=\"50\" src=\"https:\/\/www.anneemery.fr\/wp-content\/uploads\/2015\/11\/124_emeryportrait1cote1-50x50.jpg\" class=\"attachment-thumbnail size-thumbnail\" alt=\"Portrait 1- voir de c\u00f4t\u00e9 - acrylique et huile sur bois - 3 fois 35 x 24cm - 2012\" decoding=\"async\" loading=\"lazy\" \/><\/a>\n\t\t\t<\/div><\/figure><figure class='gallery-item'>\n\t\t\t<div class='gallery-icon portrait'>\n\t\t\t\t<a href='https:\/\/www.anneemery.fr\/wp-content\/uploads\/2015\/11\/126_emeryportrait3face1.jpg'><img width=\"50\" height=\"50\" src=\"https:\/\/www.anneemery.fr\/wp-content\/uploads\/2015\/11\/126_emeryportrait3face1-50x50.jpg\" class=\"attachment-thumbnail size-thumbnail\" alt=\"Portrait 3- de face - acrylique et huile sur bois - 2 fois 24 x 35 cm - 2012\" decoding=\"async\" loading=\"lazy\" \/><\/a>\n\t\t\t<\/div><\/figure><figure class='gallery-item'>\n\t\t\t<div class='gallery-icon landscape'>\n\t\t\t\t<a href='https:\/\/www.anneemery.fr\/wp-content\/uploads\/2015\/11\/125_emeryportrait2cote1.jpg'><img width=\"50\" height=\"50\" src=\"https:\/\/www.anneemery.fr\/wp-content\/uploads\/2015\/11\/125_emeryportrait2cote1-50x50.jpg\" class=\"attachment-thumbnail size-thumbnail\" alt=\"Portrait 2- de face - acrylique et huile sur bois - 2 fois 35 x 24 cm - 2012\" decoding=\"async\" loading=\"lazy\" \/><\/a>\n\t\t\t<\/div><\/figure><figure class='gallery-item'>\n\t\t\t<div class='gallery-icon landscape'>\n\t\t\t\t<a href='https:\/\/www.anneemery.fr\/wp-content\/uploads\/2015\/11\/100_emery_alleeverte1.jpg'><img width=\"50\" height=\"50\" src=\"https:\/\/www.anneemery.fr\/wp-content\/uploads\/2015\/11\/100_emery_alleeverte1-50x50.jpg\" class=\"attachment-thumbnail size-thumbnail\" alt=\"All\u00e9e verte - acrylique et huile sur toile - 22 x 27 cm - 2008\" decoding=\"async\" loading=\"lazy\" \/><\/a>\n\t\t\t<\/div><\/figure><figure class='gallery-item'>\n\t\t\t<div class='gallery-icon portrait'>\n\t\t\t\t<a href='https:\/\/www.anneemery.fr\/wp-content\/uploads\/2015\/11\/127_emeryinformelrose1.jpg'><img width=\"50\" height=\"50\" src=\"https:\/\/www.anneemery.fr\/wp-content\/uploads\/2015\/11\/127_emeryinformelrose1-50x50.jpg\" class=\"attachment-thumbnail size-thumbnail\" alt=\"Informel flottant- acrylique et huile sur toile - 27 x 22 cm- 2011\" decoding=\"async\" loading=\"lazy\" \/><\/a>\n\t\t\t<\/div><\/figure><figure class='gallery-item'>\n\t\t\t<div class='gallery-icon landscape'>\n\t\t\t\t<a href='https:\/\/www.anneemery.fr\/wp-content\/uploads\/2015\/11\/81_emery_ch1151.jpg'><img width=\"50\" height=\"50\" src=\"https:\/\/www.anneemery.fr\/wp-content\/uploads\/2015\/11\/81_emery_ch1151-50x50.jpg\" class=\"attachment-thumbnail size-thumbnail\" alt=\"Ruban vert - acrylique et huile sur toile 22 x 27 cm - 2011\" decoding=\"async\" loading=\"lazy\" \/><\/a>\n\t\t\t<\/div><\/figure><figure class='gallery-item'>\n\t\t\t<div class='gallery-icon landscape'>\n\t\t\t\t<a href='https:\/\/www.anneemery.fr\/wp-content\/uploads\/2015\/11\/168_emery_faceties32.jpg'><img width=\"50\" height=\"50\" src=\"https:\/\/www.anneemery.fr\/wp-content\/uploads\/2015\/11\/168_emery_faceties32-50x50.jpg\" class=\"attachment-thumbnail size-thumbnail\" alt=\"Fac\u00e9ties 3- acrylique et huile sur toile 3 fois 61 x 50 cm - 2013\" decoding=\"async\" loading=\"lazy\" \/><\/a>\n\t\t\t<\/div><\/figure><figure class='gallery-item'>\n\t\t\t<div class='gallery-icon portrait'>\n\t\t\t\t<a href='https:\/\/www.anneemery.fr\/wp-content\/uploads\/2015\/11\/101_emery_fleursetrubans1.jpg'><img width=\"50\" height=\"50\" src=\"https:\/\/www.anneemery.fr\/wp-content\/uploads\/2015\/11\/101_emery_fleursetrubans1-50x50.jpg\" class=\"attachment-thumbnail size-thumbnail\" alt=\"Rubans - acrylique et huile sur toile - 116 x 89 cm - 2009\" decoding=\"async\" loading=\"lazy\" \/><\/a>\n\t\t\t<\/div><\/figure><figure class='gallery-item'>\n\t\t\t<div class='gallery-icon landscape'>\n\t\t\t\t<a href='https:\/\/www.anneemery.fr\/wp-content\/uploads\/2015\/11\/74_emery_bru881.jpg'><img width=\"50\" height=\"50\" src=\"https:\/\/www.anneemery.fr\/wp-content\/uploads\/2015\/11\/74_emery_bru881-50x50.jpg\" class=\"attachment-thumbnail size-thumbnail\" alt=\"Brugnon - acrylique et huile sur toile 40 x 40 cm - 2009\" decoding=\"async\" loading=\"lazy\" srcset=\"https:\/\/www.anneemery.fr\/wp-content\/uploads\/2015\/11\/74_emery_bru881-50x50.jpg 50w, https:\/\/www.anneemery.fr\/wp-content\/uploads\/2015\/11\/74_emery_bru881-300x296.jpg 300w, https:\/\/www.anneemery.fr\/wp-content\/uploads\/2015\/11\/74_emery_bru881.jpg 500w\" sizes=\"(max-width: 50px) 100vw, 50px\" \/><\/a>\n\t\t\t<\/div><\/figure><figure class='gallery-item'>\n\t\t\t<div class='gallery-icon landscape'>\n\t\t\t\t<a href='https:\/\/www.anneemery.fr\/wp-content\/uploads\/2015\/11\/73_emery_a901.jpg'><img width=\"50\" height=\"50\" src=\"https:\/\/www.anneemery.fr\/wp-content\/uploads\/2015\/11\/73_emery_a901-50x50.jpg\" class=\"attachment-thumbnail size-thumbnail\" alt=\"Avocat et spaghettis - acrylique et huile sur toile 40 x 40 cm - 2009\" decoding=\"async\" loading=\"lazy\" \/><\/a>\n\t\t\t<\/div><\/figure><figure class='gallery-item'>\n\t\t\t<div class='gallery-icon landscape'>\n\t\t\t\t<a href='https:\/\/www.anneemery.fr\/wp-content\/uploads\/2015\/11\/71_emery_a90b1.jpg'><img width=\"50\" height=\"50\" src=\"https:\/\/www.anneemery.fr\/wp-content\/uploads\/2015\/11\/71_emery_a90b1-50x50.jpg\" class=\"attachment-thumbnail size-thumbnail\" alt=\"Tomates cerise - acrylique et huile sur toile 40 x 40 cm - 2009\" decoding=\"async\" loading=\"lazy\" srcset=\"https:\/\/www.anneemery.fr\/wp-content\/uploads\/2015\/11\/71_emery_a90b1-50x50.jpg 50w, https:\/\/www.anneemery.fr\/wp-content\/uploads\/2015\/11\/71_emery_a90b1-300x292.jpg 300w, https:\/\/www.anneemery.fr\/wp-content\/uploads\/2015\/11\/71_emery_a90b1.jpg 500w\" sizes=\"(max-width: 50px) 100vw, 50px\" \/><\/a>\n\t\t\t<\/div><\/figure><figure class='gallery-item'>\n\t\t\t<div class='gallery-icon landscape'>\n\t\t\t\t<a href='https:\/\/www.anneemery.fr\/wp-content\/uploads\/2015\/11\/72_emery_ha891.jpg'><img width=\"50\" height=\"50\" src=\"https:\/\/www.anneemery.fr\/wp-content\/uploads\/2015\/11\/72_emery_ha891-50x50.jpg\" class=\"attachment-thumbnail size-thumbnail\" alt=\"Haricots verts - acrylique et huile sur toile 40 x 40 cm - 2009\" decoding=\"async\" loading=\"lazy\" srcset=\"https:\/\/www.anneemery.fr\/wp-content\/uploads\/2015\/11\/72_emery_ha891-50x50.jpg 50w, https:\/\/www.anneemery.fr\/wp-content\/uploads\/2015\/11\/72_emery_ha891-300x297.jpg 300w, https:\/\/www.anneemery.fr\/wp-content\/uploads\/2015\/11\/72_emery_ha891.jpg 500w\" sizes=\"(max-width: 50px) 100vw, 50px\" \/><\/a>\n\t\t\t<\/div><\/figure><figure class='gallery-item'>\n\t\t\t<div class='gallery-icon landscape'>\n\t\t\t\t<a href='https:\/\/www.anneemery.fr\/wp-content\/uploads\/2015\/11\/93_emery_cettechose1.jpg'><img width=\"50\" height=\"50\" src=\"https:\/\/www.anneemery.fr\/wp-content\/uploads\/2015\/11\/93_emery_cettechose1-50x50.jpg\" class=\"attachment-thumbnail size-thumbnail\" alt=\"Cette chose - acrylique et huile sur toile 170 x 170 cm - 2011\" decoding=\"async\" loading=\"lazy\" srcset=\"https:\/\/www.anneemery.fr\/wp-content\/uploads\/2015\/11\/93_emery_cettechose1-50x50.jpg 50w, https:\/\/www.anneemery.fr\/wp-content\/uploads\/2015\/11\/93_emery_cettechose1-300x297.jpg 300w, https:\/\/www.anneemery.fr\/wp-content\/uploads\/2015\/11\/93_emery_cettechose1.jpg 500w\" sizes=\"(max-width: 50px) 100vw, 50px\" \/><\/a>\n\t\t\t<\/div><\/figure><figure class='gallery-item'>\n\t\t\t<div class='gallery-icon landscape'>\n\t\t\t\t<a href='https:\/\/www.anneemery.fr\/wp-content\/uploads\/2015\/11\/94_emery_catapult1.jpg'><img width=\"50\" height=\"50\" src=\"https:\/\/www.anneemery.fr\/wp-content\/uploads\/2015\/11\/94_emery_catapult1-50x50.jpg\" class=\"attachment-thumbnail size-thumbnail\" alt=\"Catapulte - acrylique et huile sur toile 170 x 170 cm - 2011\" decoding=\"async\" loading=\"lazy\" srcset=\"https:\/\/www.anneemery.fr\/wp-content\/uploads\/2015\/11\/94_emery_catapult1-50x50.jpg 50w, https:\/\/www.anneemery.fr\/wp-content\/uploads\/2015\/11\/94_emery_catapult1-300x300.jpg 300w, https:\/\/www.anneemery.fr\/wp-content\/uploads\/2015\/11\/94_emery_catapult1.jpg 400w\" sizes=\"(max-width: 50px) 100vw, 50px\" \/><\/a>\n\t\t\t<\/div><\/figure><figure class='gallery-item'>\n\t\t\t<div class='gallery-icon landscape'>\n\t\t\t\t<a href='https:\/\/www.anneemery.fr\/wp-content\/uploads\/2015\/11\/97_emery_premduo1.jpg'><img width=\"50\" height=\"50\" src=\"https:\/\/www.anneemery.fr\/wp-content\/uploads\/2015\/11\/97_emery_premduo1-50x50.jpg\" class=\"attachment-thumbnail size-thumbnail\" alt=\"Premier duo - acrylique et huile sur toile - 2 fois 116 x 89 cm - 2011\" decoding=\"async\" loading=\"lazy\" \/><\/a>\n\t\t\t<\/div><\/figure><figure class='gallery-item'>\n\t\t\t<div class='gallery-icon portrait'>\n\t\t\t\t<a href='https:\/\/www.anneemery.fr\/wp-content\/uploads\/2015\/11\/60_emeryvestige1.jpg'><img width=\"50\" height=\"50\" src=\"https:\/\/www.anneemery.fr\/wp-content\/uploads\/2015\/11\/60_emeryvestige1-50x50.jpg\" class=\"attachment-thumbnail size-thumbnail\" alt=\"Vertiges - acrylique et huile sur toile 170x170 cm - 2010\" decoding=\"async\" loading=\"lazy\" srcset=\"https:\/\/www.anneemery.fr\/wp-content\/uploads\/2015\/11\/60_emeryvestige1-50x50.jpg 50w, https:\/\/www.anneemery.fr\/wp-content\/uploads\/2015\/11\/60_emeryvestige1-297x300.jpg 297w, https:\/\/www.anneemery.fr\/wp-content\/uploads\/2015\/11\/60_emeryvestige1.jpg 593w\" sizes=\"(max-width: 50px) 100vw, 50px\" \/><\/a>\n\t\t\t<\/div><\/figure><figure class='gallery-item'>\n\t\t\t<div class='gallery-icon landscape'>\n\t\t\t\t<a href='https:\/\/www.anneemery.fr\/wp-content\/uploads\/2015\/11\/96_emery_duodeux1.jpg'><img width=\"50\" height=\"50\" src=\"https:\/\/www.anneemery.fr\/wp-content\/uploads\/2015\/11\/96_emery_duodeux1-50x50.jpg\" class=\"attachment-thumbnail size-thumbnail\" alt=\"Duo deux - acrylique et huile sur toile- 2 fois 89 x 116 cm - 2011\" decoding=\"async\" loading=\"lazy\" \/><\/a>\n\t\t\t<\/div><\/figure><figure class='gallery-item'>\n\t\t\t<div class='gallery-icon landscape'>\n\t\t\t\t<a href='https:\/\/www.anneemery.fr\/wp-content\/uploads\/2015\/11\/85_emery1.jpg'><img width=\"50\" height=\"50\" src=\"https:\/\/www.anneemery.fr\/wp-content\/uploads\/2015\/11\/85_emery1-50x50.jpg\" class=\"attachment-thumbnail size-thumbnail\" alt=\"Un bord dor\u00e9 des strates et de la v\u00e9g\u00e9tation - acrylique et huile sur toile 89 x 116 cm - 2011\" decoding=\"async\" loading=\"lazy\" \/><\/a>\n\t\t\t<\/div><\/figure><figure class='gallery-item'>\n\t\t\t<div class='gallery-icon landscape'>\n\t\t\t\t<a href='https:\/\/www.anneemery.fr\/wp-content\/uploads\/2015\/11\/89_emery_lumierenoire1.jpg'><img width=\"50\" height=\"50\" src=\"https:\/\/www.anneemery.fr\/wp-content\/uploads\/2015\/11\/89_emery_lumierenoire1-50x50.jpg\" class=\"attachment-thumbnail size-thumbnail\" alt=\"Anamorphose - acrylique et huile sur toile 89 x 116 cm - 2009\" decoding=\"async\" loading=\"lazy\" \/><\/a>\n\t\t\t<\/div><\/figure><figure class='gallery-item'>\n\t\t\t<div class='gallery-icon landscape'>\n\t\t\t\t<a href='https:\/\/www.anneemery.fr\/wp-content\/uploads\/2015\/11\/83_emery_ch117an1.jpg'><img width=\"50\" height=\"50\" src=\"https:\/\/www.anneemery.fr\/wp-content\/uploads\/2015\/11\/83_emery_ch117an1-50x50.jpg\" class=\"attachment-thumbnail size-thumbnail\" alt=\"Anamorphose - acrylique et huile sur toile 89 x 116 cm - 2009\" decoding=\"async\" loading=\"lazy\" \/><\/a>\n\t\t\t<\/div><\/figure><figure class='gallery-item'>\n\t\t\t<div class='gallery-icon landscape'>\n\t\t\t\t<a href='https:\/\/www.anneemery.fr\/wp-content\/uploads\/2015\/11\/99_emery_doble1.jpg'><img width=\"50\" height=\"50\" src=\"https:\/\/www.anneemery.fr\/wp-content\/uploads\/2015\/11\/99_emery_doble1-50x50.jpg\" class=\"attachment-thumbnail size-thumbnail\" alt=\"Doble - acrylique et huile sur toile - 89 x 116 cm - 2009\" decoding=\"async\" loading=\"lazy\" \/><\/a>\n\t\t\t<\/div><\/figure><figure class='gallery-item'>\n\t\t\t<div class='gallery-icon landscape'>\n\t\t\t\t<a href='https:\/\/www.anneemery.fr\/wp-content\/uploads\/2015\/11\/98_emery_celebr1.jpg'><img width=\"50\" height=\"50\" src=\"https:\/\/www.anneemery.fr\/wp-content\/uploads\/2015\/11\/98_emery_celebr1-50x50.jpg\" class=\"attachment-thumbnail size-thumbnail\" alt=\"C\u00e9l\u00e9bration - acrylique et huile sur toile - 89 x 116 cm - 2011\" decoding=\"async\" loading=\"lazy\" \/><\/a>\n\t\t\t<\/div><\/figure><figure class='gallery-item'>\n\t\t\t<div class='gallery-icon landscape'>\n\t\t\t\t<a href='https:\/\/www.anneemery.fr\/wp-content\/uploads\/2015\/11\/84_emery_ch1.jpg'><img width=\"50\" height=\"50\" src=\"https:\/\/www.anneemery.fr\/wp-content\/uploads\/2015\/11\/84_emery_ch1-50x50.jpg\" class=\"attachment-thumbnail size-thumbnail\" alt=\"Still in life - acrylique et huile sur toile 89 x 116 cm - 2009\" decoding=\"async\" loading=\"lazy\" \/><\/a>\n\t\t\t<\/div><\/figure><figure class='gallery-item'>\n\t\t\t<div class='gallery-icon landscape'>\n\t\t\t\t<a href='https:\/\/www.anneemery.fr\/wp-content\/uploads\/2015\/11\/82_emery_ch1161.jpg'><img width=\"50\" height=\"50\" src=\"https:\/\/www.anneemery.fr\/wp-content\/uploads\/2015\/11\/82_emery_ch1161-50x50.jpg\" class=\"attachment-thumbnail size-thumbnail\" alt=\"Touches - acrylique et huile sur toile 22 x 27 cm - 2011\" decoding=\"async\" loading=\"lazy\" \/><\/a>\n\t\t\t<\/div><\/figure><figure class='gallery-item'>\n\t\t\t<div class='gallery-icon landscape'>\n\t\t\t\t<a href='https:\/\/www.anneemery.fr\/wp-content\/uploads\/2015\/11\/86_emery_ch119rb1.jpg'><img width=\"50\" height=\"50\" src=\"https:\/\/www.anneemery.fr\/wp-content\/uploads\/2015\/11\/86_emery_ch119rb1-50x50.jpg\" class=\"attachment-thumbnail size-thumbnail\" alt=\"Ronds bleus - acrylique et huile sur toile 89 x 116 cm - 2009\" decoding=\"async\" loading=\"lazy\" \/><\/a>\n\t\t\t<\/div><\/figure><figure class='gallery-item'>\n\t\t\t<div class='gallery-icon landscape'>\n\t\t\t\t<a href='https:\/\/www.anneemery.fr\/wp-content\/uploads\/2015\/11\/56_emery_ch1071.jpg'><img width=\"50\" height=\"50\" src=\"https:\/\/www.anneemery.fr\/wp-content\/uploads\/2015\/11\/56_emery_ch1071-50x50.jpg\" class=\"attachment-thumbnail size-thumbnail\" alt=\"Sur le coin de la table - acrylique et huile sur toile 89x116 cm -2010\" decoding=\"async\" loading=\"lazy\" \/><\/a>\n\t\t\t<\/div><\/figure><figure class='gallery-item'>\n\t\t\t<div class='gallery-icon landscape'>\n\t\t\t\t<a href='https:\/\/www.anneemery.fr\/wp-content\/uploads\/2015\/11\/58_emery_bvesti1.jpg'><img width=\"50\" height=\"50\" src=\"https:\/\/www.anneemery.fr\/wp-content\/uploads\/2015\/11\/58_emery_bvesti1-50x50.jpg\" class=\"attachment-thumbnail size-thumbnail\" alt=\"Une situation th\u00e9atrale - acrylique et huile sur toile 89x116 cm -2010\" decoding=\"async\" loading=\"lazy\" \/><\/a>\n\t\t\t<\/div><\/figure><figure class='gallery-item'>\n\t\t\t<div class='gallery-icon landscape'>\n\t\t\t\t<a href='https:\/\/www.anneemery.fr\/wp-content\/uploads\/2015\/11\/57_emery_ch1081.jpg'><img width=\"50\" height=\"50\" src=\"https:\/\/www.anneemery.fr\/wp-content\/uploads\/2015\/11\/57_emery_ch1081-50x50.jpg\" class=\"attachment-thumbnail size-thumbnail\" alt=\"Un suspens dor\u00e9 - acrylique et huile sur toile 89x116 cm -2010\" decoding=\"async\" loading=\"lazy\" \/><\/a>\n\t\t\t<\/div><\/figure><figure class='gallery-item'>\n\t\t\t<div class='gallery-icon portrait'>\n\t\t\t\t<a href='https:\/\/www.anneemery.fr\/wp-content\/uploads\/2015\/11\/49_emery_div861.jpg'><img width=\"50\" height=\"50\" src=\"https:\/\/www.anneemery.fr\/wp-content\/uploads\/2015\/11\/49_emery_div861-50x50.jpg\" class=\"attachment-thumbnail size-thumbnail\" alt=\"Miniature \u00e9cossaise - acrylique et huile sur toile 27x22 cm - 2004\" decoding=\"async\" loading=\"lazy\" \/><\/a>\n\t\t\t<\/div><\/figure><figure class='gallery-item'>\n\t\t\t<div class='gallery-icon landscape'>\n\t\t\t\t<a href='https:\/\/www.anneemery.fr\/wp-content\/uploads\/2015\/11\/03100_emery_cadrage-13.jpg'><img width=\"50\" height=\"50\" src=\"https:\/\/www.anneemery.fr\/wp-content\/uploads\/2015\/11\/03100_emery_cadrage-13-50x50.jpg\" class=\"attachment-thumbnail size-thumbnail\" alt=\"\" decoding=\"async\" loading=\"lazy\" \/><\/a>\n\t\t\t<\/div><\/figure><figure class='gallery-item'>\n\t\t\t<div class='gallery-icon landscape'>\n\t\t\t\t<a href='https:\/\/www.anneemery.fr\/wp-content\/uploads\/2015\/11\/62_emeryseri31.jpg'><img width=\"50\" height=\"50\" src=\"https:\/\/www.anneemery.fr\/wp-content\/uploads\/2015\/11\/62_emeryseri31-50x50.jpg\" class=\"attachment-thumbnail size-thumbnail\" alt=\"Panoramique - acrylique et huile sur toile 7 fois 22 x 27 cm et 1 fois 27 x 22 cm - 2004\" decoding=\"async\" loading=\"lazy\" \/><\/a>\n\t\t\t<\/div><\/figure><figure class='gallery-item'>\n\t\t\t<div class='gallery-icon landscape'>\n\t\t\t\t<a href='https:\/\/www.anneemery.fr\/wp-content\/uploads\/2015\/11\/61_panoramique1.jpg'><img width=\"50\" height=\"50\" src=\"https:\/\/www.anneemery.fr\/wp-content\/uploads\/2015\/11\/61_panoramique1-50x50.jpg\" class=\"attachment-thumbnail size-thumbnail\" alt=\"Panoramique - acrylique et huile sur toile 7 fois 22 x 27 cm et 1 fois 27 x 22 cm - 2004\" decoding=\"async\" loading=\"lazy\" \/><\/a>\n\t\t\t<\/div><\/figure><figure class='gallery-item'>\n\t\t\t<div class='gallery-icon landscape'>\n\t\t\t\t<a href='https:\/\/www.anneemery.fr\/wp-content\/uploads\/2015\/11\/65_emery_serieobjet11.jpg'><img width=\"50\" height=\"50\" src=\"https:\/\/www.anneemery.fr\/wp-content\/uploads\/2015\/11\/65_emery_serieobjet11-50x50.jpg\" class=\"attachment-thumbnail size-thumbnail\" alt=\"Objets s\u00e9rie 1- acrylique et huile sur toile - 8 fois 22 x 27 cm - 2003\" decoding=\"async\" loading=\"lazy\" \/><\/a>\n\t\t\t<\/div><\/figure><figure class='gallery-item'>\n\t\t\t<div class='gallery-icon landscape'>\n\t\t\t\t<a href='https:\/\/www.anneemery.fr\/wp-content\/uploads\/2015\/11\/03070_emery_objetserie4.jpg'><img width=\"50\" height=\"50\" src=\"https:\/\/www.anneemery.fr\/wp-content\/uploads\/2015\/11\/03070_emery_objetserie4-50x50.jpg\" class=\"attachment-thumbnail size-thumbnail\" alt=\"\" decoding=\"async\" loading=\"lazy\" \/><\/a>\n\t\t\t<\/div><\/figure><figure class='gallery-item'>\n\t\t\t<div class='gallery-icon landscape'>\n\t\t\t\t<a href='https:\/\/www.anneemery.fr\/wp-content\/uploads\/2015\/11\/67_emery_justpassa1061.jpg'><img width=\"50\" height=\"50\" src=\"https:\/\/www.anneemery.fr\/wp-content\/uploads\/2015\/11\/67_emery_justpassa1061-50x50.jpg\" class=\"attachment-thumbnail size-thumbnail\" alt=\"Exposition Juste de passage - 2011\" decoding=\"async\" loading=\"lazy\" \/><\/a>\n\t\t\t<\/div><\/figure><figure class='gallery-item'>\n\t\t\t<div class='gallery-icon landscape'>\n\t\t\t\t<a href='https:\/\/www.anneemery.fr\/wp-content\/uploads\/2015\/11\/66_emery_justpassa1.jpg'><img width=\"50\" height=\"50\" src=\"https:\/\/www.anneemery.fr\/wp-content\/uploads\/2015\/11\/66_emery_justpassa1-50x50.jpg\" class=\"attachment-thumbnail size-thumbnail\" alt=\"Exposition Juste de passage - 2011\" decoding=\"async\" loading=\"lazy\" \/><\/a>\n\t\t\t<\/div><\/figure><figure class='gallery-item'>\n\t\t\t<div class='gallery-icon landscape'>\n\t\t\t\t<a href='https:\/\/www.anneemery.fr\/wp-content\/uploads\/2015\/11\/95_emery_ousontlesima1.jpg'><img width=\"50\" height=\"50\" src=\"https:\/\/www.anneemery.fr\/wp-content\/uploads\/2015\/11\/95_emery_ousontlesima1-50x50.jpg\" class=\"attachment-thumbnail size-thumbnail\" alt=\"Mais o\u00f9 sont les images ? - 8 fois 22 x 27 cm- acrylique et huile sur toile -2009\" decoding=\"async\" loading=\"lazy\" \/><\/a>\n\t\t\t<\/div><\/figure><figure class='gallery-item'>\n\t\t\t<div class='gallery-icon landscape'>\n\t\t\t\t<a href='https:\/\/www.anneemery.fr\/wp-content\/uploads\/2015\/11\/03110_emery_cadrage-2.jpg'><img width=\"50\" height=\"50\" src=\"https:\/\/www.anneemery.fr\/wp-content\/uploads\/2015\/11\/03110_emery_cadrage-2-50x50.jpg\" class=\"attachment-thumbnail size-thumbnail\" alt=\"\" decoding=\"async\" loading=\"lazy\" \/><\/a>\n\t\t\t<\/div><\/figure><figure class='gallery-item'>\n\t\t\t<div class='gallery-icon landscape'>\n\t\t\t\t<a href='https:\/\/www.anneemery.fr\/wp-content\/uploads\/2015\/11\/03080_emery_cadrage-8.jpg'><img width=\"50\" height=\"50\" src=\"https:\/\/www.anneemery.fr\/wp-content\/uploads\/2015\/11\/03080_emery_cadrage-8-50x50.jpg\" class=\"attachment-thumbnail size-thumbnail\" alt=\"\" decoding=\"async\" loading=\"lazy\" \/><\/a>\n\t\t\t<\/div><\/figure><figure class='gallery-item'>\n\t\t\t<div class='gallery-icon landscape'>\n\t\t\t\t<a href='https:\/\/www.anneemery.fr\/wp-content\/uploads\/2015\/11\/63_emery_maloja11.jpg'><img width=\"50\" height=\"50\" src=\"https:\/\/www.anneemery.fr\/wp-content\/uploads\/2015\/11\/63_emery_maloja11-50x50.jpg\" class=\"attachment-thumbnail size-thumbnail\" alt=\"63_emery_maloja1\" decoding=\"async\" loading=\"lazy\" \/><\/a>\n\t\t\t<\/div><\/figure><figure class='gallery-item'>\n\t\t\t<div class='gallery-icon landscape'>\n\t\t\t\t<a href='https:\/\/www.anneemery.fr\/wp-content\/uploads\/2015\/11\/69_emery_justpassa1041.jpg'><img width=\"50\" height=\"50\" src=\"https:\/\/www.anneemery.fr\/wp-content\/uploads\/2015\/11\/69_emery_justpassa1041-50x50.jpg\" class=\"attachment-thumbnail size-thumbnail\" alt=\"Exposition Juste de passage - 2011\" decoding=\"async\" loading=\"lazy\" \/><\/a>\n\t\t\t<\/div><\/figure><figure class='gallery-item'>\n\t\t\t<div class='gallery-icon landscape'>\n\t\t\t\t<a href='https:\/\/www.anneemery.fr\/wp-content\/uploads\/2015\/11\/34_emery_bretascompo1001.jpg'><img width=\"50\" height=\"50\" src=\"https:\/\/www.anneemery.fr\/wp-content\/uploads\/2015\/11\/34_emery_bretascompo1001-50x50.jpg\" class=\"attachment-thumbnail size-thumbnail\" alt=\"Composition - acrylique et huile sur toile 15 fois 22x27 cm - 2008\" decoding=\"async\" loading=\"lazy\" \/><\/a>\n\t\t\t<\/div><\/figure><figure class='gallery-item'>\n\t\t\t<div class='gallery-icon landscape'>\n\t\t\t\t<a href='https:\/\/www.anneemery.fr\/wp-content\/uploads\/2015\/11\/55_emery_pek961.jpg'><img width=\"50\" height=\"50\" src=\"https:\/\/www.anneemery.fr\/wp-content\/uploads\/2015\/11\/55_emery_pek961-50x50.jpg\" class=\"attachment-thumbnail size-thumbnail\" alt=\"P\u00e9kin - acrylique et huile sur toile 9 fois 22x27 cm - 2004\" decoding=\"async\" loading=\"lazy\" \/><\/a>\n\t\t\t<\/div><\/figure><figure class='gallery-item'>\n\t\t\t<div class='gallery-icon landscape'>\n\t\t\t\t<a href='https:\/\/www.anneemery.fr\/wp-content\/uploads\/2015\/11\/42_emery_div791.jpg'><img width=\"50\" height=\"50\" src=\"https:\/\/www.anneemery.fr\/wp-content\/uploads\/2015\/11\/42_emery_div791-50x50.jpg\" class=\"attachment-thumbnail size-thumbnail\" alt=\"Effigies - acrylique et huile sur toile 22x27 cm - 2009\" decoding=\"async\" loading=\"lazy\" \/><\/a>\n\t\t\t<\/div><\/figure><figure class='gallery-item'>\n\t\t\t<div class='gallery-icon landscape'>\n\t\t\t\t<a href='https:\/\/www.anneemery.fr\/wp-content\/uploads\/2015\/11\/03120_emery_cadrage-12.jpg'><img width=\"50\" height=\"50\" src=\"https:\/\/www.anneemery.fr\/wp-content\/uploads\/2015\/11\/03120_emery_cadrage-12-50x50.jpg\" class=\"attachment-thumbnail size-thumbnail\" alt=\"\" decoding=\"async\" loading=\"lazy\" \/><\/a>\n\t\t\t<\/div><\/figure><figure class='gallery-item'>\n\t\t\t<div class='gallery-icon landscape'>\n\t\t\t\t<a href='https:\/\/www.anneemery.fr\/wp-content\/uploads\/2015\/11\/59_emerynanarghile1.jpg'><img width=\"50\" height=\"50\" src=\"https:\/\/www.anneemery.fr\/wp-content\/uploads\/2015\/11\/59_emerynanarghile1-50x50.jpg\" class=\"attachment-thumbnail size-thumbnail\" alt=\"Narguil\u00e9 - acrylique et huile sur toile 22x27 cm - 2008\" decoding=\"async\" loading=\"lazy\" \/><\/a>\n\t\t\t<\/div><\/figure><figure class='gallery-item'>\n\t\t\t<div class='gallery-icon landscape'>\n\t\t\t\t<a href='https:\/\/www.anneemery.fr\/wp-content\/uploads\/2015\/11\/39_emery_div761.jpg'><img width=\"50\" height=\"50\" src=\"https:\/\/www.anneemery.fr\/wp-content\/uploads\/2015\/11\/39_emery_div761-50x50.jpg\" class=\"attachment-thumbnail size-thumbnail\" alt=\"Coquillage - acrylique et huile sur toile 22x27 cm - 2009\" decoding=\"async\" loading=\"lazy\" \/><\/a>\n\t\t\t<\/div><\/figure><figure class='gallery-item'>\n\t\t\t<div class='gallery-icon landscape'>\n\t\t\t\t<a href='https:\/\/www.anneemery.fr\/wp-content\/uploads\/2015\/11\/44_emery_div811.jpg'><img width=\"50\" height=\"50\" src=\"https:\/\/www.anneemery.fr\/wp-content\/uploads\/2015\/11\/44_emery_div811-50x50.jpg\" class=\"attachment-thumbnail size-thumbnail\" alt=\"Gel\u00e9e blanche - Acrylique et huile sur toile 22x27 cm - 2009\" decoding=\"async\" loading=\"lazy\" \/><\/a>\n\t\t\t<\/div><\/figure><figure class='gallery-item'>\n\t\t\t<div class='gallery-icon landscape'>\n\t\t\t\t<a href='https:\/\/www.anneemery.fr\/wp-content\/uploads\/2015\/11\/50_emery_div871.jpg'><img width=\"50\" height=\"50\" src=\"https:\/\/www.anneemery.fr\/wp-content\/uploads\/2015\/11\/50_emery_div871-50x50.jpg\" class=\"attachment-thumbnail size-thumbnail\" alt=\"Foule et objet blanc - acrylique et huile sur toile 22x27 cm - 2004\" decoding=\"async\" loading=\"lazy\" \/><\/a>\n\t\t\t<\/div><\/figure><figure class='gallery-item'>\n\t\t\t<div class='gallery-icon landscape'>\n\t\t\t\t<a href='https:\/\/www.anneemery.fr\/wp-content\/uploads\/2015\/11\/45_emery_div821.jpg'><img width=\"50\" height=\"50\" src=\"https:\/\/www.anneemery.fr\/wp-content\/uploads\/2015\/11\/45_emery_div821-50x50.jpg\" class=\"attachment-thumbnail size-thumbnail\" alt=\"Passant - acrylique et huile sur toile 22x27 cm - 2009\" decoding=\"async\" loading=\"lazy\" \/><\/a>\n\t\t\t<\/div><\/figure><figure class='gallery-item'>\n\t\t\t<div class='gallery-icon landscape'>\n\t\t\t\t<a href='https:\/\/www.anneemery.fr\/wp-content\/uploads\/2015\/11\/41_emery_div781.jpg'><img width=\"50\" height=\"50\" src=\"https:\/\/www.anneemery.fr\/wp-content\/uploads\/2015\/11\/41_emery_div781-50x50.jpg\" class=\"attachment-thumbnail size-thumbnail\" alt=\"Vo\u00fbte - acrylique et huile sur toile 22x27 cm - 2009\" decoding=\"async\" loading=\"lazy\" \/><\/a>\n\t\t\t<\/div><\/figure><figure class='gallery-item'>\n\t\t\t<div class='gallery-icon landscape'>\n\t\t\t\t<a href='https:\/\/www.anneemery.fr\/wp-content\/uploads\/2015\/11\/47_emery_div841.jpg'><img width=\"50\" height=\"50\" src=\"https:\/\/www.anneemery.fr\/wp-content\/uploads\/2015\/11\/47_emery_div841-50x50.jpg\" class=\"attachment-thumbnail size-thumbnail\" alt=\"\" decoding=\"async\" loading=\"lazy\" \/><\/a>\n\t\t\t<\/div><\/figure><figure class='gallery-item'>\n\t\t\t<div class='gallery-icon landscape'>\n\t\t\t\t<a href='https:\/\/www.anneemery.fr\/wp-content\/uploads\/2015\/11\/18_emery_paris691.jpg'><img width=\"50\" height=\"50\" src=\"https:\/\/www.anneemery.fr\/wp-content\/uploads\/2015\/11\/18_emery_paris691-50x50.jpg\" class=\"attachment-thumbnail size-thumbnail\" alt=\"S\u00e9rie 11 Paris 5 - acrylique et huile sur toile 22x27 cm - 2002\" decoding=\"async\" loading=\"lazy\" \/><\/a>\n\t\t\t<\/div><\/figure><figure class='gallery-item'>\n\t\t\t<div class='gallery-icon landscape'>\n\t\t\t\t<a href='https:\/\/www.anneemery.fr\/wp-content\/uploads\/2015\/11\/15_emery_tab461.jpg'><img width=\"50\" height=\"50\" src=\"https:\/\/www.anneemery.fr\/wp-content\/uploads\/2015\/11\/15_emery_tab461-50x50.jpg\" class=\"attachment-thumbnail size-thumbnail\" alt=\"Espace - acrylique et huile sur toile 22x27 cm - 2008\" decoding=\"async\" loading=\"lazy\" \/><\/a>\n\t\t\t<\/div><\/figure><figure class='gallery-item'>\n\t\t\t<div class='gallery-icon landscape'>\n\t\t\t\t<a href='https:\/\/www.anneemery.fr\/wp-content\/uploads\/2015\/11\/14_emery_romb631.jpg'><img width=\"50\" height=\"50\" src=\"https:\/\/www.anneemery.fr\/wp-content\/uploads\/2015\/11\/14_emery_romb631-50x50.jpg\" class=\"attachment-thumbnail size-thumbnail\" alt=\"S\u00e9rie 6 Rome 1 - acrylique et huile sur toile 22x27 cm - 2002\" decoding=\"async\" loading=\"lazy\" \/><\/a>\n\t\t\t<\/div><\/figure><figure class='gallery-item'>\n\t\t\t<div class='gallery-icon landscape'>\n\t\t\t\t<a href='https:\/\/www.anneemery.fr\/wp-content\/uploads\/2015\/11\/12_emery_romb611.jpg'><img width=\"50\" height=\"50\" src=\"https:\/\/www.anneemery.fr\/wp-content\/uploads\/2015\/11\/12_emery_romb611-50x50.jpg\" class=\"attachment-thumbnail size-thumbnail\" alt=\"S\u00e9rie b Rome 1 - acrylique et huile sur toile 22x27 cm - 2003\" decoding=\"async\" loading=\"lazy\" \/><\/a>\n\t\t\t<\/div><\/figure><figure class='gallery-item'>\n\t\t\t<div class='gallery-icon landscape'>\n\t\t\t\t<a href='https:\/\/www.anneemery.fr\/wp-content\/uploads\/2015\/11\/03090_emery_cadrage-1.jpg'><img width=\"50\" height=\"50\" src=\"https:\/\/www.anneemery.fr\/wp-content\/uploads\/2015\/11\/03090_emery_cadrage-1-50x50.jpg\" class=\"attachment-thumbnail size-thumbnail\" alt=\"\" decoding=\"async\" loading=\"lazy\" \/><\/a>\n\t\t\t<\/div><\/figure><figure class='gallery-item'>\n\t\t\t<div class='gallery-icon landscape'>\n\t\t\t\t<a href='https:\/\/www.anneemery.fr\/wp-content\/uploads\/2015\/11\/1_emeryrom1.jpg'><img width=\"50\" height=\"50\" src=\"https:\/\/www.anneemery.fr\/wp-content\/uploads\/2015\/11\/1_emeryrom1-50x50.jpg\" class=\"attachment-thumbnail size-thumbnail\" alt=\"S\u00e9rie 6 Rome 3 - acrylique et huile sur toile 22x27 cm - 2002\" decoding=\"async\" loading=\"lazy\" \/><\/a>\n\t\t\t<\/div><\/figure><figure class='gallery-item'>\n\t\t\t<div class='gallery-icon landscape'>\n\t\t\t\t<a href='https:\/\/www.anneemery.fr\/wp-content\/uploads\/2015\/11\/5_emery_rom541.jpg'><img width=\"50\" height=\"50\" src=\"https:\/\/www.anneemery.fr\/wp-content\/uploads\/2015\/11\/5_emery_rom541-50x50.jpg\" class=\"attachment-thumbnail size-thumbnail\" alt=\"S\u00e9rie 6 Rome 8 - acrylique et huile sur toile 22x27 cm - 2002\" decoding=\"async\" loading=\"lazy\" \/><\/a>\n\t\t\t<\/div><\/figure><figure class='gallery-item'>\n\t\t\t<div class='gallery-icon landscape'>\n\t\t\t\t<a href='https:\/\/www.anneemery.fr\/wp-content\/uploads\/2015\/11\/9_emery_rom581.jpg'><img width=\"50\" height=\"50\" src=\"https:\/\/www.anneemery.fr\/wp-content\/uploads\/2015\/11\/9_emery_rom581-50x50.jpg\" class=\"attachment-thumbnail size-thumbnail\" alt=\"S\u00e9rie 6 Rome 4 - acrylique et huile sur toile 22x27 cm - 2002\" decoding=\"async\" loading=\"lazy\" \/><\/a>\n\t\t\t<\/div><\/figure><figure class='gallery-item'>\n\t\t\t<div class='gallery-icon landscape'>\n\t\t\t\t<a href='https:\/\/www.anneemery.fr\/wp-content\/uploads\/2015\/11\/6_emery_rom551.jpg'><img width=\"50\" height=\"50\" src=\"https:\/\/www.anneemery.fr\/wp-content\/uploads\/2015\/11\/6_emery_rom551-50x50.jpg\" class=\"attachment-thumbnail size-thumbnail\" alt=\"S\u00e9rie 6 Rome 17 - acrylique et huile sur toile 22x27 cm - 2002\" decoding=\"async\" loading=\"lazy\" \/><\/a>\n\t\t\t<\/div><\/figure><figure class='gallery-item'>\n\t\t\t<div class='gallery-icon landscape'>\n\t\t\t\t<a href='https:\/\/www.anneemery.fr\/wp-content\/uploads\/2015\/11\/13_emery_romb621.jpg'><img width=\"50\" height=\"50\" src=\"https:\/\/www.anneemery.fr\/wp-content\/uploads\/2015\/11\/13_emery_romb621-50x50.jpg\" class=\"attachment-thumbnail size-thumbnail\" alt=\"S\u00e9rie 6 Rome 11 - acrylique et huile sur toile 22x27 cm - 2002\" decoding=\"async\" loading=\"lazy\" \/><\/a>\n\t\t\t<\/div><\/figure><figure class='gallery-item'>\n\t\t\t<div class='gallery-icon landscape'>\n\t\t\t\t<a href='https:\/\/www.anneemery.fr\/wp-content\/uploads\/2015\/11\/30_emery_571.jpg'><img width=\"50\" height=\"50\" src=\"https:\/\/www.anneemery.fr\/wp-content\/uploads\/2015\/11\/30_emery_571-50x50.jpg\" class=\"attachment-thumbnail size-thumbnail\" alt=\"\" decoding=\"async\" loading=\"lazy\" \/><\/a>\n\t\t\t<\/div><\/figure><figure class='gallery-item'>\n\t\t\t<div class='gallery-icon landscape'>\n\t\t\t\t<a href='https:\/\/www.anneemery.fr\/wp-content\/uploads\/2015\/11\/7_emery_rom561.jpg'><img width=\"50\" height=\"50\" src=\"https:\/\/www.anneemery.fr\/wp-content\/uploads\/2015\/11\/7_emery_rom561-50x50.jpg\" class=\"attachment-thumbnail size-thumbnail\" alt=\"S\u00e9rie 6 Rome 6 - acrylique et huile sur toile 22x27 cm - 2002\" decoding=\"async\" loading=\"lazy\" \/><\/a>\n\t\t\t<\/div><\/figure><figure class='gallery-item'>\n\t\t\t<div class='gallery-icon landscape'>\n\t\t\t\t<a href='https:\/\/www.anneemery.fr\/wp-content\/uploads\/2015\/11\/4_emery_rom531.jpg'><img width=\"50\" height=\"50\" src=\"https:\/\/www.anneemery.fr\/wp-content\/uploads\/2015\/11\/4_emery_rom531-50x50.jpg\" class=\"attachment-thumbnail size-thumbnail\" alt=\"S\u00e9rie 6 Rome 9 - acrylique et huile sur toile 22x27 cm - 2002\" decoding=\"async\" loading=\"lazy\" \/><\/a>\n\t\t\t<\/div><\/figure><figure class='gallery-item'>\n\t\t\t<div class='gallery-icon landscape'>\n\t\t\t\t<a href='https:\/\/www.anneemery.fr\/wp-content\/uploads\/2015\/11\/3_emery_rom521.jpg'><img width=\"50\" height=\"50\" src=\"https:\/\/www.anneemery.fr\/wp-content\/uploads\/2015\/11\/3_emery_rom521-50x50.jpg\" class=\"attachment-thumbnail size-thumbnail\" alt=\"S\u00e9rie 6 Rome 9 - acrylique et huile sur toile 22x27 cm - 2002\" decoding=\"async\" loading=\"lazy\" \/><\/a>\n\t\t\t<\/div><\/figure><figure class='gallery-item'>\n\t\t\t<div class='gallery-icon landscape'>\n\t\t\t\t<a href='https:\/\/www.anneemery.fr\/wp-content\/uploads\/2015\/11\/10_emery_romb591.jpg'><img width=\"50\" height=\"50\" src=\"https:\/\/www.anneemery.fr\/wp-content\/uploads\/2015\/11\/10_emery_romb591-50x50.jpg\" class=\"attachment-thumbnail size-thumbnail\" alt=\"S\u00e9rie b Rome 2 - acrylique et huile sur toile 22x27 cm - 2003\" decoding=\"async\" loading=\"lazy\" \/><\/a>\n\t\t\t<\/div><\/figure><figure class='gallery-item'>\n\t\t\t<div class='gallery-icon landscape'>\n\t\t\t\t<a href='https:\/\/www.anneemery.fr\/wp-content\/uploads\/2015\/11\/20_emery_maloja711.jpg'><img width=\"50\" height=\"50\" src=\"https:\/\/www.anneemery.fr\/wp-content\/uploads\/2015\/11\/20_emery_maloja711-50x50.jpg\" class=\"attachment-thumbnail size-thumbnail\" alt=\"Maloja 2 - acrylique et huile sur toile 22x27 cm - 2004\" decoding=\"async\" loading=\"lazy\" \/><\/a>\n\t\t\t<\/div><\/figure><figure class='gallery-item'>\n\t\t\t<div class='gallery-icon landscape'>\n\t\t\t\t<a href='https:\/\/www.anneemery.fr\/wp-content\/uploads\/2015\/11\/35_emery_bretafljau1011.jpg'><img width=\"50\" height=\"50\" src=\"https:\/\/www.anneemery.fr\/wp-content\/uploads\/2015\/11\/35_emery_bretafljau1011-50x50.jpg\" class=\"attachment-thumbnail size-thumbnail\" alt=\"Fleurs jaunes - acrylique et huile sur toile 22x27 cm - 2002\" decoding=\"async\" loading=\"lazy\" \/><\/a>\n\t\t\t<\/div><\/figure><figure class='gallery-item'>\n\t\t\t<div class='gallery-icon landscape'>\n\t\t\t\t<a href='https:\/\/www.anneemery.fr\/wp-content\/uploads\/2015\/11\/2_emery_rom1.jpg'><img width=\"50\" height=\"50\" src=\"https:\/\/www.anneemery.fr\/wp-content\/uploads\/2015\/11\/2_emery_rom1-50x50.jpg\" class=\"attachment-thumbnail size-thumbnail\" alt=\"S\u00e9rie 6 Rome 12 - acrylique et huile sur toile 22x27 cm - 2002\" decoding=\"async\" loading=\"lazy\" \/><\/a>\n\t\t\t<\/div><\/figure><figure class='gallery-item'>\n\t\t\t<div class='gallery-icon landscape'>\n\t\t\t\t<a href='https:\/\/www.anneemery.fr\/wp-content\/uploads\/2015\/11\/23_emery_paris651.jpg'><img width=\"50\" height=\"50\" src=\"https:\/\/www.anneemery.fr\/wp-content\/uploads\/2015\/11\/23_emery_paris651-50x50.jpg\" class=\"attachment-thumbnail size-thumbnail\" alt=\"S\u00e9rie 11 Paris 1 - acrylique et huile sur toile 22x27 cm - 2002\" decoding=\"async\" loading=\"lazy\" \/><\/a>\n\t\t\t<\/div><\/figure><figure class='gallery-item'>\n\t\t\t<div class='gallery-icon landscape'>\n\t\t\t\t<a href='https:\/\/www.anneemery.fr\/wp-content\/uploads\/2015\/11\/24_emery_paris661.jpg'><img width=\"50\" height=\"50\" src=\"https:\/\/www.anneemery.fr\/wp-content\/uploads\/2015\/11\/24_emery_paris661-50x50.jpg\" class=\"attachment-thumbnail size-thumbnail\" alt=\"S\u00e9rie 11 Paris 2 - acrylique et huile sur toile 22x27 cm - 2002\" decoding=\"async\" loading=\"lazy\" \/><\/a>\n\t\t\t<\/div><\/figure><figure class='gallery-item'>\n\t\t\t<div class='gallery-icon landscape'>\n\t\t\t\t<a href='https:\/\/www.anneemery.fr\/wp-content\/uploads\/2015\/11\/16_emery_paris671.jpg'><img width=\"50\" height=\"50\" src=\"https:\/\/www.anneemery.fr\/wp-content\/uploads\/2015\/11\/16_emery_paris671-50x50.jpg\" class=\"attachment-thumbnail size-thumbnail\" alt=\"S\u00e9rie 11 Paris 3 - acrylique et huile sur toile 22x27 cm - 2002\" decoding=\"async\" loading=\"lazy\" \/><\/a>\n\t\t\t<\/div><\/figure><figure class='gallery-item'>\n\t\t\t<div class='gallery-icon landscape'>\n\t\t\t\t<a href='https:\/\/www.anneemery.fr\/wp-content\/uploads\/2015\/11\/17_emery_paris681.jpg'><img width=\"50\" height=\"50\" src=\"https:\/\/www.anneemery.fr\/wp-content\/uploads\/2015\/11\/17_emery_paris681-50x50.jpg\" class=\"attachment-thumbnail size-thumbnail\" alt=\"S\u00e9rie 11 Paris 4 - acrylique et huile sur toile 22x27 cm - 2002\" decoding=\"async\" loading=\"lazy\" \/><\/a>\n\t\t\t<\/div><\/figure><figure class='gallery-item'>\n\t\t\t<div class='gallery-icon landscape'>\n\t\t\t\t<a href='https:\/\/www.anneemery.fr\/wp-content\/uploads\/2015\/11\/11_emery_romb601.jpg'><img width=\"50\" height=\"50\" src=\"https:\/\/www.anneemery.fr\/wp-content\/uploads\/2015\/11\/11_emery_romb601-50x50.jpg\" class=\"attachment-thumbnail size-thumbnail\" alt=\"S\u00e9rie 11 Paris 8 - acrylique et huile sur toile 22x27 cm - 2002\" decoding=\"async\" loading=\"lazy\" \/><\/a>\n\t\t\t<\/div><\/figure><figure class='gallery-item'>\n\t\t\t<div class='gallery-icon landscape'>\n\t\t\t\t<a href='https:\/\/www.anneemery.fr\/wp-content\/uploads\/2015\/11\/22_emery_paris641.jpg'><img width=\"50\" height=\"50\" src=\"https:\/\/www.anneemery.fr\/wp-content\/uploads\/2015\/11\/22_emery_paris641-50x50.jpg\" class=\"attachment-thumbnail size-thumbnail\" alt=\"S\u00e9rie 11 Paris 8 - acrylique et huile sur toile 22x27 cm - 2002\" decoding=\"async\" loading=\"lazy\" \/><\/a>\n\t\t\t<\/div><\/figure><figure class='gallery-item'>\n\t\t\t<div class='gallery-icon landscape'>\n\t\t\t\t<a href='https:\/\/www.anneemery.fr\/wp-content\/uploads\/2015\/11\/25_emery_451.jpg'><img width=\"50\" height=\"50\" src=\"https:\/\/www.anneemery.fr\/wp-content\/uploads\/2015\/11\/25_emery_451-50x50.jpg\" class=\"attachment-thumbnail size-thumbnail\" alt=\"Cristal - acrylique et huile sur toile 22x27 cm - 2008\" decoding=\"async\" loading=\"lazy\" \/><\/a>\n\t\t\t<\/div><\/figure><figure class='gallery-item'>\n\t\t\t<div class='gallery-icon landscape'>\n\t\t\t\t<a href='https:\/\/www.anneemery.fr\/wp-content\/uploads\/2015\/11\/31_emery_blowup921.jpg'><img width=\"50\" height=\"50\" src=\"https:\/\/www.anneemery.fr\/wp-content\/uploads\/2015\/11\/31_emery_blowup921-50x50.jpg\" class=\"attachment-thumbnail size-thumbnail\" alt=\"Blow- up - acrylique et huile sur toile 2 fois 22x27 cm et une fois 40x40 cm - 2009\" decoding=\"async\" loading=\"lazy\" \/><\/a>\n\t\t\t<\/div><\/figure><figure class='gallery-item'>\n\t\t\t<div class='gallery-icon landscape'>\n\t\t\t\t<a href='https:\/\/www.anneemery.fr\/wp-content\/uploads\/2015\/11\/26_emery_461.jpg'><img width=\"50\" height=\"50\" src=\"https:\/\/www.anneemery.fr\/wp-content\/uploads\/2015\/11\/26_emery_461-50x50.jpg\" class=\"attachment-thumbnail size-thumbnail\" alt=\"Sans titre - acrylique et huile sur toile 27x46 cm - 2009\" decoding=\"async\" loading=\"lazy\" \/><\/a>\n\t\t\t<\/div><\/figure><figure class='gallery-item'>\n\t\t\t<div class='gallery-icon landscape'>\n\t\t\t\t<a href='https:\/\/www.anneemery.fr\/wp-content\/uploads\/2015\/11\/48_emery_div851.jpg'><img width=\"50\" height=\"50\" src=\"https:\/\/www.anneemery.fr\/wp-content\/uploads\/2015\/11\/48_emery_div851-50x50.jpg\" class=\"attachment-thumbnail size-thumbnail\" alt=\"Maloja 3 - acrylique et huile sur toile 22x27 cm - 2004\" decoding=\"async\" loading=\"lazy\" \/><\/a>\n\t\t\t<\/div><\/figure><figure class='gallery-item'>\n\t\t\t<div class='gallery-icon portrait'>\n\t\t\t\t<a href='https:\/\/www.anneemery.fr\/wp-content\/uploads\/2015\/11\/28_emery_481.jpg'><img width=\"50\" height=\"50\" src=\"https:\/\/www.anneemery.fr\/wp-content\/uploads\/2015\/11\/28_emery_481-50x50.jpg\" class=\"attachment-thumbnail size-thumbnail\" alt=\"Cath\u00e9drale - acrylique et huile sur toile 27x21 cm - 2009\" decoding=\"async\" loading=\"lazy\" \/><\/a>\n\t\t\t<\/div><\/figure><figure class='gallery-item'>\n\t\t\t<div class='gallery-icon landscape'>\n\t\t\t\t<a href='https:\/\/www.anneemery.fr\/wp-content\/uploads\/2015\/11\/43_emery_div801.jpg'><img width=\"50\" height=\"50\" src=\"https:\/\/www.anneemery.fr\/wp-content\/uploads\/2015\/11\/43_emery_div801-50x50.jpg\" class=\"attachment-thumbnail size-thumbnail\" alt=\"Vanit\u00e9s - acrylique et huile sur toile 22x27 cm - 2009\" decoding=\"async\" loading=\"lazy\" \/><\/a>\n\t\t\t<\/div><\/figure><figure class='gallery-item'>\n\t\t\t<div class='gallery-icon landscape'>\n\t\t\t\t<a href='https:\/\/www.anneemery.fr\/wp-content\/uploads\/2015\/11\/36_emery_div731.jpg'><img width=\"50\" height=\"50\" src=\"https:\/\/www.anneemery.fr\/wp-content\/uploads\/2015\/11\/36_emery_div731-50x50.jpg\" class=\"attachment-thumbnail size-thumbnail\" alt=\"Chien - acrylique et huile sur toile 22x27 cm - 2009\" decoding=\"async\" loading=\"lazy\" \/><\/a>\n\t\t\t<\/div><\/figure><figure class='gallery-item'>\n\t\t\t<div class='gallery-icon landscape'>\n\t\t\t\t<a href='https:\/\/www.anneemery.fr\/wp-content\/uploads\/2015\/11\/102_emerybronz1.jpg'><img width=\"50\" height=\"50\" src=\"https:\/\/www.anneemery.fr\/wp-content\/uploads\/2015\/11\/102_emerybronz1-50x50.jpg\" class=\"attachment-thumbnail size-thumbnail\" alt=\"Bronze - acrylique et huile sur toile - 22 x 27 cm - 2008\" decoding=\"async\" loading=\"lazy\" \/><\/a>\n\t\t\t<\/div><\/figure><figure class='gallery-item'>\n\t\t\t<div class='gallery-icon portrait'>\n\t\t\t\t<a href='https:\/\/www.anneemery.fr\/wp-content\/uploads\/2015\/11\/03150_emery_installation2.jpg'><img width=\"50\" height=\"50\" src=\"https:\/\/www.anneemery.fr\/wp-content\/uploads\/2015\/11\/03150_emery_installation2-50x50.jpg\" class=\"attachment-thumbnail size-thumbnail\" alt=\"Installation 2 (bronze)\u2013 39 peintures - acrylique et huile sur toile 22 x 27 cm \u2013 2003\" decoding=\"async\" loading=\"lazy\" \/><\/a>\n\t\t\t<\/div><\/figure><figure class='gallery-item'>\n\t\t\t<div class='gallery-icon landscape'>\n\t\t\t\t<a href='https:\/\/www.anneemery.fr\/wp-content\/uploads\/2015\/11\/03170_emery_installa1.jpg'><img width=\"50\" height=\"50\" src=\"https:\/\/www.anneemery.fr\/wp-content\/uploads\/2015\/11\/03170_emery_installa1-50x50.jpg\" class=\"attachment-thumbnail size-thumbnail\" alt=\"Installation 1 \u2013 42 peintures - acrylique et huile sur toile 22 x 27 cm \u2013 2002\" decoding=\"async\" loading=\"lazy\" \/><\/a>\n\t\t\t<\/div><\/figure><figure class='gallery-item'>\n\t\t\t<div class='gallery-icon landscape'>\n\t\t\t\t<a href='https:\/\/www.anneemery.fr\/wp-content\/uploads\/2015\/11\/32_emerybbreta981.jpg'><img width=\"50\" height=\"50\" src=\"https:\/\/www.anneemery.fr\/wp-content\/uploads\/2015\/11\/32_emerybbreta981-50x50.jpg\" class=\"attachment-thumbnail size-thumbnail\" alt=\"image double - acrylique et huile sur toile 2 fois 27x22 cm - 2008\" decoding=\"async\" loading=\"lazy\" \/><\/a>\n\t\t\t<\/div><\/figure><figure class='gallery-item'>\n\t\t\t<div class='gallery-icon landscape'>\n\t\t\t\t<a href='https:\/\/www.anneemery.fr\/wp-content\/uploads\/2015\/11\/03140_emery_cadrage-5.jpg'><img width=\"50\" height=\"50\" src=\"https:\/\/www.anneemery.fr\/wp-content\/uploads\/2015\/11\/03140_emery_cadrage-5-50x50.jpg\" class=\"attachment-thumbnail size-thumbnail\" alt=\"\" decoding=\"async\" loading=\"lazy\" \/><\/a>\n\t\t\t<\/div><\/figure><figure class='gallery-item'>\n\t\t\t<div class='gallery-icon landscape'>\n\t\t\t\t<a href='https:\/\/www.anneemery.fr\/wp-content\/uploads\/2015\/11\/46_emery_div831.jpg'><img width=\"50\" height=\"50\" src=\"https:\/\/www.anneemery.fr\/wp-content\/uploads\/2015\/11\/46_emery_div831-50x50.jpg\" class=\"attachment-thumbnail size-thumbnail\" alt=\"Flou - acrylique et huile sur toile 22x27 cm - 2008\" decoding=\"async\" loading=\"lazy\" \/><\/a>\n\t\t\t<\/div><\/figure><figure class='gallery-item'>\n\t\t\t<div class='gallery-icon landscape'>\n\t\t\t\t<a href='https:\/\/www.anneemery.fr\/wp-content\/uploads\/2015\/11\/ilebassdef.jpg'><img width=\"50\" height=\"50\" src=\"https:\/\/www.anneemery.fr\/wp-content\/uploads\/2015\/11\/ilebassdef-50x50.jpg\" class=\"attachment-thumbnail size-thumbnail\" alt=\"\" decoding=\"async\" loading=\"lazy\" \/><\/a>\n\t\t\t<\/div><\/figure><figure class='gallery-item'>\n\t\t\t<div class='gallery-icon landscape'>\n\t\t\t\t<a href='https:\/\/www.anneemery.fr\/wp-content\/uploads\/2015\/11\/37_emery_div741.jpg'><img width=\"50\" height=\"50\" src=\"https:\/\/www.anneemery.fr\/wp-content\/uploads\/2015\/11\/37_emery_div741-50x50.jpg\" class=\"attachment-thumbnail size-thumbnail\" alt=\"Maloja 8 - Acrylique et huile sur toile 22x27 cm - 2004\" decoding=\"async\" loading=\"lazy\" \/><\/a>\n\t\t\t<\/div><\/figure><figure class='gallery-item'>\n\t\t\t<div class='gallery-icon landscape'>\n\t\t\t\t<a href='https:\/\/www.anneemery.fr\/wp-content\/uploads\/2015\/11\/mosli1bassdef.jpg'><img width=\"50\" height=\"50\" src=\"https:\/\/www.anneemery.fr\/wp-content\/uploads\/2015\/11\/mosli1bassdef-50x50.jpg\" class=\"attachment-thumbnail size-thumbnail\" alt=\"\" decoding=\"async\" loading=\"lazy\" \/><\/a>\n\t\t\t<\/div><\/figure><figure class='gallery-item'>\n\t\t\t<div class='gallery-icon landscape'>\n\t\t\t\t<a href='https:\/\/www.anneemery.fr\/wp-content\/uploads\/2015\/11\/29_emery_491.jpg'><img width=\"50\" height=\"50\" src=\"https:\/\/www.anneemery.fr\/wp-content\/uploads\/2015\/11\/29_emery_491-50x50.jpg\" class=\"attachment-thumbnail size-thumbnail\" alt=\"Dyptique - acrylique et huile sur toile 2 fois 195x130 cm - 2009\" decoding=\"async\" loading=\"lazy\" \/><\/a>\n\t\t\t<\/div><\/figure><figure class='gallery-item'>\n\t\t\t<div class='gallery-icon landscape'>\n\t\t\t\t<a href='https:\/\/www.anneemery.fr\/wp-content\/uploads\/2015\/11\/38_emery_div751.jpg'><img width=\"50\" height=\"50\" src=\"https:\/\/www.anneemery.fr\/wp-content\/uploads\/2015\/11\/38_emery_div751-50x50.jpg\" class=\"attachment-thumbnail size-thumbnail\" alt=\"P\u00e9tard - acrylique et huile sur toile 22x27 cm - 2009\" decoding=\"async\" loading=\"lazy\" \/><\/a>\n\t\t\t<\/div><\/figure><figure class='gallery-item'>\n\t\t\t<div class='gallery-icon landscape'>\n\t\t\t\t<a href='https:\/\/www.anneemery.fr\/wp-content\/uploads\/2015\/11\/13bassdef.jpg'><img width=\"50\" height=\"50\" src=\"https:\/\/www.anneemery.fr\/wp-content\/uploads\/2015\/11\/13bassdef-50x50.jpg\" class=\"attachment-thumbnail size-thumbnail\" alt=\"\" decoding=\"async\" loading=\"lazy\" srcset=\"https:\/\/www.anneemery.fr\/wp-content\/uploads\/2015\/11\/13bassdef-50x50.jpg 50w, https:\/\/www.anneemery.fr\/wp-content\/uploads\/2015\/11\/13bassdef-300x295.jpg 300w, https:\/\/www.anneemery.fr\/wp-content\/uploads\/2015\/11\/13bassdef.jpg 500w\" sizes=\"(max-width: 50px) 100vw, 50px\" \/><\/a>\n\t\t\t<\/div><\/figure><figure class='gallery-item'>\n\t\t\t<div class='gallery-icon landscape'>\n\t\t\t\t<a href='https:\/\/www.anneemery.fr\/wp-content\/uploads\/2015\/11\/02140_emery_papier1.jpg'><img width=\"50\" height=\"50\" src=\"https:\/\/www.anneemery.fr\/wp-content\/uploads\/2015\/11\/02140_emery_papier1-50x50.jpg\" class=\"attachment-thumbnail size-thumbnail\" alt=\"Papier 1 \u2013 il particolare \u2013 acrylique et huile sur papier 100 x 100 cm \u2013 1997\" decoding=\"async\" loading=\"lazy\" srcset=\"https:\/\/www.anneemery.fr\/wp-content\/uploads\/2015\/11\/02140_emery_papier1-50x50.jpg 50w, https:\/\/www.anneemery.fr\/wp-content\/uploads\/2015\/11\/02140_emery_papier1-300x300.jpg 300w, https:\/\/www.anneemery.fr\/wp-content\/uploads\/2015\/11\/02140_emery_papier1.jpg 600w\" sizes=\"(max-width: 50px) 100vw, 50px\" \/><\/a>\n\t\t\t<\/div><\/figure><figure class='gallery-item'>\n\t\t\t<div class='gallery-icon landscape'>\n\t\t\t\t<a href='https:\/\/www.anneemery.fr\/wp-content\/uploads\/2015\/11\/emery_roma41.gif'><img width=\"50\" height=\"50\" src=\"https:\/\/www.anneemery.fr\/wp-content\/uploads\/2015\/11\/emery_roma41-50x50.gif\" class=\"attachment-thumbnail size-thumbnail\" alt=\"Il particolare - acrylique et huile sur papier. 100 x 100 cm. 2000\" decoding=\"async\" loading=\"lazy\" srcset=\"https:\/\/www.anneemery.fr\/wp-content\/uploads\/2015\/11\/emery_roma41-50x50.gif 50w, https:\/\/www.anneemery.fr\/wp-content\/uploads\/2015\/11\/emery_roma41-300x297.gif 300w\" sizes=\"(max-width: 50px) 100vw, 50px\" \/><\/a>\n\t\t\t<\/div><\/figure><figure class='gallery-item'>\n\t\t\t<div class='gallery-icon landscape'>\n\t\t\t\t<a href='https:\/\/www.anneemery.fr\/wp-content\/uploads\/2015\/11\/emery_roma51.gif'><img width=\"50\" height=\"50\" src=\"https:\/\/www.anneemery.fr\/wp-content\/uploads\/2015\/11\/emery_roma51-50x50.gif\" class=\"attachment-thumbnail size-thumbnail\" alt=\"Il particolare - acrylique et huile sur papier. 100 x 100 cm. 2001\" decoding=\"async\" loading=\"lazy\" srcset=\"https:\/\/www.anneemery.fr\/wp-content\/uploads\/2015\/11\/emery_roma51-50x50.gif 50w, https:\/\/www.anneemery.fr\/wp-content\/uploads\/2015\/11\/emery_roma51-300x297.gif 300w\" sizes=\"(max-width: 50px) 100vw, 50px\" \/><\/a>\n\t\t\t<\/div><\/figure><figure class='gallery-item'>\n\t\t\t<div class='gallery-icon landscape'>\n\t\t\t\t<a href='https:\/\/www.anneemery.fr\/wp-content\/uploads\/2015\/11\/02190_emery_papier6.jpg'><img width=\"50\" height=\"50\" src=\"https:\/\/www.anneemery.fr\/wp-content\/uploads\/2015\/11\/02190_emery_papier6-50x50.jpg\" class=\"attachment-thumbnail size-thumbnail\" alt=\"Papier 6 \u2013 il particolare \u2013 acrylique et huile sur papier 100 x 100 cm \u2013 1997\" decoding=\"async\" loading=\"lazy\" srcset=\"https:\/\/www.anneemery.fr\/wp-content\/uploads\/2015\/11\/02190_emery_papier6-50x50.jpg 50w, https:\/\/www.anneemery.fr\/wp-content\/uploads\/2015\/11\/02190_emery_papier6-300x300.jpg 300w, https:\/\/www.anneemery.fr\/wp-content\/uploads\/2015\/11\/02190_emery_papier6.jpg 600w\" sizes=\"(max-width: 50px) 100vw, 50px\" \/><\/a>\n\t\t\t<\/div><\/figure><figure class='gallery-item'>\n\t\t\t<div class='gallery-icon landscape'>\n\t\t\t\t<a href='https:\/\/www.anneemery.fr\/wp-content\/uploads\/2015\/11\/02230_emery_papier10.jpg'><img width=\"50\" height=\"50\" src=\"https:\/\/www.anneemery.fr\/wp-content\/uploads\/2015\/11\/02230_emery_papier10-50x50.jpg\" class=\"attachment-thumbnail size-thumbnail\" alt=\"Papier 10 \u2013 il particolare \u2013 acrylique et huile sur papier 100 x 100 cm \u2013 2000\" decoding=\"async\" loading=\"lazy\" srcset=\"https:\/\/www.anneemery.fr\/wp-content\/uploads\/2015\/11\/02230_emery_papier10-50x50.jpg 50w, https:\/\/www.anneemery.fr\/wp-content\/uploads\/2015\/11\/02230_emery_papier10-300x300.jpg 300w, https:\/\/www.anneemery.fr\/wp-content\/uploads\/2015\/11\/02230_emery_papier10.jpg 600w\" sizes=\"(max-width: 50px) 100vw, 50px\" \/><\/a>\n\t\t\t<\/div><\/figure><figure class='gallery-item'>\n\t\t\t<div class='gallery-icon landscape'>\n\t\t\t\t<a href='https:\/\/www.anneemery.fr\/wp-content\/uploads\/2015\/11\/02150_emery_papier2.jpg'><img width=\"50\" height=\"50\" src=\"https:\/\/www.anneemery.fr\/wp-content\/uploads\/2015\/11\/02150_emery_papier2-50x50.jpg\" class=\"attachment-thumbnail size-thumbnail\" alt=\"\" decoding=\"async\" loading=\"lazy\" srcset=\"https:\/\/www.anneemery.fr\/wp-content\/uploads\/2015\/11\/02150_emery_papier2-50x50.jpg 50w, https:\/\/www.anneemery.fr\/wp-content\/uploads\/2015\/11\/02150_emery_papier2-300x300.jpg 300w, https:\/\/www.anneemery.fr\/wp-content\/uploads\/2015\/11\/02150_emery_papier2.jpg 600w\" sizes=\"(max-width: 50px) 100vw, 50px\" \/><\/a>\n\t\t\t<\/div><\/figure><figure class='gallery-item'>\n\t\t\t<div class='gallery-icon landscape'>\n\t\t\t\t<a href='https:\/\/www.anneemery.fr\/wp-content\/uploads\/2015\/11\/149_emery_particol2.jpg'><img width=\"50\" height=\"50\" src=\"https:\/\/www.anneemery.fr\/wp-content\/uploads\/2015\/11\/149_emery_particol2-50x50.jpg\" class=\"attachment-thumbnail size-thumbnail\" alt=\"Il particolare - acrylique et huile sur papier. 100 x 100 cm. 2000\" decoding=\"async\" loading=\"lazy\" \/><\/a>\n\t\t\t<\/div><\/figure><figure class='gallery-item'>\n\t\t\t<div class='gallery-icon landscape'>\n\t\t\t\t<a href='https:\/\/www.anneemery.fr\/wp-content\/uploads\/2015\/11\/02380_emery_papier25.jpg'><img width=\"50\" height=\"50\" src=\"https:\/\/www.anneemery.fr\/wp-content\/uploads\/2015\/11\/02380_emery_papier25-50x50.jpg\" class=\"attachment-thumbnail size-thumbnail\" alt=\"Papier 25 \u2013 il particolare \u2013 acrylique et huile sur papier 100 x 100 cm \u2013 2000\" decoding=\"async\" loading=\"lazy\" srcset=\"https:\/\/www.anneemery.fr\/wp-content\/uploads\/2015\/11\/02380_emery_papier25-50x50.jpg 50w, https:\/\/www.anneemery.fr\/wp-content\/uploads\/2015\/11\/02380_emery_papier25-300x300.jpg 300w, https:\/\/www.anneemery.fr\/wp-content\/uploads\/2015\/11\/02380_emery_papier25.jpg 600w\" sizes=\"(max-width: 50px) 100vw, 50px\" \/><\/a>\n\t\t\t<\/div><\/figure><figure class='gallery-item'>\n\t\t\t<div class='gallery-icon landscape'>\n\t\t\t\t<a href='https:\/\/www.anneemery.fr\/wp-content\/uploads\/2015\/11\/02220_emery_papier9.jpg'><img width=\"50\" height=\"50\" src=\"https:\/\/www.anneemery.fr\/wp-content\/uploads\/2015\/11\/02220_emery_papier9-50x50.jpg\" class=\"attachment-thumbnail size-thumbnail\" alt=\"Papier 9 \u2013 il particolare \u2013 acrylique et huile sur papier 100 x 100 cm \u2013 2000\" decoding=\"async\" loading=\"lazy\" srcset=\"https:\/\/www.anneemery.fr\/wp-content\/uploads\/2015\/11\/02220_emery_papier9-50x50.jpg 50w, https:\/\/www.anneemery.fr\/wp-content\/uploads\/2015\/11\/02220_emery_papier9-300x300.jpg 300w, https:\/\/www.anneemery.fr\/wp-content\/uploads\/2015\/11\/02220_emery_papier9.jpg 600w\" sizes=\"(max-width: 50px) 100vw, 50px\" \/><\/a>\n\t\t\t<\/div><\/figure><figure class='gallery-item'>\n\t\t\t<div class='gallery-icon landscape'>\n\t\t\t\t<a href='https:\/\/www.anneemery.fr\/wp-content\/uploads\/2015\/11\/02250_emery_papier12.jpg'><img width=\"50\" height=\"50\" src=\"https:\/\/www.anneemery.fr\/wp-content\/uploads\/2015\/11\/02250_emery_papier12-50x50.jpg\" class=\"attachment-thumbnail size-thumbnail\" alt=\"Papier 12 \u2013 il particolare \u2013 acrylique et huile sur papier 100 x 100 cm \u2013 2000\" decoding=\"async\" loading=\"lazy\" srcset=\"https:\/\/www.anneemery.fr\/wp-content\/uploads\/2015\/11\/02250_emery_papier12-50x50.jpg 50w, https:\/\/www.anneemery.fr\/wp-content\/uploads\/2015\/11\/02250_emery_papier12-300x300.jpg 300w, https:\/\/www.anneemery.fr\/wp-content\/uploads\/2015\/11\/02250_emery_papier12.jpg 600w\" sizes=\"(max-width: 50px) 100vw, 50px\" \/><\/a>\n\t\t\t<\/div><\/figure><figure class='gallery-item'>\n\t\t\t<div class='gallery-icon landscape'>\n\t\t\t\t<a href='https:\/\/www.anneemery.fr\/wp-content\/uploads\/2015\/11\/02180_emery_papier5.jpg'><img width=\"50\" height=\"50\" src=\"https:\/\/www.anneemery.fr\/wp-content\/uploads\/2015\/11\/02180_emery_papier5-50x50.jpg\" class=\"attachment-thumbnail size-thumbnail\" alt=\"Papier 5 \u2013 il particolare \u2013 acrylique et huile sur papier 100 x 100 cm \u2013 2001\" decoding=\"async\" loading=\"lazy\" srcset=\"https:\/\/www.anneemery.fr\/wp-content\/uploads\/2015\/11\/02180_emery_papier5-50x50.jpg 50w, https:\/\/www.anneemery.fr\/wp-content\/uploads\/2015\/11\/02180_emery_papier5-300x300.jpg 300w, https:\/\/www.anneemery.fr\/wp-content\/uploads\/2015\/11\/02180_emery_papier5.jpg 600w\" sizes=\"(max-width: 50px) 100vw, 50px\" \/><\/a>\n\t\t\t<\/div><\/figure><figure class='gallery-item'>\n\t\t\t<div class='gallery-icon landscape'>\n\t\t\t\t<a href='https:\/\/www.anneemery.fr\/wp-content\/uploads\/2015\/11\/02240_emery_papier11.jpg'><img width=\"50\" height=\"50\" src=\"https:\/\/www.anneemery.fr\/wp-content\/uploads\/2015\/11\/02240_emery_papier11-50x50.jpg\" class=\"attachment-thumbnail size-thumbnail\" alt=\"Papier 11 \u2013 il particolare \u2013 acrylique et huile sur papier 100 x 100 cm \u2013 2000\" decoding=\"async\" loading=\"lazy\" srcset=\"https:\/\/www.anneemery.fr\/wp-content\/uploads\/2015\/11\/02240_emery_papier11-50x50.jpg 50w, https:\/\/www.anneemery.fr\/wp-content\/uploads\/2015\/11\/02240_emery_papier11-300x300.jpg 300w, https:\/\/www.anneemery.fr\/wp-content\/uploads\/2015\/11\/02240_emery_papier11.jpg 600w\" sizes=\"(max-width: 50px) 100vw, 50px\" \/><\/a>\n\t\t\t<\/div><\/figure><figure class='gallery-item'>\n\t\t\t<div class='gallery-icon landscape'>\n\t\t\t\t<a href='https:\/\/www.anneemery.fr\/wp-content\/uploads\/2015\/11\/02400_emery_papier27.jpg'><img width=\"50\" height=\"50\" src=\"https:\/\/www.anneemery.fr\/wp-content\/uploads\/2015\/11\/02400_emery_papier27-50x50.jpg\" class=\"attachment-thumbnail size-thumbnail\" alt=\"Papier 27 \u2013 il particolare \u2013 acrylique et huile sur papier 100 x 100 cm \u2013 1998\" decoding=\"async\" loading=\"lazy\" srcset=\"https:\/\/www.anneemery.fr\/wp-content\/uploads\/2015\/11\/02400_emery_papier27-50x50.jpg 50w, https:\/\/www.anneemery.fr\/wp-content\/uploads\/2015\/11\/02400_emery_papier27-300x300.jpg 300w, https:\/\/www.anneemery.fr\/wp-content\/uploads\/2015\/11\/02400_emery_papier27.jpg 600w\" sizes=\"(max-width: 50px) 100vw, 50px\" \/><\/a>\n\t\t\t<\/div><\/figure><figure class='gallery-item'>\n\t\t\t<div class='gallery-icon landscape'>\n\t\t\t\t<a href='https:\/\/www.anneemery.fr\/wp-content\/uploads\/2015\/11\/02270_emery_papier14.jpg'><img width=\"50\" height=\"50\" src=\"https:\/\/www.anneemery.fr\/wp-content\/uploads\/2015\/11\/02270_emery_papier14-50x50.jpg\" class=\"attachment-thumbnail size-thumbnail\" alt=\"Papier 14 \u2013 il particolare \u2013 acrylique et huile sur papier 100 x 100 cm \u2013 1998\" decoding=\"async\" loading=\"lazy\" srcset=\"https:\/\/www.anneemery.fr\/wp-content\/uploads\/2015\/11\/02270_emery_papier14-50x50.jpg 50w, https:\/\/www.anneemery.fr\/wp-content\/uploads\/2015\/11\/02270_emery_papier14-300x300.jpg 300w, https:\/\/www.anneemery.fr\/wp-content\/uploads\/2015\/11\/02270_emery_papier14.jpg 600w\" sizes=\"(max-width: 50px) 100vw, 50px\" \/><\/a>\n\t\t\t<\/div><\/figure><figure class='gallery-item'>\n\t\t\t<div class='gallery-icon landscape'>\n\t\t\t\t<a href='https:\/\/www.anneemery.fr\/wp-content\/uploads\/2015\/11\/emery_roma21.gif'><img width=\"50\" height=\"50\" src=\"https:\/\/www.anneemery.fr\/wp-content\/uploads\/2015\/11\/emery_roma21-50x50.gif\" class=\"attachment-thumbnail size-thumbnail\" alt=\"Papier 20 \u2013 il particolare \u2013 acrylique et huile sur papier 100 x 100 cm \u2013 1998\" decoding=\"async\" loading=\"lazy\" srcset=\"https:\/\/www.anneemery.fr\/wp-content\/uploads\/2015\/11\/emery_roma21-50x50.gif 50w, https:\/\/www.anneemery.fr\/wp-content\/uploads\/2015\/11\/emery_roma21-300x297.gif 300w\" sizes=\"(max-width: 50px) 100vw, 50px\" \/><\/a>\n\t\t\t<\/div><\/figure><figure class='gallery-item'>\n\t\t\t<div class='gallery-icon landscape'>\n\t\t\t\t<a href='https:\/\/www.anneemery.fr\/wp-content\/uploads\/2015\/11\/02320_emery_papier19.jpg'><img width=\"50\" height=\"50\" src=\"https:\/\/www.anneemery.fr\/wp-content\/uploads\/2015\/11\/02320_emery_papier19-50x50.jpg\" class=\"attachment-thumbnail size-thumbnail\" alt=\"Papier 19 \u2013 il particolare \u2013 acrylique et huile sur papier 100 x 100 cm \u2013 1998\" decoding=\"async\" loading=\"lazy\" srcset=\"https:\/\/www.anneemery.fr\/wp-content\/uploads\/2015\/11\/02320_emery_papier19-50x50.jpg 50w, https:\/\/www.anneemery.fr\/wp-content\/uploads\/2015\/11\/02320_emery_papier19-300x300.jpg 300w, https:\/\/www.anneemery.fr\/wp-content\/uploads\/2015\/11\/02320_emery_papier19.jpg 600w\" sizes=\"(max-width: 50px) 100vw, 50px\" \/><\/a>\n\t\t\t<\/div><\/figure><figure class='gallery-item'>\n\t\t\t<div class='gallery-icon landscape'>\n\t\t\t\t<a href='https:\/\/www.anneemery.fr\/wp-content\/uploads\/2015\/11\/02290_emery_papier16.jpg'><img width=\"50\" height=\"50\" src=\"https:\/\/www.anneemery.fr\/wp-content\/uploads\/2015\/11\/02290_emery_papier16-50x50.jpg\" class=\"attachment-thumbnail size-thumbnail\" alt=\"Papier 16 \u2013 il particolare \u2013 acrylique et huile sur papier 100 x 100 cm \u2013 2000\" decoding=\"async\" loading=\"lazy\" srcset=\"https:\/\/www.anneemery.fr\/wp-content\/uploads\/2015\/11\/02290_emery_papier16-50x50.jpg 50w, https:\/\/www.anneemery.fr\/wp-content\/uploads\/2015\/11\/02290_emery_papier16-300x300.jpg 300w, https:\/\/www.anneemery.fr\/wp-content\/uploads\/2015\/11\/02290_emery_papier16.jpg 600w\" sizes=\"(max-width: 50px) 100vw, 50px\" \/><\/a>\n\t\t\t<\/div><\/figure><figure class='gallery-item'>\n\t\t\t<div class='gallery-icon landscape'>\n\t\t\t\t<a href='https:\/\/www.anneemery.fr\/wp-content\/uploads\/2015\/11\/02280_emery_papier15.jpg'><img width=\"50\" height=\"50\" src=\"https:\/\/www.anneemery.fr\/wp-content\/uploads\/2015\/11\/02280_emery_papier15-50x50.jpg\" class=\"attachment-thumbnail size-thumbnail\" alt=\"Papier 15 \u2013 il particolare \u2013 acrylique et huile sur papier 100 x 100 cm \u2013 1999\" decoding=\"async\" loading=\"lazy\" srcset=\"https:\/\/www.anneemery.fr\/wp-content\/uploads\/2015\/11\/02280_emery_papier15-50x50.jpg 50w, https:\/\/www.anneemery.fr\/wp-content\/uploads\/2015\/11\/02280_emery_papier15-300x300.jpg 300w, https:\/\/www.anneemery.fr\/wp-content\/uploads\/2015\/11\/02280_emery_papier15.jpg 600w\" sizes=\"(max-width: 50px) 100vw, 50px\" \/><\/a>\n\t\t\t<\/div><\/figure><figure class='gallery-item'>\n\t\t\t<div class='gallery-icon landscape'>\n\t\t\t\t<a href='https:\/\/www.anneemery.fr\/wp-content\/uploads\/2015\/11\/02210_emery_papier8.jpg'><img width=\"50\" height=\"50\" src=\"https:\/\/www.anneemery.fr\/wp-content\/uploads\/2015\/11\/02210_emery_papier8-50x50.jpg\" class=\"attachment-thumbnail size-thumbnail\" alt=\"Papier 8 \u2013 il particolare \u2013 acrylique et huile sur papier 100 x 100 cm \u2013 2001\" decoding=\"async\" loading=\"lazy\" srcset=\"https:\/\/www.anneemery.fr\/wp-content\/uploads\/2015\/11\/02210_emery_papier8-50x50.jpg 50w, https:\/\/www.anneemery.fr\/wp-content\/uploads\/2015\/11\/02210_emery_papier8-300x300.jpg 300w, https:\/\/www.anneemery.fr\/wp-content\/uploads\/2015\/11\/02210_emery_papier8.jpg 600w\" sizes=\"(max-width: 50px) 100vw, 50px\" \/><\/a>\n\t\t\t<\/div><\/figure><figure class='gallery-item'>\n\t\t\t<div class='gallery-icon landscape'>\n\t\t\t\t<a href='https:\/\/www.anneemery.fr\/wp-content\/uploads\/2015\/11\/02170_emery_papier4.jpg'><img width=\"50\" height=\"50\" src=\"https:\/\/www.anneemery.fr\/wp-content\/uploads\/2015\/11\/02170_emery_papier4-50x50.jpg\" class=\"attachment-thumbnail size-thumbnail\" alt=\"Papier 4 \u2013 il particolare \u2013 acrylique et huile sur papier 100 x 100 cm \u2013 2001\" decoding=\"async\" loading=\"lazy\" srcset=\"https:\/\/www.anneemery.fr\/wp-content\/uploads\/2015\/11\/02170_emery_papier4-50x50.jpg 50w, https:\/\/www.anneemery.fr\/wp-content\/uploads\/2015\/11\/02170_emery_papier4-300x300.jpg 300w, https:\/\/www.anneemery.fr\/wp-content\/uploads\/2015\/11\/02170_emery_papier4.jpg 600w\" sizes=\"(max-width: 50px) 100vw, 50px\" \/><\/a>\n\t\t\t<\/div><\/figure><figure class='gallery-item'>\n\t\t\t<div class='gallery-icon landscape'>\n\t\t\t\t<a href='https:\/\/www.anneemery.fr\/wp-content\/uploads\/2015\/11\/02340_emery_papier21.jpg'><img width=\"50\" height=\"50\" src=\"https:\/\/www.anneemery.fr\/wp-content\/uploads\/2015\/11\/02340_emery_papier21-50x50.jpg\" class=\"attachment-thumbnail size-thumbnail\" alt=\"Papier 21 \u2013 il particolare \u2013 acrylique et huile sur papier 100 x 100 cm \u2013 2000\" decoding=\"async\" loading=\"lazy\" srcset=\"https:\/\/www.anneemery.fr\/wp-content\/uploads\/2015\/11\/02340_emery_papier21-50x50.jpg 50w, https:\/\/www.anneemery.fr\/wp-content\/uploads\/2015\/11\/02340_emery_papier21-300x300.jpg 300w, https:\/\/www.anneemery.fr\/wp-content\/uploads\/2015\/11\/02340_emery_papier21.jpg 600w\" sizes=\"(max-width: 50px) 100vw, 50px\" \/><\/a>\n\t\t\t<\/div><\/figure><figure class='gallery-item'>\n\t\t\t<div class='gallery-icon landscape'>\n\t\t\t\t<a href='https:\/\/www.anneemery.fr\/wp-content\/uploads\/2015\/11\/02260_emery_papier13.jpg'><img width=\"50\" height=\"50\" src=\"https:\/\/www.anneemery.fr\/wp-content\/uploads\/2015\/11\/02260_emery_papier13-50x50.jpg\" class=\"attachment-thumbnail size-thumbnail\" alt=\"Papier 13 \u2013 il particolare \u2013 acrylique et huile sur papier 100 x 100 cm \u2013 2001\" decoding=\"async\" loading=\"lazy\" srcset=\"https:\/\/www.anneemery.fr\/wp-content\/uploads\/2015\/11\/02260_emery_papier13-50x50.jpg 50w, https:\/\/www.anneemery.fr\/wp-content\/uploads\/2015\/11\/02260_emery_papier13-300x300.jpg 300w, https:\/\/www.anneemery.fr\/wp-content\/uploads\/2015\/11\/02260_emery_papier13.jpg 600w\" sizes=\"(max-width: 50px) 100vw, 50px\" \/><\/a>\n\t\t\t<\/div><\/figure><figure class='gallery-item'>\n\t\t\t<div class='gallery-icon landscape'>\n\t\t\t\t<a href='https:\/\/www.anneemery.fr\/wp-content\/uploads\/2015\/11\/02300_emery_papier17.jpg'><img width=\"50\" height=\"50\" src=\"https:\/\/www.anneemery.fr\/wp-content\/uploads\/2015\/11\/02300_emery_papier17-50x50.jpg\" class=\"attachment-thumbnail size-thumbnail\" alt=\"Papier 17 \u2013 il particolare \u2013 acrylique et huile sur papier 100 x 100 cm \u2013 2000\" decoding=\"async\" loading=\"lazy\" srcset=\"https:\/\/www.anneemery.fr\/wp-content\/uploads\/2015\/11\/02300_emery_papier17-50x50.jpg 50w, https:\/\/www.anneemery.fr\/wp-content\/uploads\/2015\/11\/02300_emery_papier17-300x300.jpg 300w, https:\/\/www.anneemery.fr\/wp-content\/uploads\/2015\/11\/02300_emery_papier17.jpg 600w\" sizes=\"(max-width: 50px) 100vw, 50px\" \/><\/a>\n\t\t\t<\/div><\/figure><figure class='gallery-item'>\n\t\t\t<div class='gallery-icon landscape'>\n\t\t\t\t<a href='https:\/\/www.anneemery.fr\/wp-content\/uploads\/2015\/11\/02370_emery_papier24.jpg'><img width=\"50\" height=\"50\" src=\"https:\/\/www.anneemery.fr\/wp-content\/uploads\/2015\/11\/02370_emery_papier24-50x50.jpg\" class=\"attachment-thumbnail size-thumbnail\" alt=\"Papier 24 \u2013 il particolare \u2013 acrylique et huile sur papier 100 x 100 cm \u2013 2000\" decoding=\"async\" loading=\"lazy\" srcset=\"https:\/\/www.anneemery.fr\/wp-content\/uploads\/2015\/11\/02370_emery_papier24-50x50.jpg 50w, https:\/\/www.anneemery.fr\/wp-content\/uploads\/2015\/11\/02370_emery_papier24-300x300.jpg 300w, https:\/\/www.anneemery.fr\/wp-content\/uploads\/2015\/11\/02370_emery_papier24.jpg 600w\" sizes=\"(max-width: 50px) 100vw, 50px\" \/><\/a>\n\t\t\t<\/div><\/figure><figure class='gallery-item'>\n\t\t\t<div class='gallery-icon landscape'>\n\t\t\t\t<a href='https:\/\/www.anneemery.fr\/wp-content\/uploads\/2015\/11\/02350_emery_papier22.jpg'><img width=\"50\" height=\"50\" src=\"https:\/\/www.anneemery.fr\/wp-content\/uploads\/2015\/11\/02350_emery_papier22-50x50.jpg\" class=\"attachment-thumbnail size-thumbnail\" alt=\"Papier 22 \u2013 il particolare \u2013 acrylique et huile sur papier 100 x 100 cm \u2013 1998\" decoding=\"async\" loading=\"lazy\" srcset=\"https:\/\/www.anneemery.fr\/wp-content\/uploads\/2015\/11\/02350_emery_papier22-50x50.jpg 50w, https:\/\/www.anneemery.fr\/wp-content\/uploads\/2015\/11\/02350_emery_papier22-300x300.jpg 300w, https:\/\/www.anneemery.fr\/wp-content\/uploads\/2015\/11\/02350_emery_papier22.jpg 600w\" sizes=\"(max-width: 50px) 100vw, 50px\" \/><\/a>\n\t\t\t<\/div><\/figure><figure class='gallery-item'>\n\t\t\t<div class='gallery-icon landscape'>\n\t\t\t\t<a href='https:\/\/www.anneemery.fr\/wp-content\/uploads\/2015\/11\/02360_emery_papier23.jpg'><img width=\"50\" height=\"50\" src=\"https:\/\/www.anneemery.fr\/wp-content\/uploads\/2015\/11\/02360_emery_papier23-50x50.jpg\" class=\"attachment-thumbnail size-thumbnail\" alt=\"Papier 23 \u2013 il particolare \u2013 acrylique et huile sur papier 100 x 100 cm \u2013 1999\" decoding=\"async\" loading=\"lazy\" srcset=\"https:\/\/www.anneemery.fr\/wp-content\/uploads\/2015\/11\/02360_emery_papier23-50x50.jpg 50w, https:\/\/www.anneemery.fr\/wp-content\/uploads\/2015\/11\/02360_emery_papier23-300x300.jpg 300w, https:\/\/www.anneemery.fr\/wp-content\/uploads\/2015\/11\/02360_emery_papier23.jpg 600w\" sizes=\"(max-width: 50px) 100vw, 50px\" \/><\/a>\n\t\t\t<\/div><\/figure><figure class='gallery-item'>\n\t\t\t<div class='gallery-icon landscape'>\n\t\t\t\t<a href='https:\/\/www.anneemery.fr\/wp-content\/uploads\/2015\/11\/02310_emery_papier18.jpg'><img width=\"50\" height=\"50\" src=\"https:\/\/www.anneemery.fr\/wp-content\/uploads\/2015\/11\/02310_emery_papier18-50x50.jpg\" class=\"attachment-thumbnail size-thumbnail\" alt=\"Papier 18 \u2013 il particolare \u2013 acrylique et huile sur papier 100 x 100 cm \u2013 2000\" decoding=\"async\" loading=\"lazy\" srcset=\"https:\/\/www.anneemery.fr\/wp-content\/uploads\/2015\/11\/02310_emery_papier18-50x50.jpg 50w, https:\/\/www.anneemery.fr\/wp-content\/uploads\/2015\/11\/02310_emery_papier18-300x300.jpg 300w, https:\/\/www.anneemery.fr\/wp-content\/uploads\/2015\/11\/02310_emery_papier18.jpg 600w\" sizes=\"(max-width: 50px) 100vw, 50px\" \/><\/a>\n\t\t\t<\/div><\/figure><figure class='gallery-item'>\n\t\t\t<div class='gallery-icon landscape'>\n\t\t\t\t<a href='https:\/\/www.anneemery.fr\/wp-content\/uploads\/2015\/11\/02390_emery_papier26.jpg'><img width=\"50\" height=\"50\" src=\"https:\/\/www.anneemery.fr\/wp-content\/uploads\/2015\/11\/02390_emery_papier26-50x50.jpg\" class=\"attachment-thumbnail size-thumbnail\" alt=\"Papier 26 \u2013 il particolare \u2013 acrylique et huile sur papier 100 x 100 cm \u2013 2000\" decoding=\"async\" loading=\"lazy\" srcset=\"https:\/\/www.anneemery.fr\/wp-content\/uploads\/2015\/11\/02390_emery_papier26-50x50.jpg 50w, https:\/\/www.anneemery.fr\/wp-content\/uploads\/2015\/11\/02390_emery_papier26-300x300.jpg 300w, https:\/\/www.anneemery.fr\/wp-content\/uploads\/2015\/11\/02390_emery_papier26.jpg 600w\" sizes=\"(max-width: 50px) 100vw, 50px\" \/><\/a>\n\t\t\t<\/div><\/figure><figure class='gallery-item'>\n\t\t\t<div class='gallery-icon landscape'>\n\t\t\t\t<a href='https:\/\/www.anneemery.fr\/wp-content\/uploads\/2015\/11\/02410_emery_papier28.jpg'><img width=\"50\" height=\"50\" src=\"https:\/\/www.anneemery.fr\/wp-content\/uploads\/2015\/11\/02410_emery_papier28-50x50.jpg\" class=\"attachment-thumbnail size-thumbnail\" alt=\"Papier 28 \u2013 il particolare \u2013 acrylique et huile sur papier 100 x 100 cm \u2013 2000\" decoding=\"async\" loading=\"lazy\" srcset=\"https:\/\/www.anneemery.fr\/wp-content\/uploads\/2015\/11\/02410_emery_papier28-50x50.jpg 50w, https:\/\/www.anneemery.fr\/wp-content\/uploads\/2015\/11\/02410_emery_papier28-300x300.jpg 300w, https:\/\/www.anneemery.fr\/wp-content\/uploads\/2015\/11\/02410_emery_papier28.jpg 600w\" sizes=\"(max-width: 50px) 100vw, 50px\" \/><\/a>\n\t\t\t<\/div><\/figure><figure class='gallery-item'>\n\t\t\t<div class='gallery-icon landscape'>\n\t\t\t\t<a href='https:\/\/www.anneemery.fr\/wp-content\/uploads\/2015\/11\/02420_emery_papier29.jpg'><img width=\"50\" height=\"50\" src=\"https:\/\/www.anneemery.fr\/wp-content\/uploads\/2015\/11\/02420_emery_papier29-50x50.jpg\" class=\"attachment-thumbnail size-thumbnail\" alt=\"Papier 29 \u2013 il particolare \u2013 acrylique et huile sur papier 100 x 100 cm \u2013 1999\" decoding=\"async\" loading=\"lazy\" srcset=\"https:\/\/www.anneemery.fr\/wp-content\/uploads\/2015\/11\/02420_emery_papier29-50x50.jpg 50w, https:\/\/www.anneemery.fr\/wp-content\/uploads\/2015\/11\/02420_emery_papier29-300x300.jpg 300w, https:\/\/www.anneemery.fr\/wp-content\/uploads\/2015\/11\/02420_emery_papier29.jpg 600w\" sizes=\"(max-width: 50px) 100vw, 50px\" \/><\/a>\n\t\t\t<\/div><\/figure><figure class='gallery-item'>\n\t\t\t<div class='gallery-icon landscape'>\n\t\t\t\t<a href='https:\/\/www.anneemery.fr\/wp-content\/uploads\/2015\/11\/02450_emery_papier32.jpg'><img width=\"50\" height=\"50\" src=\"https:\/\/www.anneemery.fr\/wp-content\/uploads\/2015\/11\/02450_emery_papier32-50x50.jpg\" class=\"attachment-thumbnail size-thumbnail\" alt=\"Papier 32 \u2013 il particolare \u2013 acrylique et huile sur papier 100 x 100 cm \u2013 1999\" decoding=\"async\" loading=\"lazy\" srcset=\"https:\/\/www.anneemery.fr\/wp-content\/uploads\/2015\/11\/02450_emery_papier32-50x50.jpg 50w, https:\/\/www.anneemery.fr\/wp-content\/uploads\/2015\/11\/02450_emery_papier32-300x300.jpg 300w, https:\/\/www.anneemery.fr\/wp-content\/uploads\/2015\/11\/02450_emery_papier32.jpg 600w\" sizes=\"(max-width: 50px) 100vw, 50px\" \/><\/a>\n\t\t\t<\/div><\/figure><figure class='gallery-item'>\n\t\t\t<div class='gallery-icon landscape'>\n\t\t\t\t<a href='https:\/\/www.anneemery.fr\/wp-content\/uploads\/2015\/11\/02430_emery_papier30.jpg'><img width=\"50\" height=\"50\" src=\"https:\/\/www.anneemery.fr\/wp-content\/uploads\/2015\/11\/02430_emery_papier30-50x50.jpg\" class=\"attachment-thumbnail size-thumbnail\" alt=\"Papier 30 \u2013 il particolare \u2013 acrylique et huile sur papier 100 x 100 cm \u2013 2000\" decoding=\"async\" loading=\"lazy\" srcset=\"https:\/\/www.anneemery.fr\/wp-content\/uploads\/2015\/11\/02430_emery_papier30-50x50.jpg 50w, https:\/\/www.anneemery.fr\/wp-content\/uploads\/2015\/11\/02430_emery_papier30-300x300.jpg 300w, https:\/\/www.anneemery.fr\/wp-content\/uploads\/2015\/11\/02430_emery_papier30.jpg 600w\" sizes=\"(max-width: 50px) 100vw, 50px\" \/><\/a>\n\t\t\t<\/div><\/figure><figure class='gallery-item'>\n\t\t\t<div class='gallery-icon landscape'>\n\t\t\t\t<a href='https:\/\/www.anneemery.fr\/wp-content\/uploads\/2015\/11\/02460_emery_papier33.jpg'><img width=\"50\" height=\"50\" src=\"https:\/\/www.anneemery.fr\/wp-content\/uploads\/2015\/11\/02460_emery_papier33-50x50.jpg\" class=\"attachment-thumbnail size-thumbnail\" alt=\"Papier 33 \u2013 il particolare \u2013 acrylique et huile sur papier 100 x 100 cm \u2013 1999\" decoding=\"async\" loading=\"lazy\" srcset=\"https:\/\/www.anneemery.fr\/wp-content\/uploads\/2015\/11\/02460_emery_papier33-50x50.jpg 50w, https:\/\/www.anneemery.fr\/wp-content\/uploads\/2015\/11\/02460_emery_papier33-300x300.jpg 300w, https:\/\/www.anneemery.fr\/wp-content\/uploads\/2015\/11\/02460_emery_papier33.jpg 600w\" sizes=\"(max-width: 50px) 100vw, 50px\" \/><\/a>\n\t\t\t<\/div><\/figure><figure class='gallery-item'>\n\t\t\t<div class='gallery-icon landscape'>\n\t\t\t\t<a href='https:\/\/www.anneemery.fr\/wp-content\/uploads\/2015\/11\/02440_emery_papier31.jpg'><img width=\"50\" height=\"50\" src=\"https:\/\/www.anneemery.fr\/wp-content\/uploads\/2015\/11\/02440_emery_papier31-50x50.jpg\" class=\"attachment-thumbnail size-thumbnail\" alt=\"Papier 31 \u2013 il particolare \u2013 acrylique et huile sur papier 100 x 100 cm \u2013 2000\" decoding=\"async\" loading=\"lazy\" srcset=\"https:\/\/www.anneemery.fr\/wp-content\/uploads\/2015\/11\/02440_emery_papier31-50x50.jpg 50w, https:\/\/www.anneemery.fr\/wp-content\/uploads\/2015\/11\/02440_emery_papier31-300x300.jpg 300w, https:\/\/www.anneemery.fr\/wp-content\/uploads\/2015\/11\/02440_emery_papier31.jpg 600w\" sizes=\"(max-width: 50px) 100vw, 50px\" \/><\/a>\n\t\t\t<\/div><\/figure><figure class='gallery-item'>\n\t\t\t<div class='gallery-icon landscape'>\n\t\t\t\t<a href='https:\/\/www.anneemery.fr\/wp-content\/uploads\/2015\/11\/02480_emery_papier35.jpg'><img width=\"50\" height=\"50\" src=\"https:\/\/www.anneemery.fr\/wp-content\/uploads\/2015\/11\/02480_emery_papier35-50x50.jpg\" class=\"attachment-thumbnail size-thumbnail\" alt=\"Papier 35 \u2013 il particolare \u2013 acrylique et huile sur papier 100 x 100 cm \u2013 1998\" decoding=\"async\" loading=\"lazy\" srcset=\"https:\/\/www.anneemery.fr\/wp-content\/uploads\/2015\/11\/02480_emery_papier35-50x50.jpg 50w, https:\/\/www.anneemery.fr\/wp-content\/uploads\/2015\/11\/02480_emery_papier35-300x300.jpg 300w, https:\/\/www.anneemery.fr\/wp-content\/uploads\/2015\/11\/02480_emery_papier35.jpg 600w\" sizes=\"(max-width: 50px) 100vw, 50px\" \/><\/a>\n\t\t\t<\/div><\/figure><figure class='gallery-item'>\n\t\t\t<div class='gallery-icon landscape'>\n\t\t\t\t<a href='https:\/\/www.anneemery.fr\/wp-content\/uploads\/2015\/11\/02600_emery_papier47.jpg'><img width=\"50\" height=\"50\" src=\"https:\/\/www.anneemery.fr\/wp-content\/uploads\/2015\/11\/02600_emery_papier47-50x50.jpg\" class=\"attachment-thumbnail size-thumbnail\" alt=\"Papier 47 \u2013 il particolare \u2013 acrylique et huile sur papier 100 x 100 cm \u2013 1998\" decoding=\"async\" loading=\"lazy\" srcset=\"https:\/\/www.anneemery.fr\/wp-content\/uploads\/2015\/11\/02600_emery_papier47-50x50.jpg 50w, https:\/\/www.anneemery.fr\/wp-content\/uploads\/2015\/11\/02600_emery_papier47-300x300.jpg 300w, https:\/\/www.anneemery.fr\/wp-content\/uploads\/2015\/11\/02600_emery_papier47.jpg 600w\" sizes=\"(max-width: 50px) 100vw, 50px\" \/><\/a>\n\t\t\t<\/div><\/figure><figure class='gallery-item'>\n\t\t\t<div class='gallery-icon landscape'>\n\t\t\t\t<a href='https:\/\/www.anneemery.fr\/wp-content\/uploads\/2015\/11\/02530_emery_papier40.jpg'><img width=\"50\" height=\"50\" src=\"https:\/\/www.anneemery.fr\/wp-content\/uploads\/2015\/11\/02530_emery_papier40-50x50.jpg\" class=\"attachment-thumbnail size-thumbnail\" alt=\"Papier 40 \u2013 il particolare \u2013 acrylique et huile sur papier 100 x 100 cm \u2013 2000\" decoding=\"async\" loading=\"lazy\" srcset=\"https:\/\/www.anneemery.fr\/wp-content\/uploads\/2015\/11\/02530_emery_papier40-50x50.jpg 50w, https:\/\/www.anneemery.fr\/wp-content\/uploads\/2015\/11\/02530_emery_papier40-300x300.jpg 300w, https:\/\/www.anneemery.fr\/wp-content\/uploads\/2015\/11\/02530_emery_papier40.jpg 600w\" sizes=\"(max-width: 50px) 100vw, 50px\" \/><\/a>\n\t\t\t<\/div><\/figure><figure class='gallery-item'>\n\t\t\t<div class='gallery-icon landscape'>\n\t\t\t\t<a href='https:\/\/www.anneemery.fr\/wp-content\/uploads\/2015\/11\/02470_emery_papier34.jpg'><img width=\"50\" height=\"50\" src=\"https:\/\/www.anneemery.fr\/wp-content\/uploads\/2015\/11\/02470_emery_papier34-50x50.jpg\" class=\"attachment-thumbnail size-thumbnail\" alt=\"Papier 34 \u2013 il particolare \u2013 acrylique et huile sur papier 100 x 100 cm \u2013 2000\" decoding=\"async\" loading=\"lazy\" srcset=\"https:\/\/www.anneemery.fr\/wp-content\/uploads\/2015\/11\/02470_emery_papier34-50x50.jpg 50w, https:\/\/www.anneemery.fr\/wp-content\/uploads\/2015\/11\/02470_emery_papier34-300x300.jpg 300w, https:\/\/www.anneemery.fr\/wp-content\/uploads\/2015\/11\/02470_emery_papier34.jpg 600w\" sizes=\"(max-width: 50px) 100vw, 50px\" \/><\/a>\n\t\t\t<\/div><\/figure><figure class='gallery-item'>\n\t\t\t<div class='gallery-icon landscape'>\n\t\t\t\t<a href='https:\/\/www.anneemery.fr\/wp-content\/uploads\/2015\/11\/02490_emery_papier36.jpg'><img width=\"50\" height=\"50\" src=\"https:\/\/www.anneemery.fr\/wp-content\/uploads\/2015\/11\/02490_emery_papier36-50x50.jpg\" class=\"attachment-thumbnail size-thumbnail\" alt=\"Papier 36 \u2013 il particolare \u2013 acrylique et huile sur papier 100 x 100 cm \u2013 1998\" decoding=\"async\" loading=\"lazy\" srcset=\"https:\/\/www.anneemery.fr\/wp-content\/uploads\/2015\/11\/02490_emery_papier36-50x50.jpg 50w, https:\/\/www.anneemery.fr\/wp-content\/uploads\/2015\/11\/02490_emery_papier36-300x300.jpg 300w, https:\/\/www.anneemery.fr\/wp-content\/uploads\/2015\/11\/02490_emery_papier36.jpg 600w\" sizes=\"(max-width: 50px) 100vw, 50px\" \/><\/a>\n\t\t\t<\/div><\/figure><figure class='gallery-item'>\n\t\t\t<div class='gallery-icon landscape'>\n\t\t\t\t<a href='https:\/\/www.anneemery.fr\/wp-content\/uploads\/2015\/11\/02500_emery_papier37.jpg'><img width=\"50\" height=\"50\" src=\"https:\/\/www.anneemery.fr\/wp-content\/uploads\/2015\/11\/02500_emery_papier37-50x50.jpg\" class=\"attachment-thumbnail size-thumbnail\" alt=\"Papier 37 \u2013 il particolare \u2013 acrylique et huile sur papier 100 x 100 cm \u2013 1999\" decoding=\"async\" loading=\"lazy\" srcset=\"https:\/\/www.anneemery.fr\/wp-content\/uploads\/2015\/11\/02500_emery_papier37-50x50.jpg 50w, https:\/\/www.anneemery.fr\/wp-content\/uploads\/2015\/11\/02500_emery_papier37-300x300.jpg 300w, https:\/\/www.anneemery.fr\/wp-content\/uploads\/2015\/11\/02500_emery_papier37.jpg 600w\" sizes=\"(max-width: 50px) 100vw, 50px\" \/><\/a>\n\t\t\t<\/div><\/figure><figure class='gallery-item'>\n\t\t\t<div class='gallery-icon landscape'>\n\t\t\t\t<a href='https:\/\/www.anneemery.fr\/wp-content\/uploads\/2015\/11\/02570_emery_papier44.jpg'><img width=\"50\" height=\"50\" src=\"https:\/\/www.anneemery.fr\/wp-content\/uploads\/2015\/11\/02570_emery_papier44-50x50.jpg\" class=\"attachment-thumbnail size-thumbnail\" alt=\"Papier 45 \u2013 il particolare \u2013 acrylique et huile sur papier 100 x 100 cm \u2013 2000\" decoding=\"async\" loading=\"lazy\" srcset=\"https:\/\/www.anneemery.fr\/wp-content\/uploads\/2015\/11\/02570_emery_papier44-50x50.jpg 50w, https:\/\/www.anneemery.fr\/wp-content\/uploads\/2015\/11\/02570_emery_papier44-300x300.jpg 300w, https:\/\/www.anneemery.fr\/wp-content\/uploads\/2015\/11\/02570_emery_papier44.jpg 600w\" sizes=\"(max-width: 50px) 100vw, 50px\" \/><\/a>\n\t\t\t<\/div><\/figure><figure class='gallery-item'>\n\t\t\t<div class='gallery-icon landscape'>\n\t\t\t\t<a href='https:\/\/www.anneemery.fr\/wp-content\/uploads\/2015\/11\/02610_emery_papier48.jpg'><img width=\"50\" height=\"50\" src=\"https:\/\/www.anneemery.fr\/wp-content\/uploads\/2015\/11\/02610_emery_papier48-50x50.jpg\" class=\"attachment-thumbnail size-thumbnail\" alt=\"Papier 48 \u2013 il particolare \u2013 acrylique et huile sur papier 100 x 100 cm \u2013 1998\" decoding=\"async\" loading=\"lazy\" srcset=\"https:\/\/www.anneemery.fr\/wp-content\/uploads\/2015\/11\/02610_emery_papier48-50x50.jpg 50w, https:\/\/www.anneemery.fr\/wp-content\/uploads\/2015\/11\/02610_emery_papier48-300x300.jpg 300w, https:\/\/www.anneemery.fr\/wp-content\/uploads\/2015\/11\/02610_emery_papier48.jpg 600w\" sizes=\"(max-width: 50px) 100vw, 50px\" \/><\/a>\n\t\t\t<\/div><\/figure><figure class='gallery-item'>\n\t\t\t<div class='gallery-icon landscape'>\n\t\t\t\t<a href='https:\/\/www.anneemery.fr\/wp-content\/uploads\/2015\/11\/02560_emery_papier43.jpg'><img width=\"50\" height=\"50\" src=\"https:\/\/www.anneemery.fr\/wp-content\/uploads\/2015\/11\/02560_emery_papier43-50x50.jpg\" class=\"attachment-thumbnail size-thumbnail\" alt=\"Papier 43 \u2013 il particolare \u2013 acrylique et huile sur papier 100 x 100 cm \u2013 1998\" decoding=\"async\" loading=\"lazy\" srcset=\"https:\/\/www.anneemery.fr\/wp-content\/uploads\/2015\/11\/02560_emery_papier43-50x50.jpg 50w, https:\/\/www.anneemery.fr\/wp-content\/uploads\/2015\/11\/02560_emery_papier43-300x300.jpg 300w, https:\/\/www.anneemery.fr\/wp-content\/uploads\/2015\/11\/02560_emery_papier43.jpg 600w\" sizes=\"(max-width: 50px) 100vw, 50px\" \/><\/a>\n\t\t\t<\/div><\/figure><figure class='gallery-item'>\n\t\t\t<div class='gallery-icon landscape'>\n\t\t\t\t<a href='https:\/\/www.anneemery.fr\/wp-content\/uploads\/2015\/11\/02620_emery_papier49.jpg'><img width=\"50\" height=\"50\" src=\"https:\/\/www.anneemery.fr\/wp-content\/uploads\/2015\/11\/02620_emery_papier49-50x50.jpg\" class=\"attachment-thumbnail size-thumbnail\" alt=\"Papier 48 \u2013 il particolare \u2013 acrylique et huile sur papier 100 x 100 cm \u2013 2000\" decoding=\"async\" loading=\"lazy\" srcset=\"https:\/\/www.anneemery.fr\/wp-content\/uploads\/2015\/11\/02620_emery_papier49-50x50.jpg 50w, https:\/\/www.anneemery.fr\/wp-content\/uploads\/2015\/11\/02620_emery_papier49-300x300.jpg 300w, https:\/\/www.anneemery.fr\/wp-content\/uploads\/2015\/11\/02620_emery_papier49.jpg 600w\" sizes=\"(max-width: 50px) 100vw, 50px\" \/><\/a>\n\t\t\t<\/div><\/figure><figure class='gallery-item'>\n\t\t\t<div class='gallery-icon landscape'>\n\t\t\t\t<a href='https:\/\/www.anneemery.fr\/wp-content\/uploads\/2015\/11\/02550_emery_papier42.jpg'><img width=\"50\" height=\"50\" src=\"https:\/\/www.anneemery.fr\/wp-content\/uploads\/2015\/11\/02550_emery_papier42-50x50.jpg\" class=\"attachment-thumbnail size-thumbnail\" alt=\"Papier 42 \u2013 il particolare \u2013 acrylique et huile sur papier 100 x 100 cm \u2013 2000\" decoding=\"async\" loading=\"lazy\" srcset=\"https:\/\/www.anneemery.fr\/wp-content\/uploads\/2015\/11\/02550_emery_papier42-50x50.jpg 50w, https:\/\/www.anneemery.fr\/wp-content\/uploads\/2015\/11\/02550_emery_papier42-300x300.jpg 300w, https:\/\/www.anneemery.fr\/wp-content\/uploads\/2015\/11\/02550_emery_papier42.jpg 600w\" sizes=\"(max-width: 50px) 100vw, 50px\" \/><\/a>\n\t\t\t<\/div><\/figure><figure class='gallery-item'>\n\t\t\t<div class='gallery-icon landscape'>\n\t\t\t\t<a href='https:\/\/www.anneemery.fr\/wp-content\/uploads\/2015\/11\/02510_emery_papier38.jpg'><img width=\"50\" height=\"50\" src=\"https:\/\/www.anneemery.fr\/wp-content\/uploads\/2015\/11\/02510_emery_papier38-50x50.jpg\" class=\"attachment-thumbnail size-thumbnail\" alt=\"Papier 38 \u2013 il particolare \u2013 acrylique et huile sur papier 100 x 100 cm \u20131999\" decoding=\"async\" loading=\"lazy\" srcset=\"https:\/\/www.anneemery.fr\/wp-content\/uploads\/2015\/11\/02510_emery_papier38-50x50.jpg 50w, https:\/\/www.anneemery.fr\/wp-content\/uploads\/2015\/11\/02510_emery_papier38-300x300.jpg 300w, https:\/\/www.anneemery.fr\/wp-content\/uploads\/2015\/11\/02510_emery_papier38.jpg 600w\" sizes=\"(max-width: 50px) 100vw, 50px\" \/><\/a>\n\t\t\t<\/div><\/figure><figure class='gallery-item'>\n\t\t\t<div class='gallery-icon landscape'>\n\t\t\t\t<a href='https:\/\/www.anneemery.fr\/wp-content\/uploads\/2015\/11\/02590_emery_papier46.jpg'><img width=\"50\" height=\"50\" src=\"https:\/\/www.anneemery.fr\/wp-content\/uploads\/2015\/11\/02590_emery_papier46-50x50.jpg\" class=\"attachment-thumbnail size-thumbnail\" alt=\"Papier 46 \u2013 il particolare \u2013 acrylique et huile sur papier 100 x 100 cm \u2013 2000\" decoding=\"async\" loading=\"lazy\" srcset=\"https:\/\/www.anneemery.fr\/wp-content\/uploads\/2015\/11\/02590_emery_papier46-50x50.jpg 50w, https:\/\/www.anneemery.fr\/wp-content\/uploads\/2015\/11\/02590_emery_papier46-300x300.jpg 300w, https:\/\/www.anneemery.fr\/wp-content\/uploads\/2015\/11\/02590_emery_papier46.jpg 600w\" sizes=\"(max-width: 50px) 100vw, 50px\" \/><\/a>\n\t\t\t<\/div><\/figure><figure class='gallery-item'>\n\t\t\t<div class='gallery-icon landscape'>\n\t\t\t\t<a href='https:\/\/www.anneemery.fr\/wp-content\/uploads\/2015\/11\/02520_emery_papier39.jpg'><img width=\"50\" height=\"50\" src=\"https:\/\/www.anneemery.fr\/wp-content\/uploads\/2015\/11\/02520_emery_papier39-50x50.jpg\" class=\"attachment-thumbnail size-thumbnail\" alt=\"Papier 39 \u2013 il particolare \u2013 acrylique et huile sur papier 100 x 100 cm \u2013 1999\" decoding=\"async\" loading=\"lazy\" srcset=\"https:\/\/www.anneemery.fr\/wp-content\/uploads\/2015\/11\/02520_emery_papier39-50x50.jpg 50w, https:\/\/www.anneemery.fr\/wp-content\/uploads\/2015\/11\/02520_emery_papier39-300x300.jpg 300w, https:\/\/www.anneemery.fr\/wp-content\/uploads\/2015\/11\/02520_emery_papier39.jpg 600w\" sizes=\"(max-width: 50px) 100vw, 50px\" \/><\/a>\n\t\t\t<\/div><\/figure><figure class='gallery-item'>\n\t\t\t<div class='gallery-icon landscape'>\n\t\t\t\t<a href='https:\/\/www.anneemery.fr\/wp-content\/uploads\/2015\/11\/140_emery_coterepresen1.jpg'><img width=\"50\" height=\"50\" src=\"https:\/\/www.anneemery.fr\/wp-content\/uploads\/2015\/11\/140_emery_coterepresen1-50x50.jpg\" class=\"attachment-thumbnail size-thumbnail\" alt=\"Les \u00eatres humains \u00e0 c\u00f4t\u00e9 de leur repr\u00e9sentation - acrylique et huile sur toile - 130 x 195 cm- 1996\" decoding=\"async\" loading=\"lazy\" \/><\/a>\n\t\t\t<\/div><\/figure><figure class='gallery-item'>\n\t\t\t<div class='gallery-icon landscape'>\n\t\t\t\t<a href='https:\/\/www.anneemery.fr\/wp-content\/uploads\/2015\/11\/02950_emery_platre1.jpg'><img width=\"50\" height=\"50\" src=\"https:\/\/www.anneemery.fr\/wp-content\/uploads\/2015\/11\/02950_emery_platre1-50x50.jpg\" class=\"attachment-thumbnail size-thumbnail\" alt=\"Les taches et leurs rapport de densit\u00e9 \u2013 (vue de droite et vue de gauche) Pl\u00e2tre toile et papier 43 x 43 cm - 1991\" decoding=\"async\" loading=\"lazy\" \/><\/a>\n\t\t\t<\/div><\/figure><figure class='gallery-item'>\n\t\t\t<div class='gallery-icon landscape'>\n\t\t\t\t<a href='https:\/\/www.anneemery.fr\/wp-content\/uploads\/2015\/11\/02960_emery_platre2.jpg'><img width=\"50\" height=\"50\" src=\"https:\/\/www.anneemery.fr\/wp-content\/uploads\/2015\/11\/02960_emery_platre2-50x50.jpg\" class=\"attachment-thumbnail size-thumbnail\" alt=\"Il pleut \u2013 (vue de droite et vue de gauche) Pl\u00e2tre toile et papier 43 x 43 cm \u2013 1991\" decoding=\"async\" loading=\"lazy\" \/><\/a>\n\t\t\t<\/div><\/figure><figure class='gallery-item'>\n\t\t\t<div class='gallery-icon landscape'>\n\t\t\t\t<a href='https:\/\/www.anneemery.fr\/wp-content\/uploads\/2015\/11\/02970_emery_platre3.jpg'><img width=\"50\" height=\"50\" src=\"https:\/\/www.anneemery.fr\/wp-content\/uploads\/2015\/11\/02970_emery_platre3-50x50.jpg\" class=\"attachment-thumbnail size-thumbnail\" alt=\"Jambes et souliers rouges (Blanche Neige) \u2013 (vue de droite et vue de gauche) Pl\u00e2tre toile et papier 43 x 43 cm \u2013 1991\" decoding=\"async\" loading=\"lazy\" \/><\/a>\n\t\t\t<\/div><\/figure><figure class='gallery-item'>\n\t\t\t<div class='gallery-icon landscape'>\n\t\t\t\t<a href='https:\/\/www.anneemery.fr\/wp-content\/uploads\/2015\/11\/02980_emery_platre4.jpg'><img width=\"50\" height=\"50\" src=\"https:\/\/www.anneemery.fr\/wp-content\/uploads\/2015\/11\/02980_emery_platre4-50x50.jpg\" class=\"attachment-thumbnail size-thumbnail\" alt=\"Un boudoir, un salon \u2013 (vue de droite et vue de gauche) Pl\u00e2tre toile et papier 43 x 43 cm - 1991\" decoding=\"async\" loading=\"lazy\" \/><\/a>\n\t\t\t<\/div><\/figure><figure class='gallery-item'>\n\t\t\t<div class='gallery-icon landscape'>\n\t\t\t\t<a href='https:\/\/www.anneemery.fr\/wp-content\/uploads\/2015\/11\/02990_emery_platre5.jpg'><img width=\"50\" height=\"50\" src=\"https:\/\/www.anneemery.fr\/wp-content\/uploads\/2015\/11\/02990_emery_platre5-50x50.jpg\" class=\"attachment-thumbnail size-thumbnail\" alt=\"Petite loge \u2013 (vue de droite et vue de gauche) Pl\u00e2tre toile et papier 31 x 31 cm - 1991\" decoding=\"async\" loading=\"lazy\" \/><\/a>\n\t\t\t<\/div><\/figure><figure class='gallery-item'>\n\t\t\t<div class='gallery-icon landscape'>\n\t\t\t\t<a href='https:\/\/www.anneemery.fr\/wp-content\/uploads\/2015\/11\/03000_emery_platre6.jpg'><img width=\"50\" height=\"50\" src=\"https:\/\/www.anneemery.fr\/wp-content\/uploads\/2015\/11\/03000_emery_platre6-50x50.jpg\" class=\"attachment-thumbnail size-thumbnail\" alt=\"Tromper l&#039;oeil \u2013 (vue de droite et vue de gauche) Pl\u00e2tre toile et papier 53 x 53 cm - 1991\" decoding=\"async\" loading=\"lazy\" \/><\/a>\n\t\t\t<\/div><\/figure><figure class='gallery-item'>\n\t\t\t<div class='gallery-icon landscape'>\n\t\t\t\t<a href='https:\/\/www.anneemery.fr\/wp-content\/uploads\/2015\/11\/03010_emery_platre7.jpg'><img width=\"50\" height=\"50\" src=\"https:\/\/www.anneemery.fr\/wp-content\/uploads\/2015\/11\/03010_emery_platre7-50x50.jpg\" class=\"attachment-thumbnail size-thumbnail\" alt=\"Sculptures de papier \u2013 (vue de droite et vue de gauche) Pl\u00e2tre toile et papier 31 x 31 cm - 1991\" decoding=\"async\" loading=\"lazy\" \/><\/a>\n\t\t\t<\/div><\/figure><figure class='gallery-item'>\n\t\t\t<div class='gallery-icon landscape'>\n\t\t\t\t<a href='https:\/\/www.anneemery.fr\/wp-content\/uploads\/2015\/11\/02970_emery_platre3-1.jpg'><img width=\"50\" height=\"50\" src=\"https:\/\/www.anneemery.fr\/wp-content\/uploads\/2015\/11\/02970_emery_platre3-1-50x50.jpg\" class=\"attachment-thumbnail size-thumbnail\" alt=\"\" decoding=\"async\" loading=\"lazy\" \/><\/a>\n\t\t\t<\/div><\/figure><figure class='gallery-item'>\n\t\t\t<div class='gallery-icon portrait'>\n\t\t\t\t<a href='https:\/\/www.anneemery.fr\/wp-content\/uploads\/2025\/03\/1b.jpg'><img width=\"50\" height=\"50\" src=\"https:\/\/www.anneemery.fr\/wp-content\/uploads\/2025\/03\/1b-50x50.jpg\" class=\"attachment-thumbnail size-thumbnail\" alt=\"\" decoding=\"async\" loading=\"lazy\" \/><\/a>\n\t\t\t<\/div><\/figure>\n\t\t<\/div>\n\n","protected":false},"excerpt":{"rendered":"","protected":false},"author":1,"featured_media":0,"parent":0,"menu_order":0,"comment_status":"closed","ping_status":"closed","template":"","meta":[],"_links":{"self":[{"href":"https:\/\/www.anneemery.fr\/index.php\/wp-json\/wp\/v2\/pages\/194"}],"collection":[{"href":"https:\/\/www.anneemery.fr\/index.php\/wp-json\/wp\/v2\/pages"}],"about":[{"href":"https:\/\/www.anneemery.fr\/index.php\/wp-json\/wp\/v2\/types\/page"}],"author":[{"embeddable":true,"href":"https:\/\/www.anneemery.fr\/index.php\/wp-json\/wp\/v2\/users\/1"}],"replies":[{"embeddable":true,"href":"https:\/\/www.anneemery.fr\/index.php\/wp-json\/wp\/v2\/comments?post=194"}],"version-history":[{"count":244,"href":"https:\/\/www.anneemery.fr\/index.php\/wp-json\/wp\/v2\/pages\/194\/revisions"}],"predecessor-version":[{"id":2863,"href":"https:\/\/www.anneemery.fr\/index.php\/wp-json\/wp\/v2\/pages\/194\/revisions\/2863"}],"wp:attachment":[{"href":"https:\/\/www.anneemery.fr\/index.php\/wp-json\/wp\/v2\/media?parent=194"}],"curies":[{"name":"wp","href":"https:\/\/api.w.org\/{rel}","templated":true}]}}